{"id":3,"date":"2023-07-19T12:07:19","date_gmt":"2023-07-19T10:07:19","guid":{"rendered":"https:\/\/test.100k.verfassungsfreunde.ch\/?page_id=3"},"modified":"2023-08-15T15:23:09","modified_gmt":"2023-08-15T13:23:09","slug":"impressum-datenschutz","status":"publish","type":"page","link":"https:\/\/100k.verfassungsfreunde.ch\/it\/impressum-datenschutz\/","title":{"rendered":"Informazioni legali &amp; Informativa sulla privacy"},"content":{"rendered":"<div data-elementor-type=\"wp-page\" data-elementor-id=\"3\" class=\"elementor elementor-3\" data-elementor-post-type=\"page\">\n\t\t\t\t\t\t<section class=\"elementor-section elementor-top-section elementor-element elementor-element-3ef32849 elementor-section-boxed elementor-section-height-default elementor-section-height-default\" data-id=\"3ef32849\" data-element_type=\"section\">\n\t\t\t\t\t\t<div class=\"elementor-container elementor-column-gap-default\">\n\t\t\t\t\t<div class=\"elementor-column elementor-col-100 elementor-top-column elementor-element elementor-element-6b1ba0a5\" data-id=\"6b1ba0a5\" data-element_type=\"column\">\n\t\t\t<div class=\"elementor-widget-wrap elementor-element-populated\">\n\t\t\t\t\t\t<div class=\"elementor-element elementor-element-58cdd778 elementor-widget elementor-widget-text-editor\" data-id=\"58cdd778\" data-element_type=\"widget\" data-widget_type=\"text-editor.default\">\n\t\t\t\t<div class=\"elementor-widget-container\">\n\t\t\t<style>\/*! elementor - v3.21.0 - 26-05-2024 *\/\n.elementor-widget-text-editor.elementor-drop-cap-view-stacked .elementor-drop-cap{background-color:#69727d;color:#fff}.elementor-widget-text-editor.elementor-drop-cap-view-framed .elementor-drop-cap{color:#69727d;border:3px solid;background-color:transparent}.elementor-widget-text-editor:not(.elementor-drop-cap-view-default) .elementor-drop-cap{margin-top:8px}.elementor-widget-text-editor:not(.elementor-drop-cap-view-default) .elementor-drop-cap-letter{width:1em;height:1em}.elementor-widget-text-editor .elementor-drop-cap{float:left;text-align:center;line-height:1;font-size:50px}.elementor-widget-text-editor .elementor-drop-cap-letter{display:inline-block}<\/style>\t\t\t\t<p><!-- wp:heading --><\/p>\n<h2 class=\"wp-block-heading\">Impressum<\/h2>\n<p><!-- \/wp:heading --><\/p>\n<p><!-- wp:image {\"id\":1916,\"width\":210,\"height\":194,\"sizeSlug\":\"large\",\"linkDestination\":\"none\"} --><\/p>\n<figure class=\"wp-block-image size-large is-resized\"><i>100k<\/i> ist eine Initiative der Freunde der Verfassung.&nbsp;<\/figure><figure class=\"wp-block-image size-large is-resized\"><br><\/figure><figure class=\"wp-block-image size-large is-resized\"><img decoding=\"async\" src=\"https:\/\/test.100k.verfassungsfreunde.ch\/wp-content\/uploads\/2023\/07\/FdV_Logo_Taube-1024x962.png\" alt=\"\" class=\"wp-image-1916\" style=\"width:210px;height:194px\" width=\"210\" height=\"194\"><\/figure>\n<p><!-- \/wp:image --><\/p>\n<p><!-- wp:paragraph --><\/p>\n<p><strong>Indirizzo di contatto<\/strong><\/p>\n<p><!-- \/wp:paragraph --><\/p>\n<p><!-- wp:paragraph --><\/p>\n<p>Freunde der Verfassung<br>3000 Bern<\/p>\n<p><!-- \/wp:paragraph --><\/p>\n<p><!-- wp:paragraph --><\/p>\n<p><strong>Indirizzo postale per pacchi<\/strong><\/p>\n<p><!-- \/wp:paragraph --><\/p>\n<p><!-- wp:paragraph --><\/p>\n<p>Freunde der Verfassung<br>Gewerbestrasse 2<br>Postfach 227<br>4528 Zuchwil<\/p>\n<p><!-- \/wp:paragraph --><\/p>\n<p><!-- wp:paragraph --><\/p>\n<p>E-Mail:&nbsp;<a href=\"mailto:sekretariat@verfassungsfreunde.ch\">sekretariat@verfassungsfreunde.ch<\/a><\/p>\n<p><!-- \/wp:paragraph --><\/p>\n<p><!-- wp:paragraph --><\/p>\n<p><strong>Persona\/i autorizzata\/e alla rappresentanza<\/strong><\/p>\n<p><!-- \/wp:paragraph --><\/p>\n<p><!-- wp:paragraph --><\/p>\n<p>Dr. Roland B\u00fchlmann \u2013 Presidenza<\/p>\n<p><!-- \/wp:paragraph --><\/p>\n<p><!-- wp:heading --><\/p>\n<h2 class=\"wp-block-heading\">Protezione dei dati<\/h2>\n<p><!-- \/wp:heading --><\/p>\n<p><!-- wp:paragraph --><\/p>\n<p><strong>Avviso generale<\/strong><\/p>\n<p><!-- \/wp:paragraph --><\/p>\n<p><!-- wp:paragraph --><\/p>\n<p>In base all'articolo 13 della Costituzione federale svizzera e alle disposizioni in materia di protezione dei dati della Confederazione (Legge sulla protezione dei dati, DSG), ogni persona ha diritto alla protezione della propria sfera privata e alla protezione dall'abuso dei propri dati personali. Gli operatori di queste pagine prendono molto seriamente la protezione dei dati personali. Trattiamo i tuoi dati personali in modo confidenziale e nel rispetto delle normative sulla protezione dei dati vigenti e di questa informativa sulla privacy.<\/p>\n<p><!-- \/wp:paragraph --><\/p>\n<p><!-- wp:paragraph --><\/p>\n<p>In collaborazione con i nostri fornitori di hosting, ci sforziamo di proteggere i database il pi\u00f9 possibile da accessi non autorizzati, perdite, abusi o falsificazioni.<\/p>\n<p><!-- \/wp:paragraph --><\/p>\n<p><!-- wp:paragraph --><\/p>\n<p>Ti informiamo che la trasmissione di dati su Internet (ad esempio, tramite la comunicazione per e-mail) pu\u00f2 presentare delle lacune nella sicurezza. Una protezione completa dei dati dall'accesso da parte di terzi non \u00e8 possibile.<\/p>\n<p><!-- \/wp:paragraph --><\/p>\n<p><!-- wp:paragraph --><\/p>\n<p>Utilizzando questo sito web, accetti la raccolta, l'elaborazione e l'uso dei dati come descritto di seguito. Questo sito web pu\u00f2 essere visitato in linea di massima senza registrazione. Durante la visita vengono memorizzati dati come pagine visitate o nomi dei file richiamati, data e ora, a fini statistici, nel server, senza che questi dati siano direttamente riferibili alla tua persona. I dati personali, in particolare nome, indirizzo o indirizzo e-mail, vengono raccolti su base volontaria per quanto possibile. Senza il tuo consenso, non ci sar\u00e0 alcuna divulgazione dei dati a terzi.<\/p>\n<p><!-- \/wp:paragraph --><\/p>\n<p><!-- wp:paragraph --><\/p>\n<p><strong>Elaborazione dei dati personali<\/strong><\/p>\n<p><!-- \/wp:paragraph --><\/p>\n<p><!-- wp:paragraph --><\/p>\n<p>I dati personali sono tutte le informazioni che si riferiscono a una persona determinata o determinabile. Una persona interessata \u00e8 una persona i cui dati personali sono trattati. L'elaborazione comprende qualsiasi tipo di manipolazione dei dati personali, indipendentemente dai mezzi e dai processi utilizzati, in particolare la conservazione, la divulgazione, l'acquisizione, la cancellazione, la memorizzazione, la modifica, la distruzione e l'utilizzo dei dati personali. Noi elaboriamo i dati personali nel rispetto del diritto svizzero sulla protezione dei dati. Elaboriamo i dati personali per la durata necessaria allo scopo o agli scopi rispettivi. In caso di obblighi di conservazione pi\u00f9 lunghi a causa di obblighi legali e altri obblighi cui siamo soggetti, limitiamo di conseguenza l'elaborazione.<br>Wir bearbeiten Personendaten im Einklang mit dem schweizerischen Datenschutzrecht.<br>Wir bearbeiten Personendaten f\u00fcr jene Dauer, die f\u00fcr den jeweiligen Zweck oder die jeweiligen Zwecke erforderlich ist. Bei l\u00e4nger dauernden Aufbewahrungspflichten aufgrund von gesetzlichen und sonstigen Pflichten, denen wir unterliegen, schr\u00e4nken wir die Bearbeitung entsprechend ein.<\/p>\n<p><!-- \/wp:paragraph --><\/p>\n<p><!-- wp:paragraph --><\/p>\n<p><strong>Informativa sulla privacy per il modulo di contatto<\/strong><\/p>\n<p><!-- \/wp:paragraph --><\/p>\n<p><!-- wp:paragraph --><\/p>\n<p>Se ci invii richieste tramite il modulo di contatto, i tuoi dati inseriti nel modulo, compresi i dati di contatto che hai fornito, saranno memorizzati da noi allo scopo di elaborare la richiesta e per eventuali domande di follow-up. Questi dati non saranno divulgati senza il tuo consenso.<\/p>\n<p><!-- \/wp:paragraph --><\/p>\t\t\t\t\t\t<\/div>\n\t\t\t\t<\/div>\n\t\t\t\t\t<\/div>\n\t\t<\/div>\n\t\t\t\t\t<\/div>\n\t\t<\/section>\n\t\t\t\t<\/div>","protected":false},"excerpt":{"rendered":"<p>Impressum Kontakt-Adresse Freunde der Verfassung3000 Bern Paket-Post-Adresse Freunde der VerfassungGewerbestrasse 2Postfach 2274528 Zuchwil E-Mail:&nbsp;sekretariat@verfassungsfreunde.ch Vertretungsberechtigte Person(en) Dr. Roland B\u00fchlmann \u2013 Pr\u00e4sidium Datenschutz Allgemeiner Hinweis Gest\u00fctzt auf Artikel 13 der schweizerischen Bundesverfassung und den datenschutzrechtlichen Bestimmungen des Bundes (Datenschutzgesetz, DSG) hat jede Person Anspruch auf Schutz ihrer Privatsph\u00e4re sowie auf Schutz vor Missbrauch ihrer pers\u00f6nlichen Daten. [&hellip;]<\/p>","protected":false},"author":1,"featured_media":0,"parent":0,"menu_order":0,"comment_status":"closed","ping_status":"open","template":"","meta":{"_acf_changed":false,"footnotes":""},"class_list":["post-3","page","type-page","status-publish","hentry"],"blocksy_meta":[],"acf":[],"yoast_head":"<!-- This site is optimized with the Yoast SEO plugin v22.8 - https:\/\/yoast.com\/wordpress\/plugins\/seo\/ -->\n<title>Impressum &amp; Datenschutz - 100k<\/title>\n<meta name=\"robots\" content=\"index, follow, max-snippet:-1, max-image-preview:large, max-video-preview:-1\" \/>\n<link rel=\"canonical\" href=\"https:\/\/100k.verfassungsfreunde.ch\/it\/impressum-datenschutz\/\" \/>\n<meta property=\"og:locale\" content=\"it_IT\" \/>\n<meta property=\"og:type\" content=\"article\" \/>\n<meta property=\"og:title\" content=\"Impressum &amp; Datenschutz - 100k\" \/>\n<meta property=\"og:description\" content=\"Impressum Kontakt-Adresse Freunde der Verfassung3000 Bern Paket-Post-Adresse Freunde der VerfassungGewerbestrasse 2Postfach 2274528 Zuchwil E-Mail:&nbsp;sekretariat@verfassungsfreunde.ch Vertretungsberechtigte Person(en) Dr. Roland B\u00fchlmann \u2013 Pr\u00e4sidium Datenschutz Allgemeiner Hinweis Gest\u00fctzt auf Artikel 13 der schweizerischen Bundesverfassung und den datenschutzrechtlichen Bestimmungen des Bundes (Datenschutzgesetz, DSG) hat jede Person Anspruch auf Schutz ihrer Privatsph\u00e4re sowie auf Schutz vor Missbrauch ihrer pers\u00f6nlichen Daten. [&hellip;]\" \/>\n<meta property=\"og:url\" content=\"https:\/\/100k.verfassungsfreunde.ch\/it\/impressum-datenschutz\/\" \/>\n<meta property=\"og:site_name\" content=\"100k\" \/>\n<meta property=\"article:publisher\" content=\"https:\/\/www.facebook.com\/verfassungsfreunde.ch\" \/>\n<meta property=\"article:modified_time\" content=\"2023-08-15T13:23:09+00:00\" \/>\n<meta property=\"og:image\" content=\"https:\/\/test.100k.verfassungsfreunde.ch\/wp-content\/uploads\/2023\/07\/FdV_Logo_Taube-1024x962.png\" \/>\n<meta name=\"twitter:card\" content=\"summary_large_image\" \/>\n<meta name=\"twitter:site\" content=\"@FdVerfassung\" \/>\n<meta name=\"twitter:label1\" content=\"Tempo di lettura stimato\" \/>\n\t<meta name=\"twitter:data1\" content=\"3 minuti\" \/>\n<script type=\"application\/ld+json\" class=\"yoast-schema-graph\">{\"@context\":\"https:\/\/schema.org\",\"@graph\":[{\"@type\":\"WebPage\",\"@id\":\"https:\/\/100k.verfassungsfreunde.ch\/impressum-datenschutz\/\",\"url\":\"https:\/\/100k.verfassungsfreunde.ch\/impressum-datenschutz\/\",\"name\":\"Impressum &amp; Datenschutz - 100k\",\"isPartOf\":{\"@id\":\"https:\/\/100k.verfassungsfreunde.ch\/#website\"},\"primaryImageOfPage\":{\"@id\":\"https:\/\/100k.verfassungsfreunde.ch\/impressum-datenschutz\/#primaryimage\"},\"image\":{\"@id\":\"https:\/\/100k.verfassungsfreunde.ch\/impressum-datenschutz\/#primaryimage\"},\"thumbnailUrl\":\"https:\/\/test.100k.verfassungsfreunde.ch\/wp-content\/uploads\/2023\/07\/FdV_Logo_Taube-1024x962.png\",\"datePublished\":\"2023-07-19T10:07:19+00:00\",\"dateModified\":\"2023-08-15T13:23:09+00:00\",\"breadcrumb\":{\"@id\":\"https:\/\/100k.verfassungsfreunde.ch\/impressum-datenschutz\/#breadcrumb\"},\"inLanguage\":\"it-IT\",\"potentialAction\":[{\"@type\":\"ReadAction\",\"target\":[\"https:\/\/100k.verfassungsfreunde.ch\/impressum-datenschutz\/\"]}]},{\"@type\":\"ImageObject\",\"inLanguage\":\"it-IT\",\"@id\":\"https:\/\/100k.verfassungsfreunde.ch\/impressum-datenschutz\/#primaryimage\",\"url\":\"https:\/\/test.100k.verfassungsfreunde.ch\/wp-content\/uploads\/2023\/07\/FdV_Logo_Taube-1024x962.png\",\"contentUrl\":\"https:\/\/test.100k.verfassungsfreunde.ch\/wp-content\/uploads\/2023\/07\/FdV_Logo_Taube-1024x962.png\"},{\"@type\":\"BreadcrumbList\",\"@id\":\"https:\/\/100k.verfassungsfreunde.ch\/impressum-datenschutz\/#breadcrumb\",\"itemListElement\":[{\"@type\":\"ListItem\",\"position\":1,\"name\":\"Home\",\"item\":\"https:\/\/100k.verfassungsfreunde.ch\/\"},{\"@type\":\"ListItem\",\"position\":2,\"name\":\"Impressum &amp; Datenschutz\"}]},{\"@type\":\"WebSite\",\"@id\":\"https:\/\/100k.verfassungsfreunde.ch\/#website\",\"url\":\"https:\/\/100k.verfassungsfreunde.ch\/\",\"name\":\"100k\",\"description\":\"\",\"publisher\":{\"@id\":\"https:\/\/100k.verfassungsfreunde.ch\/#organization\"},\"potentialAction\":[{\"@type\":\"SearchAction\",\"target\":{\"@type\":\"EntryPoint\",\"urlTemplate\":\"https:\/\/100k.verfassungsfreunde.ch\/?s={search_term_string}\"},\"query-input\":\"required name=search_term_string\"}],\"inLanguage\":\"it-IT\"},{\"@type\":\"Organization\",\"@id\":\"https:\/\/100k.verfassungsfreunde.ch\/#organization\",\"name\":\"100k\",\"url\":\"https:\/\/100k.verfassungsfreunde.ch\/\",\"logo\":{\"@type\":\"ImageObject\",\"inLanguage\":\"it-IT\",\"@id\":\"https:\/\/100k.verfassungsfreunde.ch\/#\/schema\/logo\/image\/\",\"url\":\"https:\/\/100k.verfassungsfreunde.ch\/wp-content\/uploads\/2024\/05\/100k_Logo.png\",\"contentUrl\":\"https:\/\/100k.verfassungsfreunde.ch\/wp-content\/uploads\/2024\/05\/100k_Logo.png\",\"width\":1327,\"height\":683,\"caption\":\"100k\"},\"image\":{\"@id\":\"https:\/\/100k.verfassungsfreunde.ch\/#\/schema\/logo\/image\/\"},\"sameAs\":[\"https:\/\/www.facebook.com\/verfassungsfreunde.ch\",\"https:\/\/x.com\/FdVerfassung\"]}]}<\/script>\n<!-- \/ Yoast SEO plugin. -->","yoast_head_json":{"title":"Impressum &amp; Datenschutz - 100k","robots":{"index":"index","follow":"follow","max-snippet":"max-snippet:-1","max-image-preview":"max-image-preview:large","max-video-preview":"max-video-preview:-1"},"canonical":"https:\/\/100k.verfassungsfreunde.ch\/it\/impressum-datenschutz\/","og_locale":"it_IT","og_type":"article","og_title":"Impressum &amp; Datenschutz - 100k","og_description":"Impressum Kontakt-Adresse Freunde der Verfassung3000 Bern Paket-Post-Adresse Freunde der VerfassungGewerbestrasse 2Postfach 2274528 Zuchwil E-Mail:&nbsp;sekretariat@verfassungsfreunde.ch Vertretungsberechtigte Person(en) Dr. Roland B\u00fchlmann \u2013 Pr\u00e4sidium Datenschutz Allgemeiner Hinweis Gest\u00fctzt auf Artikel 13 der schweizerischen Bundesverfassung und den datenschutzrechtlichen Bestimmungen des Bundes (Datenschutzgesetz, DSG) hat jede Person Anspruch auf Schutz ihrer Privatsph\u00e4re sowie auf Schutz vor Missbrauch ihrer pers\u00f6nlichen Daten. [&hellip;]","og_url":"https:\/\/100k.verfassungsfreunde.ch\/it\/impressum-datenschutz\/","og_site_name":"100k","article_publisher":"https:\/\/www.facebook.com\/verfassungsfreunde.ch","article_modified_time":"2023-08-15T13:23:09+00:00","og_image":[{"url":"https:\/\/test.100k.verfassungsfreunde.ch\/wp-content\/uploads\/2023\/07\/FdV_Logo_Taube-1024x962.png"}],"twitter_card":"summary_large_image","twitter_site":"@FdVerfassung","twitter_misc":{"Tempo di lettura stimato":"3 minuti"},"schema":{"@context":"https:\/\/schema.org","@graph":[{"@type":"WebPage","@id":"https:\/\/100k.verfassungsfreunde.ch\/impressum-datenschutz\/","url":"https:\/\/100k.verfassungsfreunde.ch\/impressum-datenschutz\/","name":"Impressum &amp; Datenschutz - 100k","isPartOf":{"@id":"https:\/\/100k.verfassungsfreunde.ch\/#website"},"primaryImageOfPage":{"@id":"https:\/\/100k.verfassungsfreunde.ch\/impressum-datenschutz\/#primaryimage"},"image":{"@id":"https:\/\/100k.verfassungsfreunde.ch\/impressum-datenschutz\/#primaryimage"},"thumbnailUrl":"https:\/\/test.100k.verfassungsfreunde.ch\/wp-content\/uploads\/2023\/07\/FdV_Logo_Taube-1024x962.png","datePublished":"2023-07-19T10:07:19+00:00","dateModified":"2023-08-15T13:23:09+00:00","breadcrumb":{"@id":"https:\/\/100k.verfassungsfreunde.ch\/impressum-datenschutz\/#breadcrumb"},"inLanguage":"it-IT","potentialAction":[{"@type":"ReadAction","target":["https:\/\/100k.verfassungsfreunde.ch\/impressum-datenschutz\/"]}]},{"@type":"ImageObject","inLanguage":"it-IT","@id":"https:\/\/100k.verfassungsfreunde.ch\/impressum-datenschutz\/#primaryimage","url":"https:\/\/test.100k.verfassungsfreunde.ch\/wp-content\/uploads\/2023\/07\/FdV_Logo_Taube-1024x962.png","contentUrl":"https:\/\/test.100k.verfassungsfreunde.ch\/wp-content\/uploads\/2023\/07\/FdV_Logo_Taube-1024x962.png"},{"@type":"BreadcrumbList","@id":"https:\/\/100k.verfassungsfreunde.ch\/impressum-datenschutz\/#breadcrumb","itemListElement":[{"@type":"ListItem","position":1,"name":"Home","item":"https:\/\/100k.verfassungsfreunde.ch\/"},{"@type":"ListItem","position":2,"name":"Impressum &amp; Datenschutz"}]},{"@type":"WebSite","@id":"https:\/\/100k.verfassungsfreunde.ch\/#website","url":"https:\/\/100k.verfassungsfreunde.ch\/","name":"100k","description":"","publisher":{"@id":"https:\/\/100k.verfassungsfreunde.ch\/#organization"},"potentialAction":[{"@type":"SearchAction","target":{"@type":"EntryPoint","urlTemplate":"https:\/\/100k.verfassungsfreunde.ch\/?s={search_term_string}"},"query-input":"required name=search_term_string"}],"inLanguage":"it-IT"},{"@type":"Organization","@id":"https:\/\/100k.verfassungsfreunde.ch\/#organization","name":"100k","url":"https:\/\/100k.verfassungsfreunde.ch\/","logo":{"@type":"ImageObject","inLanguage":"it-IT","@id":"https:\/\/100k.verfassungsfreunde.ch\/#\/schema\/logo\/image\/","url":"https:\/\/100k.verfassungsfreunde.ch\/wp-content\/uploads\/2024\/05\/100k_Logo.png","contentUrl":"https:\/\/100k.verfassungsfreunde.ch\/wp-content\/uploads\/2024\/05\/100k_Logo.png","width":1327,"height":683,"caption":"100k"},"image":{"@id":"https:\/\/100k.verfassungsfreunde.ch\/#\/schema\/logo\/image\/"},"sameAs":["https:\/\/www.facebook.com\/verfassungsfreunde.ch","https:\/\/x.com\/FdVerfassung"]}]}},"_links":{"self":[{"href":"https:\/\/100k.verfassungsfreunde.ch\/it\/wp-json\/wp\/v2\/pages\/3","targetHints":{"allow":["GET"]}}],"collection":[{"href":"https:\/\/100k.verfassungsfreunde.ch\/it\/wp-json\/wp\/v2\/pages"}],"about":[{"href":"https:\/\/100k.verfassungsfreunde.ch\/it\/wp-json\/wp\/v2\/types\/page"}],"author":[{"embeddable":true,"href":"https:\/\/100k.verfassungsfreunde.ch\/it\/wp-json\/wp\/v2\/users\/1"}],"replies":[{"embeddable":true,"href":"https:\/\/100k.verfassungsfreunde.ch\/it\/wp-json\/wp\/v2\/comments?post=3"}],"version-history":[{"count":6,"href":"https:\/\/100k.verfassungsfreunde.ch\/it\/wp-json\/wp\/v2\/pages\/3\/revisions"}],"predecessor-version":[{"id":2178,"href":"https:\/\/100k.verfassungsfreunde.ch\/it\/wp-json\/wp\/v2\/pages\/3\/revisions\/2178"}],"wp:attachment":[{"href":"https:\/\/100k.verfassungsfreunde.ch\/it\/wp-json\/wp\/v2\/media?parent=3"}],"curies":[{"name":"wp","href":"https:\/\/api.w.org\/{rel}","templated":true}]}}