{"id":2703,"date":"2024-02-14T16:10:12","date_gmt":"2024-02-14T15:10:12","guid":{"rendered":"https:\/\/100k.verfassungsfreunde.ch\/?page_id=2703"},"modified":"2024-05-16T13:01:15","modified_gmt":"2024-05-16T11:01:15","slug":"faq","status":"publish","type":"page","link":"https:\/\/100k.verfassungsfreunde.ch\/it\/faq\/","title":{"rendered":"FAQ"},"content":{"rendered":"<div data-elementor-type=\"wp-page\" data-elementor-id=\"2703\" class=\"elementor elementor-2703\" data-elementor-post-type=\"page\">\n\t\t\t\t<div class=\"elementor-element elementor-element-0a7d1c6 e-flex e-con-boxed e-con e-parent\" data-id=\"0a7d1c6\" data-element_type=\"container\">\n\t\t\t\t\t<div class=\"e-con-inner\">\n\t\t\t\t<div class=\"elementor-element elementor-element-87fa0d6 elementor-widget elementor-widget-html\" data-id=\"87fa0d6\" data-element_type=\"widget\" data-widget_type=\"html.default\">\n\t\t\t\t<div class=\"elementor-widget-container\">\n\t\t\t<style class=\"accordion-closed-on-load\">\nbody:not(.elementor-editor-active) .elementor-widget-accordion .elementor-tab-content {\ndisplay: none!important;\n}\n<\/style>\n<script>\nwindow.addEventListener('load', function() {\nsetTimeout(function(){\ndocument.querySelector('.accordion-closed-on-load').remove();\nlet accordionsElems = document.querySelectorAll('.elementor-widget-accordion')\naccordionsElems.forEach(e => {\nlet activeTitle = e.querySelector('.elementor-tab-title.elementor-active');\nlet activeContent = e.querySelector('.elementor-tab-content.elementor-active')\njQuery(activeContent).hide();\nactiveTitle.classList.remove('elementor-active');\nactiveContent.classList.remove('elementor-active');\nactiveContent.setAttribute('hidden','hidden');\nactiveTitle.setAttribute('aria-expanded',false);\nactiveTitle.setAttribute('aria-selected',false);\nactiveTitle.setAttribute('tabindex',-1);\n});\n},100);\n});\n<\/script>\t\t<\/div>\n\t\t\t\t<\/div>\n\t\t\t\t<div class=\"elementor-element elementor-element-58c9e6a elementor-widget elementor-widget-accordion\" data-id=\"58c9e6a\" data-element_type=\"widget\" data-settings=\"{&quot;_animation&quot;:&quot;none&quot;}\" data-widget_type=\"accordion.default\">\n\t\t\t\t<div class=\"elementor-widget-container\">\n\t\t\t<style>\/*! elementor - v3.21.0 - 26-05-2024 *\/\n.elementor-accordion{text-align:start}.elementor-accordion .elementor-accordion-item{border:1px solid #d5d8dc}.elementor-accordion .elementor-accordion-item+.elementor-accordion-item{border-top:none}.elementor-accordion .elementor-tab-title{margin:0;padding:15px 20px;font-weight:700;line-height:1;cursor:pointer;outline:none}.elementor-accordion .elementor-tab-title .elementor-accordion-icon{display:inline-block;width:1.5em}.elementor-accordion .elementor-tab-title .elementor-accordion-icon svg{width:1em;height:1em}.elementor-accordion .elementor-tab-title .elementor-accordion-icon.elementor-accordion-icon-right{float:right;text-align:right}.elementor-accordion .elementor-tab-title .elementor-accordion-icon.elementor-accordion-icon-left{float:left;text-align:left}.elementor-accordion .elementor-tab-title .elementor-accordion-icon .elementor-accordion-icon-closed{display:block}.elementor-accordion .elementor-tab-title .elementor-accordion-icon .elementor-accordion-icon-opened,.elementor-accordion .elementor-tab-title.elementor-active .elementor-accordion-icon-closed{display:none}.elementor-accordion .elementor-tab-title.elementor-active .elementor-accordion-icon-opened{display:block}.elementor-accordion .elementor-tab-content{display:none;padding:15px 20px;border-top:1px solid #d5d8dc}@media (max-width:767px){.elementor-accordion .elementor-tab-title{padding:12px 15px}.elementor-accordion .elementor-tab-title .elementor-accordion-icon{width:1.2em}.elementor-accordion .elementor-tab-content{padding:7px 15px}}.e-con-inner>.elementor-widget-accordion,.e-con>.elementor-widget-accordion{width:var(--container-widget-width);--flex-grow:var(--container-widget-flex-grow)}<\/style>\t\t<div class=\"elementor-accordion\">\n\t\t\t\t\t\t\t<div class=\"elementor-accordion-item\">\n\t\t\t\t\t<div id=\"elementor-tab-title-9311\" class=\"elementor-tab-title\" data-tab=\"1\" role=\"button\" aria-controls=\"elementor-tab-content-9311\" aria-expanded=\"false\">\n\t\t\t\t\t\t\t\t\t\t\t\t\t<span class=\"elementor-accordion-icon elementor-accordion-icon-left\" aria-hidden=\"true\">\n\t\t\t\t\t\t\t\t\t\t\t\t\t\t\t<span class=\"elementor-accordion-icon-closed\"><i class=\"fas fa-plus\"><\/i><\/span>\n\t\t\t\t\t\t\t\t<span class=\"elementor-accordion-icon-opened\"><i class=\"fas fa-minus\"><\/i><\/span>\n\t\t\t\t\t\t\t\t\t\t\t\t\t\t<\/span>\n\t\t\t\t\t\t\t\t\t\t\t\t<a class=\"elementor-accordion-title\" tabindex=\"0\">Non ho ricevuto l'e-mail di conferma - cosa devo fare?<\/a>\n\t\t\t\t\t<\/div>\n\t\t\t\t\t<div id=\"elementor-tab-content-9311\" class=\"elementor-tab-content elementor-clearfix\" data-tab=\"1\" role=\"region\" aria-labelledby=\"elementor-tab-title-9311\"><p>Ecco alcuni passi che possono aiutarti:<\/p><p><strong>Controllare la cartella spam:<\/strong> Controlla la cartella dello spam o della posta indesiderata. A volte le e-mail di conferma finiscono l\u00ec per errore.<\/p><p><strong>Sei sicuro di aver inserito correttamente l'indirizzo e-mail? <\/strong>\u00c8 possibile che sia stato commesso un errore di battitura nell'inserimento dell'indirizzo e-mail. Riprova con l'indirizzo e-mail corretto. Non preoccuparti, non verrai registrato due volte, perch\u00e9 le registrazioni senza conferma vengono cancellate automaticamente dopo un certo periodo di tempo.<\/p><p><strong>Contattare il supporto:<\/strong> Se non riesci a trovare l'e-mail o se hai ancora problemi, scrivici a <u><a href=\"mailto:it-support@verfassungsfreunde.ch\">it-support@verfassungsfreunde.ch<\/a><\/u>. Siamo qui per aiutare e assicurare che tutto fili liscio!<\/p><\/div>\n\t\t\t\t<\/div>\n\t\t\t\t\t\t\t<div class=\"elementor-accordion-item\">\n\t\t\t\t\t<div id=\"elementor-tab-title-9312\" class=\"elementor-tab-title\" data-tab=\"2\" role=\"button\" aria-controls=\"elementor-tab-content-9312\" aria-expanded=\"false\">\n\t\t\t\t\t\t\t\t\t\t\t\t\t<span class=\"elementor-accordion-icon elementor-accordion-icon-left\" aria-hidden=\"true\">\n\t\t\t\t\t\t\t\t\t\t\t\t\t\t\t<span class=\"elementor-accordion-icon-closed\"><i class=\"fas fa-plus\"><\/i><\/span>\n\t\t\t\t\t\t\t\t<span class=\"elementor-accordion-icon-opened\"><i class=\"fas fa-minus\"><\/i><\/span>\n\t\t\t\t\t\t\t\t\t\t\t\t\t\t<\/span>\n\t\t\t\t\t\t\t\t\t\t\t\t<a class=\"elementor-accordion-title\" tabindex=\"0\">Gli svizzeri all'estero possono partecipare a 100k?<\/a>\n\t\t\t\t\t<\/div>\n\t\t\t\t\t<div id=\"elementor-tab-content-9312\" class=\"elementor-tab-content elementor-clearfix\" data-tab=\"2\" role=\"region\" aria-labelledby=\"elementor-tab-title-9312\"><p><strong>S\u00ec, gli svizzeri all'estero sono invitati a partecipare a 100k.<\/strong> Al momento della compilazione del modulo raccolta firme, nella colonna \"Indirizzo di residenza\" si deve indicare il proprio indirizzo all'estero con il codice postale, il luogo di residenza e il Paese di residenza, mentre nelle sezioni \"Cantone, codice postale, Comune\" si devono inserire i dati del proprio ultimo Comune elettorale svizzero (se hanno registrato il loro nuovo indirizzo all'estero quando si sono trasferiti fuori dal comune). Si prega di inviare il modulo firmato per posta. Saranno accettati solo i moduli raccolta firme originali.<\/p><\/div>\n\t\t\t\t<\/div>\n\t\t\t\t\t\t\t<div class=\"elementor-accordion-item\">\n\t\t\t\t\t<div id=\"elementor-tab-title-9313\" class=\"elementor-tab-title\" data-tab=\"3\" role=\"button\" aria-controls=\"elementor-tab-content-9313\" aria-expanded=\"false\">\n\t\t\t\t\t\t\t\t\t\t\t\t\t<span class=\"elementor-accordion-icon elementor-accordion-icon-left\" aria-hidden=\"true\">\n\t\t\t\t\t\t\t\t\t\t\t\t\t\t\t<span class=\"elementor-accordion-icon-closed\"><i class=\"fas fa-plus\"><\/i><\/span>\n\t\t\t\t\t\t\t\t<span class=\"elementor-accordion-icon-opened\"><i class=\"fas fa-minus\"><\/i><\/span>\n\t\t\t\t\t\t\t\t\t\t\t\t\t\t<\/span>\n\t\t\t\t\t\t\t\t\t\t\t\t<a class=\"elementor-accordion-title\" tabindex=\"0\">Che cos'\u00e8 la newsletter?<\/a>\n\t\t\t\t\t<\/div>\n\t\t\t\t\t<div id=\"elementor-tab-content-9313\" class=\"elementor-tab-content elementor-clearfix\" data-tab=\"3\" role=\"region\" aria-labelledby=\"elementor-tab-title-9313\"><p>La newsletter viene inviata in media una volta al mese per informare sullo stato attuale. Non \u00e8 una pubblicit\u00e0 per iniziative o referendum. La newsletter di 100k (che viene inviata a tutti i membri di 100k) ha un carattere puramente informativo \u2013 puoi leggerla o cancellarla.<\/p><\/div>\n\t\t\t\t<\/div>\n\t\t\t\t\t\t\t<div class=\"elementor-accordion-item\">\n\t\t\t\t\t<div id=\"elementor-tab-title-9314\" class=\"elementor-tab-title\" data-tab=\"4\" role=\"button\" aria-controls=\"elementor-tab-content-9314\" aria-expanded=\"false\">\n\t\t\t\t\t\t\t\t\t\t\t\t\t<span class=\"elementor-accordion-icon elementor-accordion-icon-left\" aria-hidden=\"true\">\n\t\t\t\t\t\t\t\t\t\t\t\t\t\t\t<span class=\"elementor-accordion-icon-closed\"><i class=\"fas fa-plus\"><\/i><\/span>\n\t\t\t\t\t\t\t\t<span class=\"elementor-accordion-icon-opened\"><i class=\"fas fa-minus\"><\/i><\/span>\n\t\t\t\t\t\t\t\t\t\t\t\t\t\t<\/span>\n\t\t\t\t\t\t\t\t\t\t\t\t<a class=\"elementor-accordion-title\" tabindex=\"0\">Che cos'\u00e8 il sondaggio? <span id=\"umfrage\"><\/span><\/a>\n\t\t\t\t\t<\/div>\n\t\t\t\t\t<div id=\"elementor-tab-content-9314\" class=\"elementor-tab-content elementor-clearfix\" data-tab=\"4\" role=\"region\" aria-labelledby=\"elementor-tab-title-9314\"><p>Nel caso in cui ci sia la necessit\u00e0 di lanciare un referendum o un'iniziativa, i promotori hanno l'opportunit\u00e0 di ottenere l'opinione di base dei membri di 100k mediante un sondaggio, prima di avviare le misure pi\u00f9 ampie.<\/p><\/div>\n\t\t\t\t<\/div>\n\t\t\t\t\t\t\t<div class=\"elementor-accordion-item\">\n\t\t\t\t\t<div id=\"elementor-tab-title-9315\" class=\"elementor-tab-title\" data-tab=\"5\" role=\"button\" aria-controls=\"elementor-tab-content-9315\" aria-expanded=\"false\">\n\t\t\t\t\t\t\t\t\t\t\t\t\t<span class=\"elementor-accordion-icon elementor-accordion-icon-left\" aria-hidden=\"true\">\n\t\t\t\t\t\t\t\t\t\t\t\t\t\t\t<span class=\"elementor-accordion-icon-closed\"><i class=\"fas fa-plus\"><\/i><\/span>\n\t\t\t\t\t\t\t\t<span class=\"elementor-accordion-icon-opened\"><i class=\"fas fa-minus\"><\/i><\/span>\n\t\t\t\t\t\t\t\t\t\t\t\t\t\t<\/span>\n\t\t\t\t\t\t\t\t\t\t\t\t<a class=\"elementor-accordion-title\" tabindex=\"0\">Che cos'\u00e8 il Call-to-Action?<\/a>\n\t\t\t\t\t<\/div>\n\t\t\t\t\t<div id=\"elementor-tab-content-9315\" class=\"elementor-tab-content elementor-clearfix\" data-tab=\"5\" role=\"region\" aria-labelledby=\"elementor-tab-title-9315\"><p>Il Call-to-Action \u00e8 chiaramente indicato e a quel punto siete voi a essere coinvolti. \u00c8 un appello ad agire: stampare, firmare, affrancare e inviare il modulo raccolta firme al comitato dell\u2019iniziativa o del referendum.<\/p><\/div>\n\t\t\t\t<\/div>\n\t\t\t\t\t\t\t<div class=\"elementor-accordion-item\">\n\t\t\t\t\t<div id=\"elementor-tab-title-9316\" class=\"elementor-tab-title\" data-tab=\"6\" role=\"button\" aria-controls=\"elementor-tab-content-9316\" aria-expanded=\"false\">\n\t\t\t\t\t\t\t\t\t\t\t\t\t<span class=\"elementor-accordion-icon elementor-accordion-icon-left\" aria-hidden=\"true\">\n\t\t\t\t\t\t\t\t\t\t\t\t\t\t\t<span class=\"elementor-accordion-icon-closed\"><i class=\"fas fa-plus\"><\/i><\/span>\n\t\t\t\t\t\t\t\t<span class=\"elementor-accordion-icon-opened\"><i class=\"fas fa-minus\"><\/i><\/span>\n\t\t\t\t\t\t\t\t\t\t\t\t\t\t<\/span>\n\t\t\t\t\t\t\t\t\t\t\t\t<a class=\"elementor-accordion-title\" tabindex=\"0\">Posso far verificare e certificare il modulo raccolta firme direttamente presso il comune?<\/a>\n\t\t\t\t\t<\/div>\n\t\t\t\t\t<div id=\"elementor-tab-content-9316\" class=\"elementor-tab-content elementor-clearfix\" data-tab=\"6\" role=\"region\" aria-labelledby=\"elementor-tab-title-9316\"><p>S\u00ec. Questo passaggio fa risparmiare tempo al comitato dell\u2019iniziativa o del referendum. Se c'\u00e8 un problema con la firma, puoi correggerlo direttamente presso il comune, evitando anche un doppio percorso postale. Chiaramente, andare al comune richiede tempo, ma \u00e8 altrimenti gratuito.<\/p><\/div>\n\t\t\t\t<\/div>\n\t\t\t\t\t\t\t<div class=\"elementor-accordion-item\">\n\t\t\t\t\t<div id=\"elementor-tab-title-9317\" class=\"elementor-tab-title\" data-tab=\"7\" role=\"button\" aria-controls=\"elementor-tab-content-9317\" aria-expanded=\"false\">\n\t\t\t\t\t\t\t\t\t\t\t\t\t<span class=\"elementor-accordion-icon elementor-accordion-icon-left\" aria-hidden=\"true\">\n\t\t\t\t\t\t\t\t\t\t\t\t\t\t\t<span class=\"elementor-accordion-icon-closed\"><i class=\"fas fa-plus\"><\/i><\/span>\n\t\t\t\t\t\t\t\t<span class=\"elementor-accordion-icon-opened\"><i class=\"fas fa-minus\"><\/i><\/span>\n\t\t\t\t\t\t\t\t\t\t\t\t\t\t<\/span>\n\t\t\t\t\t\t\t\t\t\t\t\t<a class=\"elementor-accordion-title\" tabindex=\"0\">Se sono membro di 100k, sono automaticamente anche membro degli Amici della Costituzione?<\/a>\n\t\t\t\t\t<\/div>\n\t\t\t\t\t<div id=\"elementor-tab-content-9317\" class=\"elementor-tab-content elementor-clearfix\" data-tab=\"7\" role=\"region\" aria-labelledby=\"elementor-tab-title-9317\"><p>No. Se sei membro di 100k, non sei automaticamente membro degli AdC. E viceversa.<\/p><\/div>\n\t\t\t\t<\/div>\n\t\t\t\t\t\t\t<div class=\"elementor-accordion-item\">\n\t\t\t\t\t<div id=\"elementor-tab-title-9318\" class=\"elementor-tab-title\" data-tab=\"8\" role=\"button\" aria-controls=\"elementor-tab-content-9318\" aria-expanded=\"false\">\n\t\t\t\t\t\t\t\t\t\t\t\t\t<span class=\"elementor-accordion-icon elementor-accordion-icon-left\" aria-hidden=\"true\">\n\t\t\t\t\t\t\t\t\t\t\t\t\t\t\t<span class=\"elementor-accordion-icon-closed\"><i class=\"fas fa-plus\"><\/i><\/span>\n\t\t\t\t\t\t\t\t<span class=\"elementor-accordion-icon-opened\"><i class=\"fas fa-minus\"><\/i><\/span>\n\t\t\t\t\t\t\t\t\t\t\t\t\t\t<\/span>\n\t\t\t\t\t\t\t\t\t\t\t\t<a class=\"elementor-accordion-title\" tabindex=\"0\">Cos'\u00e8 un referendum?<\/a>\n\t\t\t\t\t<\/div>\n\t\t\t\t\t<div id=\"elementor-tab-content-9318\" class=\"elementor-tab-content elementor-clearfix\" data-tab=\"8\" role=\"region\" aria-labelledby=\"elementor-tab-title-9318\"><p>Se gli elettori sono contrari alle risoluzioni parlamentari, possono chiedere un referendum (referendum facoltativo). Il comitato referendario deve raccogliere 50'000 firme autografe valide entro 100 giorni. Questo termine decorre dal giorno in cui il decreto in questione viene pubblicato ufficialmente. La legge entra in vigore solo se viene approvata dalla maggioranza dei votanti.<\/p><\/div>\n\t\t\t\t<\/div>\n\t\t\t\t\t\t\t<div class=\"elementor-accordion-item\">\n\t\t\t\t\t<div id=\"elementor-tab-title-9319\" class=\"elementor-tab-title\" data-tab=\"9\" role=\"button\" aria-controls=\"elementor-tab-content-9319\" aria-expanded=\"false\">\n\t\t\t\t\t\t\t\t\t\t\t\t\t<span class=\"elementor-accordion-icon elementor-accordion-icon-left\" aria-hidden=\"true\">\n\t\t\t\t\t\t\t\t\t\t\t\t\t\t\t<span class=\"elementor-accordion-icon-closed\"><i class=\"fas fa-plus\"><\/i><\/span>\n\t\t\t\t\t\t\t\t<span class=\"elementor-accordion-icon-opened\"><i class=\"fas fa-minus\"><\/i><\/span>\n\t\t\t\t\t\t\t\t\t\t\t\t\t\t<\/span>\n\t\t\t\t\t\t\t\t\t\t\t\t<a class=\"elementor-accordion-title\" tabindex=\"0\">Cos'\u00e8 un'iniziativa popolare?<\/a>\n\t\t\t\t\t<\/div>\n\t\t\t\t\t<div id=\"elementor-tab-content-9319\" class=\"elementor-tab-content elementor-clearfix\" data-tab=\"9\" role=\"region\" aria-labelledby=\"elementor-tab-title-9319\"><p>L'iniziativa popolare federale \u00e8 uno strumento politico che consente ai cittadini di modificare la Costituzione federale. Affinch\u00e9 un'iniziativa popolare si concretizzi, i promotori devono raccogliere 100'000 firme autografe di persone aventi diritto di voto entro 18 mesi.<\/p><\/div>\n\t\t\t\t<\/div>\n\t\t\t\t\t\t\t<div class=\"elementor-accordion-item\">\n\t\t\t\t\t<div id=\"elementor-tab-title-93110\" class=\"elementor-tab-title\" data-tab=\"10\" role=\"button\" aria-controls=\"elementor-tab-content-93110\" aria-expanded=\"false\">\n\t\t\t\t\t\t\t\t\t\t\t\t\t<span class=\"elementor-accordion-icon elementor-accordion-icon-left\" aria-hidden=\"true\">\n\t\t\t\t\t\t\t\t\t\t\t\t\t\t\t<span class=\"elementor-accordion-icon-closed\"><i class=\"fas fa-plus\"><\/i><\/span>\n\t\t\t\t\t\t\t\t<span class=\"elementor-accordion-icon-opened\"><i class=\"fas fa-minus\"><\/i><\/span>\n\t\t\t\t\t\t\t\t\t\t\t\t\t\t<\/span>\n\t\t\t\t\t\t\t\t\t\t\t\t<a class=\"elementor-accordion-title\" tabindex=\"0\">Possiamo essere sicuri che le elezioni non siano truccate?<\/a>\n\t\t\t\t\t<\/div>\n\t\t\t\t\t<div id=\"elementor-tab-content-93110\" class=\"elementor-tab-content elementor-clearfix\" data-tab=\"10\" role=\"region\" aria-labelledby=\"elementor-tab-title-93110\"><p>Noi pensiamo che - s\u00ec - funzioni. La prova \u00e8 data da votazioni come quelle sulla CO2 e sull'e-ID, che sono state fortemente promosse e non sono state accettate. Inoltre, un team dell'Organizzazione per la sicurezza e la cooperazione in Europa (OSCE) ha osservato le elezioni federali degli ultimi anni.<br \/>\u00c8 possibile che i singoli punti di controllo non vengano rispettati.<br \/>In presenza di prove, qualsiasi privato pu\u00f2 presentare una denuncia. Qualsiasi stazione di polizia accetter\u00e0 una denuncia orale o scritta. \u00c8 inoltre possibile informare l'ufficio del pubblico ministero.<\/p><p>Qui potete scaricare il risultato della nostra analisi interna della procedura di voto per i referendum e le iniziative del settembre 2021: <a href=\"https:\/\/verfassungsfreunde.ch\/wp-content\/uploads\/2021\/09\/Wahlmanipulation-final.pdf\" target=\"_blank\" rel=\"noopener\">Wahlmanipulation-PDF<\/a><\/p><\/div>\n\t\t\t\t<\/div>\n\t\t\t\t\t\t\t\t<\/div>\n\t\t\t\t<\/div>\n\t\t\t\t<\/div>\n\t\t\t\t\t<\/div>\n\t\t\t\t<\/div>\n\t\t<div class=\"elementor-element elementor-element-57255215 elementor-hidden-mobile e-flex e-con-boxed e-con e-parent\" data-id=\"57255215\" data-element_type=\"container\" data-settings=\"{&quot;shape_divider_bottom&quot;:&quot;opacity-tilt&quot;}\">\n\t\t\t\t\t<div class=\"e-con-inner\">\n\t\t\t\t<div class=\"elementor-shape elementor-shape-bottom\" data-negative=\"false\">\n\t\t\t<svg xmlns=\"http:\/\/www.w3.org\/2000\/svg\" viewbox=\"0 0 2600 131.1\" preserveaspectratio=\"none\">\n\t<path class=\"elementor-shape-fill\" d=\"M0 0L2600 0 2600 69.1 0 0z\"\/>\n\t<path class=\"elementor-shape-fill\" style=\"opacity:0.5\" d=\"M0 0L2600 0 2600 69.1 0 69.1z\"\/>\n\t<path class=\"elementor-shape-fill\" style=\"opacity:0.25\" d=\"M2600 0L0 0 0 130.1 2600 69.1z\"\/>\n<\/svg>\t\t<\/div>\n\t\t<div class=\"elementor-element elementor-element-51308386 e-con-full e-flex e-con e-child\" data-id=\"51308386\" data-element_type=\"container\">\n\t\t\t\t<div class=\"elementor-element elementor-element-3e2bf535 elementor-widget elementor-widget-image\" data-id=\"3e2bf535\" data-element_type=\"widget\" data-widget_type=\"image.default\">\n\t\t\t\t<div class=\"elementor-widget-container\">\n\t\t\t<style>\/*! elementor - v3.21.0 - 26-05-2024 *\/\n.elementor-widget-image{text-align:center}.elementor-widget-image a{display:inline-block}.elementor-widget-image a img[src$=\".svg\"]{width:48px}.elementor-widget-image img{vertical-align:middle;display:inline-block}<\/style>\t\t\t\t\t\t\t\t\t\t<img fetchpriority=\"high\" decoding=\"async\" width=\"508\" height=\"1024\" src=\"https:\/\/100k.verfassungsfreunde.ch\/wp-content\/uploads\/2023\/07\/Element-155-e1690551614285-508x1024.png\" class=\"attachment-large size-large wp-image-1649\" alt=\"\" srcset=\"https:\/\/100k.verfassungsfreunde.ch\/wp-content\/uploads\/2023\/07\/Element-155-e1690551614285-508x1024.png 508w, https:\/\/100k.verfassungsfreunde.ch\/wp-content\/uploads\/2023\/07\/Element-155-e1690551614285-149x300.png 149w, https:\/\/100k.verfassungsfreunde.ch\/wp-content\/uploads\/2023\/07\/Element-155-e1690551614285.png 747w\" sizes=\"(max-width: 508px) 100vw, 508px\" \/>\t\t\t\t\t\t\t\t\t\t\t\t\t<\/div>\n\t\t\t\t<\/div>\n\t\t\t\t<\/div>\n\t\t<div class=\"elementor-element elementor-element-22cbe30c e-con-full e-flex e-con e-child\" data-id=\"22cbe30c\" data-element_type=\"container\">\n\t\t\t\t<div class=\"elementor-element elementor-element-7c4d7a78 elementor-widget elementor-widget-image\" data-id=\"7c4d7a78\" data-element_type=\"widget\" data-widget_type=\"image.default\">\n\t\t\t\t<div class=\"elementor-widget-container\">\n\t\t\t\t\t\t\t\t\t\t\t\t\t<img decoding=\"async\" width=\"451\" height=\"1024\" src=\"https:\/\/100k.verfassungsfreunde.ch\/wp-content\/uploads\/2023\/07\/Element-255-e1690551598903-451x1024.png\" class=\"attachment-large size-large wp-image-1650\" alt=\"\" srcset=\"https:\/\/100k.verfassungsfreunde.ch\/wp-content\/uploads\/2023\/07\/Element-255-e1690551598903-451x1024.png 451w, https:\/\/100k.verfassungsfreunde.ch\/wp-content\/uploads\/2023\/07\/Element-255-e1690551598903-132x300.png 132w, https:\/\/100k.verfassungsfreunde.ch\/wp-content\/uploads\/2023\/07\/Element-255-e1690551598903-768x1745.png 768w, https:\/\/100k.verfassungsfreunde.ch\/wp-content\/uploads\/2023\/07\/Element-255-e1690551598903-676x1536.png 676w, https:\/\/100k.verfassungsfreunde.ch\/wp-content\/uploads\/2023\/07\/Element-255-e1690551598903-901x2048.png 901w, https:\/\/100k.verfassungsfreunde.ch\/wp-content\/uploads\/2023\/07\/Element-255-e1690551598903.png 928w\" sizes=\"(max-width: 451px) 100vw, 451px\" \/>\t\t\t\t\t\t\t\t\t\t\t\t\t<\/div>\n\t\t\t\t<\/div>\n\t\t\t\t<\/div>\n\t\t<div class=\"elementor-element elementor-element-7532d4da e-con-full e-flex e-con e-child\" data-id=\"7532d4da\" data-element_type=\"container\">\n\t\t\t\t<div class=\"elementor-element elementor-element-630010e2 elementor-widget elementor-widget-image\" data-id=\"630010e2\" data-element_type=\"widget\" data-widget_type=\"image.default\">\n\t\t\t\t<div class=\"elementor-widget-container\">\n\t\t\t\t\t\t\t\t\t\t\t\t\t<img decoding=\"async\" width=\"543\" height=\"1024\" src=\"https:\/\/100k.verfassungsfreunde.ch\/wp-content\/uploads\/2023\/07\/Element-355-e1690551583262-543x1024.png\" class=\"attachment-large size-large wp-image-1651\" alt=\"\" srcset=\"https:\/\/100k.verfassungsfreunde.ch\/wp-content\/uploads\/2023\/07\/Element-355-e1690551583262-543x1024.png 543w, https:\/\/100k.verfassungsfreunde.ch\/wp-content\/uploads\/2023\/07\/Element-355-e1690551583262-159x300.png 159w, https:\/\/100k.verfassungsfreunde.ch\/wp-content\/uploads\/2023\/07\/Element-355-e1690551583262-768x1449.png 768w, https:\/\/100k.verfassungsfreunde.ch\/wp-content\/uploads\/2023\/07\/Element-355-e1690551583262.png 784w\" sizes=\"(max-width: 543px) 100vw, 543px\" \/>\t\t\t\t\t\t\t\t\t\t\t\t\t<\/div>\n\t\t\t\t<\/div>\n\t\t\t\t<\/div>\n\t\t<div class=\"elementor-element elementor-element-773d3674 e-con-full e-flex e-con e-child\" data-id=\"773d3674\" data-element_type=\"container\">\n\t\t\t\t<div class=\"elementor-element elementor-element-7f2ea4b4 elementor-widget elementor-widget-image\" data-id=\"7f2ea4b4\" data-element_type=\"widget\" data-widget_type=\"image.default\">\n\t\t\t\t<div class=\"elementor-widget-container\">\n\t\t\t\t\t\t\t\t\t\t\t\t\t<img loading=\"lazy\" decoding=\"async\" width=\"490\" height=\"1024\" src=\"https:\/\/100k.verfassungsfreunde.ch\/wp-content\/uploads\/2023\/07\/Element-455-e1690551570662-490x1024.png\" class=\"attachment-large size-large wp-image-1652\" alt=\"\" srcset=\"https:\/\/100k.verfassungsfreunde.ch\/wp-content\/uploads\/2023\/07\/Element-455-e1690551570662-490x1024.png 490w, https:\/\/100k.verfassungsfreunde.ch\/wp-content\/uploads\/2023\/07\/Element-455-e1690551570662-144x300.png 144w, https:\/\/100k.verfassungsfreunde.ch\/wp-content\/uploads\/2023\/07\/Element-455-e1690551570662.png 619w\" sizes=\"(max-width: 490px) 100vw, 490px\" \/>\t\t\t\t\t\t\t\t\t\t\t\t\t<\/div>\n\t\t\t\t<\/div>\n\t\t\t\t<\/div>\n\t\t<div class=\"elementor-element elementor-element-2d471e5a e-con-full e-flex e-con e-child\" data-id=\"2d471e5a\" data-element_type=\"container\">\n\t\t\t\t<div class=\"elementor-element elementor-element-10df4162 elementor-widget elementor-widget-image\" data-id=\"10df4162\" data-element_type=\"widget\" data-widget_type=\"image.default\">\n\t\t\t\t<div class=\"elementor-widget-container\">\n\t\t\t\t\t\t\t\t\t\t\t\t\t<img loading=\"lazy\" decoding=\"async\" width=\"426\" height=\"1024\" src=\"https:\/\/100k.verfassungsfreunde.ch\/wp-content\/uploads\/2023\/07\/Element-555-e1690551555551-426x1024.png\" class=\"attachment-large size-large wp-image-1653\" alt=\"\" srcset=\"https:\/\/100k.verfassungsfreunde.ch\/wp-content\/uploads\/2023\/07\/Element-555-e1690551555551-426x1024.png 426w, https:\/\/100k.verfassungsfreunde.ch\/wp-content\/uploads\/2023\/07\/Element-555-e1690551555551-125x300.png 125w, https:\/\/100k.verfassungsfreunde.ch\/wp-content\/uploads\/2023\/07\/Element-555-e1690551555551-768x1848.png 768w, https:\/\/100k.verfassungsfreunde.ch\/wp-content\/uploads\/2023\/07\/Element-555-e1690551555551.png 780w\" sizes=\"(max-width: 426px) 100vw, 426px\" \/>\t\t\t\t\t\t\t\t\t\t\t\t\t<\/div>\n\t\t\t\t<\/div>\n\t\t\t\t<\/div>\n\t\t<div class=\"elementor-element elementor-element-3a6552e4 e-con-full e-flex e-con e-child\" data-id=\"3a6552e4\" data-element_type=\"container\">\n\t\t\t\t<div class=\"elementor-element elementor-element-6f52f8b3 elementor-widget elementor-widget-image\" data-id=\"6f52f8b3\" data-element_type=\"widget\" data-widget_type=\"image.default\">\n\t\t\t\t<div class=\"elementor-widget-container\">\n\t\t\t\t\t\t\t\t\t\t\t\t\t<img loading=\"lazy\" decoding=\"async\" width=\"505\" height=\"1024\" src=\"https:\/\/100k.verfassungsfreunde.ch\/wp-content\/uploads\/2023\/07\/Element-655-e1690551539409-505x1024.png\" class=\"attachment-large size-large wp-image-1654\" alt=\"\" srcset=\"https:\/\/100k.verfassungsfreunde.ch\/wp-content\/uploads\/2023\/07\/Element-655-e1690551539409-505x1024.png 505w, https:\/\/100k.verfassungsfreunde.ch\/wp-content\/uploads\/2023\/07\/Element-655-e1690551539409-148x300.png 148w, https:\/\/100k.verfassungsfreunde.ch\/wp-content\/uploads\/2023\/07\/Element-655-e1690551539409.png 682w\" sizes=\"(max-width: 505px) 100vw, 505px\" \/>\t\t\t\t\t\t\t\t\t\t\t\t\t<\/div>\n\t\t\t\t<\/div>\n\t\t\t\t<\/div>\n\t\t<div class=\"elementor-element elementor-element-14b83d77 e-con-full e-flex e-con e-child\" data-id=\"14b83d77\" data-element_type=\"container\">\n\t\t\t\t<div class=\"elementor-element elementor-element-25f2b28d elementor-widget elementor-widget-image\" data-id=\"25f2b28d\" data-element_type=\"widget\" data-widget_type=\"image.default\">\n\t\t\t\t<div class=\"elementor-widget-container\">\n\t\t\t\t\t\t\t\t\t\t\t\t\t<img loading=\"lazy\" decoding=\"async\" width=\"456\" height=\"1024\" src=\"https:\/\/100k.verfassungsfreunde.ch\/wp-content\/uploads\/2023\/07\/Element-755-e1690551507186-456x1024.png\" class=\"attachment-large size-large wp-image-1655\" alt=\"\" srcset=\"https:\/\/100k.verfassungsfreunde.ch\/wp-content\/uploads\/2023\/07\/Element-755-e1690551507186-456x1024.png 456w, https:\/\/100k.verfassungsfreunde.ch\/wp-content\/uploads\/2023\/07\/Element-755-e1690551507186-134x300.png 134w, https:\/\/100k.verfassungsfreunde.ch\/wp-content\/uploads\/2023\/07\/Element-755-e1690551507186-768x1724.png 768w, https:\/\/100k.verfassungsfreunde.ch\/wp-content\/uploads\/2023\/07\/Element-755-e1690551507186-684x1536.png 684w, https:\/\/100k.verfassungsfreunde.ch\/wp-content\/uploads\/2023\/07\/Element-755-e1690551507186.png 909w\" sizes=\"(max-width: 456px) 100vw, 456px\" \/>\t\t\t\t\t\t\t\t\t\t\t\t\t<\/div>\n\t\t\t\t<\/div>\n\t\t\t\t<\/div>\n\t\t<div class=\"elementor-element elementor-element-2575c6b7 e-con-full e-flex e-con e-child\" data-id=\"2575c6b7\" data-element_type=\"container\">\n\t\t\t\t<div class=\"elementor-element elementor-element-47f4a4ef elementor-widget elementor-widget-image\" data-id=\"47f4a4ef\" data-element_type=\"widget\" data-widget_type=\"image.default\">\n\t\t\t\t<div class=\"elementor-widget-container\">\n\t\t\t\t\t\t\t\t\t\t\t\t\t<img loading=\"lazy\" decoding=\"async\" width=\"663\" height=\"1024\" src=\"https:\/\/100k.verfassungsfreunde.ch\/wp-content\/uploads\/2023\/07\/Element-855-e1690551490405-663x1024.png\" class=\"attachment-large size-large wp-image-1656\" alt=\"\" srcset=\"https:\/\/100k.verfassungsfreunde.ch\/wp-content\/uploads\/2023\/07\/Element-855-e1690551490405-663x1024.png 663w, https:\/\/100k.verfassungsfreunde.ch\/wp-content\/uploads\/2023\/07\/Element-855-e1690551490405-194x300.png 194w, https:\/\/100k.verfassungsfreunde.ch\/wp-content\/uploads\/2023\/07\/Element-855-e1690551490405-768x1185.png 768w, https:\/\/100k.verfassungsfreunde.ch\/wp-content\/uploads\/2023\/07\/Element-855-e1690551490405.png 784w\" sizes=\"(max-width: 663px) 100vw, 663px\" \/>\t\t\t\t\t\t\t\t\t\t\t\t\t<\/div>\n\t\t\t\t<\/div>\n\t\t\t\t<\/div>\n\t\t<div class=\"elementor-element elementor-element-5acde522 e-con-full e-flex e-con e-child\" data-id=\"5acde522\" data-element_type=\"container\">\n\t\t\t\t<div class=\"elementor-element elementor-element-e13aa5b elementor-widget elementor-widget-image\" data-id=\"e13aa5b\" data-element_type=\"widget\" data-widget_type=\"image.default\">\n\t\t\t\t<div class=\"elementor-widget-container\">\n\t\t\t\t\t\t\t\t\t\t\t\t\t<img loading=\"lazy\" decoding=\"async\" width=\"414\" height=\"1024\" src=\"https:\/\/100k.verfassungsfreunde.ch\/wp-content\/uploads\/2023\/07\/Element-955-e1690551475654-414x1024.png\" class=\"attachment-large size-large wp-image-1657\" alt=\"\" srcset=\"https:\/\/100k.verfassungsfreunde.ch\/wp-content\/uploads\/2023\/07\/Element-955-e1690551475654-414x1024.png 414w, https:\/\/100k.verfassungsfreunde.ch\/wp-content\/uploads\/2023\/07\/Element-955-e1690551475654-121x300.png 121w, https:\/\/100k.verfassungsfreunde.ch\/wp-content\/uploads\/2023\/07\/Element-955-e1690551475654-621x1536.png 621w, https:\/\/100k.verfassungsfreunde.ch\/wp-content\/uploads\/2023\/07\/Element-955-e1690551475654.png 690w\" sizes=\"(max-width: 414px) 100vw, 414px\" \/>\t\t\t\t\t\t\t\t\t\t\t\t\t<\/div>\n\t\t\t\t<\/div>\n\t\t\t\t<\/div>\n\t\t<div class=\"elementor-element elementor-element-696d185b e-con-full e-flex e-con e-child\" data-id=\"696d185b\" data-element_type=\"container\">\n\t\t\t\t<div class=\"elementor-element elementor-element-b02bae6 elementor-widget elementor-widget-image\" data-id=\"b02bae6\" data-element_type=\"widget\" data-widget_type=\"image.default\">\n\t\t\t\t<div class=\"elementor-widget-container\">\n\t\t\t\t\t\t\t\t\t\t\t\t\t<img loading=\"lazy\" decoding=\"async\" width=\"490\" height=\"1024\" src=\"https:\/\/100k.verfassungsfreunde.ch\/wp-content\/uploads\/2023\/07\/Element-455-e1690551570662-490x1024.png\" class=\"attachment-large size-large wp-image-1652\" alt=\"\" srcset=\"https:\/\/100k.verfassungsfreunde.ch\/wp-content\/uploads\/2023\/07\/Element-455-e1690551570662-490x1024.png 490w, https:\/\/100k.verfassungsfreunde.ch\/wp-content\/uploads\/2023\/07\/Element-455-e1690551570662-144x300.png 144w, https:\/\/100k.verfassungsfreunde.ch\/wp-content\/uploads\/2023\/07\/Element-455-e1690551570662.png 619w\" sizes=\"(max-width: 490px) 100vw, 490px\" \/>\t\t\t\t\t\t\t\t\t\t\t\t\t<\/div>\n\t\t\t\t<\/div>\n\t\t\t\t<\/div>\n\t\t<div class=\"elementor-element elementor-element-36e46f62 e-con-full e-flex e-con e-child\" data-id=\"36e46f62\" data-element_type=\"container\">\n\t\t\t\t<div class=\"elementor-element elementor-element-5b1165c7 elementor-widget elementor-widget-image\" data-id=\"5b1165c7\" data-element_type=\"widget\" data-widget_type=\"image.default\">\n\t\t\t\t<div class=\"elementor-widget-container\">\n\t\t\t\t\t\t\t\t\t\t\t\t\t<img decoding=\"async\" width=\"451\" height=\"1024\" src=\"https:\/\/100k.verfassungsfreunde.ch\/wp-content\/uploads\/2023\/07\/Element-255-e1690551598903-451x1024.png\" class=\"attachment-large size-large wp-image-1650\" alt=\"\" srcset=\"https:\/\/100k.verfassungsfreunde.ch\/wp-content\/uploads\/2023\/07\/Element-255-e1690551598903-451x1024.png 451w, https:\/\/100k.verfassungsfreunde.ch\/wp-content\/uploads\/2023\/07\/Element-255-e1690551598903-132x300.png 132w, https:\/\/100k.verfassungsfreunde.ch\/wp-content\/uploads\/2023\/07\/Element-255-e1690551598903-768x1745.png 768w, https:\/\/100k.verfassungsfreunde.ch\/wp-content\/uploads\/2023\/07\/Element-255-e1690551598903-676x1536.png 676w, https:\/\/100k.verfassungsfreunde.ch\/wp-content\/uploads\/2023\/07\/Element-255-e1690551598903-901x2048.png 901w, https:\/\/100k.verfassungsfreunde.ch\/wp-content\/uploads\/2023\/07\/Element-255-e1690551598903.png 928w\" sizes=\"(max-width: 451px) 100vw, 451px\" \/>\t\t\t\t\t\t\t\t\t\t\t\t\t<\/div>\n\t\t\t\t<\/div>\n\t\t\t\t<\/div>\n\t\t<div class=\"elementor-element elementor-element-193fb1a4 e-con-full e-flex e-con e-child\" data-id=\"193fb1a4\" data-element_type=\"container\">\n\t\t\t\t<div class=\"elementor-element elementor-element-171443c3 elementor-widget elementor-widget-image\" data-id=\"171443c3\" data-element_type=\"widget\" data-widget_type=\"image.default\">\n\t\t\t\t<div class=\"elementor-widget-container\">\n\t\t\t\t\t\t\t\t\t\t\t\t\t<img fetchpriority=\"high\" decoding=\"async\" width=\"508\" height=\"1024\" src=\"https:\/\/100k.verfassungsfreunde.ch\/wp-content\/uploads\/2023\/07\/Element-155-e1690551614285-508x1024.png\" class=\"attachment-large size-large wp-image-1649\" alt=\"\" srcset=\"https:\/\/100k.verfassungsfreunde.ch\/wp-content\/uploads\/2023\/07\/Element-155-e1690551614285-508x1024.png 508w, https:\/\/100k.verfassungsfreunde.ch\/wp-content\/uploads\/2023\/07\/Element-155-e1690551614285-149x300.png 149w, https:\/\/100k.verfassungsfreunde.ch\/wp-content\/uploads\/2023\/07\/Element-155-e1690551614285.png 747w\" sizes=\"(max-width: 508px) 100vw, 508px\" \/>\t\t\t\t\t\t\t\t\t\t\t\t\t<\/div>\n\t\t\t\t<\/div>\n\t\t\t\t<\/div>\n\t\t<div class=\"elementor-element elementor-element-5a695ac7 e-con-full e-flex e-con e-child\" data-id=\"5a695ac7\" data-element_type=\"container\">\n\t\t\t\t<div class=\"elementor-element elementor-element-611ba6ed elementor-widget elementor-widget-image\" data-id=\"611ba6ed\" data-element_type=\"widget\" data-widget_type=\"image.default\">\n\t\t\t\t<div class=\"elementor-widget-container\">\n\t\t\t\t\t\t\t\t\t\t\t\t\t<img loading=\"lazy\" decoding=\"async\" width=\"426\" height=\"1024\" src=\"https:\/\/100k.verfassungsfreunde.ch\/wp-content\/uploads\/2023\/07\/Element-555-e1690551555551-426x1024.png\" class=\"attachment-large size-large wp-image-1653\" alt=\"\" srcset=\"https:\/\/100k.verfassungsfreunde.ch\/wp-content\/uploads\/2023\/07\/Element-555-e1690551555551-426x1024.png 426w, https:\/\/100k.verfassungsfreunde.ch\/wp-content\/uploads\/2023\/07\/Element-555-e1690551555551-125x300.png 125w, https:\/\/100k.verfassungsfreunde.ch\/wp-content\/uploads\/2023\/07\/Element-555-e1690551555551-768x1848.png 768w, https:\/\/100k.verfassungsfreunde.ch\/wp-content\/uploads\/2023\/07\/Element-555-e1690551555551.png 780w\" sizes=\"(max-width: 426px) 100vw, 426px\" \/>\t\t\t\t\t\t\t\t\t\t\t\t\t<\/div>\n\t\t\t\t<\/div>\n\t\t\t\t<\/div>\n\t\t<div class=\"elementor-element elementor-element-79478417 e-con-full e-flex e-con e-child\" data-id=\"79478417\" data-element_type=\"container\">\n\t\t\t\t<div class=\"elementor-element elementor-element-101351e1 elementor-widget elementor-widget-image\" data-id=\"101351e1\" data-element_type=\"widget\" data-widget_type=\"image.default\">\n\t\t\t\t<div class=\"elementor-widget-container\">\n\t\t\t\t\t\t\t\t\t\t\t\t\t<img decoding=\"async\" width=\"543\" height=\"1024\" src=\"https:\/\/100k.verfassungsfreunde.ch\/wp-content\/uploads\/2023\/07\/Element-355-e1690551583262-543x1024.png\" class=\"attachment-large size-large wp-image-1651\" alt=\"\" srcset=\"https:\/\/100k.verfassungsfreunde.ch\/wp-content\/uploads\/2023\/07\/Element-355-e1690551583262-543x1024.png 543w, https:\/\/100k.verfassungsfreunde.ch\/wp-content\/uploads\/2023\/07\/Element-355-e1690551583262-159x300.png 159w, https:\/\/100k.verfassungsfreunde.ch\/wp-content\/uploads\/2023\/07\/Element-355-e1690551583262-768x1449.png 768w, https:\/\/100k.verfassungsfreunde.ch\/wp-content\/uploads\/2023\/07\/Element-355-e1690551583262.png 784w\" sizes=\"(max-width: 543px) 100vw, 543px\" \/>\t\t\t\t\t\t\t\t\t\t\t\t\t<\/div>\n\t\t\t\t<\/div>\n\t\t\t\t<\/div>\n\t\t\t\t\t<\/div>\n\t\t\t\t<\/div>\n\t\t\t\t<\/div>","protected":false},"excerpt":{"rendered":"<p>Ich habe die Best\u00e4tigungsemail nicht erhalten &#8211; was soll ich tun? Hier sind ein paar Schritte, die Dir weiterhelfen k\u00f6nnen: Spam-Ordner \u00fcberpr\u00fcfen: Schau in Deinem Spam- oder Junk-Ordner nach. Manchmal landen Best\u00e4tigungsemails dort versehentlich. Bist Du sicher, dass Du die E-Mail-Adresse korrekt angegeben hast? Eventuell hat sich ein Tippfehler bei der Eingabe der E-Mail-Adresse eingeschlichen. [&hellip;]<\/p>","protected":false},"author":1,"featured_media":0,"parent":0,"menu_order":0,"comment_status":"closed","ping_status":"closed","template":"","meta":{"_acf_changed":false,"footnotes":""},"class_list":["post-2703","page","type-page","status-publish","hentry"],"blocksy_meta":[],"acf":[],"yoast_head":"<!-- This site is optimized with the Yoast SEO plugin v22.8 - https:\/\/yoast.com\/wordpress\/plugins\/seo\/ -->\n<title>FAQ - 100k<\/title>\n<meta name=\"description\" content=\"Willkommen bei unseren FAQs zu 100k! Hier findest du Antworten auf die am h\u00e4ufigsten gestellten Fragen zu 100k.\" \/>\n<meta name=\"robots\" content=\"index, follow, max-snippet:-1, max-image-preview:large, max-video-preview:-1\" \/>\n<link rel=\"canonical\" href=\"https:\/\/100k.verfassungsfreunde.ch\/it\/faq\/\" \/>\n<meta property=\"og:locale\" content=\"it_IT\" \/>\n<meta property=\"og:type\" content=\"article\" \/>\n<meta property=\"og:title\" content=\"FAQ - 100k\" \/>\n<meta property=\"og:description\" content=\"Willkommen bei unseren FAQs zu 100k! Hier findest du Antworten auf die am h\u00e4ufigsten gestellten Fragen zu 100k.\" \/>\n<meta property=\"og:url\" content=\"https:\/\/100k.verfassungsfreunde.ch\/it\/faq\/\" \/>\n<meta property=\"og:site_name\" content=\"100k\" \/>\n<meta property=\"article:publisher\" content=\"https:\/\/www.facebook.com\/verfassungsfreunde.ch\" \/>\n<meta property=\"article:modified_time\" content=\"2024-05-16T11:01:15+00:00\" \/>\n<meta property=\"og:image\" content=\"https:\/\/100k.verfassungsfreunde.ch\/wp-content\/uploads\/2023\/07\/Element-155-e1690551614285-508x1024.png\" \/>\n<meta name=\"twitter:card\" content=\"summary_large_image\" \/>\n<meta name=\"twitter:site\" content=\"@FdVerfassung\" \/>\n<meta name=\"twitter:label1\" content=\"Tempo di lettura stimato\" \/>\n\t<meta name=\"twitter:data1\" content=\"7 minuti\" \/>\n<script type=\"application\/ld+json\" class=\"yoast-schema-graph\">{\"@context\":\"https:\/\/schema.org\",\"@graph\":[{\"@type\":\"WebPage\",\"@id\":\"https:\/\/100k.verfassungsfreunde.ch\/faq\/\",\"url\":\"https:\/\/100k.verfassungsfreunde.ch\/faq\/\",\"name\":\"FAQ - 100k\",\"isPartOf\":{\"@id\":\"https:\/\/100k.verfassungsfreunde.ch\/#website\"},\"primaryImageOfPage\":{\"@id\":\"https:\/\/100k.verfassungsfreunde.ch\/faq\/#primaryimage\"},\"image\":{\"@id\":\"https:\/\/100k.verfassungsfreunde.ch\/faq\/#primaryimage\"},\"thumbnailUrl\":\"https:\/\/100k.verfassungsfreunde.ch\/wp-content\/uploads\/2023\/07\/Element-155-e1690551614285-508x1024.png\",\"datePublished\":\"2024-02-14T15:10:12+00:00\",\"dateModified\":\"2024-05-16T11:01:15+00:00\",\"description\":\"Willkommen bei unseren FAQs zu 100k! Hier findest du Antworten auf die am h\u00e4ufigsten gestellten Fragen zu 100k.\",\"breadcrumb\":{\"@id\":\"https:\/\/100k.verfassungsfreunde.ch\/faq\/#breadcrumb\"},\"inLanguage\":\"it-IT\",\"potentialAction\":[{\"@type\":\"ReadAction\",\"target\":[\"https:\/\/100k.verfassungsfreunde.ch\/faq\/\"]}]},{\"@type\":\"ImageObject\",\"inLanguage\":\"it-IT\",\"@id\":\"https:\/\/100k.verfassungsfreunde.ch\/faq\/#primaryimage\",\"url\":\"https:\/\/100k.verfassungsfreunde.ch\/wp-content\/uploads\/2023\/07\/Element-155-e1690551614285-508x1024.png\",\"contentUrl\":\"https:\/\/100k.verfassungsfreunde.ch\/wp-content\/uploads\/2023\/07\/Element-155-e1690551614285-508x1024.png\"},{\"@type\":\"BreadcrumbList\",\"@id\":\"https:\/\/100k.verfassungsfreunde.ch\/faq\/#breadcrumb\",\"itemListElement\":[{\"@type\":\"ListItem\",\"position\":1,\"name\":\"Home\",\"item\":\"https:\/\/100k.verfassungsfreunde.ch\/\"},{\"@type\":\"ListItem\",\"position\":2,\"name\":\"FAQ\"}]},{\"@type\":\"WebSite\",\"@id\":\"https:\/\/100k.verfassungsfreunde.ch\/#website\",\"url\":\"https:\/\/100k.verfassungsfreunde.ch\/\",\"name\":\"100k\",\"description\":\"\",\"publisher\":{\"@id\":\"https:\/\/100k.verfassungsfreunde.ch\/#organization\"},\"potentialAction\":[{\"@type\":\"SearchAction\",\"target\":{\"@type\":\"EntryPoint\",\"urlTemplate\":\"https:\/\/100k.verfassungsfreunde.ch\/?s={search_term_string}\"},\"query-input\":\"required name=search_term_string\"}],\"inLanguage\":\"it-IT\"},{\"@type\":\"Organization\",\"@id\":\"https:\/\/100k.verfassungsfreunde.ch\/#organization\",\"name\":\"100k\",\"url\":\"https:\/\/100k.verfassungsfreunde.ch\/\",\"logo\":{\"@type\":\"ImageObject\",\"inLanguage\":\"it-IT\",\"@id\":\"https:\/\/100k.verfassungsfreunde.ch\/#\/schema\/logo\/image\/\",\"url\":\"https:\/\/100k.verfassungsfreunde.ch\/wp-content\/uploads\/2024\/05\/100k_Logo.png\",\"contentUrl\":\"https:\/\/100k.verfassungsfreunde.ch\/wp-content\/uploads\/2024\/05\/100k_Logo.png\",\"width\":1327,\"height\":683,\"caption\":\"100k\"},\"image\":{\"@id\":\"https:\/\/100k.verfassungsfreunde.ch\/#\/schema\/logo\/image\/\"},\"sameAs\":[\"https:\/\/www.facebook.com\/verfassungsfreunde.ch\",\"https:\/\/x.com\/FdVerfassung\"]}]}<\/script>\n<!-- \/ Yoast SEO plugin. -->","yoast_head_json":{"title":"FAQ - 100k","description":"Willkommen bei unseren FAQs zu 100k! Hier findest du Antworten auf die am h\u00e4ufigsten gestellten Fragen zu 100k.","robots":{"index":"index","follow":"follow","max-snippet":"max-snippet:-1","max-image-preview":"max-image-preview:large","max-video-preview":"max-video-preview:-1"},"canonical":"https:\/\/100k.verfassungsfreunde.ch\/it\/faq\/","og_locale":"it_IT","og_type":"article","og_title":"FAQ - 100k","og_description":"Willkommen bei unseren FAQs zu 100k! Hier findest du Antworten auf die am h\u00e4ufigsten gestellten Fragen zu 100k.","og_url":"https:\/\/100k.verfassungsfreunde.ch\/it\/faq\/","og_site_name":"100k","article_publisher":"https:\/\/www.facebook.com\/verfassungsfreunde.ch","article_modified_time":"2024-05-16T11:01:15+00:00","og_image":[{"url":"https:\/\/100k.verfassungsfreunde.ch\/wp-content\/uploads\/2023\/07\/Element-155-e1690551614285-508x1024.png"}],"twitter_card":"summary_large_image","twitter_site":"@FdVerfassung","twitter_misc":{"Tempo di lettura stimato":"7 minuti"},"schema":{"@context":"https:\/\/schema.org","@graph":[{"@type":"WebPage","@id":"https:\/\/100k.verfassungsfreunde.ch\/faq\/","url":"https:\/\/100k.verfassungsfreunde.ch\/faq\/","name":"FAQ - 100k","isPartOf":{"@id":"https:\/\/100k.verfassungsfreunde.ch\/#website"},"primaryImageOfPage":{"@id":"https:\/\/100k.verfassungsfreunde.ch\/faq\/#primaryimage"},"image":{"@id":"https:\/\/100k.verfassungsfreunde.ch\/faq\/#primaryimage"},"thumbnailUrl":"https:\/\/100k.verfassungsfreunde.ch\/wp-content\/uploads\/2023\/07\/Element-155-e1690551614285-508x1024.png","datePublished":"2024-02-14T15:10:12+00:00","dateModified":"2024-05-16T11:01:15+00:00","description":"Willkommen bei unseren FAQs zu 100k! Hier findest du Antworten auf die am h\u00e4ufigsten gestellten Fragen zu 100k.","breadcrumb":{"@id":"https:\/\/100k.verfassungsfreunde.ch\/faq\/#breadcrumb"},"inLanguage":"it-IT","potentialAction":[{"@type":"ReadAction","target":["https:\/\/100k.verfassungsfreunde.ch\/faq\/"]}]},{"@type":"ImageObject","inLanguage":"it-IT","@id":"https:\/\/100k.verfassungsfreunde.ch\/faq\/#primaryimage","url":"https:\/\/100k.verfassungsfreunde.ch\/wp-content\/uploads\/2023\/07\/Element-155-e1690551614285-508x1024.png","contentUrl":"https:\/\/100k.verfassungsfreunde.ch\/wp-content\/uploads\/2023\/07\/Element-155-e1690551614285-508x1024.png"},{"@type":"BreadcrumbList","@id":"https:\/\/100k.verfassungsfreunde.ch\/faq\/#breadcrumb","itemListElement":[{"@type":"ListItem","position":1,"name":"Home","item":"https:\/\/100k.verfassungsfreunde.ch\/"},{"@type":"ListItem","position":2,"name":"FAQ"}]},{"@type":"WebSite","@id":"https:\/\/100k.verfassungsfreunde.ch\/#website","url":"https:\/\/100k.verfassungsfreunde.ch\/","name":"100k","description":"","publisher":{"@id":"https:\/\/100k.verfassungsfreunde.ch\/#organization"},"potentialAction":[{"@type":"SearchAction","target":{"@type":"EntryPoint","urlTemplate":"https:\/\/100k.verfassungsfreunde.ch\/?s={search_term_string}"},"query-input":"required name=search_term_string"}],"inLanguage":"it-IT"},{"@type":"Organization","@id":"https:\/\/100k.verfassungsfreunde.ch\/#organization","name":"100k","url":"https:\/\/100k.verfassungsfreunde.ch\/","logo":{"@type":"ImageObject","inLanguage":"it-IT","@id":"https:\/\/100k.verfassungsfreunde.ch\/#\/schema\/logo\/image\/","url":"https:\/\/100k.verfassungsfreunde.ch\/wp-content\/uploads\/2024\/05\/100k_Logo.png","contentUrl":"https:\/\/100k.verfassungsfreunde.ch\/wp-content\/uploads\/2024\/05\/100k_Logo.png","width":1327,"height":683,"caption":"100k"},"image":{"@id":"https:\/\/100k.verfassungsfreunde.ch\/#\/schema\/logo\/image\/"},"sameAs":["https:\/\/www.facebook.com\/verfassungsfreunde.ch","https:\/\/x.com\/FdVerfassung"]}]}},"_links":{"self":[{"href":"https:\/\/100k.verfassungsfreunde.ch\/it\/wp-json\/wp\/v2\/pages\/2703","targetHints":{"allow":["GET"]}}],"collection":[{"href":"https:\/\/100k.verfassungsfreunde.ch\/it\/wp-json\/wp\/v2\/pages"}],"about":[{"href":"https:\/\/100k.verfassungsfreunde.ch\/it\/wp-json\/wp\/v2\/types\/page"}],"author":[{"embeddable":true,"href":"https:\/\/100k.verfassungsfreunde.ch\/it\/wp-json\/wp\/v2\/users\/1"}],"replies":[{"embeddable":true,"href":"https:\/\/100k.verfassungsfreunde.ch\/it\/wp-json\/wp\/v2\/comments?post=2703"}],"version-history":[{"count":238,"href":"https:\/\/100k.verfassungsfreunde.ch\/it\/wp-json\/wp\/v2\/pages\/2703\/revisions"}],"predecessor-version":[{"id":5700,"href":"https:\/\/100k.verfassungsfreunde.ch\/it\/wp-json\/wp\/v2\/pages\/2703\/revisions\/5700"}],"wp:attachment":[{"href":"https:\/\/100k.verfassungsfreunde.ch\/it\/wp-json\/wp\/v2\/media?parent=2703"}],"curies":[{"name":"wp","href":"https:\/\/api.w.org\/{rel}","templated":true}]}}