{"id":4690,"date":"2024-04-26T15:04:35","date_gmt":"2024-04-26T13:04:35","guid":{"rendered":"https:\/\/100k.verfassungsfreunde.ch\/?post_type=abstimmung&#038;p=4690"},"modified":"2024-05-22T14:17:54","modified_gmt":"2024-05-22T12:17:54","slug":"bundesgesetz-ueber-eine-sichere-stromversorgung-mit-erneuerbaren-energien","status":"publish","type":"abstimmung","link":"https:\/\/100k.verfassungsfreunde.ch\/it\/abstimmung\/bundesgesetz-ueber-eine-sichere-stromversorgung-mit-erneuerbaren-energien\/","title":{"rendered":"Approvvigionamento elettrico"},"content":{"rendered":"<div data-elementor-type=\"wp-post\" data-elementor-id=\"4690\" class=\"elementor elementor-4690\" data-elementor-post-type=\"abstimmung\">\n\t\t\t\t<div class=\"elementor-element elementor-element-732ed95c e-flex e-con-boxed e-con e-parent\" data-id=\"732ed95c\" data-element_type=\"container\">\n\t\t\t\t\t<div class=\"e-con-inner\">\n\t\t\t\t<div class=\"elementor-element elementor-element-61d42b14 elementor-widget elementor-widget-text-editor\" data-id=\"61d42b14\" data-element_type=\"widget\" data-widget_type=\"text-editor.default\">\n\t\t\t\t<div class=\"elementor-widget-container\">\n\t\t\t<style>\/*! elementor - v3.21.0 - 26-05-2024 *\/\n.elementor-widget-text-editor.elementor-drop-cap-view-stacked .elementor-drop-cap{background-color:#69727d;color:#fff}.elementor-widget-text-editor.elementor-drop-cap-view-framed .elementor-drop-cap{color:#69727d;border:3px solid;background-color:transparent}.elementor-widget-text-editor:not(.elementor-drop-cap-view-default) .elementor-drop-cap{margin-top:8px}.elementor-widget-text-editor:not(.elementor-drop-cap-view-default) .elementor-drop-cap-letter{width:1em;height:1em}.elementor-widget-text-editor .elementor-drop-cap{float:left;text-align:center;line-height:1;font-size:50px}.elementor-widget-text-editor .elementor-drop-cap-letter{display:inline-block}<\/style>\t\t\t\t<p>\u00c8 diventato pi\u00f9 difficile assicurare l\u2019approvvigionamento energetico costante della Svizzera su tutto l\u2019arco dell\u2019anno. A causa della trasformazione dei sistemi di approvvigionamento elettrico in Europa e dei conflitti internazionali, nei mesi invernali possono verificarsi situazioni di penuria se non \u00e8 possibile importare sufficiente elettricit\u00e0. Inoltre, in Svizzera il fabbisogno di elettricit\u00e0 cresce, ad esempio per soddisfare le esigenze dell\u2019economia, ma anche per le auto elettriche e le pompe di calore. Per garantire la sicurezza dell\u2019approvvigionamento, il Parlamento ha adottato la legge federale su un approvvigionamento elettrico sicuro con le energie rinnovabili. Contro questa legge \u00e8 stato chiesto il referendum.<\/p>\t\t\t\t\t\t<\/div>\n\t\t\t\t<\/div>\n\t\t\t\t\t<\/div>\n\t\t\t\t<\/div>\n\t\t<div class=\"elementor-element elementor-element-6c1a8e6e main-sections e-flex e-con-boxed e-con e-parent\" data-id=\"6c1a8e6e\" data-element_type=\"container\">\n\t\t\t\t\t<div class=\"e-con-inner\">\n\t\t<div class=\"elementor-element elementor-element-76591ce e-con-full card-box e-flex e-con e-child\" data-id=\"76591ce\" data-element_type=\"container\">\n\t\t\t\t<div class=\"elementor-element elementor-element-2b45794e elementor-hidden-tablet elementor-widget elementor-widget-image\" data-id=\"2b45794e\" data-element_type=\"widget\" data-widget_type=\"image.default\">\n\t\t\t\t<div class=\"elementor-widget-container\">\n\t\t\t<style>\/*! elementor - v3.21.0 - 26-05-2024 *\/\n.elementor-widget-image{text-align:center}.elementor-widget-image a{display:inline-block}.elementor-widget-image a img[src$=\".svg\"]{width:48px}.elementor-widget-image img{vertical-align:middle;display:inline-block}<\/style>\t\t\t\t\t\t\t\t\t\t<img fetchpriority=\"high\" decoding=\"async\" width=\"694\" height=\"694\" src=\"https:\/\/100k.verfassungsfreunde.ch\/wp-content\/uploads\/2024\/05\/si_gepinnt.png\" class=\"attachment-full size-full wp-image-5876\" alt=\"\" srcset=\"https:\/\/100k.verfassungsfreunde.ch\/wp-content\/uploads\/2024\/05\/si_gepinnt.png 694w, https:\/\/100k.verfassungsfreunde.ch\/wp-content\/uploads\/2024\/05\/si_gepinnt-300x300.png 300w, https:\/\/100k.verfassungsfreunde.ch\/wp-content\/uploads\/2024\/05\/si_gepinnt-150x150.png 150w, https:\/\/100k.verfassungsfreunde.ch\/wp-content\/uploads\/2024\/05\/si_gepinnt-12x12.png 12w\" sizes=\"(max-width: 694px) 100vw, 694px\" \/>\t\t\t\t\t\t\t\t\t\t\t\t\t<\/div>\n\t\t\t\t<\/div>\n\t\t\t\t<div class=\"elementor-element elementor-element-5680b960 elementor-widget elementor-widget-heading\" data-id=\"5680b960\" data-element_type=\"widget\" data-widget_type=\"heading.default\">\n\t\t\t\t<div class=\"elementor-widget-container\">\n\t\t\t<style>\/*! elementor - v3.21.0 - 26-05-2024 *\/\n.elementor-heading-title{padding:0;margin:0;line-height:1}.elementor-widget-heading .elementor-heading-title[class*=elementor-size-]>a{color:inherit;font-size:inherit;line-height:inherit}.elementor-widget-heading .elementor-heading-title.elementor-size-small{font-size:15px}.elementor-widget-heading .elementor-heading-title.elementor-size-medium{font-size:19px}.elementor-widget-heading .elementor-heading-title.elementor-size-large{font-size:29px}.elementor-widget-heading .elementor-heading-title.elementor-size-xl{font-size:39px}.elementor-widget-heading .elementor-heading-title.elementor-size-xxl{font-size:59px}<\/style><h2 class=\"elementor-heading-title elementor-size-default\">Argumenti dei sostenitori<\/h2>\t\t<\/div>\n\t\t\t\t<\/div>\n\t\t<div class=\"elementor-element elementor-element-5e83ec1a e-flex e-con-boxed elementor-invisible e-con e-child\" data-id=\"5e83ec1a\" data-element_type=\"container\" data-settings=\"{&quot;background_background&quot;:&quot;classic&quot;,&quot;animation&quot;:&quot;fadeInUp&quot;}\">\n\t\t\t\t\t<div class=\"e-con-inner\">\n\t\t\t\t<div class=\"elementor-element elementor-element-7cc66818 elementor-widget elementor-widget-text-editor\" data-id=\"7cc66818\" data-element_type=\"widget\" data-widget_type=\"text-editor.default\">\n\t\t\t\t<div class=\"elementor-widget-container\">\n\t\t\t\t\t\t\t<p>La legge crea i presupposti per incrementare rapidamente la produzione nazionale di elettricit\u00e0 a partire da energie rinnovabili, nel rispetto della natura e del paesaggio. \u00c8 fondamentale agire in tempi brevi affinch\u00e9 la popolazione e l\u2019economia svizzere possano continuare a fare affidamento su un approvvigionamento elettrico sicuro. Il Consiglio federale e il Parlamento sostengono il progetto, in particolare per i motivi esposti qui di seguito.<\/p>\t\t\t\t\t\t<\/div>\n\t\t\t\t<\/div>\n\t\t\t\t\t<\/div>\n\t\t\t\t<\/div>\n\t\t<div class=\"elementor-element elementor-element-5f42cb7a e-flex e-con-boxed elementor-invisible e-con e-child\" data-id=\"5f42cb7a\" data-element_type=\"container\" data-settings=\"{&quot;background_background&quot;:&quot;classic&quot;,&quot;animation&quot;:&quot;fadeInUp&quot;}\">\n\t\t\t\t\t<div class=\"e-con-inner\">\n\t\t\t\t<div class=\"elementor-element elementor-element-7b1ea746 elementor-widget elementor-widget-heading\" data-id=\"7b1ea746\" data-element_type=\"widget\" data-widget_type=\"heading.default\">\n\t\t\t\t<div class=\"elementor-widget-container\">\n\t\t\t<h6 class=\"elementor-heading-title elementor-size-default\">Sicurezza dell\u2019approvvigionamento<\/h6>\t\t<\/div>\n\t\t\t\t<\/div>\n\t\t\t\t<div class=\"elementor-element elementor-element-57255bac elementor-widget elementor-widget-text-editor\" data-id=\"57255bac\" data-element_type=\"widget\" data-widget_type=\"text-editor.default\">\n\t\t\t\t<div class=\"elementor-widget-container\">\n\t\t\t\t\t\t\t<p>Per rafforzare la sicurezza dell\u2019approvvigionamento, gli impianti solari collocati sugli edifici offrono il potenziale maggiore e i tempi di realizzazione pi\u00f9 brevi. La legge garantisce che questo potenziale possa essere sfruttato. Agevola inoltre la tempestiva costruzione di impianti di produzione di interesse nazionale destinati allo sfruttamento della forza idrica e dell\u2019energia solare ed eolica.<\/p>\t\t\t\t\t\t<\/div>\n\t\t\t\t<\/div>\n\t\t\t\t\t<\/div>\n\t\t\t\t<\/div>\n\t\t<div class=\"elementor-element elementor-element-72a1eff e-flex e-con-boxed elementor-invisible e-con e-child\" data-id=\"72a1eff\" data-element_type=\"container\" data-settings=\"{&quot;background_background&quot;:&quot;classic&quot;,&quot;animation&quot;:&quot;fadeInUp&quot;}\">\n\t\t\t\t\t<div class=\"e-con-inner\">\n\t\t\t\t<div class=\"elementor-element elementor-element-dd50a8f elementor-widget elementor-widget-heading\" data-id=\"dd50a8f\" data-element_type=\"widget\" data-widget_type=\"heading.default\">\n\t\t\t\t<div class=\"elementor-widget-container\">\n\t\t\t<h6 class=\"elementor-heading-title elementor-size-default\">Indipendenza<\/h6>\t\t<\/div>\n\t\t\t\t<\/div>\n\t\t\t\t<div class=\"elementor-element elementor-element-6faa161 elementor-widget elementor-widget-text-editor\" data-id=\"6faa161\" data-element_type=\"widget\" data-widget_type=\"text-editor.default\">\n\t\t\t\t<div class=\"elementor-widget-container\">\n\t\t\t\t\t\t\t<p>l rapido incremento della produzione nazionale di elettricit\u00e0 rende la Svizzera meno dipendente dalle importazioni e, insieme alla costituzione di una riserva energetica, riduce il rischio di situazioni di approvvigionamento critiche. La legge rafforza cos\u00ec l\u2019indipendenza dal punto di vista dell\u2019approvvigionamento energetico.<\/p>\t\t\t\t\t\t<\/div>\n\t\t\t\t<\/div>\n\t\t\t\t\t<\/div>\n\t\t\t\t<\/div>\n\t\t<div class=\"elementor-element elementor-element-ce641e2 e-flex e-con-boxed elementor-invisible e-con e-child\" data-id=\"ce641e2\" data-element_type=\"container\" data-settings=\"{&quot;background_background&quot;:&quot;classic&quot;,&quot;animation&quot;:&quot;fadeInUp&quot;}\">\n\t\t\t\t\t<div class=\"e-con-inner\">\n\t\t\t\t<div class=\"elementor-element elementor-element-4ccfab3 elementor-widget elementor-widget-heading\" data-id=\"4ccfab3\" data-element_type=\"widget\" data-widget_type=\"heading.default\">\n\t\t\t\t<div class=\"elementor-widget-container\">\n\t\t\t<h6 class=\"elementor-heading-title elementor-size-default\">Rispetto della natura e del paesaggio<\/h6>\t\t<\/div>\n\t\t\t\t<\/div>\n\t\t\t\t<div class=\"elementor-element elementor-element-a6900ff elementor-widget elementor-widget-text-editor\" data-id=\"a6900ff\" data-element_type=\"widget\" data-widget_type=\"text-editor.default\">\n\t\t\t\t<div class=\"elementor-widget-container\">\n\t\t\t\t\t\t\t<p>Il potenziamento dei grandi impianti per la produzione di elettricit\u00e0 tiene debitamente conto della natura e del paesaggio. Nei territori degni di particolare tutela la costruzione di nuovi impianti per la produzione di energia elettrica continuer\u00e0 a essere in linea di principio vietata.<\/p>\t\t\t\t\t\t<\/div>\n\t\t\t\t<\/div>\n\t\t\t\t\t<\/div>\n\t\t\t\t<\/div>\n\t\t<div class=\"elementor-element elementor-element-36971f6 e-flex e-con-boxed elementor-invisible e-con e-child\" data-id=\"36971f6\" data-element_type=\"container\" data-settings=\"{&quot;background_background&quot;:&quot;classic&quot;,&quot;animation&quot;:&quot;fadeInUp&quot;}\">\n\t\t\t\t\t<div class=\"e-con-inner\">\n\t\t\t\t<div class=\"elementor-element elementor-element-4e152d1 elementor-widget elementor-widget-heading\" data-id=\"4e152d1\" data-element_type=\"widget\" data-widget_type=\"heading.default\">\n\t\t\t\t<div class=\"elementor-widget-container\">\n\t\t\t<h6 class=\"elementor-heading-title elementor-size-default\">Solo territori adeguati<\/h6>\t\t<\/div>\n\t\t\t\t<\/div>\n\t\t\t\t<div class=\"elementor-element elementor-element-c41a23c elementor-widget elementor-widget-text-editor\" data-id=\"c41a23c\" data-element_type=\"widget\" data-widget_type=\"text-editor.default\">\n\t\t\t\t<div class=\"elementor-widget-container\">\n\t\t\t\t\t\t\t<p>Diversamente da quanto avviene oggi, gli impianti eolici e i grandi impianti solari particolarmente importanti dal punto di vista della sicurezza dell\u2019approvvigionamento del nostro Paese saranno costruiti solo in territori definiti, considerati adeguati per lo sfruttamento dell\u2019energia eolica e solare. Ci\u00f2 permette di preservare la natura e il paesaggio.<\/p>\t\t\t\t\t\t<\/div>\n\t\t\t\t<\/div>\n\t\t\t\t\t<\/div>\n\t\t\t\t<\/div>\n\t\t<div class=\"elementor-element elementor-element-fef72e6 e-flex e-con-boxed elementor-invisible e-con e-child\" data-id=\"fef72e6\" data-element_type=\"container\" data-settings=\"{&quot;background_background&quot;:&quot;classic&quot;,&quot;animation&quot;:&quot;fadeInUp&quot;}\">\n\t\t\t\t\t<div class=\"e-con-inner\">\n\t\t\t\t<div class=\"elementor-element elementor-element-3f5cf47 elementor-widget elementor-widget-heading\" data-id=\"3f5cf47\" data-element_type=\"widget\" data-widget_type=\"heading.default\">\n\t\t\t\t<div class=\"elementor-widget-container\">\n\t\t\t<h6 class=\"elementor-heading-title elementor-size-default\">Sostegno da parte delle organizzazioni ambientaliste<\/h6>\t\t<\/div>\n\t\t\t\t<\/div>\n\t\t\t\t<div class=\"elementor-element elementor-element-8e31fba elementor-widget elementor-widget-text-editor\" data-id=\"8e31fba\" data-element_type=\"widget\" data-widget_type=\"text-editor.default\">\n\t\t\t\t<div class=\"elementor-widget-container\">\n\t\t\t\t\t\t\t<p>Per quanto riguarda gli impianti idroelettrici ad accumulazione, la legge pone l\u2019accento su progetti che hanno sostanzialmente messo d\u2019accordo le grandi organizzazioni di protezione dell\u2019ambiente WWF e Pro Natura nonch\u00e9 la Federazione Svizzera di Pesca. Il potenziamento avverr\u00e0 pertanto in modo mirato e compatibile con le esigenze di protezione della natura e del paesaggio.<\/p>\t\t\t\t\t\t<\/div>\n\t\t\t\t<\/div>\n\t\t\t\t\t<\/div>\n\t\t\t\t<\/div>\n\t\t<div class=\"elementor-element elementor-element-05f5550 e-flex e-con-boxed elementor-invisible e-con e-child\" data-id=\"05f5550\" data-element_type=\"container\" data-settings=\"{&quot;background_background&quot;:&quot;classic&quot;,&quot;animation&quot;:&quot;fadeInUp&quot;}\">\n\t\t\t\t\t<div class=\"e-con-inner\">\n\t\t\t\t<div class=\"elementor-element elementor-element-9fc3929 elementor-widget elementor-widget-heading\" data-id=\"9fc3929\" data-element_type=\"widget\" data-widget_type=\"heading.default\">\n\t\t\t\t<div class=\"elementor-widget-container\">\n\t\t\t<h6 class=\"elementor-heading-title elementor-size-default\">Diritti democratici garantiti<\/h6>\t\t<\/div>\n\t\t\t\t<\/div>\n\t\t\t\t<div class=\"elementor-element elementor-element-56cf72d elementor-widget elementor-widget-text-editor\" data-id=\"56cf72d\" data-element_type=\"widget\" data-widget_type=\"text-editor.default\">\n\t\t\t\t<div class=\"elementor-widget-container\">\n\t\t\t\t\t\t\t<p>Le agevolazioni in materia di pianificazione concesse agli impianti eolici e solari di una certa importanza non incidono sui diritti democratici della popolazione di concorrere al processo decisionale. Continuer\u00e0 a essere possibile votare su progetti concreti.<\/p>\t\t\t\t\t\t<\/div>\n\t\t\t\t<\/div>\n\t\t\t\t\t<\/div>\n\t\t\t\t<\/div>\n\t\t<div class=\"elementor-element elementor-element-03f31d4 e-flex e-con-boxed elementor-invisible e-con e-child\" data-id=\"03f31d4\" data-element_type=\"container\" data-settings=\"{&quot;background_background&quot;:&quot;classic&quot;,&quot;animation&quot;:&quot;fadeInUp&quot;}\">\n\t\t\t\t\t<div class=\"e-con-inner\">\n\t\t\t\t<div class=\"elementor-element elementor-element-e01fcb2 elementor-widget elementor-widget-heading\" data-id=\"e01fcb2\" data-element_type=\"widget\" data-widget_type=\"heading.default\">\n\t\t\t\t<div class=\"elementor-widget-container\">\n\t\t\t<h6 class=\"elementor-heading-title elementor-size-default\">Incentivi agli investimenti senza nuovi obblighi e tasse<\/h6>\t\t<\/div>\n\t\t\t\t<\/div>\n\t\t\t\t<div class=\"elementor-element elementor-element-78c305f elementor-widget elementor-widget-text-editor\" data-id=\"78c305f\" data-element_type=\"widget\" data-widget_type=\"text-editor.default\">\n\t\t\t\t<div class=\"elementor-widget-container\">\n\t\t\t\t\t\t\t<p>L\u2019installazione di impianti solari sui tetti e sulle facciate continuer\u00e0 a beneficiare di contributi finanziari. Il Consiglio federale e il Parlamento preferiscono infatti creare incentivi agli investimenti, piuttosto che introdurre nuovi obblighi. Il potenziamento del fotovoltaico non imporr\u00e0 nuove tasse ai consumatori di energia elettrica.<\/p>\t\t\t\t\t\t<\/div>\n\t\t\t\t<\/div>\n\t\t\t\t\t<\/div>\n\t\t\t\t<\/div>\n\t\t<div class=\"elementor-element elementor-element-080b7fe e-flex e-con-boxed elementor-invisible e-con e-child\" data-id=\"080b7fe\" data-element_type=\"container\" data-settings=\"{&quot;background_background&quot;:&quot;classic&quot;,&quot;animation&quot;:&quot;fadeInUp&quot;}\">\n\t\t\t\t\t<div class=\"e-con-inner\">\n\t\t\t\t<div class=\"elementor-element elementor-element-580f2a4 elementor-widget elementor-widget-heading\" data-id=\"580f2a4\" data-element_type=\"widget\" data-widget_type=\"heading.default\">\n\t\t\t\t<div class=\"elementor-widget-container\">\n\t\t\t<h6 class=\"elementor-heading-title elementor-size-default\">Attuazione di obiettivi pi\u00f9 a lungo termine<\/h6>\t\t<\/div>\n\t\t\t\t<\/div>\n\t\t\t\t<div class=\"elementor-element elementor-element-4c3d195 elementor-widget elementor-widget-text-editor\" data-id=\"4c3d195\" data-element_type=\"widget\" data-widget_type=\"text-editor.default\">\n\t\t\t\t<div class=\"elementor-widget-container\">\n\t\t\t\t\t\t\t<p>Nel giugno 2023 la legge sul clima e sull\u2019innovazione \u00e8 stata accettata in votazione popolare. Essa stabilisce che la Svizzera deve raggiungere la neutralit\u00e0 climatica entro il 2050. La legge federale su un approvvigionamento elettrico sicuro con le energie rinnovabili \u00e8 un presupposto essenziale per raggiungere quest\u2019obiettivo.<\/p>\t\t\t\t\t\t<\/div>\n\t\t\t\t<\/div>\n\t\t\t\t\t<\/div>\n\t\t\t\t<\/div>\n\t\t\t\t<div class=\"elementor-element elementor-element-597f7d6a elementor-invisible elementor-widget elementor-widget-text-editor\" data-id=\"597f7d6a\" data-element_type=\"widget\" data-settings=\"{&quot;_animation&quot;:&quot;fadeInUp&quot;}\" data-widget_type=\"text-editor.default\">\n\t\t\t\t<div class=\"elementor-widget-container\">\n\t\t\t\t\t\t\t<p><em><a href=\"https:\/\/www.admin.ch\/sichere-stromversorgung\" target=\"_blank\" rel=\"noopener\">https:\/\/www.admin.ch\/sichere-stromversorgung<\/a><\/em><\/p>\t\t\t\t\t\t<\/div>\n\t\t\t\t<\/div>\n\t\t\t\t<\/div>\n\t\t\t\t<div class=\"elementor-element elementor-element-7f53b0ee elementor-widget elementor-widget-html\" data-id=\"7f53b0ee\" data-element_type=\"widget\" data-widget_type=\"html.default\">\n\t\t\t\t<div class=\"elementor-widget-container\">\n\t\t\t<style>\n    \/*Blur Zoom Hover Effect*\/\n.main-sections{\n    --zoom-in: ;\n    --zoom-out: 0.99;\n    --hover-background: #792C1A;\n}\n.main-sections{\n    transition: all .5;\n}\n.main-sections:hover .card-box{\n    filter: blur(5px);\n    transform: scale(var(--zoom-out));\n}\n.card-box{\n    transform: scale(1);\n    transition: all .5s;\n}\n.card-box:hover{\n    transform: scale(var(--zoom-in)) !important;\n    z-index: 2;\n    filter: blur(0px) !important;\n}\n.main-sections .elementor-widget-wrap{\n    transition: all .5s;\n}\n.main-sections .card-box:hover .elementor-widget-wrap{\n    background: var(--hover-background) !important;\n}\n<\/style>\t\t<\/div>\n\t\t\t\t<\/div>\n\t\t<div class=\"elementor-element elementor-element-49d23c6c e-con-full card-box e-flex e-con e-child\" data-id=\"49d23c6c\" data-element_type=\"container\">\n\t\t\t\t<div class=\"elementor-element elementor-element-2a84bfcf elementor-hidden-tablet elementor-widget elementor-widget-image\" data-id=\"2a84bfcf\" data-element_type=\"widget\" data-widget_type=\"image.default\">\n\t\t\t\t<div class=\"elementor-widget-container\">\n\t\t\t\t\t\t\t\t\t\t\t\t\t<img decoding=\"async\" width=\"694\" height=\"694\" src=\"https:\/\/100k.verfassungsfreunde.ch\/wp-content\/uploads\/2024\/05\/No_gepinnt.png\" class=\"attachment-full size-full wp-image-5877\" alt=\"\" srcset=\"https:\/\/100k.verfassungsfreunde.ch\/wp-content\/uploads\/2024\/05\/No_gepinnt.png 694w, https:\/\/100k.verfassungsfreunde.ch\/wp-content\/uploads\/2024\/05\/No_gepinnt-300x300.png 300w, https:\/\/100k.verfassungsfreunde.ch\/wp-content\/uploads\/2024\/05\/No_gepinnt-150x150.png 150w, https:\/\/100k.verfassungsfreunde.ch\/wp-content\/uploads\/2024\/05\/No_gepinnt-12x12.png 12w\" sizes=\"(max-width: 694px) 100vw, 694px\" \/>\t\t\t\t\t\t\t\t\t\t\t\t\t<\/div>\n\t\t\t\t<\/div>\n\t\t\t\t<div class=\"elementor-element elementor-element-591e163e elementor-widget elementor-widget-heading\" data-id=\"591e163e\" data-element_type=\"widget\" data-widget_type=\"heading.default\">\n\t\t\t\t<div class=\"elementor-widget-container\">\n\t\t\t<h2 class=\"elementor-heading-title elementor-size-default\">Argumenti degli oppositori<\/h2>\t\t<\/div>\n\t\t\t\t<\/div>\n\t\t<div class=\"elementor-element elementor-element-4cabf6ea e-flex e-con-boxed elementor-invisible e-con e-child\" data-id=\"4cabf6ea\" data-element_type=\"container\" data-settings=\"{&quot;background_background&quot;:&quot;classic&quot;,&quot;animation&quot;:&quot;fadeInUp&quot;}\">\n\t\t\t\t\t<div class=\"e-con-inner\">\n\t\t\t\t<div class=\"elementor-element elementor-element-56abe45 elementor-widget elementor-widget-text-editor\" data-id=\"56abe45\" data-element_type=\"widget\" data-widget_type=\"text-editor.default\">\n\t\t\t\t<div class=\"elementor-widget-container\">\n\t\t\t\t\t\t\t<p>La legge sulle energie rinnovabili facilita il disboscamento e permette di devastare il paesaggio e distruggere biotopi protetti. Limita la sovranit\u00e0 del Popolo, dei Cantoni, se non addirittura dei Comuni. Eppure le alternative per garantire la sicurezza dell\u2019approvvigionamento elettrico non mancano. Invece di accettare di arrecare un danno cos\u00ec grave alla nostra natura e alla nostra democrazia, occorre dapprima sfruttare il potenziale del fotovoltaico sugli edifici e sulle infrastrutture esistenti!<\/p>\t\t\t\t\t\t<\/div>\n\t\t\t\t<\/div>\n\t\t\t\t\t<\/div>\n\t\t\t\t<\/div>\n\t\t<div class=\"elementor-element elementor-element-9bde539 e-flex e-con-boxed elementor-invisible e-con e-child\" data-id=\"9bde539\" data-element_type=\"container\" data-settings=\"{&quot;background_background&quot;:&quot;classic&quot;,&quot;animation&quot;:&quot;fadeInUp&quot;}\">\n\t\t\t\t\t<div class=\"e-con-inner\">\n\t\t\t\t<div class=\"elementor-element elementor-element-c7236f4 elementor-widget elementor-widget-heading\" data-id=\"c7236f4\" data-element_type=\"widget\" data-widget_type=\"heading.default\">\n\t\t\t\t<div class=\"elementor-widget-container\">\n\t\t\t<h6 class=\"elementor-heading-title elementor-size-default\">Ponderazione degli interessi falsata<\/h6>\t\t<\/div>\n\t\t\t\t<\/div>\n\t\t\t\t<div class=\"elementor-element elementor-element-e615722 elementor-widget elementor-widget-text-editor\" data-id=\"e615722\" data-element_type=\"widget\" data-widget_type=\"text-editor.default\">\n\t\t\t\t<div class=\"elementor-widget-container\">\n\t\t\t\t\t\t\t<p>Finora la realizzazione di un nuovo parco solare o eolico richiedeva una specifica ponderazione degli interessi, in particolare tra la protezione della natura e la produzione di energia. La nuova legge porter\u00e0 la produzione di elettricit\u00e0 a prevalere praticamente su qualsiasi altro interesse (alcuni alpeggi potranno per esempio essere ricoperti di pannelli solari).<\/p>\t\t\t\t\t\t<\/div>\n\t\t\t\t<\/div>\n\t\t\t\t\t<\/div>\n\t\t\t\t<\/div>\n\t\t<div class=\"elementor-element elementor-element-a7754ae e-flex e-con-boxed elementor-invisible e-con e-child\" data-id=\"a7754ae\" data-element_type=\"container\" data-settings=\"{&quot;background_background&quot;:&quot;classic&quot;,&quot;animation&quot;:&quot;fadeInUp&quot;}\">\n\t\t\t\t\t<div class=\"e-con-inner\">\n\t\t\t\t<div class=\"elementor-element elementor-element-cb1d7c7 elementor-widget elementor-widget-heading\" data-id=\"cb1d7c7\" data-element_type=\"widget\" data-widget_type=\"heading.default\">\n\t\t\t\t<div class=\"elementor-widget-container\">\n\t\t\t<h6 class=\"elementor-heading-title elementor-size-default\">Distruzione dei nostri paesaggi<\/h6>\t\t<\/div>\n\t\t\t\t<\/div>\n\t\t\t\t<div class=\"elementor-element elementor-element-9407a5f elementor-widget elementor-widget-text-editor\" data-id=\"9407a5f\" data-element_type=\"widget\" data-widget_type=\"text-editor.default\">\n\t\t\t\t<div class=\"elementor-widget-container\">\n\t\t\t\t\t\t\t<p>La legge d\u00e0 il via libera alla costruzione di infrastrutture per la produzione elettrica in paesaggi protetti, iscritti nell\u2019Inventario federale dei paesaggi, siti e monumenti naturali d\u2019importanza nazionale (IFP), senza che debbano essere prese misure di protezione o di sostituzione.<\/p>\t\t\t\t\t\t<\/div>\n\t\t\t\t<\/div>\n\t\t\t\t\t<\/div>\n\t\t\t\t<\/div>\n\t\t<div class=\"elementor-element elementor-element-3171fe1 e-flex e-con-boxed elementor-invisible e-con e-child\" data-id=\"3171fe1\" data-element_type=\"container\" data-settings=\"{&quot;background_background&quot;:&quot;classic&quot;,&quot;animation&quot;:&quot;fadeInUp&quot;}\">\n\t\t\t\t\t<div class=\"e-con-inner\">\n\t\t\t\t<div class=\"elementor-element elementor-element-c953107 elementor-widget elementor-widget-heading\" data-id=\"c953107\" data-element_type=\"widget\" data-widget_type=\"heading.default\">\n\t\t\t\t<div class=\"elementor-widget-container\">\n\t\t\t<h6 class=\"elementor-heading-title elementor-size-default\">Parchi solari nelle Alpi<\/h6>\t\t<\/div>\n\t\t\t\t<\/div>\n\t\t\t\t<div class=\"elementor-element elementor-element-a8a2c29 elementor-widget elementor-widget-text-editor\" data-id=\"a8a2c29\" data-element_type=\"widget\" data-widget_type=\"text-editor.default\">\n\t\t\t\t<div class=\"elementor-widget-container\">\n\t\t\t\t\t\t\t<p>Giganteschi parchi solari potranno essere costruiti nelle Alpi, sull\u2019Altopiano e nel Giura. Alcuni dei pi\u00f9 bei tesori del nostro Paese subiranno danni irreparabili.<\/p>\t\t\t\t\t\t<\/div>\n\t\t\t\t<\/div>\n\t\t\t\t\t<\/div>\n\t\t\t\t<\/div>\n\t\t<div class=\"elementor-element elementor-element-115f738 e-flex e-con-boxed elementor-invisible e-con e-child\" data-id=\"115f738\" data-element_type=\"container\" data-settings=\"{&quot;background_background&quot;:&quot;classic&quot;,&quot;animation&quot;:&quot;fadeInUp&quot;}\">\n\t\t\t\t\t<div class=\"e-con-inner\">\n\t\t\t\t<div class=\"elementor-element elementor-element-08f2c33 elementor-widget elementor-widget-heading\" data-id=\"08f2c33\" data-element_type=\"widget\" data-widget_type=\"heading.default\">\n\t\t\t\t<div class=\"elementor-widget-container\">\n\t\t\t<h6 class=\"elementor-heading-title elementor-size-default\">Disboscamento facilitato<\/h6>\t\t<\/div>\n\t\t\t\t<\/div>\n\t\t\t\t<div class=\"elementor-element elementor-element-25185eb elementor-widget elementor-widget-text-editor\" data-id=\"25185eb\" data-element_type=\"widget\" data-widget_type=\"text-editor.default\">\n\t\t\t\t<div class=\"elementor-widget-container\">\n\t\t\t\t\t\t\t<p>La legge render\u00e0 pi\u00f9 facile l\u2019abbattimento di boschi e foreste per installare impianti eolici. Per lottare contro i cambiamenti climatici le foreste sono le nostre migliori alleate, e lo saranno anche per le generazioni future. La loro conservazione \u00e8 una nostra priorit\u00e0.<\/p>\t\t\t\t\t\t<\/div>\n\t\t\t\t<\/div>\n\t\t\t\t\t<\/div>\n\t\t\t\t<\/div>\n\t\t<div class=\"elementor-element elementor-element-0dbafc3 e-flex e-con-boxed elementor-invisible e-con e-child\" data-id=\"0dbafc3\" data-element_type=\"container\" data-settings=\"{&quot;background_background&quot;:&quot;classic&quot;,&quot;animation&quot;:&quot;fadeInUp&quot;}\">\n\t\t\t\t\t<div class=\"e-con-inner\">\n\t\t\t\t<div class=\"elementor-element elementor-element-3da1042 elementor-widget elementor-widget-heading\" data-id=\"3da1042\" data-element_type=\"widget\" data-widget_type=\"heading.default\">\n\t\t\t\t<div class=\"elementor-widget-container\">\n\t\t\t<h6 class=\"elementor-heading-title elementor-size-default\">Nuova diga nei pressi del Cervino<\/h6>\t\t<\/div>\n\t\t\t\t<\/div>\n\t\t\t\t<div class=\"elementor-element elementor-element-07c674c elementor-widget elementor-widget-text-editor\" data-id=\"07c674c\" data-element_type=\"widget\" data-widget_type=\"text-editor.default\">\n\t\t\t\t<div class=\"elementor-widget-container\">\n\t\t\t\t\t\t\t<p>Verranno sommerse intere aree naturali: la nuova legge autorizza infatti la realizzazione di 16 nuove centrali idroelettriche, tra cui le dighe del Trift (BE) e del Gorner (VS).<\/p>\t\t\t\t\t\t<\/div>\n\t\t\t\t<\/div>\n\t\t\t\t\t<\/div>\n\t\t\t\t<\/div>\n\t\t<div class=\"elementor-element elementor-element-0beeaa2 e-flex e-con-boxed elementor-invisible e-con e-child\" data-id=\"0beeaa2\" data-element_type=\"container\" data-settings=\"{&quot;background_background&quot;:&quot;classic&quot;,&quot;animation&quot;:&quot;fadeInUp&quot;}\">\n\t\t\t\t\t<div class=\"e-con-inner\">\n\t\t\t\t<div class=\"elementor-element elementor-element-2a90a12 elementor-widget elementor-widget-heading\" data-id=\"2a90a12\" data-element_type=\"widget\" data-widget_type=\"heading.default\">\n\t\t\t\t<div class=\"elementor-widget-container\">\n\t\t\t<h6 class=\"elementor-heading-title elementor-size-default\">Attacco alla democrazia<\/h6>\t\t<\/div>\n\t\t\t\t<\/div>\n\t\t\t\t<div class=\"elementor-element elementor-element-3106f51 elementor-widget elementor-widget-text-editor\" data-id=\"3106f51\" data-element_type=\"widget\" data-widget_type=\"text-editor.default\">\n\t\t\t\t<div class=\"elementor-widget-container\">\n\t\t\t\t\t\t\t<p>La legge d\u00e0 al Consiglio federale la facolt\u00e0 di abbreviare le procedure di autorizzazione per gli impianti di produzione di energia rinnovabile, indipendentemente dal fatto che siano situati in piena natura o in prossimit\u00e0 di abitazioni. Ci\u00f2 limita la sovranit\u00e0 del Popolo, dei Cantoni, se non addirittura dei Comuni. Potrebbe inoltre venire meno la possibilit\u00e0 di indire un referendum a livello locale.<\/p>\t\t\t\t\t\t<\/div>\n\t\t\t\t<\/div>\n\t\t\t\t\t<\/div>\n\t\t\t\t<\/div>\n\t\t<div class=\"elementor-element elementor-element-9416ce7 e-flex e-con-boxed elementor-invisible e-con e-child\" data-id=\"9416ce7\" data-element_type=\"container\" data-settings=\"{&quot;background_background&quot;:&quot;classic&quot;,&quot;animation&quot;:&quot;fadeInUp&quot;}\">\n\t\t\t\t\t<div class=\"e-con-inner\">\n\t\t\t\t<div class=\"elementor-element elementor-element-a89b581 elementor-widget elementor-widget-heading\" data-id=\"a89b581\" data-element_type=\"widget\" data-widget_type=\"heading.default\">\n\t\t\t\t<div class=\"elementor-widget-container\">\n\t\t\t<h6 class=\"elementor-heading-title elementor-size-default\">Sui tetti, non in piena natura<\/h6>\t\t<\/div>\n\t\t\t\t<\/div>\n\t\t\t\t<div class=\"elementor-element elementor-element-5a54d03 elementor-widget elementor-widget-text-editor\" data-id=\"5a54d03\" data-element_type=\"widget\" data-widget_type=\"text-editor.default\">\n\t\t\t\t<div class=\"elementor-widget-container\">\n\t\t\t\t\t\t\t<p>La legge va rielaborata in modo da garantire la protezione della natura, compatibilmente con le necessit\u00e0 legate alla transizione energetica e alla sicurezza dell\u2019approvvigionamento. Esistono infatti soluzioni alternative che non prevedono di devastare la natura. Occorre concentrarsi sul risparmio di energia e sulle potenzialit\u00e0 del fotovoltaico sugli edifici e sulle infrastrutture esistenti! Questa legge va respinta poich\u00e9 deturpa il paesaggio in prossimit\u00e0 delle abitazioni e in piena natura e calpesta i diritti del Popolo!<\/p>\t\t\t\t\t\t<\/div>\n\t\t\t\t<\/div>\n\t\t\t\t\t<\/div>\n\t\t\t\t<\/div>\n\t\t\t\t<div class=\"elementor-element elementor-element-14c376bb elementor-invisible elementor-widget elementor-widget-text-editor\" data-id=\"14c376bb\" data-element_type=\"widget\" data-settings=\"{&quot;_animation&quot;:&quot;fadeInUp&quot;}\" data-widget_type=\"text-editor.default\">\n\t\t\t\t<div class=\"elementor-widget-container\">\n\t\t\t\t\t\t\t<p><a href=\"http:\/\/StromGesetzNein.ch\" target=\"_blank\" rel=\"noopener\"><em>StromGesetzNein.ch<\/em><\/a><\/p>\t\t\t\t\t\t<\/div>\n\t\t\t\t<\/div>\n\t\t\t\t<\/div>\n\t\t\t\t\t<\/div>\n\t\t\t\t<\/div>\n\t\t\t\t<\/div>","protected":false},"featured_media":0,"parent":0,"template":"","meta":{"_acf_changed":false},"kanton":[102],"class_list":["post-4690","abstimmung","type-abstimmung","status-publish","hentry"],"blocksy_meta":[],"acf":[],"yoast_head":"<!-- This site is optimized with the Yoast SEO plugin v22.8 - https:\/\/yoast.com\/wordpress\/plugins\/seo\/ -->\n<title>Referendum Stromgesetz - 100k<\/title>\n<meta name=\"robots\" content=\"index, follow, max-snippet:-1, max-image-preview:large, max-video-preview:-1\" \/>\n<link rel=\"canonical\" href=\"https:\/\/100k.verfassungsfreunde.ch\/it\/abstimmung\/bundesgesetz-ueber-eine-sichere-stromversorgung-mit-erneuerbaren-energien\/\" \/>\n<meta property=\"og:locale\" content=\"it_IT\" \/>\n<meta property=\"og:type\" content=\"article\" \/>\n<meta property=\"og:title\" content=\"Referendum Stromgesetz - 100k\" \/>\n<meta property=\"og:description\" content=\"In den kalten Monaten ist unser Land auf Stromimporte angewiesen. Importe sind aber nicht immer im gleichen Umfang m\u00f6glich. Das hat einerseits mit internationalen Konflikten wie dem Krieg in der Ukraine zu tun. Andererseits brauchen die europ\u00e4ischen L\u00e4nder selbst mehr Strom, um fossile Energietr\u00e4ger zu ersetzen. Die Schweiz kann daher nicht darauf z\u00e4hlen, jederzeit gen\u00fcgend [&hellip;]\" \/>\n<meta property=\"og:url\" content=\"https:\/\/100k.verfassungsfreunde.ch\/it\/abstimmung\/bundesgesetz-ueber-eine-sichere-stromversorgung-mit-erneuerbaren-energien\/\" \/>\n<meta property=\"og:site_name\" content=\"100k\" \/>\n<meta property=\"article:publisher\" content=\"https:\/\/www.facebook.com\/verfassungsfreunde.ch\" \/>\n<meta property=\"article:modified_time\" content=\"2024-05-22T12:17:54+00:00\" \/>\n<meta property=\"og:image\" content=\"https:\/\/100k.verfassungsfreunde.ch\/wp-content\/uploads\/2024\/04\/Ja_gepinnt.png\" \/>\n<meta name=\"twitter:card\" content=\"summary_large_image\" \/>\n<meta name=\"twitter:site\" content=\"@FdVerfassung\" \/>\n<meta name=\"twitter:label1\" content=\"Tempo di lettura stimato\" \/>\n\t<meta name=\"twitter:data1\" content=\"6 minuti\" \/>\n<script type=\"application\/ld+json\" class=\"yoast-schema-graph\">{\"@context\":\"https:\/\/schema.org\",\"@graph\":[{\"@type\":\"WebPage\",\"@id\":\"https:\/\/100k.verfassungsfreunde.ch\/abstimmung\/bundesgesetz-ueber-eine-sichere-stromversorgung-mit-erneuerbaren-energien\/\",\"url\":\"https:\/\/100k.verfassungsfreunde.ch\/abstimmung\/bundesgesetz-ueber-eine-sichere-stromversorgung-mit-erneuerbaren-energien\/\",\"name\":\"Referendum Stromgesetz - 100k\",\"isPartOf\":{\"@id\":\"https:\/\/100k.verfassungsfreunde.ch\/#website\"},\"primaryImageOfPage\":{\"@id\":\"https:\/\/100k.verfassungsfreunde.ch\/abstimmung\/bundesgesetz-ueber-eine-sichere-stromversorgung-mit-erneuerbaren-energien\/#primaryimage\"},\"image\":{\"@id\":\"https:\/\/100k.verfassungsfreunde.ch\/abstimmung\/bundesgesetz-ueber-eine-sichere-stromversorgung-mit-erneuerbaren-energien\/#primaryimage\"},\"thumbnailUrl\":\"https:\/\/100k.verfassungsfreunde.ch\/wp-content\/uploads\/2024\/04\/Ja_gepinnt.png\",\"datePublished\":\"2024-04-26T13:04:35+00:00\",\"dateModified\":\"2024-05-22T12:17:54+00:00\",\"breadcrumb\":{\"@id\":\"https:\/\/100k.verfassungsfreunde.ch\/abstimmung\/bundesgesetz-ueber-eine-sichere-stromversorgung-mit-erneuerbaren-energien\/#breadcrumb\"},\"inLanguage\":\"it-IT\",\"potentialAction\":[{\"@type\":\"ReadAction\",\"target\":[\"https:\/\/100k.verfassungsfreunde.ch\/abstimmung\/bundesgesetz-ueber-eine-sichere-stromversorgung-mit-erneuerbaren-energien\/\"]}]},{\"@type\":\"ImageObject\",\"inLanguage\":\"it-IT\",\"@id\":\"https:\/\/100k.verfassungsfreunde.ch\/abstimmung\/bundesgesetz-ueber-eine-sichere-stromversorgung-mit-erneuerbaren-energien\/#primaryimage\",\"url\":\"https:\/\/100k.verfassungsfreunde.ch\/wp-content\/uploads\/2024\/04\/Ja_gepinnt.png\",\"contentUrl\":\"https:\/\/100k.verfassungsfreunde.ch\/wp-content\/uploads\/2024\/04\/Ja_gepinnt.png\"},{\"@type\":\"BreadcrumbList\",\"@id\":\"https:\/\/100k.verfassungsfreunde.ch\/abstimmung\/bundesgesetz-ueber-eine-sichere-stromversorgung-mit-erneuerbaren-energien\/#breadcrumb\",\"itemListElement\":[{\"@type\":\"ListItem\",\"position\":1,\"name\":\"Home\",\"item\":\"https:\/\/100k.verfassungsfreunde.ch\/\"},{\"@type\":\"ListItem\",\"position\":2,\"name\":\"Abstimmungen\",\"item\":\"https:\/\/100k.verfassungsfreunde.ch\/abstimmung\/\"},{\"@type\":\"ListItem\",\"position\":3,\"name\":\"Referendum Stromgesetz\"}]},{\"@type\":\"WebSite\",\"@id\":\"https:\/\/100k.verfassungsfreunde.ch\/#website\",\"url\":\"https:\/\/100k.verfassungsfreunde.ch\/\",\"name\":\"100k\",\"description\":\"\",\"publisher\":{\"@id\":\"https:\/\/100k.verfassungsfreunde.ch\/#organization\"},\"potentialAction\":[{\"@type\":\"SearchAction\",\"target\":{\"@type\":\"EntryPoint\",\"urlTemplate\":\"https:\/\/100k.verfassungsfreunde.ch\/?s={search_term_string}\"},\"query-input\":\"required name=search_term_string\"}],\"inLanguage\":\"it-IT\"},{\"@type\":\"Organization\",\"@id\":\"https:\/\/100k.verfassungsfreunde.ch\/#organization\",\"name\":\"100k\",\"url\":\"https:\/\/100k.verfassungsfreunde.ch\/\",\"logo\":{\"@type\":\"ImageObject\",\"inLanguage\":\"it-IT\",\"@id\":\"https:\/\/100k.verfassungsfreunde.ch\/#\/schema\/logo\/image\/\",\"url\":\"https:\/\/100k.verfassungsfreunde.ch\/wp-content\/uploads\/2024\/05\/100k_Logo.png\",\"contentUrl\":\"https:\/\/100k.verfassungsfreunde.ch\/wp-content\/uploads\/2024\/05\/100k_Logo.png\",\"width\":1327,\"height\":683,\"caption\":\"100k\"},\"image\":{\"@id\":\"https:\/\/100k.verfassungsfreunde.ch\/#\/schema\/logo\/image\/\"},\"sameAs\":[\"https:\/\/www.facebook.com\/verfassungsfreunde.ch\",\"https:\/\/x.com\/FdVerfassung\"]}]}<\/script>\n<!-- \/ Yoast SEO plugin. -->","yoast_head_json":{"title":"Referendum Stromgesetz - 100k","robots":{"index":"index","follow":"follow","max-snippet":"max-snippet:-1","max-image-preview":"max-image-preview:large","max-video-preview":"max-video-preview:-1"},"canonical":"https:\/\/100k.verfassungsfreunde.ch\/it\/abstimmung\/bundesgesetz-ueber-eine-sichere-stromversorgung-mit-erneuerbaren-energien\/","og_locale":"it_IT","og_type":"article","og_title":"Referendum Stromgesetz - 100k","og_description":"In den kalten Monaten ist unser Land auf Stromimporte angewiesen. Importe sind aber nicht immer im gleichen Umfang m\u00f6glich. Das hat einerseits mit internationalen Konflikten wie dem Krieg in der Ukraine zu tun. Andererseits brauchen die europ\u00e4ischen L\u00e4nder selbst mehr Strom, um fossile Energietr\u00e4ger zu ersetzen. Die Schweiz kann daher nicht darauf z\u00e4hlen, jederzeit gen\u00fcgend [&hellip;]","og_url":"https:\/\/100k.verfassungsfreunde.ch\/it\/abstimmung\/bundesgesetz-ueber-eine-sichere-stromversorgung-mit-erneuerbaren-energien\/","og_site_name":"100k","article_publisher":"https:\/\/www.facebook.com\/verfassungsfreunde.ch","article_modified_time":"2024-05-22T12:17:54+00:00","og_image":[{"url":"https:\/\/100k.verfassungsfreunde.ch\/wp-content\/uploads\/2024\/04\/Ja_gepinnt.png"}],"twitter_card":"summary_large_image","twitter_site":"@FdVerfassung","twitter_misc":{"Tempo di lettura stimato":"6 minuti"},"schema":{"@context":"https:\/\/schema.org","@graph":[{"@type":"WebPage","@id":"https:\/\/100k.verfassungsfreunde.ch\/abstimmung\/bundesgesetz-ueber-eine-sichere-stromversorgung-mit-erneuerbaren-energien\/","url":"https:\/\/100k.verfassungsfreunde.ch\/abstimmung\/bundesgesetz-ueber-eine-sichere-stromversorgung-mit-erneuerbaren-energien\/","name":"Referendum Stromgesetz - 100k","isPartOf":{"@id":"https:\/\/100k.verfassungsfreunde.ch\/#website"},"primaryImageOfPage":{"@id":"https:\/\/100k.verfassungsfreunde.ch\/abstimmung\/bundesgesetz-ueber-eine-sichere-stromversorgung-mit-erneuerbaren-energien\/#primaryimage"},"image":{"@id":"https:\/\/100k.verfassungsfreunde.ch\/abstimmung\/bundesgesetz-ueber-eine-sichere-stromversorgung-mit-erneuerbaren-energien\/#primaryimage"},"thumbnailUrl":"https:\/\/100k.verfassungsfreunde.ch\/wp-content\/uploads\/2024\/04\/Ja_gepinnt.png","datePublished":"2024-04-26T13:04:35+00:00","dateModified":"2024-05-22T12:17:54+00:00","breadcrumb":{"@id":"https:\/\/100k.verfassungsfreunde.ch\/abstimmung\/bundesgesetz-ueber-eine-sichere-stromversorgung-mit-erneuerbaren-energien\/#breadcrumb"},"inLanguage":"it-IT","potentialAction":[{"@type":"ReadAction","target":["https:\/\/100k.verfassungsfreunde.ch\/abstimmung\/bundesgesetz-ueber-eine-sichere-stromversorgung-mit-erneuerbaren-energien\/"]}]},{"@type":"ImageObject","inLanguage":"it-IT","@id":"https:\/\/100k.verfassungsfreunde.ch\/abstimmung\/bundesgesetz-ueber-eine-sichere-stromversorgung-mit-erneuerbaren-energien\/#primaryimage","url":"https:\/\/100k.verfassungsfreunde.ch\/wp-content\/uploads\/2024\/04\/Ja_gepinnt.png","contentUrl":"https:\/\/100k.verfassungsfreunde.ch\/wp-content\/uploads\/2024\/04\/Ja_gepinnt.png"},{"@type":"BreadcrumbList","@id":"https:\/\/100k.verfassungsfreunde.ch\/abstimmung\/bundesgesetz-ueber-eine-sichere-stromversorgung-mit-erneuerbaren-energien\/#breadcrumb","itemListElement":[{"@type":"ListItem","position":1,"name":"Home","item":"https:\/\/100k.verfassungsfreunde.ch\/"},{"@type":"ListItem","position":2,"name":"Abstimmungen","item":"https:\/\/100k.verfassungsfreunde.ch\/abstimmung\/"},{"@type":"ListItem","position":3,"name":"Referendum Stromgesetz"}]},{"@type":"WebSite","@id":"https:\/\/100k.verfassungsfreunde.ch\/#website","url":"https:\/\/100k.verfassungsfreunde.ch\/","name":"100k","description":"","publisher":{"@id":"https:\/\/100k.verfassungsfreunde.ch\/#organization"},"potentialAction":[{"@type":"SearchAction","target":{"@type":"EntryPoint","urlTemplate":"https:\/\/100k.verfassungsfreunde.ch\/?s={search_term_string}"},"query-input":"required name=search_term_string"}],"inLanguage":"it-IT"},{"@type":"Organization","@id":"https:\/\/100k.verfassungsfreunde.ch\/#organization","name":"100k","url":"https:\/\/100k.verfassungsfreunde.ch\/","logo":{"@type":"ImageObject","inLanguage":"it-IT","@id":"https:\/\/100k.verfassungsfreunde.ch\/#\/schema\/logo\/image\/","url":"https:\/\/100k.verfassungsfreunde.ch\/wp-content\/uploads\/2024\/05\/100k_Logo.png","contentUrl":"https:\/\/100k.verfassungsfreunde.ch\/wp-content\/uploads\/2024\/05\/100k_Logo.png","width":1327,"height":683,"caption":"100k"},"image":{"@id":"https:\/\/100k.verfassungsfreunde.ch\/#\/schema\/logo\/image\/"},"sameAs":["https:\/\/www.facebook.com\/verfassungsfreunde.ch","https:\/\/x.com\/FdVerfassung"]}]}},"_links":{"self":[{"href":"https:\/\/100k.verfassungsfreunde.ch\/it\/wp-json\/wp\/v2\/abstimmung\/4690","targetHints":{"allow":["GET"]}}],"collection":[{"href":"https:\/\/100k.verfassungsfreunde.ch\/it\/wp-json\/wp\/v2\/abstimmung"}],"about":[{"href":"https:\/\/100k.verfassungsfreunde.ch\/it\/wp-json\/wp\/v2\/types\/abstimmung"}],"version-history":[{"count":211,"href":"https:\/\/100k.verfassungsfreunde.ch\/it\/wp-json\/wp\/v2\/abstimmung\/4690\/revisions"}],"predecessor-version":[{"id":6588,"href":"https:\/\/100k.verfassungsfreunde.ch\/it\/wp-json\/wp\/v2\/abstimmung\/4690\/revisions\/6588"}],"wp:attachment":[{"href":"https:\/\/100k.verfassungsfreunde.ch\/it\/wp-json\/wp\/v2\/media?parent=4690"}],"wp:term":[{"taxonomy":"kanton","embeddable":true,"href":"https:\/\/100k.verfassungsfreunde.ch\/it\/wp-json\/wp\/v2\/kanton?post=4690"}],"curies":[{"name":"wp","href":"https:\/\/api.w.org\/{rel}","templated":true}]}}