{"id":3,"date":"2023-07-19T12:07:19","date_gmt":"2023-07-19T10:07:19","guid":{"rendered":"https:\/\/test.100k.verfassungsfreunde.ch\/?page_id=3"},"modified":"2023-08-15T15:23:09","modified_gmt":"2023-08-15T13:23:09","slug":"impressum-datenschutz","status":"publish","type":"page","link":"https:\/\/100k.verfassungsfreunde.ch\/fr\/impressum-datenschutz\/","title":{"rendered":"Mentions l\u00e9gales &amp; Protection des donn\u00e9es"},"content":{"rendered":"<div data-elementor-type=\"wp-page\" data-elementor-id=\"3\" class=\"elementor elementor-3\" data-elementor-post-type=\"page\">\n\t\t\t\t\t\t<section class=\"elementor-section elementor-top-section elementor-element elementor-element-3ef32849 elementor-section-boxed elementor-section-height-default elementor-section-height-default\" data-id=\"3ef32849\" data-element_type=\"section\">\n\t\t\t\t\t\t<div class=\"elementor-container elementor-column-gap-default\">\n\t\t\t\t\t<div class=\"elementor-column elementor-col-100 elementor-top-column elementor-element elementor-element-6b1ba0a5\" data-id=\"6b1ba0a5\" data-element_type=\"column\">\n\t\t\t<div class=\"elementor-widget-wrap elementor-element-populated\">\n\t\t\t\t\t\t<div class=\"elementor-element elementor-element-58cdd778 elementor-widget elementor-widget-text-editor\" data-id=\"58cdd778\" data-element_type=\"widget\" data-widget_type=\"text-editor.default\">\n\t\t\t\t<div class=\"elementor-widget-container\">\n\t\t\t<style>\/*! elementor - v3.21.0 - 26-05-2024 *\/\n.elementor-widget-text-editor.elementor-drop-cap-view-stacked .elementor-drop-cap{background-color:#69727d;color:#fff}.elementor-widget-text-editor.elementor-drop-cap-view-framed .elementor-drop-cap{color:#69727d;border:3px solid;background-color:transparent}.elementor-widget-text-editor:not(.elementor-drop-cap-view-default) .elementor-drop-cap{margin-top:8px}.elementor-widget-text-editor:not(.elementor-drop-cap-view-default) .elementor-drop-cap-letter{width:1em;height:1em}.elementor-widget-text-editor .elementor-drop-cap{float:left;text-align:center;line-height:1;font-size:50px}.elementor-widget-text-editor .elementor-drop-cap-letter{display:inline-block}<\/style>\t\t\t\t<p><!-- wp:heading --><\/p>\n<h2 class=\"wp-block-heading\">Impressum<\/h2>\n<p><!-- \/wp:heading --><\/p>\n<p><!-- wp:image {\"id\":1916,\"width\":210,\"height\":194,\"sizeSlug\":\"large\",\"linkDestination\":\"none\"} --><\/p>\n<figure class=\"wp-block-image size-large is-resized\"><i>100k<\/i> ist eine Initiative der Freunde der Verfassung.&nbsp;<\/figure><figure class=\"wp-block-image size-large is-resized\"><br><\/figure><figure class=\"wp-block-image size-large is-resized\"><img decoding=\"async\" src=\"https:\/\/test.100k.verfassungsfreunde.ch\/wp-content\/uploads\/2023\/07\/FdV_Logo_Taube-1024x962.png\" alt=\"\" class=\"wp-image-1916\" style=\"width:210px;height:194px\" width=\"210\" height=\"194\"><\/figure>\n<p><!-- \/wp:image --><\/p>\n<p><!-- wp:paragraph --><\/p>\n<p><strong>Adresse de contact<\/strong><\/p>\n<p><!-- \/wp:paragraph --><\/p>\n<p><!-- wp:paragraph --><\/p>\n<p>Freunde der Verfassung<br>3000 Bern<\/p>\n<p><!-- \/wp:paragraph --><\/p>\n<p><!-- wp:paragraph --><\/p>\n<p><strong>Adresse postale pour les envois<\/strong><\/p>\n<p><!-- \/wp:paragraph --><\/p>\n<p><!-- wp:paragraph --><\/p>\n<p>Freunde der Verfassung<br>Gewerbestrasse 2<br>Postfach 227<br>4528 Zuchwil<\/p>\n<p><!-- \/wp:paragraph --><\/p>\n<p><!-- wp:paragraph --><\/p>\n<p>E-Mail:&nbsp;<a href=\"mailto:sekretariat@verfassungsfreunde.ch\">sekretariat@verfassungsfreunde.ch<\/a><\/p>\n<p><!-- \/wp:paragraph --><\/p>\n<p><!-- wp:paragraph --><\/p>\n<p><strong>Personne(s) habilit\u00e9e(s) \u00e0 repr\u00e9senter<\/strong><\/p>\n<p><!-- \/wp:paragraph --><\/p>\n<p><!-- wp:paragraph --><\/p>\n<p>Dr. Roland B\u00fchlmann \u2013 Pr\u00e9sidence<\/p>\n<p><!-- \/wp:paragraph --><\/p>\n<p><!-- wp:heading --><\/p>\n<h2 class=\"wp-block-heading\">Protection des donn\u00e9es<\/h2>\n<p><!-- \/wp:heading --><\/p>\n<p><!-- wp:paragraph --><\/p>\n<p><strong>Note g\u00e9n\u00e9rale<\/strong><\/p>\n<p><!-- \/wp:paragraph --><\/p>\n<p><!-- wp:paragraph --><\/p>\n<p>Conform\u00e9ment \u00e0 l'article 13 de la Constitution f\u00e9d\u00e9rale suisse et aux dispositions de protection des donn\u00e9es de la Loi f\u00e9d\u00e9rale (Loi sur la protection des donn\u00e9es, LPD), toute personne a droit \u00e0 la protection de sa vie priv\u00e9e et \u00e0 la protection contre l'abus de ses donn\u00e9es personnelles. Les exploitants de ces pages accordent une grande importance \u00e0 la protection de vos donn\u00e9es personnelles. Nous traitons vos donn\u00e9es personnelles de mani\u00e8re confidentielle et conform\u00e9ment aux r\u00e9glementations l\u00e9gales en mati\u00e8re de protection des donn\u00e9es ainsi qu'\u00e0 la pr\u00e9sente politique de confidentialit\u00e9.<\/p>\n<p><!-- \/wp:paragraph --><\/p>\n<p><!-- wp:paragraph --><\/p>\n<p>En collaboration avec nos fournisseurs d'h\u00e9bergement, nous nous effor\u00e7ons de prot\u00e9ger les bases de donn\u00e9es autant que possible contre les acc\u00e8s non autoris\u00e9s, les pertes, les abus ou les contrefa\u00e7ons.<\/p>\n<p><!-- \/wp:paragraph --><\/p>\n<p><!-- wp:paragraph --><\/p>\n<p>Nous tenons \u00e0 souligner que la transmission de donn\u00e9es sur Internet (par exemple, la communication par courrier \u00e9lectronique) peut pr\u00e9senter des vuln\u00e9rabilit\u00e9s en mati\u00e8re de s\u00e9curit\u00e9. Une protection compl\u00e8te des donn\u00e9es contre l'acc\u00e8s par des tiers n'est pas possible.<\/p>\n<p><!-- \/wp:paragraph --><\/p>\n<p><!-- wp:paragraph --><\/p>\n<p>En utilisant ce site Web, vous acceptez la collecte, le traitement et l'utilisation des donn\u00e9es conform\u00e9ment \u00e0 la description suivante. Ce site Web peut g\u00e9n\u00e9ralement \u00eatre visit\u00e9 sans inscription. Des donn\u00e9es telles que les pages consult\u00e9es ou les noms des fichiers consult\u00e9s, la date et l'heure sont stock\u00e9es sur le serveur \u00e0 des fins statistiques, sans que ces donn\u00e9es ne soient directement li\u00e9es \u00e0 votre personne. Les donn\u00e9es personnelles, en particulier le nom, l'adresse ou l'adresse \u00e9lectronique, sont collect\u00e9es sur une base volontaire dans la mesure du possible. Aucune donn\u00e9e ne sera transmise \u00e0 des tiers sans votre consentement.<\/p>\n<p><!-- \/wp:paragraph --><\/p>\n<p><!-- wp:paragraph --><\/p>\n<p><strong>Traitement des donn\u00e9es personnelles<\/strong><\/p>\n<p><!-- \/wp:paragraph --><\/p>\n<p><!-- wp:paragraph --><\/p>\n<p>En utilisant ce site Web, vous acceptez la collecte, le traitement et l'utilisation des donn\u00e9es conform\u00e9ment \u00e0 la description suivante. Ce site Web peut g\u00e9n\u00e9ralement \u00eatre visit\u00e9 sans inscription. Des donn\u00e9es telles que les pages consult\u00e9es ou les noms des fichiers consult\u00e9s, la date et l'heure sont stock\u00e9es sur le serveur \u00e0 des fins statistiques, sans que ces donn\u00e9es ne soient directement li\u00e9es \u00e0 votre personne. Les donn\u00e9es personnelles, en particulier le nom, l'adresse ou l'adresse \u00e9lectronique, sont collect\u00e9es sur une base volontaire dans la mesure du possible. Aucune donn\u00e9e ne sera transmise \u00e0 des tiers sans votre consentement.<br>Wir bearbeiten Personendaten im Einklang mit dem schweizerischen Datenschutzrecht.<br>Wir bearbeiten Personendaten f\u00fcr jene Dauer, die f\u00fcr den jeweiligen Zweck oder die jeweiligen Zwecke erforderlich ist. Bei l\u00e4nger dauernden Aufbewahrungspflichten aufgrund von gesetzlichen und sonstigen Pflichten, denen wir unterliegen, schr\u00e4nken wir die Bearbeitung entsprechend ein.<\/p>\n<p><!-- \/wp:paragraph --><\/p>\n<p><!-- wp:paragraph --><\/p>\n<p><strong>D\u00e9claration de confidentialit\u00e9 pour le formulaire de contact<\/strong><\/p>\n<p><!-- \/wp:paragraph --><\/p>\n<p><!-- wp:paragraph --><\/p>\n<p>Si vous nous envoyez des demandes via le formulaire de contact, les informations du formulaire de demande, y compris les coordonn\u00e9es que vous avez fournies, seront stock\u00e9es par nos soins dans le but de traiter la demande et de r\u00e9pondre \u00e0 d'\u00e9ventuelles questions ult\u00e9rieures. Nous ne partageons pas ces donn\u00e9es sans votre consentement.<\/p>\n<p><!-- \/wp:paragraph --><\/p>\t\t\t\t\t\t<\/div>\n\t\t\t\t<\/div>\n\t\t\t\t\t<\/div>\n\t\t<\/div>\n\t\t\t\t\t<\/div>\n\t\t<\/section>\n\t\t\t\t<\/div>","protected":false},"excerpt":{"rendered":"<p>Impressum Kontakt-Adresse Freunde der Verfassung3000 Bern Paket-Post-Adresse Freunde der VerfassungGewerbestrasse 2Postfach 2274528 Zuchwil E-Mail:&nbsp;sekretariat@verfassungsfreunde.ch Vertretungsberechtigte Person(en) Dr. Roland B\u00fchlmann \u2013 Pr\u00e4sidium Datenschutz Allgemeiner Hinweis Gest\u00fctzt auf Artikel 13 der schweizerischen Bundesverfassung und den datenschutzrechtlichen Bestimmungen des Bundes (Datenschutzgesetz, DSG) hat jede Person Anspruch auf Schutz ihrer Privatsph\u00e4re sowie auf Schutz vor Missbrauch ihrer pers\u00f6nlichen Daten. [&hellip;]<\/p>","protected":false},"author":1,"featured_media":0,"parent":0,"menu_order":0,"comment_status":"closed","ping_status":"open","template":"","meta":{"_acf_changed":false,"footnotes":""},"class_list":["post-3","page","type-page","status-publish","hentry"],"blocksy_meta":[],"acf":[],"yoast_head":"<!-- This site is optimized with the Yoast SEO plugin v22.8 - https:\/\/yoast.com\/wordpress\/plugins\/seo\/ -->\n<title>Impressum &amp; Datenschutz - 100k<\/title>\n<meta name=\"robots\" content=\"index, follow, max-snippet:-1, max-image-preview:large, max-video-preview:-1\" \/>\n<link rel=\"canonical\" href=\"https:\/\/100k.verfassungsfreunde.ch\/fr\/impressum-datenschutz\/\" \/>\n<meta property=\"og:locale\" content=\"fr_FR\" \/>\n<meta property=\"og:type\" content=\"article\" \/>\n<meta property=\"og:title\" content=\"Impressum &amp; Datenschutz - 100k\" \/>\n<meta property=\"og:description\" content=\"Impressum Kontakt-Adresse Freunde der Verfassung3000 Bern Paket-Post-Adresse Freunde der VerfassungGewerbestrasse 2Postfach 2274528 Zuchwil E-Mail:&nbsp;sekretariat@verfassungsfreunde.ch Vertretungsberechtigte Person(en) Dr. Roland B\u00fchlmann \u2013 Pr\u00e4sidium Datenschutz Allgemeiner Hinweis Gest\u00fctzt auf Artikel 13 der schweizerischen Bundesverfassung und den datenschutzrechtlichen Bestimmungen des Bundes (Datenschutzgesetz, DSG) hat jede Person Anspruch auf Schutz ihrer Privatsph\u00e4re sowie auf Schutz vor Missbrauch ihrer pers\u00f6nlichen Daten. [&hellip;]\" \/>\n<meta property=\"og:url\" content=\"https:\/\/100k.verfassungsfreunde.ch\/fr\/impressum-datenschutz\/\" \/>\n<meta property=\"og:site_name\" content=\"100k\" \/>\n<meta property=\"article:publisher\" content=\"https:\/\/www.facebook.com\/verfassungsfreunde.ch\" \/>\n<meta property=\"article:modified_time\" content=\"2023-08-15T13:23:09+00:00\" \/>\n<meta property=\"og:image\" content=\"https:\/\/test.100k.verfassungsfreunde.ch\/wp-content\/uploads\/2023\/07\/FdV_Logo_Taube-1024x962.png\" \/>\n<meta name=\"twitter:card\" content=\"summary_large_image\" \/>\n<meta name=\"twitter:site\" content=\"@FdVerfassung\" \/>\n<meta name=\"twitter:label1\" content=\"Dur\u00e9e de lecture estim\u00e9e\" \/>\n\t<meta name=\"twitter:data1\" content=\"3 minutes\" \/>\n<script type=\"application\/ld+json\" class=\"yoast-schema-graph\">{\"@context\":\"https:\/\/schema.org\",\"@graph\":[{\"@type\":\"WebPage\",\"@id\":\"https:\/\/100k.verfassungsfreunde.ch\/impressum-datenschutz\/\",\"url\":\"https:\/\/100k.verfassungsfreunde.ch\/impressum-datenschutz\/\",\"name\":\"Impressum &amp; Datenschutz - 100k\",\"isPartOf\":{\"@id\":\"https:\/\/100k.verfassungsfreunde.ch\/#website\"},\"primaryImageOfPage\":{\"@id\":\"https:\/\/100k.verfassungsfreunde.ch\/impressum-datenschutz\/#primaryimage\"},\"image\":{\"@id\":\"https:\/\/100k.verfassungsfreunde.ch\/impressum-datenschutz\/#primaryimage\"},\"thumbnailUrl\":\"https:\/\/test.100k.verfassungsfreunde.ch\/wp-content\/uploads\/2023\/07\/FdV_Logo_Taube-1024x962.png\",\"datePublished\":\"2023-07-19T10:07:19+00:00\",\"dateModified\":\"2023-08-15T13:23:09+00:00\",\"breadcrumb\":{\"@id\":\"https:\/\/100k.verfassungsfreunde.ch\/impressum-datenschutz\/#breadcrumb\"},\"inLanguage\":\"fr-FR\",\"potentialAction\":[{\"@type\":\"ReadAction\",\"target\":[\"https:\/\/100k.verfassungsfreunde.ch\/impressum-datenschutz\/\"]}]},{\"@type\":\"ImageObject\",\"inLanguage\":\"fr-FR\",\"@id\":\"https:\/\/100k.verfassungsfreunde.ch\/impressum-datenschutz\/#primaryimage\",\"url\":\"https:\/\/test.100k.verfassungsfreunde.ch\/wp-content\/uploads\/2023\/07\/FdV_Logo_Taube-1024x962.png\",\"contentUrl\":\"https:\/\/test.100k.verfassungsfreunde.ch\/wp-content\/uploads\/2023\/07\/FdV_Logo_Taube-1024x962.png\"},{\"@type\":\"BreadcrumbList\",\"@id\":\"https:\/\/100k.verfassungsfreunde.ch\/impressum-datenschutz\/#breadcrumb\",\"itemListElement\":[{\"@type\":\"ListItem\",\"position\":1,\"name\":\"Home\",\"item\":\"https:\/\/100k.verfassungsfreunde.ch\/\"},{\"@type\":\"ListItem\",\"position\":2,\"name\":\"Impressum &amp; Datenschutz\"}]},{\"@type\":\"WebSite\",\"@id\":\"https:\/\/100k.verfassungsfreunde.ch\/#website\",\"url\":\"https:\/\/100k.verfassungsfreunde.ch\/\",\"name\":\"100k\",\"description\":\"\",\"publisher\":{\"@id\":\"https:\/\/100k.verfassungsfreunde.ch\/#organization\"},\"potentialAction\":[{\"@type\":\"SearchAction\",\"target\":{\"@type\":\"EntryPoint\",\"urlTemplate\":\"https:\/\/100k.verfassungsfreunde.ch\/?s={search_term_string}\"},\"query-input\":\"required name=search_term_string\"}],\"inLanguage\":\"fr-FR\"},{\"@type\":\"Organization\",\"@id\":\"https:\/\/100k.verfassungsfreunde.ch\/#organization\",\"name\":\"100k\",\"url\":\"https:\/\/100k.verfassungsfreunde.ch\/\",\"logo\":{\"@type\":\"ImageObject\",\"inLanguage\":\"fr-FR\",\"@id\":\"https:\/\/100k.verfassungsfreunde.ch\/#\/schema\/logo\/image\/\",\"url\":\"https:\/\/100k.verfassungsfreunde.ch\/wp-content\/uploads\/2024\/05\/100k_Logo.png\",\"contentUrl\":\"https:\/\/100k.verfassungsfreunde.ch\/wp-content\/uploads\/2024\/05\/100k_Logo.png\",\"width\":1327,\"height\":683,\"caption\":\"100k\"},\"image\":{\"@id\":\"https:\/\/100k.verfassungsfreunde.ch\/#\/schema\/logo\/image\/\"},\"sameAs\":[\"https:\/\/www.facebook.com\/verfassungsfreunde.ch\",\"https:\/\/x.com\/FdVerfassung\"]}]}<\/script>\n<!-- \/ Yoast SEO plugin. -->","yoast_head_json":{"title":"Impressum &amp; Datenschutz - 100k","robots":{"index":"index","follow":"follow","max-snippet":"max-snippet:-1","max-image-preview":"max-image-preview:large","max-video-preview":"max-video-preview:-1"},"canonical":"https:\/\/100k.verfassungsfreunde.ch\/fr\/impressum-datenschutz\/","og_locale":"fr_FR","og_type":"article","og_title":"Impressum &amp; Datenschutz - 100k","og_description":"Impressum Kontakt-Adresse Freunde der Verfassung3000 Bern Paket-Post-Adresse Freunde der VerfassungGewerbestrasse 2Postfach 2274528 Zuchwil E-Mail:&nbsp;sekretariat@verfassungsfreunde.ch Vertretungsberechtigte Person(en) Dr. Roland B\u00fchlmann \u2013 Pr\u00e4sidium Datenschutz Allgemeiner Hinweis Gest\u00fctzt auf Artikel 13 der schweizerischen Bundesverfassung und den datenschutzrechtlichen Bestimmungen des Bundes (Datenschutzgesetz, DSG) hat jede Person Anspruch auf Schutz ihrer Privatsph\u00e4re sowie auf Schutz vor Missbrauch ihrer pers\u00f6nlichen Daten. [&hellip;]","og_url":"https:\/\/100k.verfassungsfreunde.ch\/fr\/impressum-datenschutz\/","og_site_name":"100k","article_publisher":"https:\/\/www.facebook.com\/verfassungsfreunde.ch","article_modified_time":"2023-08-15T13:23:09+00:00","og_image":[{"url":"https:\/\/test.100k.verfassungsfreunde.ch\/wp-content\/uploads\/2023\/07\/FdV_Logo_Taube-1024x962.png"}],"twitter_card":"summary_large_image","twitter_site":"@FdVerfassung","twitter_misc":{"Dur\u00e9e de lecture estim\u00e9e":"3 minutes"},"schema":{"@context":"https:\/\/schema.org","@graph":[{"@type":"WebPage","@id":"https:\/\/100k.verfassungsfreunde.ch\/impressum-datenschutz\/","url":"https:\/\/100k.verfassungsfreunde.ch\/impressum-datenschutz\/","name":"Impressum &amp; Datenschutz - 100k","isPartOf":{"@id":"https:\/\/100k.verfassungsfreunde.ch\/#website"},"primaryImageOfPage":{"@id":"https:\/\/100k.verfassungsfreunde.ch\/impressum-datenschutz\/#primaryimage"},"image":{"@id":"https:\/\/100k.verfassungsfreunde.ch\/impressum-datenschutz\/#primaryimage"},"thumbnailUrl":"https:\/\/test.100k.verfassungsfreunde.ch\/wp-content\/uploads\/2023\/07\/FdV_Logo_Taube-1024x962.png","datePublished":"2023-07-19T10:07:19+00:00","dateModified":"2023-08-15T13:23:09+00:00","breadcrumb":{"@id":"https:\/\/100k.verfassungsfreunde.ch\/impressum-datenschutz\/#breadcrumb"},"inLanguage":"fr-FR","potentialAction":[{"@type":"ReadAction","target":["https:\/\/100k.verfassungsfreunde.ch\/impressum-datenschutz\/"]}]},{"@type":"ImageObject","inLanguage":"fr-FR","@id":"https:\/\/100k.verfassungsfreunde.ch\/impressum-datenschutz\/#primaryimage","url":"https:\/\/test.100k.verfassungsfreunde.ch\/wp-content\/uploads\/2023\/07\/FdV_Logo_Taube-1024x962.png","contentUrl":"https:\/\/test.100k.verfassungsfreunde.ch\/wp-content\/uploads\/2023\/07\/FdV_Logo_Taube-1024x962.png"},{"@type":"BreadcrumbList","@id":"https:\/\/100k.verfassungsfreunde.ch\/impressum-datenschutz\/#breadcrumb","itemListElement":[{"@type":"ListItem","position":1,"name":"Home","item":"https:\/\/100k.verfassungsfreunde.ch\/"},{"@type":"ListItem","position":2,"name":"Impressum &amp; Datenschutz"}]},{"@type":"WebSite","@id":"https:\/\/100k.verfassungsfreunde.ch\/#website","url":"https:\/\/100k.verfassungsfreunde.ch\/","name":"100k","description":"","publisher":{"@id":"https:\/\/100k.verfassungsfreunde.ch\/#organization"},"potentialAction":[{"@type":"SearchAction","target":{"@type":"EntryPoint","urlTemplate":"https:\/\/100k.verfassungsfreunde.ch\/?s={search_term_string}"},"query-input":"required name=search_term_string"}],"inLanguage":"fr-FR"},{"@type":"Organization","@id":"https:\/\/100k.verfassungsfreunde.ch\/#organization","name":"100k","url":"https:\/\/100k.verfassungsfreunde.ch\/","logo":{"@type":"ImageObject","inLanguage":"fr-FR","@id":"https:\/\/100k.verfassungsfreunde.ch\/#\/schema\/logo\/image\/","url":"https:\/\/100k.verfassungsfreunde.ch\/wp-content\/uploads\/2024\/05\/100k_Logo.png","contentUrl":"https:\/\/100k.verfassungsfreunde.ch\/wp-content\/uploads\/2024\/05\/100k_Logo.png","width":1327,"height":683,"caption":"100k"},"image":{"@id":"https:\/\/100k.verfassungsfreunde.ch\/#\/schema\/logo\/image\/"},"sameAs":["https:\/\/www.facebook.com\/verfassungsfreunde.ch","https:\/\/x.com\/FdVerfassung"]}]}},"_links":{"self":[{"href":"https:\/\/100k.verfassungsfreunde.ch\/fr\/wp-json\/wp\/v2\/pages\/3","targetHints":{"allow":["GET"]}}],"collection":[{"href":"https:\/\/100k.verfassungsfreunde.ch\/fr\/wp-json\/wp\/v2\/pages"}],"about":[{"href":"https:\/\/100k.verfassungsfreunde.ch\/fr\/wp-json\/wp\/v2\/types\/page"}],"author":[{"embeddable":true,"href":"https:\/\/100k.verfassungsfreunde.ch\/fr\/wp-json\/wp\/v2\/users\/1"}],"replies":[{"embeddable":true,"href":"https:\/\/100k.verfassungsfreunde.ch\/fr\/wp-json\/wp\/v2\/comments?post=3"}],"version-history":[{"count":6,"href":"https:\/\/100k.verfassungsfreunde.ch\/fr\/wp-json\/wp\/v2\/pages\/3\/revisions"}],"predecessor-version":[{"id":2178,"href":"https:\/\/100k.verfassungsfreunde.ch\/fr\/wp-json\/wp\/v2\/pages\/3\/revisions\/2178"}],"wp:attachment":[{"href":"https:\/\/100k.verfassungsfreunde.ch\/fr\/wp-json\/wp\/v2\/media?parent=3"}],"curies":[{"name":"wp","href":"https:\/\/api.w.org\/{rel}","templated":true}]}}