{"id":2067,"date":"2023-08-10T17:37:29","date_gmt":"2023-08-10T15:37:29","guid":{"rendered":"https:\/\/test.100k.verfassungsfreunde.ch\/?page_id=2067"},"modified":"2023-08-15T15:13:13","modified_gmt":"2023-08-15T13:13:13","slug":"willkommen-bei-den-100k","status":"publish","type":"page","link":"https:\/\/100k.verfassungsfreunde.ch\/fr\/willkommen-bei-den-100k\/","title":{"rendered":"Bienvenue chez 100k"},"content":{"rendered":"<div data-elementor-type=\"wp-page\" data-elementor-id=\"2067\" class=\"elementor elementor-2067\" data-elementor-post-type=\"page\">\n\t\t\t\t<div class=\"elementor-element elementor-element-1ec0ae7 e-flex e-con-boxed e-con e-parent\" data-id=\"1ec0ae7\" data-element_type=\"container\">\n\t\t\t\t\t<div class=\"e-con-inner\">\n\t\t\t\t<div class=\"elementor-element elementor-element-ecb7397 elementor-widget elementor-widget-text-editor\" data-id=\"ecb7397\" data-element_type=\"widget\" data-widget_type=\"text-editor.default\">\n\t\t\t\t<div class=\"elementor-widget-container\">\n\t\t\t<style>\/*! elementor - v3.21.0 - 26-05-2024 *\/\n.elementor-widget-text-editor.elementor-drop-cap-view-stacked .elementor-drop-cap{background-color:#69727d;color:#fff}.elementor-widget-text-editor.elementor-drop-cap-view-framed .elementor-drop-cap{color:#69727d;border:3px solid;background-color:transparent}.elementor-widget-text-editor:not(.elementor-drop-cap-view-default) .elementor-drop-cap{margin-top:8px}.elementor-widget-text-editor:not(.elementor-drop-cap-view-default) .elementor-drop-cap-letter{width:1em;height:1em}.elementor-widget-text-editor .elementor-drop-cap{float:left;text-align:center;line-height:1;font-size:50px}.elementor-widget-text-editor .elementor-drop-cap-letter{display:inline-block}<\/style>\t\t\t\t<p><strong>Merci beaucoup pour votre inscription \u00e0 <i>100k<\/i> \u2013 le groupe d'action pour la promotion de la d\u00e9mocratie directe. <\/strong><\/p><p><strong>Nous sommes heureux de t'accueillir en tant que partisan.<\/strong><\/p>\t\t\t\t\t\t<\/div>\n\t\t\t\t<\/div>\n\t\t\t\t<div class=\"elementor-element elementor-element-f3b3718 elementor-widget elementor-widget-text-editor\" data-id=\"f3b3718\" data-element_type=\"widget\" data-widget_type=\"text-editor.default\">\n\t\t\t\t<div class=\"elementor-widget-container\">\n\t\t\t\t\t\t\t<p>Tu as franchi le premier pas pour renforcer la d\u00e9mocratie directe. Avec ton inscription, tu fais partie de notre mouvement citoyen qui milite pour la participation active des individus au processus politique.<br \/><br \/>Nous te remercions de ton engagement et de ton soutien !<\/p>\t\t\t\t\t\t<\/div>\n\t\t\t\t<\/div>\n\t\t\t\t\t<\/div>\n\t\t\t\t<\/div>\n\t\t<div class=\"elementor-element elementor-element-8f11df5 elementor-hidden-mobile e-flex e-con-boxed e-con e-parent\" data-id=\"8f11df5\" data-element_type=\"container\" data-settings=\"{&quot;shape_divider_bottom&quot;:&quot;opacity-tilt&quot;}\">\n\t\t\t\t\t<div class=\"e-con-inner\">\n\t\t\t\t<div class=\"elementor-shape elementor-shape-bottom\" data-negative=\"false\">\n\t\t\t<svg xmlns=\"http:\/\/www.w3.org\/2000\/svg\" viewbox=\"0 0 2600 131.1\" preserveaspectratio=\"none\">\n\t<path class=\"elementor-shape-fill\" d=\"M0 0L2600 0 2600 69.1 0 0z\"\/>\n\t<path class=\"elementor-shape-fill\" style=\"opacity:0.5\" d=\"M0 0L2600 0 2600 69.1 0 69.1z\"\/>\n\t<path class=\"elementor-shape-fill\" style=\"opacity:0.25\" d=\"M2600 0L0 0 0 130.1 2600 69.1z\"\/>\n<\/svg>\t\t<\/div>\n\t\t<div class=\"elementor-element elementor-element-3f2601d e-con-full e-flex e-con e-parent\" data-id=\"3f2601d\" data-element_type=\"container\">\n\t\t\t\t<div class=\"elementor-element elementor-element-d16a666 elementor-widget elementor-widget-image\" data-id=\"d16a666\" data-element_type=\"widget\" data-widget_type=\"image.default\">\n\t\t\t\t<div class=\"elementor-widget-container\">\n\t\t\t<style>\/*! elementor - v3.21.0 - 26-05-2024 *\/\n.elementor-widget-image{text-align:center}.elementor-widget-image a{display:inline-block}.elementor-widget-image a img[src$=\".svg\"]{width:48px}.elementor-widget-image img{vertical-align:middle;display:inline-block}<\/style>\t\t\t\t\t\t\t\t\t\t<img fetchpriority=\"high\" decoding=\"async\" width=\"508\" height=\"1024\" src=\"https:\/\/100k.verfassungsfreunde.ch\/wp-content\/uploads\/2023\/07\/Element-155-e1690551614285-508x1024.png\" class=\"attachment-large size-large wp-image-1649\" alt=\"\" srcset=\"https:\/\/100k.verfassungsfreunde.ch\/wp-content\/uploads\/2023\/07\/Element-155-e1690551614285-508x1024.png 508w, https:\/\/100k.verfassungsfreunde.ch\/wp-content\/uploads\/2023\/07\/Element-155-e1690551614285-149x300.png 149w, https:\/\/100k.verfassungsfreunde.ch\/wp-content\/uploads\/2023\/07\/Element-155-e1690551614285.png 747w\" sizes=\"(max-width: 508px) 100vw, 508px\" \/>\t\t\t\t\t\t\t\t\t\t\t\t\t<\/div>\n\t\t\t\t<\/div>\n\t\t\t\t<\/div>\n\t\t<div class=\"elementor-element elementor-element-8213aa8 e-con-full e-flex e-con e-parent\" data-id=\"8213aa8\" data-element_type=\"container\">\n\t\t\t\t<div class=\"elementor-element elementor-element-9e09d46 elementor-widget elementor-widget-image\" data-id=\"9e09d46\" data-element_type=\"widget\" data-widget_type=\"image.default\">\n\t\t\t\t<div class=\"elementor-widget-container\">\n\t\t\t\t\t\t\t\t\t\t\t\t\t<img decoding=\"async\" width=\"451\" height=\"1024\" src=\"https:\/\/100k.verfassungsfreunde.ch\/wp-content\/uploads\/2023\/07\/Element-255-e1690551598903-451x1024.png\" class=\"attachment-large size-large wp-image-1650\" alt=\"\" srcset=\"https:\/\/100k.verfassungsfreunde.ch\/wp-content\/uploads\/2023\/07\/Element-255-e1690551598903-451x1024.png 451w, https:\/\/100k.verfassungsfreunde.ch\/wp-content\/uploads\/2023\/07\/Element-255-e1690551598903-132x300.png 132w, https:\/\/100k.verfassungsfreunde.ch\/wp-content\/uploads\/2023\/07\/Element-255-e1690551598903-768x1745.png 768w, https:\/\/100k.verfassungsfreunde.ch\/wp-content\/uploads\/2023\/07\/Element-255-e1690551598903-676x1536.png 676w, https:\/\/100k.verfassungsfreunde.ch\/wp-content\/uploads\/2023\/07\/Element-255-e1690551598903-901x2048.png 901w, https:\/\/100k.verfassungsfreunde.ch\/wp-content\/uploads\/2023\/07\/Element-255-e1690551598903.png 928w\" sizes=\"(max-width: 451px) 100vw, 451px\" \/>\t\t\t\t\t\t\t\t\t\t\t\t\t<\/div>\n\t\t\t\t<\/div>\n\t\t\t\t<\/div>\n\t\t<div class=\"elementor-element elementor-element-4e10b34 e-con-full e-flex e-con e-parent\" data-id=\"4e10b34\" data-element_type=\"container\">\n\t\t\t\t<div class=\"elementor-element elementor-element-d8f75c1 elementor-widget elementor-widget-image\" data-id=\"d8f75c1\" data-element_type=\"widget\" data-widget_type=\"image.default\">\n\t\t\t\t<div class=\"elementor-widget-container\">\n\t\t\t\t\t\t\t\t\t\t\t\t\t<img decoding=\"async\" width=\"543\" height=\"1024\" src=\"https:\/\/100k.verfassungsfreunde.ch\/wp-content\/uploads\/2023\/07\/Element-355-e1690551583262-543x1024.png\" class=\"attachment-large size-large wp-image-1651\" alt=\"\" srcset=\"https:\/\/100k.verfassungsfreunde.ch\/wp-content\/uploads\/2023\/07\/Element-355-e1690551583262-543x1024.png 543w, https:\/\/100k.verfassungsfreunde.ch\/wp-content\/uploads\/2023\/07\/Element-355-e1690551583262-159x300.png 159w, https:\/\/100k.verfassungsfreunde.ch\/wp-content\/uploads\/2023\/07\/Element-355-e1690551583262-768x1449.png 768w, https:\/\/100k.verfassungsfreunde.ch\/wp-content\/uploads\/2023\/07\/Element-355-e1690551583262.png 784w\" sizes=\"(max-width: 543px) 100vw, 543px\" \/>\t\t\t\t\t\t\t\t\t\t\t\t\t<\/div>\n\t\t\t\t<\/div>\n\t\t\t\t<\/div>\n\t\t<div class=\"elementor-element elementor-element-64ff477 e-con-full e-flex e-con e-parent\" data-id=\"64ff477\" data-element_type=\"container\">\n\t\t\t\t<div class=\"elementor-element elementor-element-2f200a1 elementor-widget elementor-widget-image\" data-id=\"2f200a1\" data-element_type=\"widget\" data-widget_type=\"image.default\">\n\t\t\t\t<div class=\"elementor-widget-container\">\n\t\t\t\t\t\t\t\t\t\t\t\t\t<img loading=\"lazy\" decoding=\"async\" width=\"490\" height=\"1024\" src=\"https:\/\/100k.verfassungsfreunde.ch\/wp-content\/uploads\/2023\/07\/Element-455-e1690551570662-490x1024.png\" class=\"attachment-large size-large wp-image-1652\" alt=\"\" srcset=\"https:\/\/100k.verfassungsfreunde.ch\/wp-content\/uploads\/2023\/07\/Element-455-e1690551570662-490x1024.png 490w, https:\/\/100k.verfassungsfreunde.ch\/wp-content\/uploads\/2023\/07\/Element-455-e1690551570662-144x300.png 144w, https:\/\/100k.verfassungsfreunde.ch\/wp-content\/uploads\/2023\/07\/Element-455-e1690551570662.png 619w\" sizes=\"(max-width: 490px) 100vw, 490px\" \/>\t\t\t\t\t\t\t\t\t\t\t\t\t<\/div>\n\t\t\t\t<\/div>\n\t\t\t\t<\/div>\n\t\t<div class=\"elementor-element elementor-element-46c1af7 e-con-full e-flex e-con e-parent\" data-id=\"46c1af7\" data-element_type=\"container\">\n\t\t\t\t<div class=\"elementor-element elementor-element-b86534a elementor-widget elementor-widget-image\" data-id=\"b86534a\" data-element_type=\"widget\" data-widget_type=\"image.default\">\n\t\t\t\t<div class=\"elementor-widget-container\">\n\t\t\t\t\t\t\t\t\t\t\t\t\t<img loading=\"lazy\" decoding=\"async\" width=\"426\" height=\"1024\" src=\"https:\/\/100k.verfassungsfreunde.ch\/wp-content\/uploads\/2023\/07\/Element-555-e1690551555551-426x1024.png\" class=\"attachment-large size-large wp-image-1653\" alt=\"\" srcset=\"https:\/\/100k.verfassungsfreunde.ch\/wp-content\/uploads\/2023\/07\/Element-555-e1690551555551-426x1024.png 426w, https:\/\/100k.verfassungsfreunde.ch\/wp-content\/uploads\/2023\/07\/Element-555-e1690551555551-125x300.png 125w, https:\/\/100k.verfassungsfreunde.ch\/wp-content\/uploads\/2023\/07\/Element-555-e1690551555551-768x1848.png 768w, https:\/\/100k.verfassungsfreunde.ch\/wp-content\/uploads\/2023\/07\/Element-555-e1690551555551.png 780w\" sizes=\"(max-width: 426px) 100vw, 426px\" \/>\t\t\t\t\t\t\t\t\t\t\t\t\t<\/div>\n\t\t\t\t<\/div>\n\t\t\t\t<\/div>\n\t\t<div class=\"elementor-element elementor-element-6c41198 e-con-full e-flex e-con e-parent\" data-id=\"6c41198\" data-element_type=\"container\">\n\t\t\t\t<div class=\"elementor-element elementor-element-87da3b5 elementor-widget elementor-widget-image\" data-id=\"87da3b5\" data-element_type=\"widget\" data-widget_type=\"image.default\">\n\t\t\t\t<div class=\"elementor-widget-container\">\n\t\t\t\t\t\t\t\t\t\t\t\t\t<img loading=\"lazy\" decoding=\"async\" width=\"505\" height=\"1024\" src=\"https:\/\/100k.verfassungsfreunde.ch\/wp-content\/uploads\/2023\/07\/Element-655-e1690551539409-505x1024.png\" class=\"attachment-large size-large wp-image-1654\" alt=\"\" srcset=\"https:\/\/100k.verfassungsfreunde.ch\/wp-content\/uploads\/2023\/07\/Element-655-e1690551539409-505x1024.png 505w, https:\/\/100k.verfassungsfreunde.ch\/wp-content\/uploads\/2023\/07\/Element-655-e1690551539409-148x300.png 148w, https:\/\/100k.verfassungsfreunde.ch\/wp-content\/uploads\/2023\/07\/Element-655-e1690551539409.png 682w\" sizes=\"(max-width: 505px) 100vw, 505px\" \/>\t\t\t\t\t\t\t\t\t\t\t\t\t<\/div>\n\t\t\t\t<\/div>\n\t\t\t\t<\/div>\n\t\t<div class=\"elementor-element elementor-element-d4176cc e-con-full e-flex e-con e-parent\" data-id=\"d4176cc\" data-element_type=\"container\">\n\t\t\t\t<div class=\"elementor-element elementor-element-f49a382 elementor-widget elementor-widget-image\" data-id=\"f49a382\" data-element_type=\"widget\" data-widget_type=\"image.default\">\n\t\t\t\t<div class=\"elementor-widget-container\">\n\t\t\t\t\t\t\t\t\t\t\t\t\t<img loading=\"lazy\" decoding=\"async\" width=\"456\" height=\"1024\" src=\"https:\/\/100k.verfassungsfreunde.ch\/wp-content\/uploads\/2023\/07\/Element-755-e1690551507186-456x1024.png\" class=\"attachment-large size-large wp-image-1655\" alt=\"\" srcset=\"https:\/\/100k.verfassungsfreunde.ch\/wp-content\/uploads\/2023\/07\/Element-755-e1690551507186-456x1024.png 456w, https:\/\/100k.verfassungsfreunde.ch\/wp-content\/uploads\/2023\/07\/Element-755-e1690551507186-134x300.png 134w, https:\/\/100k.verfassungsfreunde.ch\/wp-content\/uploads\/2023\/07\/Element-755-e1690551507186-768x1724.png 768w, https:\/\/100k.verfassungsfreunde.ch\/wp-content\/uploads\/2023\/07\/Element-755-e1690551507186-684x1536.png 684w, https:\/\/100k.verfassungsfreunde.ch\/wp-content\/uploads\/2023\/07\/Element-755-e1690551507186.png 909w\" sizes=\"(max-width: 456px) 100vw, 456px\" \/>\t\t\t\t\t\t\t\t\t\t\t\t\t<\/div>\n\t\t\t\t<\/div>\n\t\t\t\t<\/div>\n\t\t<div class=\"elementor-element elementor-element-fff68aa e-con-full e-flex e-con e-parent\" data-id=\"fff68aa\" data-element_type=\"container\">\n\t\t\t\t<div class=\"elementor-element elementor-element-f9ff3ef elementor-widget elementor-widget-image\" data-id=\"f9ff3ef\" data-element_type=\"widget\" data-widget_type=\"image.default\">\n\t\t\t\t<div class=\"elementor-widget-container\">\n\t\t\t\t\t\t\t\t\t\t\t\t\t<img loading=\"lazy\" decoding=\"async\" width=\"663\" height=\"1024\" src=\"https:\/\/100k.verfassungsfreunde.ch\/wp-content\/uploads\/2023\/07\/Element-855-e1690551490405-663x1024.png\" class=\"attachment-large size-large wp-image-1656\" alt=\"\" srcset=\"https:\/\/100k.verfassungsfreunde.ch\/wp-content\/uploads\/2023\/07\/Element-855-e1690551490405-663x1024.png 663w, https:\/\/100k.verfassungsfreunde.ch\/wp-content\/uploads\/2023\/07\/Element-855-e1690551490405-194x300.png 194w, https:\/\/100k.verfassungsfreunde.ch\/wp-content\/uploads\/2023\/07\/Element-855-e1690551490405-768x1185.png 768w, https:\/\/100k.verfassungsfreunde.ch\/wp-content\/uploads\/2023\/07\/Element-855-e1690551490405.png 784w\" sizes=\"(max-width: 663px) 100vw, 663px\" \/>\t\t\t\t\t\t\t\t\t\t\t\t\t<\/div>\n\t\t\t\t<\/div>\n\t\t\t\t<\/div>\n\t\t<div class=\"elementor-element elementor-element-e7606df e-con-full e-flex e-con e-parent\" data-id=\"e7606df\" data-element_type=\"container\">\n\t\t\t\t<div class=\"elementor-element elementor-element-c3830f8 elementor-widget elementor-widget-image\" data-id=\"c3830f8\" data-element_type=\"widget\" data-widget_type=\"image.default\">\n\t\t\t\t<div class=\"elementor-widget-container\">\n\t\t\t\t\t\t\t\t\t\t\t\t\t<img loading=\"lazy\" decoding=\"async\" width=\"414\" height=\"1024\" src=\"https:\/\/100k.verfassungsfreunde.ch\/wp-content\/uploads\/2023\/07\/Element-955-e1690551475654-414x1024.png\" class=\"attachment-large size-large wp-image-1657\" alt=\"\" srcset=\"https:\/\/100k.verfassungsfreunde.ch\/wp-content\/uploads\/2023\/07\/Element-955-e1690551475654-414x1024.png 414w, https:\/\/100k.verfassungsfreunde.ch\/wp-content\/uploads\/2023\/07\/Element-955-e1690551475654-121x300.png 121w, https:\/\/100k.verfassungsfreunde.ch\/wp-content\/uploads\/2023\/07\/Element-955-e1690551475654-621x1536.png 621w, https:\/\/100k.verfassungsfreunde.ch\/wp-content\/uploads\/2023\/07\/Element-955-e1690551475654.png 690w\" sizes=\"(max-width: 414px) 100vw, 414px\" \/>\t\t\t\t\t\t\t\t\t\t\t\t\t<\/div>\n\t\t\t\t<\/div>\n\t\t\t\t<\/div>\n\t\t<div class=\"elementor-element elementor-element-2226eee e-con-full e-flex e-con e-parent\" data-id=\"2226eee\" data-element_type=\"container\">\n\t\t\t\t<div class=\"elementor-element elementor-element-e66aa8f elementor-widget elementor-widget-image\" data-id=\"e66aa8f\" data-element_type=\"widget\" data-widget_type=\"image.default\">\n\t\t\t\t<div class=\"elementor-widget-container\">\n\t\t\t\t\t\t\t\t\t\t\t\t\t<img loading=\"lazy\" decoding=\"async\" width=\"490\" height=\"1024\" src=\"https:\/\/100k.verfassungsfreunde.ch\/wp-content\/uploads\/2023\/07\/Element-455-e1690551570662-490x1024.png\" class=\"attachment-large size-large wp-image-1652\" alt=\"\" srcset=\"https:\/\/100k.verfassungsfreunde.ch\/wp-content\/uploads\/2023\/07\/Element-455-e1690551570662-490x1024.png 490w, https:\/\/100k.verfassungsfreunde.ch\/wp-content\/uploads\/2023\/07\/Element-455-e1690551570662-144x300.png 144w, https:\/\/100k.verfassungsfreunde.ch\/wp-content\/uploads\/2023\/07\/Element-455-e1690551570662.png 619w\" sizes=\"(max-width: 490px) 100vw, 490px\" \/>\t\t\t\t\t\t\t\t\t\t\t\t\t<\/div>\n\t\t\t\t<\/div>\n\t\t\t\t<\/div>\n\t\t<div class=\"elementor-element elementor-element-7b60b8b e-con-full e-flex e-con e-parent\" data-id=\"7b60b8b\" data-element_type=\"container\">\n\t\t\t\t<div class=\"elementor-element elementor-element-081fd78 elementor-widget elementor-widget-image\" data-id=\"081fd78\" data-element_type=\"widget\" data-widget_type=\"image.default\">\n\t\t\t\t<div class=\"elementor-widget-container\">\n\t\t\t\t\t\t\t\t\t\t\t\t\t<img decoding=\"async\" width=\"451\" height=\"1024\" src=\"https:\/\/100k.verfassungsfreunde.ch\/wp-content\/uploads\/2023\/07\/Element-255-e1690551598903-451x1024.png\" class=\"attachment-large size-large wp-image-1650\" alt=\"\" srcset=\"https:\/\/100k.verfassungsfreunde.ch\/wp-content\/uploads\/2023\/07\/Element-255-e1690551598903-451x1024.png 451w, https:\/\/100k.verfassungsfreunde.ch\/wp-content\/uploads\/2023\/07\/Element-255-e1690551598903-132x300.png 132w, https:\/\/100k.verfassungsfreunde.ch\/wp-content\/uploads\/2023\/07\/Element-255-e1690551598903-768x1745.png 768w, https:\/\/100k.verfassungsfreunde.ch\/wp-content\/uploads\/2023\/07\/Element-255-e1690551598903-676x1536.png 676w, https:\/\/100k.verfassungsfreunde.ch\/wp-content\/uploads\/2023\/07\/Element-255-e1690551598903-901x2048.png 901w, https:\/\/100k.verfassungsfreunde.ch\/wp-content\/uploads\/2023\/07\/Element-255-e1690551598903.png 928w\" sizes=\"(max-width: 451px) 100vw, 451px\" \/>\t\t\t\t\t\t\t\t\t\t\t\t\t<\/div>\n\t\t\t\t<\/div>\n\t\t\t\t<\/div>\n\t\t<div class=\"elementor-element elementor-element-a21d638 e-con-full e-flex e-con e-parent\" data-id=\"a21d638\" data-element_type=\"container\">\n\t\t\t\t<div class=\"elementor-element elementor-element-5fcd609 elementor-widget elementor-widget-image\" data-id=\"5fcd609\" data-element_type=\"widget\" data-widget_type=\"image.default\">\n\t\t\t\t<div class=\"elementor-widget-container\">\n\t\t\t\t\t\t\t\t\t\t\t\t\t<img fetchpriority=\"high\" decoding=\"async\" width=\"508\" height=\"1024\" src=\"https:\/\/100k.verfassungsfreunde.ch\/wp-content\/uploads\/2023\/07\/Element-155-e1690551614285-508x1024.png\" class=\"attachment-large size-large wp-image-1649\" alt=\"\" srcset=\"https:\/\/100k.verfassungsfreunde.ch\/wp-content\/uploads\/2023\/07\/Element-155-e1690551614285-508x1024.png 508w, https:\/\/100k.verfassungsfreunde.ch\/wp-content\/uploads\/2023\/07\/Element-155-e1690551614285-149x300.png 149w, https:\/\/100k.verfassungsfreunde.ch\/wp-content\/uploads\/2023\/07\/Element-155-e1690551614285.png 747w\" sizes=\"(max-width: 508px) 100vw, 508px\" \/>\t\t\t\t\t\t\t\t\t\t\t\t\t<\/div>\n\t\t\t\t<\/div>\n\t\t\t\t<\/div>\n\t\t<div class=\"elementor-element elementor-element-f690384 e-con-full e-flex e-con e-parent\" data-id=\"f690384\" data-element_type=\"container\">\n\t\t\t\t<div class=\"elementor-element elementor-element-ce816e6 elementor-widget elementor-widget-image\" data-id=\"ce816e6\" data-element_type=\"widget\" data-widget_type=\"image.default\">\n\t\t\t\t<div class=\"elementor-widget-container\">\n\t\t\t\t\t\t\t\t\t\t\t\t\t<img loading=\"lazy\" decoding=\"async\" width=\"426\" height=\"1024\" src=\"https:\/\/100k.verfassungsfreunde.ch\/wp-content\/uploads\/2023\/07\/Element-555-e1690551555551-426x1024.png\" class=\"attachment-large size-large wp-image-1653\" alt=\"\" srcset=\"https:\/\/100k.verfassungsfreunde.ch\/wp-content\/uploads\/2023\/07\/Element-555-e1690551555551-426x1024.png 426w, https:\/\/100k.verfassungsfreunde.ch\/wp-content\/uploads\/2023\/07\/Element-555-e1690551555551-125x300.png 125w, https:\/\/100k.verfassungsfreunde.ch\/wp-content\/uploads\/2023\/07\/Element-555-e1690551555551-768x1848.png 768w, https:\/\/100k.verfassungsfreunde.ch\/wp-content\/uploads\/2023\/07\/Element-555-e1690551555551.png 780w\" sizes=\"(max-width: 426px) 100vw, 426px\" \/>\t\t\t\t\t\t\t\t\t\t\t\t\t<\/div>\n\t\t\t\t<\/div>\n\t\t\t\t<\/div>\n\t\t<div class=\"elementor-element elementor-element-81608fb e-con-full e-flex e-con e-parent\" data-id=\"81608fb\" data-element_type=\"container\">\n\t\t\t\t<div class=\"elementor-element elementor-element-fca635c elementor-widget elementor-widget-image\" data-id=\"fca635c\" data-element_type=\"widget\" data-widget_type=\"image.default\">\n\t\t\t\t<div class=\"elementor-widget-container\">\n\t\t\t\t\t\t\t\t\t\t\t\t\t<img decoding=\"async\" width=\"543\" height=\"1024\" src=\"https:\/\/100k.verfassungsfreunde.ch\/wp-content\/uploads\/2023\/07\/Element-355-e1690551583262-543x1024.png\" class=\"attachment-large size-large wp-image-1651\" alt=\"\" srcset=\"https:\/\/100k.verfassungsfreunde.ch\/wp-content\/uploads\/2023\/07\/Element-355-e1690551583262-543x1024.png 543w, https:\/\/100k.verfassungsfreunde.ch\/wp-content\/uploads\/2023\/07\/Element-355-e1690551583262-159x300.png 159w, https:\/\/100k.verfassungsfreunde.ch\/wp-content\/uploads\/2023\/07\/Element-355-e1690551583262-768x1449.png 768w, https:\/\/100k.verfassungsfreunde.ch\/wp-content\/uploads\/2023\/07\/Element-355-e1690551583262.png 784w\" sizes=\"(max-width: 543px) 100vw, 543px\" \/>\t\t\t\t\t\t\t\t\t\t\t\t\t<\/div>\n\t\t\t\t<\/div>\n\t\t\t\t<\/div>\n\t\t\t\t\t<\/div>\n\t\t\t\t<\/div>\n\t\t\t\t<\/div>","protected":false},"excerpt":{"rendered":"<p>Vielen Dank f\u00fcr Deine Anmeldung bei 100k &#8211; der Aktionsgruppe zur F\u00f6rderung der direkten Demokratie. Wir freuen uns, Dich als Unterst\u00fctzer\/in begr\u00fcssen zu d\u00fcrfen. Du hast den ersten Schritt getan, um die direkte Demokratie zu st\u00e4rken. Mit Deiner Anmeldung bist Du Teil unserer B\u00fcrgerbewegung, die sich f\u00fcr eine aktive Teilnahme der Menschen am politischen Prozess [&hellip;]<\/p>","protected":false},"author":1,"featured_media":0,"parent":0,"menu_order":0,"comment_status":"closed","ping_status":"closed","template":"","meta":{"_acf_changed":false,"footnotes":""},"class_list":["post-2067","page","type-page","status-publish","hentry"],"blocksy_meta":[],"acf":[],"yoast_head":"<!-- This site is optimized with the Yoast SEO plugin v22.8 - https:\/\/yoast.com\/wordpress\/plugins\/seo\/ -->\n<title>Willkommen bei 100k - 100k<\/title>\n<meta name=\"robots\" content=\"index, follow, max-snippet:-1, max-image-preview:large, max-video-preview:-1\" \/>\n<link rel=\"canonical\" href=\"https:\/\/100k.verfassungsfreunde.ch\/fr\/willkommen-bei-den-100k\/\" \/>\n<meta property=\"og:locale\" content=\"fr_FR\" \/>\n<meta property=\"og:type\" content=\"article\" \/>\n<meta property=\"og:title\" content=\"Willkommen bei 100k - 100k\" \/>\n<meta property=\"og:description\" content=\"Vielen Dank f\u00fcr Deine Anmeldung bei 100k &#8211; der Aktionsgruppe zur F\u00f6rderung der direkten Demokratie. Wir freuen uns, Dich als Unterst\u00fctzer\/in begr\u00fcssen zu d\u00fcrfen. Du hast den ersten Schritt getan, um die direkte Demokratie zu st\u00e4rken. Mit Deiner Anmeldung bist Du Teil unserer B\u00fcrgerbewegung, die sich f\u00fcr eine aktive Teilnahme der Menschen am politischen Prozess [&hellip;]\" \/>\n<meta property=\"og:url\" content=\"https:\/\/100k.verfassungsfreunde.ch\/fr\/willkommen-bei-den-100k\/\" \/>\n<meta property=\"og:site_name\" content=\"100k\" \/>\n<meta property=\"article:publisher\" content=\"https:\/\/www.facebook.com\/verfassungsfreunde.ch\" \/>\n<meta property=\"article:modified_time\" content=\"2023-08-15T13:13:13+00:00\" \/>\n<meta property=\"og:image\" content=\"https:\/\/test.100k.verfassungsfreunde.ch\/wp-content\/uploads\/2023\/07\/Element-155-e1690551614285-508x1024.png\" \/>\n<meta name=\"twitter:card\" content=\"summary_large_image\" \/>\n<meta name=\"twitter:site\" content=\"@FdVerfassung\" \/>\n<meta name=\"twitter:label1\" content=\"Dur\u00e9e de lecture estim\u00e9e\" \/>\n\t<meta name=\"twitter:data1\" content=\"4 minutes\" \/>\n<script type=\"application\/ld+json\" class=\"yoast-schema-graph\">{\"@context\":\"https:\/\/schema.org\",\"@graph\":[{\"@type\":\"WebPage\",\"@id\":\"https:\/\/100k.verfassungsfreunde.ch\/willkommen-bei-den-100k\/\",\"url\":\"https:\/\/100k.verfassungsfreunde.ch\/willkommen-bei-den-100k\/\",\"name\":\"Willkommen bei 100k - 100k\",\"isPartOf\":{\"@id\":\"https:\/\/100k.verfassungsfreunde.ch\/#website\"},\"primaryImageOfPage\":{\"@id\":\"https:\/\/100k.verfassungsfreunde.ch\/willkommen-bei-den-100k\/#primaryimage\"},\"image\":{\"@id\":\"https:\/\/100k.verfassungsfreunde.ch\/willkommen-bei-den-100k\/#primaryimage\"},\"thumbnailUrl\":\"https:\/\/test.100k.verfassungsfreunde.ch\/wp-content\/uploads\/2023\/07\/Element-155-e1690551614285-508x1024.png\",\"datePublished\":\"2023-08-10T15:37:29+00:00\",\"dateModified\":\"2023-08-15T13:13:13+00:00\",\"breadcrumb\":{\"@id\":\"https:\/\/100k.verfassungsfreunde.ch\/willkommen-bei-den-100k\/#breadcrumb\"},\"inLanguage\":\"fr-FR\",\"potentialAction\":[{\"@type\":\"ReadAction\",\"target\":[\"https:\/\/100k.verfassungsfreunde.ch\/willkommen-bei-den-100k\/\"]}]},{\"@type\":\"ImageObject\",\"inLanguage\":\"fr-FR\",\"@id\":\"https:\/\/100k.verfassungsfreunde.ch\/willkommen-bei-den-100k\/#primaryimage\",\"url\":\"https:\/\/test.100k.verfassungsfreunde.ch\/wp-content\/uploads\/2023\/07\/Element-155-e1690551614285-508x1024.png\",\"contentUrl\":\"https:\/\/test.100k.verfassungsfreunde.ch\/wp-content\/uploads\/2023\/07\/Element-155-e1690551614285-508x1024.png\"},{\"@type\":\"BreadcrumbList\",\"@id\":\"https:\/\/100k.verfassungsfreunde.ch\/willkommen-bei-den-100k\/#breadcrumb\",\"itemListElement\":[{\"@type\":\"ListItem\",\"position\":1,\"name\":\"Home\",\"item\":\"https:\/\/100k.verfassungsfreunde.ch\/\"},{\"@type\":\"ListItem\",\"position\":2,\"name\":\"Willkommen bei 100k\"}]},{\"@type\":\"WebSite\",\"@id\":\"https:\/\/100k.verfassungsfreunde.ch\/#website\",\"url\":\"https:\/\/100k.verfassungsfreunde.ch\/\",\"name\":\"100k\",\"description\":\"\",\"publisher\":{\"@id\":\"https:\/\/100k.verfassungsfreunde.ch\/#organization\"},\"potentialAction\":[{\"@type\":\"SearchAction\",\"target\":{\"@type\":\"EntryPoint\",\"urlTemplate\":\"https:\/\/100k.verfassungsfreunde.ch\/?s={search_term_string}\"},\"query-input\":\"required name=search_term_string\"}],\"inLanguage\":\"fr-FR\"},{\"@type\":\"Organization\",\"@id\":\"https:\/\/100k.verfassungsfreunde.ch\/#organization\",\"name\":\"100k\",\"url\":\"https:\/\/100k.verfassungsfreunde.ch\/\",\"logo\":{\"@type\":\"ImageObject\",\"inLanguage\":\"fr-FR\",\"@id\":\"https:\/\/100k.verfassungsfreunde.ch\/#\/schema\/logo\/image\/\",\"url\":\"https:\/\/100k.verfassungsfreunde.ch\/wp-content\/uploads\/2024\/05\/100k_Logo.png\",\"contentUrl\":\"https:\/\/100k.verfassungsfreunde.ch\/wp-content\/uploads\/2024\/05\/100k_Logo.png\",\"width\":1327,\"height\":683,\"caption\":\"100k\"},\"image\":{\"@id\":\"https:\/\/100k.verfassungsfreunde.ch\/#\/schema\/logo\/image\/\"},\"sameAs\":[\"https:\/\/www.facebook.com\/verfassungsfreunde.ch\",\"https:\/\/x.com\/FdVerfassung\"]}]}<\/script>\n<!-- \/ Yoast SEO plugin. -->","yoast_head_json":{"title":"Willkommen bei 100k - 100k","robots":{"index":"index","follow":"follow","max-snippet":"max-snippet:-1","max-image-preview":"max-image-preview:large","max-video-preview":"max-video-preview:-1"},"canonical":"https:\/\/100k.verfassungsfreunde.ch\/fr\/willkommen-bei-den-100k\/","og_locale":"fr_FR","og_type":"article","og_title":"Willkommen bei 100k - 100k","og_description":"Vielen Dank f\u00fcr Deine Anmeldung bei 100k &#8211; der Aktionsgruppe zur F\u00f6rderung der direkten Demokratie. Wir freuen uns, Dich als Unterst\u00fctzer\/in begr\u00fcssen zu d\u00fcrfen. Du hast den ersten Schritt getan, um die direkte Demokratie zu st\u00e4rken. Mit Deiner Anmeldung bist Du Teil unserer B\u00fcrgerbewegung, die sich f\u00fcr eine aktive Teilnahme der Menschen am politischen Prozess [&hellip;]","og_url":"https:\/\/100k.verfassungsfreunde.ch\/fr\/willkommen-bei-den-100k\/","og_site_name":"100k","article_publisher":"https:\/\/www.facebook.com\/verfassungsfreunde.ch","article_modified_time":"2023-08-15T13:13:13+00:00","og_image":[{"url":"https:\/\/test.100k.verfassungsfreunde.ch\/wp-content\/uploads\/2023\/07\/Element-155-e1690551614285-508x1024.png"}],"twitter_card":"summary_large_image","twitter_site":"@FdVerfassung","twitter_misc":{"Dur\u00e9e de lecture estim\u00e9e":"4 minutes"},"schema":{"@context":"https:\/\/schema.org","@graph":[{"@type":"WebPage","@id":"https:\/\/100k.verfassungsfreunde.ch\/willkommen-bei-den-100k\/","url":"https:\/\/100k.verfassungsfreunde.ch\/willkommen-bei-den-100k\/","name":"Willkommen bei 100k - 100k","isPartOf":{"@id":"https:\/\/100k.verfassungsfreunde.ch\/#website"},"primaryImageOfPage":{"@id":"https:\/\/100k.verfassungsfreunde.ch\/willkommen-bei-den-100k\/#primaryimage"},"image":{"@id":"https:\/\/100k.verfassungsfreunde.ch\/willkommen-bei-den-100k\/#primaryimage"},"thumbnailUrl":"https:\/\/test.100k.verfassungsfreunde.ch\/wp-content\/uploads\/2023\/07\/Element-155-e1690551614285-508x1024.png","datePublished":"2023-08-10T15:37:29+00:00","dateModified":"2023-08-15T13:13:13+00:00","breadcrumb":{"@id":"https:\/\/100k.verfassungsfreunde.ch\/willkommen-bei-den-100k\/#breadcrumb"},"inLanguage":"fr-FR","potentialAction":[{"@type":"ReadAction","target":["https:\/\/100k.verfassungsfreunde.ch\/willkommen-bei-den-100k\/"]}]},{"@type":"ImageObject","inLanguage":"fr-FR","@id":"https:\/\/100k.verfassungsfreunde.ch\/willkommen-bei-den-100k\/#primaryimage","url":"https:\/\/test.100k.verfassungsfreunde.ch\/wp-content\/uploads\/2023\/07\/Element-155-e1690551614285-508x1024.png","contentUrl":"https:\/\/test.100k.verfassungsfreunde.ch\/wp-content\/uploads\/2023\/07\/Element-155-e1690551614285-508x1024.png"},{"@type":"BreadcrumbList","@id":"https:\/\/100k.verfassungsfreunde.ch\/willkommen-bei-den-100k\/#breadcrumb","itemListElement":[{"@type":"ListItem","position":1,"name":"Home","item":"https:\/\/100k.verfassungsfreunde.ch\/"},{"@type":"ListItem","position":2,"name":"Willkommen bei 100k"}]},{"@type":"WebSite","@id":"https:\/\/100k.verfassungsfreunde.ch\/#website","url":"https:\/\/100k.verfassungsfreunde.ch\/","name":"100k","description":"","publisher":{"@id":"https:\/\/100k.verfassungsfreunde.ch\/#organization"},"potentialAction":[{"@type":"SearchAction","target":{"@type":"EntryPoint","urlTemplate":"https:\/\/100k.verfassungsfreunde.ch\/?s={search_term_string}"},"query-input":"required name=search_term_string"}],"inLanguage":"fr-FR"},{"@type":"Organization","@id":"https:\/\/100k.verfassungsfreunde.ch\/#organization","name":"100k","url":"https:\/\/100k.verfassungsfreunde.ch\/","logo":{"@type":"ImageObject","inLanguage":"fr-FR","@id":"https:\/\/100k.verfassungsfreunde.ch\/#\/schema\/logo\/image\/","url":"https:\/\/100k.verfassungsfreunde.ch\/wp-content\/uploads\/2024\/05\/100k_Logo.png","contentUrl":"https:\/\/100k.verfassungsfreunde.ch\/wp-content\/uploads\/2024\/05\/100k_Logo.png","width":1327,"height":683,"caption":"100k"},"image":{"@id":"https:\/\/100k.verfassungsfreunde.ch\/#\/schema\/logo\/image\/"},"sameAs":["https:\/\/www.facebook.com\/verfassungsfreunde.ch","https:\/\/x.com\/FdVerfassung"]}]}},"_links":{"self":[{"href":"https:\/\/100k.verfassungsfreunde.ch\/fr\/wp-json\/wp\/v2\/pages\/2067","targetHints":{"allow":["GET"]}}],"collection":[{"href":"https:\/\/100k.verfassungsfreunde.ch\/fr\/wp-json\/wp\/v2\/pages"}],"about":[{"href":"https:\/\/100k.verfassungsfreunde.ch\/fr\/wp-json\/wp\/v2\/types\/page"}],"author":[{"embeddable":true,"href":"https:\/\/100k.verfassungsfreunde.ch\/fr\/wp-json\/wp\/v2\/users\/1"}],"replies":[{"embeddable":true,"href":"https:\/\/100k.verfassungsfreunde.ch\/fr\/wp-json\/wp\/v2\/comments?post=2067"}],"version-history":[{"count":59,"href":"https:\/\/100k.verfassungsfreunde.ch\/fr\/wp-json\/wp\/v2\/pages\/2067\/revisions"}],"predecessor-version":[{"id":2174,"href":"https:\/\/100k.verfassungsfreunde.ch\/fr\/wp-json\/wp\/v2\/pages\/2067\/revisions\/2174"}],"wp:attachment":[{"href":"https:\/\/100k.verfassungsfreunde.ch\/fr\/wp-json\/wp\/v2\/media?parent=2067"}],"curies":[{"name":"wp","href":"https:\/\/api.w.org\/{rel}","templated":true}]}}