{"id":3723,"date":"2024-04-18T17:08:03","date_gmt":"2024-04-18T15:08:03","guid":{"rendered":"https:\/\/100k.verfassungsfreunde.ch\/?post_type=initiative&#038;p=3723"},"modified":"2024-05-17T17:27:54","modified_gmt":"2024-05-17T15:27:54","slug":"initiative-fuer-digitale-integritaet","status":"publish","type":"initiative","link":"https:\/\/100k.verfassungsfreunde.ch\/fr\/initiative\/initiative-fuer-digitale-integritaet\/","title":{"rendered":"Initiative f\u00fcr Digitale Integrit\u00e4t"},"content":{"rendered":"<div data-elementor-type=\"wp-post\" data-elementor-id=\"3723\" class=\"elementor elementor-3723\" data-elementor-post-type=\"initiative\">\n\t\t\t\t<div class=\"elementor-element elementor-element-44032d6e e-flex e-con-boxed e-con e-parent\" data-id=\"44032d6e\" data-element_type=\"container\">\n\t\t\t\t\t<div class=\"e-con-inner\">\n\t\t\t\t<div class=\"elementor-element elementor-element-6363e404 elementor-widget elementor-widget-text-editor\" data-id=\"6363e404\" data-element_type=\"widget\" data-widget_type=\"text-editor.default\">\n\t\t\t\t<div class=\"elementor-widget-container\">\n\t\t\t<style>\/*! elementor - v3.21.0 - 26-05-2024 *\/\n.elementor-widget-text-editor.elementor-drop-cap-view-stacked .elementor-drop-cap{background-color:#69727d;color:#fff}.elementor-widget-text-editor.elementor-drop-cap-view-framed .elementor-drop-cap{color:#69727d;border:3px solid;background-color:transparent}.elementor-widget-text-editor:not(.elementor-drop-cap-view-default) .elementor-drop-cap{margin-top:8px}.elementor-widget-text-editor:not(.elementor-drop-cap-view-default) .elementor-drop-cap-letter{width:1em;height:1em}.elementor-widget-text-editor .elementor-drop-cap{float:left;text-align:center;line-height:1;font-size:50px}.elementor-widget-text-editor .elementor-drop-cap-letter{display:inline-block}<\/style>\t\t\t\t<p>Das Informationszeitalter bringt neue Technologien mit sich, die einerseits Chancen, andererseits Risiken f\u00fcr die freiheitlich-demokratische Grundordnung bedeuten: Beispielsweise erm\u00f6glicht die k\u00fcnstliche Intelligenz neue \u00dcberwachungsmethoden wie Chatkontrolle, Gesichtserkennung und Social-Scoring, welche die Menschen in ihrer Freiheit bedrohen. Auch digitale Ausweise, elektronisches Zentralbankengeld und E-Voting schaff en weitere M\u00f6glichkeiten zur \u00dcberwachung. Neue Gesch\u00e4ftsmodelle basieren darauf, die Menschen so pr\u00e4zise zu analysieren, dass Verhaltensvoraussagen \u00fcber sie getroffen werden k\u00f6nnen \u2013 zum Beispiel, welche politische Partei jemand w\u00e4hlen wird. Das Zusammenspiel zwischen \u00dcberwachungskapitalismus und \u00dcberwachungsstaat stellt die freie Willensbildung vor grosse Probleme. Mit unserer kantonalen Volksinitiative m\u00f6chten wir Bedingungen f\u00fcr eine menschenfreundliche Digitalisierung schaffen, indem wir Gefahren f\u00fcr die Demokratie minimieren und die Selbstbestimmung der Menschen st\u00e4rken.<\/p>\t\t\t\t\t\t<\/div>\n\t\t\t\t<\/div>\n\t\t\t\t<div class=\"elementor-element elementor-element-fe47a72 elementor-widget elementor-widget-heading\" data-id=\"fe47a72\" data-element_type=\"widget\" data-widget_type=\"heading.default\">\n\t\t\t\t<div class=\"elementor-widget-container\">\n\t\t\t<style>\/*! elementor - v3.21.0 - 26-05-2024 *\/\n.elementor-heading-title{padding:0;margin:0;line-height:1}.elementor-widget-heading .elementor-heading-title[class*=elementor-size-]>a{color:inherit;font-size:inherit;line-height:inherit}.elementor-widget-heading .elementor-heading-title.elementor-size-small{font-size:15px}.elementor-widget-heading .elementor-heading-title.elementor-size-medium{font-size:19px}.elementor-widget-heading .elementor-heading-title.elementor-size-large{font-size:29px}.elementor-widget-heading .elementor-heading-title.elementor-size-xl{font-size:39px}.elementor-widget-heading .elementor-heading-title.elementor-size-xxl{font-size:59px}<\/style><h3 class=\"elementor-heading-title elementor-size-default\">Pourquoi devrais-je signer l'initiative ?<\/h3>\t\t<\/div>\n\t\t\t\t<\/div>\n\t\t\t\t<div class=\"elementor-element elementor-element-2365291 elementor-widget elementor-widget-text-editor\" data-id=\"2365291\" data-element_type=\"widget\" data-widget_type=\"text-editor.default\">\n\t\t\t\t<div class=\"elementor-widget-container\">\n\t\t\t\t\t\t\t<p>Wir befinden uns in einer technologischen Zeitenwende: Die Digitalisierung betrifft fast alle Lebensbereiche. Viele unserer allt\u00e4glichen Handlungen finden inzwischen online statt und hinterlassen eine Datenspur, auch wenn uns dies oft nicht bewusst ist. Mit steigender Rechenleistung und den Fortschritten in KI sind wir an einem Punkt, an dem diese Daten vollautomatisiert ausgewertet werden k\u00f6nnen.<br \/><br \/>Wir m\u00fcssen als Gesellschaft jetzt vorausschauend handeln, damit wir die vielen Vorteile der Digitalisierung nutzen k\u00f6nnen und dabei die Risiken so klein wie m\u00f6glich halten. Unser Ziel ist, dass die Digitalisierung den Menschen dient und nicht gegen die Interessen der breiten Bev\u00f6lkerung eingesetzt wird.<br \/><br \/>Unterschreibe deshalb jetzt die Initiative f\u00fcr ein Grundrecht auf digitale Integrit\u00e4t!<\/p>\t\t\t\t\t\t<\/div>\n\t\t\t\t<\/div>\n\t\t\t\t<div class=\"elementor-element elementor-element-c8587b4 e-grid-align-right elementor-shape-rounded elementor-grid-0 elementor-widget elementor-widget-social-icons\" data-id=\"c8587b4\" data-element_type=\"widget\" data-widget_type=\"social-icons.default\">\n\t\t\t\t<div class=\"elementor-widget-container\">\n\t\t\t<style>\/*! elementor - v3.21.0 - 26-05-2024 *\/\n.elementor-widget-social-icons.elementor-grid-0 .elementor-widget-container,.elementor-widget-social-icons.elementor-grid-mobile-0 .elementor-widget-container,.elementor-widget-social-icons.elementor-grid-tablet-0 .elementor-widget-container{line-height:1;font-size:0}.elementor-widget-social-icons:not(.elementor-grid-0):not(.elementor-grid-tablet-0):not(.elementor-grid-mobile-0) .elementor-grid{display:inline-grid}.elementor-widget-social-icons .elementor-grid{grid-column-gap:var(--grid-column-gap,5px);grid-row-gap:var(--grid-row-gap,5px);grid-template-columns:var(--grid-template-columns);justify-content:var(--justify-content,center);justify-items:var(--justify-content,center)}.elementor-icon.elementor-social-icon{font-size:var(--icon-size,25px);line-height:var(--icon-size,25px);width:calc(var(--icon-size, 25px) + 2 * var(--icon-padding, .5em));height:calc(var(--icon-size, 25px) + 2 * var(--icon-padding, .5em))}.elementor-social-icon{--e-social-icon-icon-color:#fff;display:inline-flex;background-color:#69727d;align-items:center;justify-content:center;text-align:center;cursor:pointer}.elementor-social-icon i{color:var(--e-social-icon-icon-color)}.elementor-social-icon svg{fill:var(--e-social-icon-icon-color)}.elementor-social-icon:last-child{margin:0}.elementor-social-icon:hover{opacity:.9;color:#fff}.elementor-social-icon-android{background-color:#a4c639}.elementor-social-icon-apple{background-color:#999}.elementor-social-icon-behance{background-color:#1769ff}.elementor-social-icon-bitbucket{background-color:#205081}.elementor-social-icon-codepen{background-color:#000}.elementor-social-icon-delicious{background-color:#39f}.elementor-social-icon-deviantart{background-color:#05cc47}.elementor-social-icon-digg{background-color:#005be2}.elementor-social-icon-dribbble{background-color:#ea4c89}.elementor-social-icon-elementor{background-color:#d30c5c}.elementor-social-icon-envelope{background-color:#ea4335}.elementor-social-icon-facebook,.elementor-social-icon-facebook-f{background-color:#3b5998}.elementor-social-icon-flickr{background-color:#0063dc}.elementor-social-icon-foursquare{background-color:#2d5be3}.elementor-social-icon-free-code-camp,.elementor-social-icon-freecodecamp{background-color:#006400}.elementor-social-icon-github{background-color:#333}.elementor-social-icon-gitlab{background-color:#e24329}.elementor-social-icon-globe{background-color:#69727d}.elementor-social-icon-google-plus,.elementor-social-icon-google-plus-g{background-color:#dd4b39}.elementor-social-icon-houzz{background-color:#7ac142}.elementor-social-icon-instagram{background-color:#262626}.elementor-social-icon-jsfiddle{background-color:#487aa2}.elementor-social-icon-link{background-color:#818a91}.elementor-social-icon-linkedin,.elementor-social-icon-linkedin-in{background-color:#0077b5}.elementor-social-icon-medium{background-color:#00ab6b}.elementor-social-icon-meetup{background-color:#ec1c40}.elementor-social-icon-mixcloud{background-color:#273a4b}.elementor-social-icon-odnoklassniki{background-color:#f4731c}.elementor-social-icon-pinterest{background-color:#bd081c}.elementor-social-icon-product-hunt{background-color:#da552f}.elementor-social-icon-reddit{background-color:#ff4500}.elementor-social-icon-rss{background-color:#f26522}.elementor-social-icon-shopping-cart{background-color:#4caf50}.elementor-social-icon-skype{background-color:#00aff0}.elementor-social-icon-slideshare{background-color:#0077b5}.elementor-social-icon-snapchat{background-color:#fffc00}.elementor-social-icon-soundcloud{background-color:#f80}.elementor-social-icon-spotify{background-color:#2ebd59}.elementor-social-icon-stack-overflow{background-color:#fe7a15}.elementor-social-icon-steam{background-color:#00adee}.elementor-social-icon-stumbleupon{background-color:#eb4924}.elementor-social-icon-telegram{background-color:#2ca5e0}.elementor-social-icon-threads{background-color:#000}.elementor-social-icon-thumb-tack{background-color:#1aa1d8}.elementor-social-icon-tripadvisor{background-color:#589442}.elementor-social-icon-tumblr{background-color:#35465c}.elementor-social-icon-twitch{background-color:#6441a5}.elementor-social-icon-twitter{background-color:#1da1f2}.elementor-social-icon-viber{background-color:#665cac}.elementor-social-icon-vimeo{background-color:#1ab7ea}.elementor-social-icon-vk{background-color:#45668e}.elementor-social-icon-weibo{background-color:#dd2430}.elementor-social-icon-weixin{background-color:#31a918}.elementor-social-icon-whatsapp{background-color:#25d366}.elementor-social-icon-wordpress{background-color:#21759b}.elementor-social-icon-x-twitter{background-color:#000}.elementor-social-icon-xing{background-color:#026466}.elementor-social-icon-yelp{background-color:#af0606}.elementor-social-icon-youtube{background-color:#cd201f}.elementor-social-icon-500px{background-color:#0099e5}.elementor-shape-rounded .elementor-icon.elementor-social-icon{border-radius:10%}.elementor-shape-circle .elementor-icon.elementor-social-icon{border-radius:50%}<\/style>\t\t<div class=\"elementor-social-icons-wrapper elementor-grid\">\n\t\t\t\t\t\t\t<span class=\"elementor-grid-item\">\n\t\t\t\t\t<a class=\"elementor-icon elementor-social-icon elementor-social-icon-x-twitter elementor-repeater-item-802c675\" href=\"https:\/\/twitter.com\/initiative_di\" target=\"_blank\">\n\t\t\t\t\t\t<span class=\"elementor-screen-only\">X-twitter<\/span>\n\t\t\t\t\t\t<i class=\"fab fa-x-twitter\"><\/i>\t\t\t\t\t<\/a>\n\t\t\t\t<\/span>\n\t\t\t\t\t<\/div>\n\t\t\t\t<\/div>\n\t\t\t\t<\/div>\n\t\t\t\t\t<\/div>\n\t\t\t\t<\/div>\n\t\t\t\t<\/div>","protected":false},"featured_media":3724,"parent":0,"template":"","meta":{"_acf_changed":false},"kanton":[98],"class_list":["post-3723","initiative","type-initiative","status-publish","has-post-thumbnail","hentry"],"blocksy_meta":[],"acf":[],"yoast_head":"<!-- This site is optimized with the Yoast SEO plugin v22.8 - https:\/\/yoast.com\/wordpress\/plugins\/seo\/ -->\n<title>Initiative f\u00fcr Digitale Integrit\u00e4t - 100k<\/title>\n<meta name=\"robots\" content=\"index, follow, max-snippet:-1, max-image-preview:large, max-video-preview:-1\" \/>\n<link rel=\"canonical\" href=\"https:\/\/100k.verfassungsfreunde.ch\/fr\/initiative\/initiative-fuer-digitale-integritaet\/\" \/>\n<meta property=\"og:locale\" content=\"fr_FR\" \/>\n<meta property=\"og:type\" content=\"article\" \/>\n<meta property=\"og:title\" content=\"Initiative f\u00fcr Digitale Integrit\u00e4t - 100k\" \/>\n<meta property=\"og:description\" content=\"Das Informationszeitalter bringt neue Technologien mit sich, die einerseits Chancen, andererseits Risiken f\u00fcr die freiheitlich-demokratische Grundordnung bedeuten: Beispielsweise erm\u00f6glicht die k\u00fcnstliche Intelligenz neue \u00dcberwachungsmethoden wie Chatkontrolle, Gesichtserkennung und Social-Scoring, welche die Menschen in ihrer Freiheit bedrohen. Auch digitale Ausweise, elektronisches Zentralbankengeld und E-Voting schaff en weitere M\u00f6glichkeiten zur \u00dcberwachung. Neue Gesch\u00e4ftsmodelle basieren darauf, die Menschen [&hellip;]\" \/>\n<meta property=\"og:url\" content=\"https:\/\/100k.verfassungsfreunde.ch\/fr\/initiative\/initiative-fuer-digitale-integritaet\/\" \/>\n<meta property=\"og:site_name\" content=\"100k\" \/>\n<meta property=\"article:publisher\" content=\"https:\/\/www.facebook.com\/verfassungsfreunde.ch\" \/>\n<meta property=\"article:modified_time\" content=\"2024-05-17T15:27:54+00:00\" \/>\n<meta property=\"og:image\" content=\"https:\/\/100k.verfassungsfreunde.ch\/wp-content\/uploads\/2024\/04\/Initiative_figitale_Integritaet.png\" \/>\n\t<meta property=\"og:image:width\" content=\"1636\" \/>\n\t<meta property=\"og:image:height\" content=\"589\" \/>\n\t<meta property=\"og:image:type\" content=\"image\/png\" \/>\n<meta name=\"twitter:card\" content=\"summary_large_image\" \/>\n<meta name=\"twitter:site\" content=\"@FdVerfassung\" \/>\n<meta name=\"twitter:label1\" content=\"Dur\u00e9e de lecture estim\u00e9e\" \/>\n\t<meta name=\"twitter:data1\" content=\"2 minutes\" \/>\n<script type=\"application\/ld+json\" class=\"yoast-schema-graph\">{\"@context\":\"https:\/\/schema.org\",\"@graph\":[{\"@type\":\"WebPage\",\"@id\":\"https:\/\/100k.verfassungsfreunde.ch\/initiative\/initiative-fuer-digitale-integritaet\/\",\"url\":\"https:\/\/100k.verfassungsfreunde.ch\/initiative\/initiative-fuer-digitale-integritaet\/\",\"name\":\"Initiative f\u00fcr Digitale Integrit\u00e4t - 100k\",\"isPartOf\":{\"@id\":\"https:\/\/100k.verfassungsfreunde.ch\/#website\"},\"primaryImageOfPage\":{\"@id\":\"https:\/\/100k.verfassungsfreunde.ch\/initiative\/initiative-fuer-digitale-integritaet\/#primaryimage\"},\"image\":{\"@id\":\"https:\/\/100k.verfassungsfreunde.ch\/initiative\/initiative-fuer-digitale-integritaet\/#primaryimage\"},\"thumbnailUrl\":\"https:\/\/100k.verfassungsfreunde.ch\/wp-content\/uploads\/2024\/04\/Initiative_figitale_Integritaet.png\",\"datePublished\":\"2024-04-18T15:08:03+00:00\",\"dateModified\":\"2024-05-17T15:27:54+00:00\",\"breadcrumb\":{\"@id\":\"https:\/\/100k.verfassungsfreunde.ch\/initiative\/initiative-fuer-digitale-integritaet\/#breadcrumb\"},\"inLanguage\":\"fr-FR\",\"potentialAction\":[{\"@type\":\"ReadAction\",\"target\":[\"https:\/\/100k.verfassungsfreunde.ch\/initiative\/initiative-fuer-digitale-integritaet\/\"]}]},{\"@type\":\"ImageObject\",\"inLanguage\":\"fr-FR\",\"@id\":\"https:\/\/100k.verfassungsfreunde.ch\/initiative\/initiative-fuer-digitale-integritaet\/#primaryimage\",\"url\":\"https:\/\/100k.verfassungsfreunde.ch\/wp-content\/uploads\/2024\/04\/Initiative_figitale_Integritaet.png\",\"contentUrl\":\"https:\/\/100k.verfassungsfreunde.ch\/wp-content\/uploads\/2024\/04\/Initiative_figitale_Integritaet.png\",\"width\":1636,\"height\":589},{\"@type\":\"BreadcrumbList\",\"@id\":\"https:\/\/100k.verfassungsfreunde.ch\/initiative\/initiative-fuer-digitale-integritaet\/#breadcrumb\",\"itemListElement\":[{\"@type\":\"ListItem\",\"position\":1,\"name\":\"Home\",\"item\":\"https:\/\/100k.verfassungsfreunde.ch\/\"},{\"@type\":\"ListItem\",\"position\":2,\"name\":\"Initiativen\",\"item\":\"https:\/\/100k.verfassungsfreunde.ch\/initiative\/\"},{\"@type\":\"ListItem\",\"position\":3,\"name\":\"Initiative f\u00fcr Digitale Integrit\u00e4t\"}]},{\"@type\":\"WebSite\",\"@id\":\"https:\/\/100k.verfassungsfreunde.ch\/#website\",\"url\":\"https:\/\/100k.verfassungsfreunde.ch\/\",\"name\":\"100k\",\"description\":\"\",\"publisher\":{\"@id\":\"https:\/\/100k.verfassungsfreunde.ch\/#organization\"},\"potentialAction\":[{\"@type\":\"SearchAction\",\"target\":{\"@type\":\"EntryPoint\",\"urlTemplate\":\"https:\/\/100k.verfassungsfreunde.ch\/?s={search_term_string}\"},\"query-input\":\"required name=search_term_string\"}],\"inLanguage\":\"fr-FR\"},{\"@type\":\"Organization\",\"@id\":\"https:\/\/100k.verfassungsfreunde.ch\/#organization\",\"name\":\"100k\",\"url\":\"https:\/\/100k.verfassungsfreunde.ch\/\",\"logo\":{\"@type\":\"ImageObject\",\"inLanguage\":\"fr-FR\",\"@id\":\"https:\/\/100k.verfassungsfreunde.ch\/#\/schema\/logo\/image\/\",\"url\":\"https:\/\/100k.verfassungsfreunde.ch\/wp-content\/uploads\/2024\/05\/100k_Logo.png\",\"contentUrl\":\"https:\/\/100k.verfassungsfreunde.ch\/wp-content\/uploads\/2024\/05\/100k_Logo.png\",\"width\":1327,\"height\":683,\"caption\":\"100k\"},\"image\":{\"@id\":\"https:\/\/100k.verfassungsfreunde.ch\/#\/schema\/logo\/image\/\"},\"sameAs\":[\"https:\/\/www.facebook.com\/verfassungsfreunde.ch\",\"https:\/\/x.com\/FdVerfassung\"]}]}<\/script>\n<!-- \/ Yoast SEO plugin. -->","yoast_head_json":{"title":"Initiative f\u00fcr Digitale Integrit\u00e4t - 100k","robots":{"index":"index","follow":"follow","max-snippet":"max-snippet:-1","max-image-preview":"max-image-preview:large","max-video-preview":"max-video-preview:-1"},"canonical":"https:\/\/100k.verfassungsfreunde.ch\/fr\/initiative\/initiative-fuer-digitale-integritaet\/","og_locale":"fr_FR","og_type":"article","og_title":"Initiative f\u00fcr Digitale Integrit\u00e4t - 100k","og_description":"Das Informationszeitalter bringt neue Technologien mit sich, die einerseits Chancen, andererseits Risiken f\u00fcr die freiheitlich-demokratische Grundordnung bedeuten: Beispielsweise erm\u00f6glicht die k\u00fcnstliche Intelligenz neue \u00dcberwachungsmethoden wie Chatkontrolle, Gesichtserkennung und Social-Scoring, welche die Menschen in ihrer Freiheit bedrohen. Auch digitale Ausweise, elektronisches Zentralbankengeld und E-Voting schaff en weitere M\u00f6glichkeiten zur \u00dcberwachung. Neue Gesch\u00e4ftsmodelle basieren darauf, die Menschen [&hellip;]","og_url":"https:\/\/100k.verfassungsfreunde.ch\/fr\/initiative\/initiative-fuer-digitale-integritaet\/","og_site_name":"100k","article_publisher":"https:\/\/www.facebook.com\/verfassungsfreunde.ch","article_modified_time":"2024-05-17T15:27:54+00:00","og_image":[{"width":1636,"height":589,"url":"https:\/\/100k.verfassungsfreunde.ch\/wp-content\/uploads\/2024\/04\/Initiative_figitale_Integritaet.png","type":"image\/png"}],"twitter_card":"summary_large_image","twitter_site":"@FdVerfassung","twitter_misc":{"Dur\u00e9e de lecture estim\u00e9e":"2 minutes"},"schema":{"@context":"https:\/\/schema.org","@graph":[{"@type":"WebPage","@id":"https:\/\/100k.verfassungsfreunde.ch\/initiative\/initiative-fuer-digitale-integritaet\/","url":"https:\/\/100k.verfassungsfreunde.ch\/initiative\/initiative-fuer-digitale-integritaet\/","name":"Initiative f\u00fcr Digitale Integrit\u00e4t - 100k","isPartOf":{"@id":"https:\/\/100k.verfassungsfreunde.ch\/#website"},"primaryImageOfPage":{"@id":"https:\/\/100k.verfassungsfreunde.ch\/initiative\/initiative-fuer-digitale-integritaet\/#primaryimage"},"image":{"@id":"https:\/\/100k.verfassungsfreunde.ch\/initiative\/initiative-fuer-digitale-integritaet\/#primaryimage"},"thumbnailUrl":"https:\/\/100k.verfassungsfreunde.ch\/wp-content\/uploads\/2024\/04\/Initiative_figitale_Integritaet.png","datePublished":"2024-04-18T15:08:03+00:00","dateModified":"2024-05-17T15:27:54+00:00","breadcrumb":{"@id":"https:\/\/100k.verfassungsfreunde.ch\/initiative\/initiative-fuer-digitale-integritaet\/#breadcrumb"},"inLanguage":"fr-FR","potentialAction":[{"@type":"ReadAction","target":["https:\/\/100k.verfassungsfreunde.ch\/initiative\/initiative-fuer-digitale-integritaet\/"]}]},{"@type":"ImageObject","inLanguage":"fr-FR","@id":"https:\/\/100k.verfassungsfreunde.ch\/initiative\/initiative-fuer-digitale-integritaet\/#primaryimage","url":"https:\/\/100k.verfassungsfreunde.ch\/wp-content\/uploads\/2024\/04\/Initiative_figitale_Integritaet.png","contentUrl":"https:\/\/100k.verfassungsfreunde.ch\/wp-content\/uploads\/2024\/04\/Initiative_figitale_Integritaet.png","width":1636,"height":589},{"@type":"BreadcrumbList","@id":"https:\/\/100k.verfassungsfreunde.ch\/initiative\/initiative-fuer-digitale-integritaet\/#breadcrumb","itemListElement":[{"@type":"ListItem","position":1,"name":"Home","item":"https:\/\/100k.verfassungsfreunde.ch\/"},{"@type":"ListItem","position":2,"name":"Initiativen","item":"https:\/\/100k.verfassungsfreunde.ch\/initiative\/"},{"@type":"ListItem","position":3,"name":"Initiative f\u00fcr Digitale Integrit\u00e4t"}]},{"@type":"WebSite","@id":"https:\/\/100k.verfassungsfreunde.ch\/#website","url":"https:\/\/100k.verfassungsfreunde.ch\/","name":"100k","description":"","publisher":{"@id":"https:\/\/100k.verfassungsfreunde.ch\/#organization"},"potentialAction":[{"@type":"SearchAction","target":{"@type":"EntryPoint","urlTemplate":"https:\/\/100k.verfassungsfreunde.ch\/?s={search_term_string}"},"query-input":"required name=search_term_string"}],"inLanguage":"fr-FR"},{"@type":"Organization","@id":"https:\/\/100k.verfassungsfreunde.ch\/#organization","name":"100k","url":"https:\/\/100k.verfassungsfreunde.ch\/","logo":{"@type":"ImageObject","inLanguage":"fr-FR","@id":"https:\/\/100k.verfassungsfreunde.ch\/#\/schema\/logo\/image\/","url":"https:\/\/100k.verfassungsfreunde.ch\/wp-content\/uploads\/2024\/05\/100k_Logo.png","contentUrl":"https:\/\/100k.verfassungsfreunde.ch\/wp-content\/uploads\/2024\/05\/100k_Logo.png","width":1327,"height":683,"caption":"100k"},"image":{"@id":"https:\/\/100k.verfassungsfreunde.ch\/#\/schema\/logo\/image\/"},"sameAs":["https:\/\/www.facebook.com\/verfassungsfreunde.ch","https:\/\/x.com\/FdVerfassung"]}]}},"_links":{"self":[{"href":"https:\/\/100k.verfassungsfreunde.ch\/fr\/wp-json\/wp\/v2\/initiative\/3723","targetHints":{"allow":["GET"]}}],"collection":[{"href":"https:\/\/100k.verfassungsfreunde.ch\/fr\/wp-json\/wp\/v2\/initiative"}],"about":[{"href":"https:\/\/100k.verfassungsfreunde.ch\/fr\/wp-json\/wp\/v2\/types\/initiative"}],"version-history":[{"count":26,"href":"https:\/\/100k.verfassungsfreunde.ch\/fr\/wp-json\/wp\/v2\/initiative\/3723\/revisions"}],"predecessor-version":[{"id":6543,"href":"https:\/\/100k.verfassungsfreunde.ch\/fr\/wp-json\/wp\/v2\/initiative\/3723\/revisions\/6543"}],"wp:featuredmedia":[{"embeddable":true,"href":"https:\/\/100k.verfassungsfreunde.ch\/fr\/wp-json\/wp\/v2\/media\/3724"}],"wp:attachment":[{"href":"https:\/\/100k.verfassungsfreunde.ch\/fr\/wp-json\/wp\/v2\/media?parent=3723"}],"wp:term":[{"taxonomy":"kanton","embeddable":true,"href":"https:\/\/100k.verfassungsfreunde.ch\/fr\/wp-json\/wp\/v2\/kanton?post=3723"}],"curies":[{"name":"wp","href":"https:\/\/api.w.org\/{rel}","templated":true}]}}