{"id":4691,"date":"2024-04-26T15:09:32","date_gmt":"2024-04-26T13:09:32","guid":{"rendered":"https:\/\/100k.verfassungsfreunde.ch\/?post_type=abstimmung&#038;p=4691"},"modified":"2024-05-22T14:19:57","modified_gmt":"2024-05-22T12:19:57","slug":"praemien-entlastungs-initiative","status":"publish","type":"abstimmung","link":"https:\/\/100k.verfassungsfreunde.ch\/fr\/abstimmung\/praemien-entlastungs-initiative\/","title":{"rendered":"Initiative d\u2019all\u00e8gement des primes"},"content":{"rendered":"<div data-elementor-type=\"wp-post\" data-elementor-id=\"4691\" class=\"elementor elementor-4691\" data-elementor-post-type=\"abstimmung\">\n\t\t\t\t<div class=\"elementor-element elementor-element-1ddf63c7 e-flex e-con-boxed e-con e-parent\" data-id=\"1ddf63c7\" data-element_type=\"container\">\n\t\t\t\t\t<div class=\"e-con-inner\">\n\t\t\t\t<div class=\"elementor-element elementor-element-466c925 elementor-widget elementor-widget-heading\" data-id=\"466c925\" data-element_type=\"widget\" data-widget_type=\"heading.default\">\n\t\t\t\t<div class=\"elementor-widget-container\">\n\t\t\t<style>\/*! elementor - v3.21.0 - 26-05-2024 *\/\n.elementor-heading-title{padding:0;margin:0;line-height:1}.elementor-widget-heading .elementor-heading-title[class*=elementor-size-]>a{color:inherit;font-size:inherit;line-height:inherit}.elementor-widget-heading .elementor-heading-title.elementor-size-small{font-size:15px}.elementor-widget-heading .elementor-heading-title.elementor-size-medium{font-size:19px}.elementor-widget-heading .elementor-heading-title.elementor-size-large{font-size:29px}.elementor-widget-heading .elementor-heading-title.elementor-size-xl{font-size:39px}.elementor-widget-heading .elementor-heading-title.elementor-size-xxl{font-size:59px}<\/style><h2 class=\"elementor-heading-title elementor-size-default\">Contexte<\/h2>\t\t<\/div>\n\t\t\t\t<\/div>\n\t\t\t\t<div class=\"elementor-element elementor-element-226d3cde elementor-widget elementor-widget-text-editor\" data-id=\"226d3cde\" data-element_type=\"widget\" data-widget_type=\"text-editor.default\">\n\t\t\t\t<div class=\"elementor-widget-container\">\n\t\t\t<style>\/*! elementor - v3.21.0 - 26-05-2024 *\/\n.elementor-widget-text-editor.elementor-drop-cap-view-stacked .elementor-drop-cap{background-color:#69727d;color:#fff}.elementor-widget-text-editor.elementor-drop-cap-view-framed .elementor-drop-cap{color:#69727d;border:3px solid;background-color:transparent}.elementor-widget-text-editor:not(.elementor-drop-cap-view-default) .elementor-drop-cap{margin-top:8px}.elementor-widget-text-editor:not(.elementor-drop-cap-view-default) .elementor-drop-cap-letter{width:1em;height:1em}.elementor-widget-text-editor .elementor-drop-cap{float:left;text-align:center;line-height:1;font-size:50px}.elementor-widget-text-editor .elementor-drop-cap-letter{display:inline-block}<\/style>\t\t\t\t<p>En Suisse, chacun re\u00e7oit les soins m\u00e9dicaux dont il a besoin, gr\u00e2ce \u00e0 l\u2019assurance-maladie obligatoire qui prend en charge les co\u00fbts. Ces co\u00fbts ont beaucoup augment\u00e9 ces derni\u00e8res d\u00e9cennies, et donc les primes de l\u2019assurance-maladie aussi. Celles-ci p\u00e8sent de plus en plus lourd sur une partie de la population et un quart des assur\u00e9s b\u00e9n\u00e9ficient d\u2019une r\u00e9duction de primes financ\u00e9e par la Conf\u00e9d\u00e9ration et les cantons. Quand les co\u00fbts augmentent, la Conf\u00e9d\u00e9ration adapte automatiquement sa contribution \u00e0 cette r\u00e9duction. Les cantons ne le font que partiellement.<\/p>\t\t\t\t\t\t<\/div>\n\t\t\t\t<\/div>\n\t\t\t\t<div class=\"elementor-element elementor-element-826e572 elementor-widget elementor-widget-heading\" data-id=\"826e572\" data-element_type=\"widget\" data-widget_type=\"heading.default\">\n\t\t\t\t<div class=\"elementor-widget-container\">\n\t\t\t<h2 class=\"elementor-heading-title elementor-size-default\">L\u2019initiative<\/h2>\t\t<\/div>\n\t\t\t\t<\/div>\n\t\t\t\t<div class=\"elementor-element elementor-element-98bb279 elementor-widget elementor-widget-text-editor\" data-id=\"98bb279\" data-element_type=\"widget\" data-widget_type=\"text-editor.default\">\n\t\t\t\t<div class=\"elementor-widget-container\">\n\t\t\t\t\t\t\t<p>L\u2019initiative veut que les assur\u00e9s ne consacrent pas plus de 10 % de leur revenu disponible aux primes. Elle pr\u00e9voit que la Conf\u00e9d\u00e9ration et les cantons accordent davantage de r\u00e9ductions de primes et que la Conf\u00e9d\u00e9ration assume au moins deux tiers du financement de ces r\u00e9ductions. Les surco\u00fbts se monteront \u00e0 plusieurs milliards de francs par ann\u00e9e.<\/p>\t\t\t\t\t\t<\/div>\n\t\t\t\t<\/div>\n\t\t\t\t\t<\/div>\n\t\t\t\t<\/div>\n\t\t<div class=\"elementor-element elementor-element-13fe5343 main-sections e-flex e-con-boxed e-con e-parent\" data-id=\"13fe5343\" data-element_type=\"container\">\n\t\t\t\t\t<div class=\"e-con-inner\">\n\t\t<div class=\"elementor-element elementor-element-30c9356e e-con-full card-box e-flex e-con e-child\" data-id=\"30c9356e\" data-element_type=\"container\">\n\t\t\t\t<div class=\"elementor-element elementor-element-67969207 elementor-hidden-tablet elementor-widget elementor-widget-image\" data-id=\"67969207\" data-element_type=\"widget\" data-widget_type=\"image.default\">\n\t\t\t\t<div class=\"elementor-widget-container\">\n\t\t\t<style>\/*! elementor - v3.21.0 - 26-05-2024 *\/\n.elementor-widget-image{text-align:center}.elementor-widget-image a{display:inline-block}.elementor-widget-image a img[src$=\".svg\"]{width:48px}.elementor-widget-image img{vertical-align:middle;display:inline-block}<\/style>\t\t\t\t\t\t\t\t\t\t<img fetchpriority=\"high\" decoding=\"async\" width=\"694\" height=\"694\" src=\"https:\/\/100k.verfassungsfreunde.ch\/wp-content\/uploads\/2024\/05\/Oui_gepinnt.png\" class=\"attachment-full size-full wp-image-5876\" alt=\"\" srcset=\"https:\/\/100k.verfassungsfreunde.ch\/wp-content\/uploads\/2024\/05\/Oui_gepinnt.png 694w, https:\/\/100k.verfassungsfreunde.ch\/wp-content\/uploads\/2024\/05\/Oui_gepinnt-300x300.png 300w, https:\/\/100k.verfassungsfreunde.ch\/wp-content\/uploads\/2024\/05\/Oui_gepinnt-150x150.png 150w, https:\/\/100k.verfassungsfreunde.ch\/wp-content\/uploads\/2024\/05\/Oui_gepinnt-12x12.png 12w\" sizes=\"(max-width: 694px) 100vw, 694px\" \/>\t\t\t\t\t\t\t\t\t\t\t\t\t<\/div>\n\t\t\t\t<\/div>\n\t\t\t\t<div class=\"elementor-element elementor-element-58a5fe29 elementor-widget elementor-widget-heading\" data-id=\"58a5fe29\" data-element_type=\"widget\" data-widget_type=\"heading.default\">\n\t\t\t\t<div class=\"elementor-widget-container\">\n\t\t\t<h2 class=\"elementor-heading-title elementor-size-default\">Arguments des partisans<\/h2>\t\t<\/div>\n\t\t\t\t<\/div>\n\t\t<div class=\"elementor-element elementor-element-4fbd9d12 e-flex e-con-boxed elementor-invisible e-con e-child\" data-id=\"4fbd9d12\" data-element_type=\"container\" data-settings=\"{&quot;background_background&quot;:&quot;classic&quot;,&quot;animation&quot;:&quot;fadeInUp&quot;}\">\n\t\t\t\t\t<div class=\"e-con-inner\">\n\t\t\t\t<div class=\"elementor-element elementor-element-647153b5 elementor-widget elementor-widget-text-editor\" data-id=\"647153b5\" data-element_type=\"widget\" data-widget_type=\"text-editor.default\">\n\t\t\t\t<div class=\"elementor-widget-container\">\n\t\t\t\t\t\t\t<p>Les primes ont plus que doubl\u00e9 en vingt ans. Durant la m\u00eame p\u00e9riode, les salaires et les rentes n\u2019ont gu\u00e8re augment\u00e9. L\u2019initiative d\u2019all\u00e8gement des primes plafonnera ces derni\u00e8res \u00e0 10 % du revenu disponible. En plus des personnes qui ont de petits salaires, elle prot\u00e9gera aussi les familles, les couples de retrait\u00e9s et les personnes ayant des revenus moyens. Gr\u00e2ce \u00e0 l\u2019initiative, une famille de quatre personnes avec un revenu de 9000 francs nets \u00e9conomisera quelques centaines de francs par mois.<\/p>\t\t\t\t\t\t<\/div>\n\t\t\t\t<\/div>\n\t\t\t\t\t<\/div>\n\t\t\t\t<\/div>\n\t\t<div class=\"elementor-element elementor-element-372b0a94 e-flex e-con-boxed elementor-invisible e-con e-child\" data-id=\"372b0a94\" data-element_type=\"container\" data-settings=\"{&quot;background_background&quot;:&quot;classic&quot;,&quot;animation&quot;:&quot;fadeInUp&quot;}\">\n\t\t\t\t\t<div class=\"e-con-inner\">\n\t\t\t\t<div class=\"elementor-element elementor-element-6320de6b elementor-widget elementor-widget-heading\" data-id=\"6320de6b\" data-element_type=\"widget\" data-widget_type=\"heading.default\">\n\t\t\t\t<div class=\"elementor-widget-container\">\n\t\t\t<h6 class=\"elementor-heading-title elementor-size-default\">Les salaires stagnent, les primes explosent<\/h6>\t\t<\/div>\n\t\t\t\t<\/div>\n\t\t\t\t<div class=\"elementor-element elementor-element-2c99846f elementor-widget elementor-widget-text-editor\" data-id=\"2c99846f\" data-element_type=\"widget\" data-widget_type=\"text-editor.default\">\n\t\t\t\t<div class=\"elementor-widget-container\">\n\t\t\t\t\t\t\t<p>Les primes d\u2019assurance-maladie augmentent depuis des ann\u00e9es, tandis que les cantons \u00e9conomisent sur le dos de la classe moyenne. Par rapport \u00e0 la population, une nette majorit\u00e9 des cantons d\u00e9pensent aujourd\u2019hui moins d\u2019argent pour les r\u00e9ductions de primes qu\u2019il y a dix ans. Cette \u00e9volution aggrave le probl\u00e8me des primes par t\u00eate, dans lequel un cadre paie autant pour l\u2019assurance de base qu\u2019une vendeuse. Pour r\u00e9partir \u00e0 nouveau les co\u00fbts plus \u00e9quitablement, il faut davantage de r\u00e9ductions de primes.<\/p>\t\t\t\t\t\t<\/div>\n\t\t\t\t<\/div>\n\t\t\t\t\t<\/div>\n\t\t\t\t<\/div>\n\t\t<div class=\"elementor-element elementor-element-19585da5 e-flex e-con-boxed elementor-invisible e-con e-child\" data-id=\"19585da5\" data-element_type=\"container\" data-settings=\"{&quot;background_background&quot;:&quot;classic&quot;,&quot;animation&quot;:&quot;fadeInUp&quot;}\">\n\t\t\t\t\t<div class=\"e-con-inner\">\n\t\t\t\t<div class=\"elementor-element elementor-element-1b7ee58c elementor-widget elementor-widget-heading\" data-id=\"1b7ee58c\" data-element_type=\"widget\" data-widget_type=\"heading.default\">\n\t\t\t\t<div class=\"elementor-widget-container\">\n\t\t\t<h6 class=\"elementor-heading-title elementor-size-default\">Pour les retrait\u00e9s et les personnes seules aussi<\/h6>\t\t<\/div>\n\t\t\t\t<\/div>\n\t\t\t\t<div class=\"elementor-element elementor-element-1d74a93c elementor-widget elementor-widget-text-editor\" data-id=\"1d74a93c\" data-element_type=\"widget\" data-widget_type=\"text-editor.default\">\n\t\t\t\t<div class=\"elementor-widget-container\">\n\t\t\t\t\t\t\t<p>Les primes d\u2019assurance-maladie sont comme un imp\u00f4t que tout le monde doit payer. Mais contrairement aux autres imp\u00f4ts, elles ne sont pas plafonn\u00e9es et augmentent chaque ann\u00e9e. L\u2019initiative demande un plafonnement de la charge des primes \u00e0 10% du revenu disponible. Cela ne profite pas seulement aux personnes ayant de bas salaires. Les personnes seules dont le revenu net ne d\u00e9passe pas environ 5000 francs en b\u00e9n\u00e9ficieront aussi.<\/p>\t\t\t\t\t\t<\/div>\n\t\t\t\t<\/div>\n\t\t\t\t\t<\/div>\n\t\t\t\t<\/div>\n\t\t<div class=\"elementor-element elementor-element-50bcdb59 e-flex e-con-boxed elementor-invisible e-con e-child\" data-id=\"50bcdb59\" data-element_type=\"container\" data-settings=\"{&quot;background_background&quot;:&quot;classic&quot;,&quot;animation&quot;:&quot;fadeInUp&quot;}\">\n\t\t\t\t\t<div class=\"e-con-inner\">\n\t\t\t\t<div class=\"elementor-element elementor-element-799be5a9 elementor-widget elementor-widget-heading\" data-id=\"799be5a9\" data-element_type=\"widget\" data-widget_type=\"heading.default\">\n\t\t\t\t<div class=\"elementor-widget-container\">\n\t\t\t<h6 class=\"elementor-heading-title elementor-size-default\">Le monde politique doit agir<\/h6>\t\t<\/div>\n\t\t\t\t<\/div>\n\t\t\t\t<div class=\"elementor-element elementor-element-2bc63fb7 elementor-widget elementor-widget-text-editor\" data-id=\"2bc63fb7\" data-element_type=\"widget\" data-widget_type=\"text-editor.default\">\n\t\t\t\t<div class=\"elementor-widget-container\">\n\t\t\t\t\t\t\t<p>ujourd\u2019hui, les lobbys des grands groupes pharmaceutiques et du secteur de la sant\u00e9 imposent leurs int\u00e9r\u00eats, et les assur\u00e9s en paient le prix. Le lobbyisme a jusqu\u2019ici emp\u00each\u00e9 le monde politique de ma\u00eetriser les co\u00fbts de la sant\u00e9. Cela se traduit par des primes plus \u00e9lev\u00e9es pour nous tous. Si l\u2019initiative est accept\u00e9e, la pression des co\u00fbts de la sant\u00e9 se d\u00e9placera des payeurs de primes vers la politique. La Conf\u00e9d\u00e9ration et les cantons seront alors incit\u00e9s \u00e0 enfin faire baisser le prix des m\u00e9dicaments et \u00e0 mettre un terme \u00e0 la co\u00fbteuse et pr\u00e9tendue concurrence entre les caisses.<\/p>\t\t\t\t\t\t<\/div>\n\t\t\t\t<\/div>\n\t\t\t\t\t<\/div>\n\t\t\t\t<\/div>\n\t\t<div class=\"elementor-element elementor-element-4c8aa897 e-flex e-con-boxed elementor-invisible e-con e-child\" data-id=\"4c8aa897\" data-element_type=\"container\" data-settings=\"{&quot;background_background&quot;:&quot;classic&quot;,&quot;animation&quot;:&quot;fadeInUp&quot;}\">\n\t\t\t\t\t<div class=\"e-con-inner\">\n\t\t\t\t<div class=\"elementor-element elementor-element-7c2c6d95 elementor-widget elementor-widget-heading\" data-id=\"7c2c6d95\" data-element_type=\"widget\" data-widget_type=\"heading.default\">\n\t\t\t\t<div class=\"elementor-widget-container\">\n\t\t\t<h6 class=\"elementor-heading-title elementor-size-default\">\u00c0 qui profite l\u2019initiative ?<\/h6>\t\t<\/div>\n\t\t\t\t<\/div>\n\t\t\t\t<div class=\"elementor-element elementor-element-788b9b37 elementor-widget elementor-widget-text-editor\" data-id=\"788b9b37\" data-element_type=\"widget\" data-widget_type=\"text-editor.default\">\n\t\t\t\t<div class=\"elementor-widget-container\">\n\t\t\t\t\t\t\t<p><span style=\"color: #333333;\"><strong>Famille avec deux enfants<\/strong><\/span> <br \/>Une famille de quatre personnes dont le revenu du \nm\u00e9nage est de 9000 francs nets \u00e9conomise en moyenne quelques centaines de francs par mois.<\/p><p><span style=\"color: #333333;\"><strong>Retrait\u00e9s, personnes seules<\/strong><\/span> <br \/>Les retrait\u00e9s et les personnes seules dont le revenu net ne d\u00e9passe pas 5000 francs profitent du plafonnement des primes demand\u00e9.<\/p><p><em>Source : calculs de l\u2019Union syndicale suisse sur la base de chiffres de l\u2019Office f\u00e9d\u00e9ral de la sant\u00e9 \npublique et de l\u2019Office f\u00e9d\u00e9ral de la statistique ; les calculs se fondent sur l\u2019hypoth\u00e8se que le Parlement et le Conseil f\u00e9d\u00e9ral mettront en \u0153uvre l\u2019initiative comme le propose le comit\u00e9.<\/em><\/p>\t\t\t\t\t\t<\/div>\n\t\t\t\t<\/div>\n\t\t\t\t\t<\/div>\n\t\t\t\t<\/div>\n\t\t\t\t<div class=\"elementor-element elementor-element-784ea4fb elementor-invisible elementor-widget elementor-widget-text-editor\" data-id=\"784ea4fb\" data-element_type=\"widget\" data-settings=\"{&quot;_animation&quot;:&quot;fadeInUp&quot;}\" data-widget_type=\"text-editor.default\">\n\t\t\t\t<div class=\"elementor-widget-container\">\n\t\t\t\t\t\t\t<p><a href=\"https:\/\/bezahlbare-praemien.ch\/\" target=\"_blank\" rel=\"noopener\"><em>Pr\u00e4mien-Entlastungs-Initiative (bezahlbare-praemien.ch)<\/em><\/a><\/p>\t\t\t\t\t\t<\/div>\n\t\t\t\t<\/div>\n\t\t\t\t<\/div>\n\t\t\t\t<div class=\"elementor-element elementor-element-1eaa0541 elementor-widget elementor-widget-html\" data-id=\"1eaa0541\" data-element_type=\"widget\" data-widget_type=\"html.default\">\n\t\t\t\t<div class=\"elementor-widget-container\">\n\t\t\t<style>\n    \/*Blur Zoom Hover Effect*\/\n.main-sections{\n    --zoom-in: ;\n    --zoom-out: 0.99;\n    --hover-background: #792C1A;\n}\n.main-sections{\n    transition: all .5;\n}\n.main-sections:hover .card-box{\n    filter: blur(5px);\n    transform: scale(var(--zoom-out));\n}\n.card-box{\n    transform: scale(1);\n    transition: all .5s;\n}\n.card-box:hover{\n    transform: scale(var(--zoom-in)) !important;\n    z-index: 2;\n    filter: blur(0px) !important;\n}\n.main-sections .elementor-widget-wrap{\n    transition: all .5s;\n}\n.main-sections .card-box:hover .elementor-widget-wrap{\n    background: var(--hover-background) !important;\n}\n<\/style>\t\t<\/div>\n\t\t\t\t<\/div>\n\t\t<div class=\"elementor-element elementor-element-49e644f6 e-con-full card-box e-flex e-con e-child\" data-id=\"49e644f6\" data-element_type=\"container\">\n\t\t\t\t<div class=\"elementor-element elementor-element-49904449 elementor-hidden-tablet elementor-widget elementor-widget-image\" data-id=\"49904449\" data-element_type=\"widget\" data-widget_type=\"image.default\">\n\t\t\t\t<div class=\"elementor-widget-container\">\n\t\t\t\t\t\t\t\t\t\t\t\t\t<img decoding=\"async\" width=\"694\" height=\"694\" src=\"https:\/\/100k.verfassungsfreunde.ch\/wp-content\/uploads\/2024\/05\/Non_gepinnt.png\" class=\"attachment-full size-full wp-image-5877\" alt=\"\" srcset=\"https:\/\/100k.verfassungsfreunde.ch\/wp-content\/uploads\/2024\/05\/Non_gepinnt.png 694w, https:\/\/100k.verfassungsfreunde.ch\/wp-content\/uploads\/2024\/05\/Non_gepinnt-300x300.png 300w, https:\/\/100k.verfassungsfreunde.ch\/wp-content\/uploads\/2024\/05\/Non_gepinnt-150x150.png 150w, https:\/\/100k.verfassungsfreunde.ch\/wp-content\/uploads\/2024\/05\/Non_gepinnt-12x12.png 12w\" sizes=\"(max-width: 694px) 100vw, 694px\" \/>\t\t\t\t\t\t\t\t\t\t\t\t\t<\/div>\n\t\t\t\t<\/div>\n\t\t\t\t<div class=\"elementor-element elementor-element-1e85eec2 elementor-widget elementor-widget-heading\" data-id=\"1e85eec2\" data-element_type=\"widget\" data-widget_type=\"heading.default\">\n\t\t\t\t<div class=\"elementor-widget-container\">\n\t\t\t<h2 class=\"elementor-heading-title elementor-size-default\">Arguments des opposants<\/h2>\t\t<\/div>\n\t\t\t\t<\/div>\n\t\t<div class=\"elementor-element elementor-element-a0ae8aa e-flex e-con-boxed elementor-invisible e-con e-child\" data-id=\"a0ae8aa\" data-element_type=\"container\" data-settings=\"{&quot;background_background&quot;:&quot;classic&quot;,&quot;animation&quot;:&quot;fadeInUp&quot;}\">\n\t\t\t\t\t<div class=\"e-con-inner\">\n\t\t\t\t<div class=\"elementor-element elementor-element-599ccefc elementor-widget elementor-widget-text-editor\" data-id=\"599ccefc\" data-element_type=\"widget\" data-widget_type=\"text-editor.default\">\n\t\t\t\t<div class=\"elementor-widget-container\">\n\t\t\t\t\t\t\t<p>L\u2019initiative soulagerait effectivement une partie de la population de la charge des primes, mais les co\u00fbts pour la Conf\u00e9d\u00e9ration et les cantons augmenteraient de plusieurs milliards de francs par ann\u00e9e. De plus, l\u2019initiative ne s\u2019attaque pas \u00e0 la source du probl\u00e8me, car elle n\u2019a pas d\u2019effet sur l\u2019augmentation importante des co\u00fbts de l\u2019assurance-maladie obligatoire. Le Conseil f\u00e9d\u00e9ral et le Parlement lui opposent un contre-projet indirect qui, m\u00eame s\u2019il n\u2019am\u00e9liorera pas autant les r\u00e9ductions de primes que l\u2019initiative, incitera en revanche \u00e0 freiner l\u2019augmentation des co\u00fbts. Le Conseil f\u00e9d\u00e9ral et le Parlement rejettent l\u2019initiative, notamment pour les raisons suivantes.<\/p>\t\t\t\t\t\t<\/div>\n\t\t\t\t<\/div>\n\t\t\t\t\t<\/div>\n\t\t\t\t<\/div>\n\t\t<div class=\"elementor-element elementor-element-4798e464 e-flex e-con-boxed elementor-invisible e-con e-child\" data-id=\"4798e464\" data-element_type=\"container\" data-settings=\"{&quot;background_background&quot;:&quot;classic&quot;,&quot;animation&quot;:&quot;fadeInUp&quot;}\">\n\t\t\t\t\t<div class=\"e-con-inner\">\n\t\t\t\t<div class=\"elementor-element elementor-element-400b0f71 elementor-widget elementor-widget-heading\" data-id=\"400b0f71\" data-element_type=\"widget\" data-widget_type=\"heading.default\">\n\t\t\t\t<div class=\"elementor-widget-container\">\n\t\t\t<h6 class=\"elementor-heading-title elementor-size-default\">L\u2019initiative co\u00fbte trop cher<\/h6>\t\t<\/div>\n\t\t\t\t<\/div>\n\t\t\t\t<div class=\"elementor-element elementor-element-5d5d70ad elementor-widget elementor-widget-text-editor\" data-id=\"5d5d70ad\" data-element_type=\"widget\" data-widget_type=\"text-editor.default\">\n\t\t\t\t<div class=\"elementor-widget-container\">\n\t\t\t\t\t\t\t<p>L\u2019initiative entra\u00eenera des co\u00fbts suppl\u00e9mentaires tr\u00e8s \u00e9lev\u00e9s pour la Conf\u00e9d\u00e9ration et les cantons. Pour financer ces nouvelles d\u00e9penses de plusieurs milliards de francs par ann\u00e9e, ils devront notamment augmenter les imp\u00f4ts ou faire des \u00e9conomies dans d\u2019autres domaines.<\/p>\t\t\t\t\t\t<\/div>\n\t\t\t\t<\/div>\n\t\t\t\t\t<\/div>\n\t\t\t\t<\/div>\n\t\t<div class=\"elementor-element elementor-element-13d4bff5 e-flex e-con-boxed elementor-invisible e-con e-child\" data-id=\"13d4bff5\" data-element_type=\"container\" data-settings=\"{&quot;background_background&quot;:&quot;classic&quot;,&quot;animation&quot;:&quot;fadeInUp&quot;}\">\n\t\t\t\t\t<div class=\"e-con-inner\">\n\t\t\t\t<div class=\"elementor-element elementor-element-6687c036 elementor-widget elementor-widget-heading\" data-id=\"6687c036\" data-element_type=\"widget\" data-widget_type=\"heading.default\">\n\t\t\t\t<div class=\"elementor-widget-container\">\n\t\t\t<h6 class=\"elementor-heading-title elementor-size-default\">Une mauvaise incitation de plus<\/h6>\t\t<\/div>\n\t\t\t\t<\/div>\n\t\t\t\t<div class=\"elementor-element elementor-element-1fd0ddd5 elementor-widget elementor-widget-text-editor\" data-id=\"1fd0ddd5\" data-element_type=\"widget\" data-widget_type=\"text-editor.default\">\n\t\t\t\t<div class=\"elementor-widget-container\">\n\t\t\t\t\t\t\t<p>La Conf\u00e9d\u00e9ration devra payer les deux tiers de l\u2019all\u00e8gement des primes. Elle devra donc prendre en charge des co\u00fbts largement influenc\u00e9s par les cantons. En effet, les cantons sont les principaux responsables du syst\u00e8me de sant\u00e9. Si l\u2019initiative est accept\u00e9e, elle leur enverra un mauvais signal et ils ne seront plus incit\u00e9s \u00e0 veiller \u00e0 l\u2019efficacit\u00e9 du syst\u00e8me de sant\u00e9 en faisant attention aux co\u00fbts.<\/p>\t\t\t\t\t\t<\/div>\n\t\t\t\t<\/div>\n\t\t\t\t\t<\/div>\n\t\t\t\t<\/div>\n\t\t<div class=\"elementor-element elementor-element-7acefa08 e-flex e-con-boxed elementor-invisible e-con e-child\" data-id=\"7acefa08\" data-element_type=\"container\" data-settings=\"{&quot;background_background&quot;:&quot;classic&quot;,&quot;animation&quot;:&quot;fadeInUp&quot;}\">\n\t\t\t\t\t<div class=\"e-con-inner\">\n\t\t\t\t<div class=\"elementor-element elementor-element-234626fb elementor-widget elementor-widget-heading\" data-id=\"234626fb\" data-element_type=\"widget\" data-widget_type=\"heading.default\">\n\t\t\t\t<div class=\"elementor-widget-container\">\n\t\t\t<h6 class=\"elementor-heading-title elementor-size-default\">L\u2019initiative ne tient pas compte des causes<\/h6>\t\t<\/div>\n\t\t\t\t<\/div>\n\t\t\t\t<div class=\"elementor-element elementor-element-49c8cae6 elementor-widget elementor-widget-text-editor\" data-id=\"49c8cae6\" data-element_type=\"widget\" data-widget_type=\"text-editor.default\">\n\t\t\t\t<div class=\"elementor-widget-container\">\n\t\t\t\t\t\t\t<p>L\u2019initiative ne s\u2019attaque pas aux causes de l\u2019augmentation des primes. Elle n\u2019incite pas \u00e0 freiner l\u2019augmentation des co\u00fbts de l\u2019assurance-maladie obligatoire pour soulager les payeurs de primes. Elle ne pr\u00e9voit en particulier rien pour rem\u00e9dier au probl\u00e8me des prestations m\u00e9dicales inutiles.<\/p>\t\t\t\t\t\t<\/div>\n\t\t\t\t<\/div>\n\t\t\t\t\t<\/div>\n\t\t\t\t<\/div>\n\t\t<div class=\"elementor-element elementor-element-2120ecb0 e-flex e-con-boxed elementor-invisible e-con e-child\" data-id=\"2120ecb0\" data-element_type=\"container\" data-settings=\"{&quot;background_background&quot;:&quot;classic&quot;,&quot;animation&quot;:&quot;fadeInUp&quot;}\">\n\t\t\t\t\t<div class=\"e-con-inner\">\n\t\t\t\t<div class=\"elementor-element elementor-element-2ce87ab0 elementor-widget elementor-widget-heading\" data-id=\"2ce87ab0\" data-element_type=\"widget\" data-widget_type=\"heading.default\">\n\t\t\t\t<div class=\"elementor-widget-container\">\n\t\t\t<h6 class=\"elementor-heading-title elementor-size-default\">Le contre-projet aide \u00e0 ma\u00eetriser les co\u00fbts<\/h6>\t\t<\/div>\n\t\t\t\t<\/div>\n\t\t\t\t<div class=\"elementor-element elementor-element-186dc7ef elementor-widget elementor-widget-text-editor\" data-id=\"186dc7ef\" data-element_type=\"widget\" data-widget_type=\"text-editor.default\">\n\t\t\t\t<div class=\"elementor-widget-container\">\n\t\t\t\t\t\t\t<p>Le Conseil f\u00e9d\u00e9ral et le Parlement s\u2019attaquent au m\u00eame probl\u00e8me que l\u2019initiative dans leur contre-projet indirect. En effet, ils pr\u00e9voient que chaque canton devra payer une contribution minimale \u00e0 la r\u00e9duction de primes, afin de soulager davantage un grand nombre de personnes. Mais, \u00e0 la diff\u00e9rence de l\u2019initiative, ils y ajoutent une incitation \u00e0 ma\u00eetriser les co\u00fbts. En effet, la contribution minimale d\u2019un canton d\u00e9pendra de ses co\u00fbts. Si un canton arrive \u00e0 faire ralentir l\u2019augmentation de ses co\u00fbts, par exemple gr\u00e2ce \u00e0 une planification hospitali\u00e8re efficace, il pourra \u00e9conomiser des d\u00e9penses pour la r\u00e9duction de primes.<\/p>\t\t\t\t\t\t<\/div>\n\t\t\t\t<\/div>\n\t\t\t\t\t<\/div>\n\t\t\t\t<\/div>\n\t\t\t\t<div class=\"elementor-element elementor-element-59651cf3 elementor-invisible elementor-widget elementor-widget-text-editor\" data-id=\"59651cf3\" data-element_type=\"widget\" data-settings=\"{&quot;_animation&quot;:&quot;fadeInUp&quot;}\" data-widget_type=\"text-editor.default\">\n\t\t\t\t<div class=\"elementor-widget-container\">\n\t\t\t\t\t\t\t<p><a href=\"https:\/\/www.admin.ch\/praemien-entlastungs-initiative\">https:\/\/www.admin.ch\/praemien-entlastungs-initiative<\/a><\/p>\t\t\t\t\t\t<\/div>\n\t\t\t\t<\/div>\n\t\t\t\t<\/div>\n\t\t\t\t\t<\/div>\n\t\t\t\t<\/div>\n\t\t\t\t<\/div>","protected":false},"featured_media":0,"parent":0,"template":"","meta":{"_acf_changed":false},"kanton":[102],"class_list":["post-4691","abstimmung","type-abstimmung","status-publish","hentry"],"blocksy_meta":[],"acf":[],"yoast_head":"<!-- This site is optimized with the Yoast SEO plugin v22.8 - https:\/\/yoast.com\/wordpress\/plugins\/seo\/ -->\n<title>Pr\u00e4mien-Entlastungs-Initiative - 100k<\/title>\n<meta name=\"robots\" content=\"index, follow, max-snippet:-1, max-image-preview:large, max-video-preview:-1\" \/>\n<link rel=\"canonical\" href=\"https:\/\/100k.verfassungsfreunde.ch\/fr\/abstimmung\/praemien-entlastungs-initiative\/\" \/>\n<meta property=\"og:locale\" content=\"fr_FR\" \/>\n<meta property=\"og:type\" content=\"article\" \/>\n<meta property=\"og:title\" content=\"Pr\u00e4mien-Entlastungs-Initiative - 100k\" \/>\n<meta property=\"og:description\" content=\"Ausgangslage Wer in der Schweiz krank ist, erh\u00e4lt die n\u00f6tige medizinische Behandlung. Seit 1996 \u00fcbernimmt die obligatorische Krankenversicherung die Kosten daf\u00fcr. Die Krankenversicherung wird \u00fcber die Krankenkassenpr\u00e4mien und Kostenbeteiligungen (Franchise, Selbstbehalt, Spitalkostenbeitrag) finanziert. Die Kosten der Krankenversicherung sind in den letzten Jahrzehnten stark gestiegen. Um sie zu decken, mussten die Pr\u00e4mien entsprechend erh\u00f6ht werden. Die [&hellip;]\" \/>\n<meta property=\"og:url\" content=\"https:\/\/100k.verfassungsfreunde.ch\/fr\/abstimmung\/praemien-entlastungs-initiative\/\" \/>\n<meta property=\"og:site_name\" content=\"100k\" \/>\n<meta property=\"article:publisher\" content=\"https:\/\/www.facebook.com\/verfassungsfreunde.ch\" \/>\n<meta property=\"article:modified_time\" content=\"2024-05-22T12:19:57+00:00\" \/>\n<meta property=\"og:image\" content=\"https:\/\/100k.verfassungsfreunde.ch\/wp-content\/uploads\/2024\/04\/Ja_gepinnt.png\" \/>\n<meta name=\"twitter:card\" content=\"summary_large_image\" \/>\n<meta name=\"twitter:site\" content=\"@FdVerfassung\" \/>\n<meta name=\"twitter:label1\" content=\"Dur\u00e9e de lecture estim\u00e9e\" \/>\n\t<meta name=\"twitter:data1\" content=\"6 minutes\" \/>\n<script type=\"application\/ld+json\" class=\"yoast-schema-graph\">{\"@context\":\"https:\/\/schema.org\",\"@graph\":[{\"@type\":\"WebPage\",\"@id\":\"https:\/\/100k.verfassungsfreunde.ch\/abstimmung\/praemien-entlastungs-initiative\/\",\"url\":\"https:\/\/100k.verfassungsfreunde.ch\/abstimmung\/praemien-entlastungs-initiative\/\",\"name\":\"Pr\u00e4mien-Entlastungs-Initiative - 100k\",\"isPartOf\":{\"@id\":\"https:\/\/100k.verfassungsfreunde.ch\/#website\"},\"primaryImageOfPage\":{\"@id\":\"https:\/\/100k.verfassungsfreunde.ch\/abstimmung\/praemien-entlastungs-initiative\/#primaryimage\"},\"image\":{\"@id\":\"https:\/\/100k.verfassungsfreunde.ch\/abstimmung\/praemien-entlastungs-initiative\/#primaryimage\"},\"thumbnailUrl\":\"https:\/\/100k.verfassungsfreunde.ch\/wp-content\/uploads\/2024\/04\/Ja_gepinnt.png\",\"datePublished\":\"2024-04-26T13:09:32+00:00\",\"dateModified\":\"2024-05-22T12:19:57+00:00\",\"breadcrumb\":{\"@id\":\"https:\/\/100k.verfassungsfreunde.ch\/abstimmung\/praemien-entlastungs-initiative\/#breadcrumb\"},\"inLanguage\":\"fr-FR\",\"potentialAction\":[{\"@type\":\"ReadAction\",\"target\":[\"https:\/\/100k.verfassungsfreunde.ch\/abstimmung\/praemien-entlastungs-initiative\/\"]}]},{\"@type\":\"ImageObject\",\"inLanguage\":\"fr-FR\",\"@id\":\"https:\/\/100k.verfassungsfreunde.ch\/abstimmung\/praemien-entlastungs-initiative\/#primaryimage\",\"url\":\"https:\/\/100k.verfassungsfreunde.ch\/wp-content\/uploads\/2024\/04\/Ja_gepinnt.png\",\"contentUrl\":\"https:\/\/100k.verfassungsfreunde.ch\/wp-content\/uploads\/2024\/04\/Ja_gepinnt.png\"},{\"@type\":\"BreadcrumbList\",\"@id\":\"https:\/\/100k.verfassungsfreunde.ch\/abstimmung\/praemien-entlastungs-initiative\/#breadcrumb\",\"itemListElement\":[{\"@type\":\"ListItem\",\"position\":1,\"name\":\"Home\",\"item\":\"https:\/\/100k.verfassungsfreunde.ch\/\"},{\"@type\":\"ListItem\",\"position\":2,\"name\":\"Abstimmungen\",\"item\":\"https:\/\/100k.verfassungsfreunde.ch\/abstimmung\/\"},{\"@type\":\"ListItem\",\"position\":3,\"name\":\"Pr\u00e4mien-Entlastungs-Initiative\"}]},{\"@type\":\"WebSite\",\"@id\":\"https:\/\/100k.verfassungsfreunde.ch\/#website\",\"url\":\"https:\/\/100k.verfassungsfreunde.ch\/\",\"name\":\"100k\",\"description\":\"\",\"publisher\":{\"@id\":\"https:\/\/100k.verfassungsfreunde.ch\/#organization\"},\"potentialAction\":[{\"@type\":\"SearchAction\",\"target\":{\"@type\":\"EntryPoint\",\"urlTemplate\":\"https:\/\/100k.verfassungsfreunde.ch\/?s={search_term_string}\"},\"query-input\":\"required name=search_term_string\"}],\"inLanguage\":\"fr-FR\"},{\"@type\":\"Organization\",\"@id\":\"https:\/\/100k.verfassungsfreunde.ch\/#organization\",\"name\":\"100k\",\"url\":\"https:\/\/100k.verfassungsfreunde.ch\/\",\"logo\":{\"@type\":\"ImageObject\",\"inLanguage\":\"fr-FR\",\"@id\":\"https:\/\/100k.verfassungsfreunde.ch\/#\/schema\/logo\/image\/\",\"url\":\"https:\/\/100k.verfassungsfreunde.ch\/wp-content\/uploads\/2024\/05\/100k_Logo.png\",\"contentUrl\":\"https:\/\/100k.verfassungsfreunde.ch\/wp-content\/uploads\/2024\/05\/100k_Logo.png\",\"width\":1327,\"height\":683,\"caption\":\"100k\"},\"image\":{\"@id\":\"https:\/\/100k.verfassungsfreunde.ch\/#\/schema\/logo\/image\/\"},\"sameAs\":[\"https:\/\/www.facebook.com\/verfassungsfreunde.ch\",\"https:\/\/x.com\/FdVerfassung\"]}]}<\/script>\n<!-- \/ Yoast SEO plugin. -->","yoast_head_json":{"title":"Pr\u00e4mien-Entlastungs-Initiative - 100k","robots":{"index":"index","follow":"follow","max-snippet":"max-snippet:-1","max-image-preview":"max-image-preview:large","max-video-preview":"max-video-preview:-1"},"canonical":"https:\/\/100k.verfassungsfreunde.ch\/fr\/abstimmung\/praemien-entlastungs-initiative\/","og_locale":"fr_FR","og_type":"article","og_title":"Pr\u00e4mien-Entlastungs-Initiative - 100k","og_description":"Ausgangslage Wer in der Schweiz krank ist, erh\u00e4lt die n\u00f6tige medizinische Behandlung. Seit 1996 \u00fcbernimmt die obligatorische Krankenversicherung die Kosten daf\u00fcr. Die Krankenversicherung wird \u00fcber die Krankenkassenpr\u00e4mien und Kostenbeteiligungen (Franchise, Selbstbehalt, Spitalkostenbeitrag) finanziert. Die Kosten der Krankenversicherung sind in den letzten Jahrzehnten stark gestiegen. Um sie zu decken, mussten die Pr\u00e4mien entsprechend erh\u00f6ht werden. Die [&hellip;]","og_url":"https:\/\/100k.verfassungsfreunde.ch\/fr\/abstimmung\/praemien-entlastungs-initiative\/","og_site_name":"100k","article_publisher":"https:\/\/www.facebook.com\/verfassungsfreunde.ch","article_modified_time":"2024-05-22T12:19:57+00:00","og_image":[{"url":"https:\/\/100k.verfassungsfreunde.ch\/wp-content\/uploads\/2024\/04\/Ja_gepinnt.png"}],"twitter_card":"summary_large_image","twitter_site":"@FdVerfassung","twitter_misc":{"Dur\u00e9e de lecture estim\u00e9e":"6 minutes"},"schema":{"@context":"https:\/\/schema.org","@graph":[{"@type":"WebPage","@id":"https:\/\/100k.verfassungsfreunde.ch\/abstimmung\/praemien-entlastungs-initiative\/","url":"https:\/\/100k.verfassungsfreunde.ch\/abstimmung\/praemien-entlastungs-initiative\/","name":"Pr\u00e4mien-Entlastungs-Initiative - 100k","isPartOf":{"@id":"https:\/\/100k.verfassungsfreunde.ch\/#website"},"primaryImageOfPage":{"@id":"https:\/\/100k.verfassungsfreunde.ch\/abstimmung\/praemien-entlastungs-initiative\/#primaryimage"},"image":{"@id":"https:\/\/100k.verfassungsfreunde.ch\/abstimmung\/praemien-entlastungs-initiative\/#primaryimage"},"thumbnailUrl":"https:\/\/100k.verfassungsfreunde.ch\/wp-content\/uploads\/2024\/04\/Ja_gepinnt.png","datePublished":"2024-04-26T13:09:32+00:00","dateModified":"2024-05-22T12:19:57+00:00","breadcrumb":{"@id":"https:\/\/100k.verfassungsfreunde.ch\/abstimmung\/praemien-entlastungs-initiative\/#breadcrumb"},"inLanguage":"fr-FR","potentialAction":[{"@type":"ReadAction","target":["https:\/\/100k.verfassungsfreunde.ch\/abstimmung\/praemien-entlastungs-initiative\/"]}]},{"@type":"ImageObject","inLanguage":"fr-FR","@id":"https:\/\/100k.verfassungsfreunde.ch\/abstimmung\/praemien-entlastungs-initiative\/#primaryimage","url":"https:\/\/100k.verfassungsfreunde.ch\/wp-content\/uploads\/2024\/04\/Ja_gepinnt.png","contentUrl":"https:\/\/100k.verfassungsfreunde.ch\/wp-content\/uploads\/2024\/04\/Ja_gepinnt.png"},{"@type":"BreadcrumbList","@id":"https:\/\/100k.verfassungsfreunde.ch\/abstimmung\/praemien-entlastungs-initiative\/#breadcrumb","itemListElement":[{"@type":"ListItem","position":1,"name":"Home","item":"https:\/\/100k.verfassungsfreunde.ch\/"},{"@type":"ListItem","position":2,"name":"Abstimmungen","item":"https:\/\/100k.verfassungsfreunde.ch\/abstimmung\/"},{"@type":"ListItem","position":3,"name":"Pr\u00e4mien-Entlastungs-Initiative"}]},{"@type":"WebSite","@id":"https:\/\/100k.verfassungsfreunde.ch\/#website","url":"https:\/\/100k.verfassungsfreunde.ch\/","name":"100k","description":"","publisher":{"@id":"https:\/\/100k.verfassungsfreunde.ch\/#organization"},"potentialAction":[{"@type":"SearchAction","target":{"@type":"EntryPoint","urlTemplate":"https:\/\/100k.verfassungsfreunde.ch\/?s={search_term_string}"},"query-input":"required name=search_term_string"}],"inLanguage":"fr-FR"},{"@type":"Organization","@id":"https:\/\/100k.verfassungsfreunde.ch\/#organization","name":"100k","url":"https:\/\/100k.verfassungsfreunde.ch\/","logo":{"@type":"ImageObject","inLanguage":"fr-FR","@id":"https:\/\/100k.verfassungsfreunde.ch\/#\/schema\/logo\/image\/","url":"https:\/\/100k.verfassungsfreunde.ch\/wp-content\/uploads\/2024\/05\/100k_Logo.png","contentUrl":"https:\/\/100k.verfassungsfreunde.ch\/wp-content\/uploads\/2024\/05\/100k_Logo.png","width":1327,"height":683,"caption":"100k"},"image":{"@id":"https:\/\/100k.verfassungsfreunde.ch\/#\/schema\/logo\/image\/"},"sameAs":["https:\/\/www.facebook.com\/verfassungsfreunde.ch","https:\/\/x.com\/FdVerfassung"]}]}},"_links":{"self":[{"href":"https:\/\/100k.verfassungsfreunde.ch\/fr\/wp-json\/wp\/v2\/abstimmung\/4691","targetHints":{"allow":["GET"]}}],"collection":[{"href":"https:\/\/100k.verfassungsfreunde.ch\/fr\/wp-json\/wp\/v2\/abstimmung"}],"about":[{"href":"https:\/\/100k.verfassungsfreunde.ch\/fr\/wp-json\/wp\/v2\/types\/abstimmung"}],"version-history":[{"count":10,"href":"https:\/\/100k.verfassungsfreunde.ch\/fr\/wp-json\/wp\/v2\/abstimmung\/4691\/revisions"}],"predecessor-version":[{"id":6590,"href":"https:\/\/100k.verfassungsfreunde.ch\/fr\/wp-json\/wp\/v2\/abstimmung\/4691\/revisions\/6590"}],"wp:attachment":[{"href":"https:\/\/100k.verfassungsfreunde.ch\/fr\/wp-json\/wp\/v2\/media?parent=4691"}],"wp:term":[{"taxonomy":"kanton","embeddable":true,"href":"https:\/\/100k.verfassungsfreunde.ch\/fr\/wp-json\/wp\/v2\/kanton?post=4691"}],"curies":[{"name":"wp","href":"https:\/\/api.w.org\/{rel}","templated":true}]}}