{"id":4690,"date":"2024-04-26T15:04:35","date_gmt":"2024-04-26T13:04:35","guid":{"rendered":"https:\/\/100k.verfassungsfreunde.ch\/?post_type=abstimmung&#038;p=4690"},"modified":"2024-05-22T14:17:54","modified_gmt":"2024-05-22T12:17:54","slug":"bundesgesetz-ueber-eine-sichere-stromversorgung-mit-erneuerbaren-energien","status":"publish","type":"abstimmung","link":"https:\/\/100k.verfassungsfreunde.ch\/fr\/abstimmung\/bundesgesetz-ueber-eine-sichere-stromversorgung-mit-erneuerbaren-energien\/","title":{"rendered":"Approvisionnement en \u00e9lectricit\u00e9"},"content":{"rendered":"<div data-elementor-type=\"wp-post\" data-elementor-id=\"4690\" class=\"elementor elementor-4690\" data-elementor-post-type=\"abstimmung\">\n\t\t\t\t<div class=\"elementor-element elementor-element-732ed95c e-flex e-con-boxed e-con e-parent\" data-id=\"732ed95c\" data-element_type=\"container\">\n\t\t\t\t\t<div class=\"e-con-inner\">\n\t\t\t\t<div class=\"elementor-element elementor-element-61d42b14 elementor-widget elementor-widget-text-editor\" data-id=\"61d42b14\" data-element_type=\"widget\" data-widget_type=\"text-editor.default\">\n\t\t\t\t<div class=\"elementor-widget-container\">\n\t\t\t<style>\/*! elementor - v3.21.0 - 26-05-2024 *\/\n.elementor-widget-text-editor.elementor-drop-cap-view-stacked .elementor-drop-cap{background-color:#69727d;color:#fff}.elementor-widget-text-editor.elementor-drop-cap-view-framed .elementor-drop-cap{color:#69727d;border:3px solid;background-color:transparent}.elementor-widget-text-editor:not(.elementor-drop-cap-view-default) .elementor-drop-cap{margin-top:8px}.elementor-widget-text-editor:not(.elementor-drop-cap-view-default) .elementor-drop-cap-letter{width:1em;height:1em}.elementor-widget-text-editor .elementor-drop-cap{float:left;text-align:center;line-height:1;font-size:50px}.elementor-widget-text-editor .elementor-drop-cap-letter{display:inline-block}<\/style>\t\t\t\t<p>Approvisionner la Suisse en \u00e9nergie en tout temps et en suffisance est devenu plus difficile. Du fait de la transformation de l\u2019approvisionnement en \u00e9lectricit\u00e9 en Europe et des conflits internationaux, nous risquons de subir des p\u00e9nuries pendant les mois d\u2019hiver si nous ne pouvons pas importer assez d\u2019\u00e9lectricit\u00e9. La Suisse a en outre besoin de plus d\u2019\u00e9lectricit\u00e9, par exemple pour l\u2019\u00e9conomie, mais aussi pour les voitures \u00e9lectriques et les pompes \u00e0 chaleur. Afin de garantir la s\u00e9curit\u00e9 de l\u2019approvisionnement, le Parlement a donc adopt\u00e9 la loi f\u00e9d\u00e9rale relative \u00e0 un approvisionnement en \u00e9lectricit\u00e9 s\u00fbr reposant sur des \u00e9nergies renouvelables. Un r\u00e9f\u00e9rendum a \u00e9t\u00e9 demand\u00e9 contre cette loi.<\/p>\t\t\t\t\t\t<\/div>\n\t\t\t\t<\/div>\n\t\t\t\t\t<\/div>\n\t\t\t\t<\/div>\n\t\t<div class=\"elementor-element elementor-element-6c1a8e6e main-sections e-flex e-con-boxed e-con e-parent\" data-id=\"6c1a8e6e\" data-element_type=\"container\">\n\t\t\t\t\t<div class=\"e-con-inner\">\n\t\t<div class=\"elementor-element elementor-element-76591ce e-con-full card-box e-flex e-con e-child\" data-id=\"76591ce\" data-element_type=\"container\">\n\t\t\t\t<div class=\"elementor-element elementor-element-2b45794e elementor-hidden-tablet elementor-widget elementor-widget-image\" data-id=\"2b45794e\" data-element_type=\"widget\" data-widget_type=\"image.default\">\n\t\t\t\t<div class=\"elementor-widget-container\">\n\t\t\t<style>\/*! elementor - v3.21.0 - 26-05-2024 *\/\n.elementor-widget-image{text-align:center}.elementor-widget-image a{display:inline-block}.elementor-widget-image a img[src$=\".svg\"]{width:48px}.elementor-widget-image img{vertical-align:middle;display:inline-block}<\/style>\t\t\t\t\t\t\t\t\t\t<img fetchpriority=\"high\" decoding=\"async\" width=\"694\" height=\"694\" src=\"https:\/\/100k.verfassungsfreunde.ch\/wp-content\/uploads\/2024\/05\/Oui_gepinnt.png\" class=\"attachment-full size-full wp-image-5876\" alt=\"\" srcset=\"https:\/\/100k.verfassungsfreunde.ch\/wp-content\/uploads\/2024\/05\/Oui_gepinnt.png 694w, https:\/\/100k.verfassungsfreunde.ch\/wp-content\/uploads\/2024\/05\/Oui_gepinnt-300x300.png 300w, https:\/\/100k.verfassungsfreunde.ch\/wp-content\/uploads\/2024\/05\/Oui_gepinnt-150x150.png 150w, https:\/\/100k.verfassungsfreunde.ch\/wp-content\/uploads\/2024\/05\/Oui_gepinnt-12x12.png 12w\" sizes=\"(max-width: 694px) 100vw, 694px\" \/>\t\t\t\t\t\t\t\t\t\t\t\t\t<\/div>\n\t\t\t\t<\/div>\n\t\t\t\t<div class=\"elementor-element elementor-element-5680b960 elementor-widget elementor-widget-heading\" data-id=\"5680b960\" data-element_type=\"widget\" data-widget_type=\"heading.default\">\n\t\t\t\t<div class=\"elementor-widget-container\">\n\t\t\t<style>\/*! elementor - v3.21.0 - 26-05-2024 *\/\n.elementor-heading-title{padding:0;margin:0;line-height:1}.elementor-widget-heading .elementor-heading-title[class*=elementor-size-]>a{color:inherit;font-size:inherit;line-height:inherit}.elementor-widget-heading .elementor-heading-title.elementor-size-small{font-size:15px}.elementor-widget-heading .elementor-heading-title.elementor-size-medium{font-size:19px}.elementor-widget-heading .elementor-heading-title.elementor-size-large{font-size:29px}.elementor-widget-heading .elementor-heading-title.elementor-size-xl{font-size:39px}.elementor-widget-heading .elementor-heading-title.elementor-size-xxl{font-size:59px}<\/style><h2 class=\"elementor-heading-title elementor-size-default\">Arguments des partisans<\/h2>\t\t<\/div>\n\t\t\t\t<\/div>\n\t\t<div class=\"elementor-element elementor-element-5e83ec1a e-flex e-con-boxed elementor-invisible e-con e-child\" data-id=\"5e83ec1a\" data-element_type=\"container\" data-settings=\"{&quot;background_background&quot;:&quot;classic&quot;,&quot;animation&quot;:&quot;fadeInUp&quot;}\">\n\t\t\t\t\t<div class=\"e-con-inner\">\n\t\t\t\t<div class=\"elementor-element elementor-element-7cc66818 elementor-widget elementor-widget-text-editor\" data-id=\"7cc66818\" data-element_type=\"widget\" data-widget_type=\"text-editor.default\">\n\t\t\t\t<div class=\"elementor-widget-container\">\n\t\t\t\t\t\t\t<p>Le projet cr\u00e9e les conditions permettant un d\u00e9veloppement rapide de la production d\u2019\u00e9lectricit\u00e9 \u00e0 partir d\u2019\u00e9nergies renouvelables en Suisse, dans le respect de la nature et du paysage. Ce d\u00e9veloppement rapide est n\u00e9cessaire pour que la population et l\u2019\u00e9conomie puissent continuer \u00e0 compter en Suisse sur un approvisionnement s\u00fbr en \u00e9lectricit\u00e9. Le Conseil f\u00e9d\u00e9ral et le Parlement approuvent le projet, notamment pour les raisons suivantes.<\/p>\t\t\t\t\t\t<\/div>\n\t\t\t\t<\/div>\n\t\t\t\t\t<\/div>\n\t\t\t\t<\/div>\n\t\t<div class=\"elementor-element elementor-element-5f42cb7a e-flex e-con-boxed elementor-invisible e-con e-child\" data-id=\"5f42cb7a\" data-element_type=\"container\" data-settings=\"{&quot;background_background&quot;:&quot;classic&quot;,&quot;animation&quot;:&quot;fadeInUp&quot;}\">\n\t\t\t\t\t<div class=\"e-con-inner\">\n\t\t\t\t<div class=\"elementor-element elementor-element-7b1ea746 elementor-widget elementor-widget-heading\" data-id=\"7b1ea746\" data-element_type=\"widget\" data-widget_type=\"heading.default\">\n\t\t\t\t<div class=\"elementor-widget-container\">\n\t\t\t<h6 class=\"elementor-heading-title elementor-size-default\">S\u00e9curit\u00e9 de l\u2019approvisionnement<\/h6>\t\t<\/div>\n\t\t\t\t<\/div>\n\t\t\t\t<div class=\"elementor-element elementor-element-57255bac elementor-widget elementor-widget-text-editor\" data-id=\"57255bac\" data-element_type=\"widget\" data-widget_type=\"text-editor.default\">\n\t\t\t\t<div class=\"elementor-widget-container\">\n\t\t\t\t\t\t\t<p>Les installations solaires sur les b\u00e2timents offrent le potentiel le plus grand et le plus rapidement r\u00e9alisable pour renforcer la s\u00e9curit\u00e9 de l\u2019approvisionnement. Le projet vise \u00e0 ce que ce potentiel soit exploit\u00e9. Il facilite en outre la construction rapide d\u2019installations de production d\u2019int\u00e9r\u00eat national destin\u00e9es \u00e0 utiliser l\u2019\u00e9nergie hydraulique, solaire et \u00e9olienne.<\/p>\t\t\t\t\t\t<\/div>\n\t\t\t\t<\/div>\n\t\t\t\t\t<\/div>\n\t\t\t\t<\/div>\n\t\t<div class=\"elementor-element elementor-element-72a1eff e-flex e-con-boxed elementor-invisible e-con e-child\" data-id=\"72a1eff\" data-element_type=\"container\" data-settings=\"{&quot;background_background&quot;:&quot;classic&quot;,&quot;animation&quot;:&quot;fadeInUp&quot;}\">\n\t\t\t\t\t<div class=\"e-con-inner\">\n\t\t\t\t<div class=\"elementor-element elementor-element-dd50a8f elementor-widget elementor-widget-heading\" data-id=\"dd50a8f\" data-element_type=\"widget\" data-widget_type=\"heading.default\">\n\t\t\t\t<div class=\"elementor-widget-container\">\n\t\t\t<h6 class=\"elementor-heading-title elementor-size-default\">Ind\u00e9pendance<\/h6>\t\t<\/div>\n\t\t\t\t<\/div>\n\t\t\t\t<div class=\"elementor-element elementor-element-6faa161 elementor-widget elementor-widget-text-editor\" data-id=\"6faa161\" data-element_type=\"widget\" data-widget_type=\"text-editor.default\">\n\t\t\t\t<div class=\"elementor-widget-container\">\n\t\t\t\t\t\t\t<p>Le d\u00e9veloppement rapide de la production d\u2019\u00e9lectricit\u00e9 en Suisse r\u00e9duit notre d\u00e9pendance vis-\u00e0-vis des importations et, associ\u00e9 \u00e0 la r\u00e9serve d\u2019\u00e9nergie, le risque de situations critiques. Le projet renforce ainsi notre ind\u00e9pendance en mati\u00e8re d\u2019approvisionnement \u00e9nerg\u00e9tique.<\/p>\t\t\t\t\t\t<\/div>\n\t\t\t\t<\/div>\n\t\t\t\t\t<\/div>\n\t\t\t\t<\/div>\n\t\t<div class=\"elementor-element elementor-element-ce641e2 e-flex e-con-boxed elementor-invisible e-con e-child\" data-id=\"ce641e2\" data-element_type=\"container\" data-settings=\"{&quot;background_background&quot;:&quot;classic&quot;,&quot;animation&quot;:&quot;fadeInUp&quot;}\">\n\t\t\t\t\t<div class=\"e-con-inner\">\n\t\t\t\t<div class=\"elementor-element elementor-element-4ccfab3 elementor-widget elementor-widget-heading\" data-id=\"4ccfab3\" data-element_type=\"widget\" data-widget_type=\"heading.default\">\n\t\t\t\t<div class=\"elementor-widget-container\">\n\t\t\t<h6 class=\"elementor-heading-title elementor-size-default\">Nature et paysage pr\u00e9serv\u00e9s<\/h6>\t\t<\/div>\n\t\t\t\t<\/div>\n\t\t\t\t<div class=\"elementor-element elementor-element-a6900ff elementor-widget elementor-widget-text-editor\" data-id=\"a6900ff\" data-element_type=\"widget\" data-widget_type=\"text-editor.default\">\n\t\t\t\t<div class=\"elementor-widget-container\">\n\t\t\t\t\t\t\t<p>Le d\u00e9veloppement de grandes installations destin\u00e9es \u00e0 la production d\u2019\u00e9lectricit\u00e9 se fait dans le respect de la nature et du paysage. Il restera en principe interdit de construire de nouvelles installations dans des zones particuli\u00e8rement dignes de protection.<\/p>\t\t\t\t\t\t<\/div>\n\t\t\t\t<\/div>\n\t\t\t\t\t<\/div>\n\t\t\t\t<\/div>\n\t\t<div class=\"elementor-element elementor-element-36971f6 e-flex e-con-boxed elementor-invisible e-con e-child\" data-id=\"36971f6\" data-element_type=\"container\" data-settings=\"{&quot;background_background&quot;:&quot;classic&quot;,&quot;animation&quot;:&quot;fadeInUp&quot;}\">\n\t\t\t\t\t<div class=\"e-con-inner\">\n\t\t\t\t<div class=\"elementor-element elementor-element-4e152d1 elementor-widget elementor-widget-heading\" data-id=\"4e152d1\" data-element_type=\"widget\" data-widget_type=\"heading.default\">\n\t\t\t\t<div class=\"elementor-widget-container\">\n\t\t\t<h6 class=\"elementor-heading-title elementor-size-default\">Concentration sur les zones appropri\u00e9es<\/h6>\t\t<\/div>\n\t\t\t\t<\/div>\n\t\t\t\t<div class=\"elementor-element elementor-element-c41a23c elementor-widget elementor-widget-text-editor\" data-id=\"c41a23c\" data-element_type=\"widget\" data-widget_type=\"text-editor.default\">\n\t\t\t\t<div class=\"elementor-widget-container\">\n\t\t\t\t\t\t\t<p>Contrairement \u00e0 aujourd\u2019hui, la construction d\u2019\u00e9oliennes et de grandes installations solaires qui sont d\u2019une importance particuli\u00e8re pour la s\u00e9curit\u00e9 d\u2019approvisionnement de la Suisse sera concentr\u00e9e sur des zones pr\u00e9cises qui se pr\u00eatent \u00e0 l\u2019exploitation de l\u2019\u00e9nergie \u00e9olienne et solaire. Le paysage et la nature seront ainsi pr\u00e9serv\u00e9s.<\/p>\t\t\t\t\t\t<\/div>\n\t\t\t\t<\/div>\n\t\t\t\t\t<\/div>\n\t\t\t\t<\/div>\n\t\t<div class=\"elementor-element elementor-element-fef72e6 e-flex e-con-boxed elementor-invisible e-con e-child\" data-id=\"fef72e6\" data-element_type=\"container\" data-settings=\"{&quot;background_background&quot;:&quot;classic&quot;,&quot;animation&quot;:&quot;fadeInUp&quot;}\">\n\t\t\t\t\t<div class=\"e-con-inner\">\n\t\t\t\t<div class=\"elementor-element elementor-element-3f5cf47 elementor-widget elementor-widget-heading\" data-id=\"3f5cf47\" data-element_type=\"widget\" data-widget_type=\"heading.default\">\n\t\t\t\t<div class=\"elementor-widget-container\">\n\t\t\t<h6 class=\"elementor-heading-title elementor-size-default\">Soutien d\u2019organisations environnementales<\/h6>\t\t<\/div>\n\t\t\t\t<\/div>\n\t\t\t\t<div class=\"elementor-element elementor-element-8e31fba elementor-widget elementor-widget-text-editor\" data-id=\"8e31fba\" data-element_type=\"widget\" data-widget_type=\"text-editor.default\">\n\t\t\t\t<div class=\"elementor-widget-container\">\n\t\t\t\t\t\t\t<p>S\u2019agissant des centrales hydro\u00e9lectriques \u00e0 accumulation, la loi soumise en votation met l\u2019accent sur des projets sur lesquels les grandes organisations environnementales WWF et Pro Natura ainsi que la F\u00e9d\u00e9ration suisse de p\u00eache se sont d\u00e9clar\u00e9es fondamentalement d\u2019accord. Le d\u00e9veloppement se fera ainsi de mani\u00e8re cibl\u00e9e, l\u00e0 o\u00f9 il est compatible avec la protection de la nature et du paysage.<\/p>\t\t\t\t\t\t<\/div>\n\t\t\t\t<\/div>\n\t\t\t\t\t<\/div>\n\t\t\t\t<\/div>\n\t\t<div class=\"elementor-element elementor-element-05f5550 e-flex e-con-boxed elementor-invisible e-con e-child\" data-id=\"05f5550\" data-element_type=\"container\" data-settings=\"{&quot;background_background&quot;:&quot;classic&quot;,&quot;animation&quot;:&quot;fadeInUp&quot;}\">\n\t\t\t\t\t<div class=\"e-con-inner\">\n\t\t\t\t<div class=\"elementor-element elementor-element-9fc3929 elementor-widget elementor-widget-heading\" data-id=\"9fc3929\" data-element_type=\"widget\" data-widget_type=\"heading.default\">\n\t\t\t\t<div class=\"elementor-widget-container\">\n\t\t\t<h6 class=\"elementor-heading-title elementor-size-default\">Droits d\u00e9mocratiques pr\u00e9serv\u00e9s<\/h6>\t\t<\/div>\n\t\t\t\t<\/div>\n\t\t\t\t<div class=\"elementor-element elementor-element-56cf72d elementor-widget elementor-widget-text-editor\" data-id=\"56cf72d\" data-element_type=\"widget\" data-widget_type=\"text-editor.default\">\n\t\t\t\t<div class=\"elementor-widget-container\">\n\t\t\t\t\t\t\t<p>Les conditions de planification facilit\u00e9es pour les \u00e9oliennes et les installations solaires importantes ne changent rien aux possibilit\u00e9s d\u00e9mocratiques de participation de la population. Les votations sur des projets concrets resteront possibles.<\/p>\t\t\t\t\t\t<\/div>\n\t\t\t\t<\/div>\n\t\t\t\t\t<\/div>\n\t\t\t\t<\/div>\n\t\t<div class=\"elementor-element elementor-element-03f31d4 e-flex e-con-boxed elementor-invisible e-con e-child\" data-id=\"03f31d4\" data-element_type=\"container\" data-settings=\"{&quot;background_background&quot;:&quot;classic&quot;,&quot;animation&quot;:&quot;fadeInUp&quot;}\">\n\t\t\t\t\t<div class=\"e-con-inner\">\n\t\t\t\t<div class=\"elementor-element elementor-element-e01fcb2 elementor-widget elementor-widget-heading\" data-id=\"e01fcb2\" data-element_type=\"widget\" data-widget_type=\"heading.default\">\n\t\t\t\t<div class=\"elementor-widget-container\">\n\t\t\t<h6 class=\"elementor-heading-title elementor-size-default\">Des incitations, mais pas de nouvelles taxes ni obligations<\/h6>\t\t<\/div>\n\t\t\t\t<\/div>\n\t\t\t\t<div class=\"elementor-element elementor-element-78c305f elementor-widget elementor-widget-text-editor\" data-id=\"78c305f\" data-element_type=\"widget\" data-widget_type=\"text-editor.default\">\n\t\t\t\t<div class=\"elementor-widget-container\">\n\t\t\t\t\t\t\t<p>Des contributions financi\u00e8res continueront d\u2019\u00eatre vers\u00e9es pour les installations solaires sur les toits et les fa\u00e7ades. Le Conseil f\u00e9d\u00e9ral et le Parlement misent ainsi sur des incitations \u00e0 l\u2019investissement plut\u00f4t que sur de nouvelles obligations. Le d\u00e9veloppement se fera sans nouvelles taxes pour les consommateurs d\u2019\u00e9lectricit\u00e9.<\/p>\t\t\t\t\t\t<\/div>\n\t\t\t\t<\/div>\n\t\t\t\t\t<\/div>\n\t\t\t\t<\/div>\n\t\t<div class=\"elementor-element elementor-element-080b7fe e-flex e-con-boxed elementor-invisible e-con e-child\" data-id=\"080b7fe\" data-element_type=\"container\" data-settings=\"{&quot;background_background&quot;:&quot;classic&quot;,&quot;animation&quot;:&quot;fadeInUp&quot;}\">\n\t\t\t\t\t<div class=\"e-con-inner\">\n\t\t\t\t<div class=\"elementor-element elementor-element-580f2a4 elementor-widget elementor-widget-heading\" data-id=\"580f2a4\" data-element_type=\"widget\" data-widget_type=\"heading.default\">\n\t\t\t\t<div class=\"elementor-widget-container\">\n\t\t\t<h6 class=\"elementor-heading-title elementor-size-default\">R\u00e9alisation d\u2019objectifs \u00e0 long terme<\/h6>\t\t<\/div>\n\t\t\t\t<\/div>\n\t\t\t\t<div class=\"elementor-element elementor-element-4c3d195 elementor-widget elementor-widget-text-editor\" data-id=\"4c3d195\" data-element_type=\"widget\" data-widget_type=\"text-editor.default\">\n\t\t\t\t<div class=\"elementor-widget-container\">\n\t\t\t\t\t\t\t<p>En juin 2023, le peuple a dit oui \u00e0 la loi sur le climat et l\u2019innovation, qui fixe comme objectif que la Suisse atteigne la neutralit\u00e9 climatique d\u2019ici 2050. La loi f\u00e9d\u00e9rale relative \u00e0 un approvisionnement en \u00e9lectricit\u00e9 s\u00fbr reposant sur des \u00e9nergies renouvelables est une base essentielle \u00e0 la r\u00e9alisation de cet objectif.<\/p>\t\t\t\t\t\t<\/div>\n\t\t\t\t<\/div>\n\t\t\t\t\t<\/div>\n\t\t\t\t<\/div>\n\t\t\t\t<div class=\"elementor-element elementor-element-597f7d6a elementor-invisible elementor-widget elementor-widget-text-editor\" data-id=\"597f7d6a\" data-element_type=\"widget\" data-settings=\"{&quot;_animation&quot;:&quot;fadeInUp&quot;}\" data-widget_type=\"text-editor.default\">\n\t\t\t\t<div class=\"elementor-widget-container\">\n\t\t\t\t\t\t\t<p><em><a href=\"https:\/\/www.admin.ch\/sichere-stromversorgung\" target=\"_blank\" rel=\"noopener\">https:\/\/www.admin.ch\/sichere-stromversorgung<\/a><\/em><\/p>\t\t\t\t\t\t<\/div>\n\t\t\t\t<\/div>\n\t\t\t\t<\/div>\n\t\t\t\t<div class=\"elementor-element elementor-element-7f53b0ee elementor-widget elementor-widget-html\" data-id=\"7f53b0ee\" data-element_type=\"widget\" data-widget_type=\"html.default\">\n\t\t\t\t<div class=\"elementor-widget-container\">\n\t\t\t<style>\n    \/*Blur Zoom Hover Effect*\/\n.main-sections{\n    --zoom-in: ;\n    --zoom-out: 0.99;\n    --hover-background: #792C1A;\n}\n.main-sections{\n    transition: all .5;\n}\n.main-sections:hover .card-box{\n    filter: blur(5px);\n    transform: scale(var(--zoom-out));\n}\n.card-box{\n    transform: scale(1);\n    transition: all .5s;\n}\n.card-box:hover{\n    transform: scale(var(--zoom-in)) !important;\n    z-index: 2;\n    filter: blur(0px) !important;\n}\n.main-sections .elementor-widget-wrap{\n    transition: all .5s;\n}\n.main-sections .card-box:hover .elementor-widget-wrap{\n    background: var(--hover-background) !important;\n}\n<\/style>\t\t<\/div>\n\t\t\t\t<\/div>\n\t\t<div class=\"elementor-element elementor-element-49d23c6c e-con-full card-box e-flex e-con e-child\" data-id=\"49d23c6c\" data-element_type=\"container\">\n\t\t\t\t<div class=\"elementor-element elementor-element-2a84bfcf elementor-hidden-tablet elementor-widget elementor-widget-image\" data-id=\"2a84bfcf\" data-element_type=\"widget\" data-widget_type=\"image.default\">\n\t\t\t\t<div class=\"elementor-widget-container\">\n\t\t\t\t\t\t\t\t\t\t\t\t\t<img decoding=\"async\" width=\"694\" height=\"694\" src=\"https:\/\/100k.verfassungsfreunde.ch\/wp-content\/uploads\/2024\/05\/Non_gepinnt.png\" class=\"attachment-full size-full wp-image-5877\" alt=\"\" srcset=\"https:\/\/100k.verfassungsfreunde.ch\/wp-content\/uploads\/2024\/05\/Non_gepinnt.png 694w, https:\/\/100k.verfassungsfreunde.ch\/wp-content\/uploads\/2024\/05\/Non_gepinnt-300x300.png 300w, https:\/\/100k.verfassungsfreunde.ch\/wp-content\/uploads\/2024\/05\/Non_gepinnt-150x150.png 150w, https:\/\/100k.verfassungsfreunde.ch\/wp-content\/uploads\/2024\/05\/Non_gepinnt-12x12.png 12w\" sizes=\"(max-width: 694px) 100vw, 694px\" \/>\t\t\t\t\t\t\t\t\t\t\t\t\t<\/div>\n\t\t\t\t<\/div>\n\t\t\t\t<div class=\"elementor-element elementor-element-591e163e elementor-widget elementor-widget-heading\" data-id=\"591e163e\" data-element_type=\"widget\" data-widget_type=\"heading.default\">\n\t\t\t\t<div class=\"elementor-widget-container\">\n\t\t\t<h2 class=\"elementor-heading-title elementor-size-default\">Arguments des opposants<\/h2>\t\t<\/div>\n\t\t\t\t<\/div>\n\t\t<div class=\"elementor-element elementor-element-4cabf6ea e-flex e-con-boxed elementor-invisible e-con e-child\" data-id=\"4cabf6ea\" data-element_type=\"container\" data-settings=\"{&quot;background_background&quot;:&quot;classic&quot;,&quot;animation&quot;:&quot;fadeInUp&quot;}\">\n\t\t\t\t\t<div class=\"e-con-inner\">\n\t\t\t\t<div class=\"elementor-element elementor-element-56abe45 elementor-widget elementor-widget-text-editor\" data-id=\"56abe45\" data-element_type=\"widget\" data-widget_type=\"text-editor.default\">\n\t\t\t\t<div class=\"elementor-widget-container\">\n\t\t\t\t\t\t\t<p>La loi sur les \u00e9nergies renouvelables facilite le d\u00e9frichement des for\u00eats, permet de saccager des paysages et d\u2019an\u00e9antir des biotopes prot\u00e9g\u00e9s. Elle restreint la souverainet\u00e9 du peuple, des cantons, voire des communes. Pourtant, il existe des alternatives pour assurer la s\u00e9curit\u00e9 de l\u2019approvisionnement en \u00e9lectricit\u00e9. Au lieu d\u2019accepter cette grave atteinte \u00e0 notre nature et \u00e0 notre d\u00e9mocratie, il faut d\u2019abord exploiter le potentiel du photovolta\u00efque sur les b\u00e2timents et infrastructures existants !<\/p>\t\t\t\t\t\t<\/div>\n\t\t\t\t<\/div>\n\t\t\t\t\t<\/div>\n\t\t\t\t<\/div>\n\t\t<div class=\"elementor-element elementor-element-9bde539 e-flex e-con-boxed elementor-invisible e-con e-child\" data-id=\"9bde539\" data-element_type=\"container\" data-settings=\"{&quot;background_background&quot;:&quot;classic&quot;,&quot;animation&quot;:&quot;fadeInUp&quot;}\">\n\t\t\t\t\t<div class=\"e-con-inner\">\n\t\t\t\t<div class=\"elementor-element elementor-element-c7236f4 elementor-widget elementor-widget-heading\" data-id=\"c7236f4\" data-element_type=\"widget\" data-widget_type=\"heading.default\">\n\t\t\t\t<div class=\"elementor-widget-container\">\n\t\t\t<h6 class=\"elementor-heading-title elementor-size-default\">Pes\u00e9e des int\u00e9r\u00eats tronqu\u00e9e<\/h6>\t\t<\/div>\n\t\t\t\t<\/div>\n\t\t\t\t<div class=\"elementor-element elementor-element-e615722 elementor-widget elementor-widget-text-editor\" data-id=\"e615722\" data-element_type=\"widget\" data-widget_type=\"text-editor.default\">\n\t\t\t\t<div class=\"elementor-widget-container\">\n\t\t\t\t\t\t\t<p>Jusqu\u2019ici, chaque nouveau parc solaire et parc \u00e9olien devait faire l\u2019objet d\u2019une pes\u00e9e des int\u00e9r\u00eats sp\u00e9cifique, notamment entre la protection de la nature et la production d\u2019\u00e9nergie. La nouvelle loi fait d\u2019embl\u00e9e primer la production d\u2019\u00e9lectricit\u00e9 (par ex. alpages couverts de panneaux solaires) pratiquement sur tout autre int\u00e9r\u00eat.<\/p>\t\t\t\t\t\t<\/div>\n\t\t\t\t<\/div>\n\t\t\t\t\t<\/div>\n\t\t\t\t<\/div>\n\t\t<div class=\"elementor-element elementor-element-a7754ae e-flex e-con-boxed elementor-invisible e-con e-child\" data-id=\"a7754ae\" data-element_type=\"container\" data-settings=\"{&quot;background_background&quot;:&quot;classic&quot;,&quot;animation&quot;:&quot;fadeInUp&quot;}\">\n\t\t\t\t\t<div class=\"e-con-inner\">\n\t\t\t\t<div class=\"elementor-element elementor-element-cb1d7c7 elementor-widget elementor-widget-heading\" data-id=\"cb1d7c7\" data-element_type=\"widget\" data-widget_type=\"heading.default\">\n\t\t\t\t<div class=\"elementor-widget-container\">\n\t\t\t<h6 class=\"elementor-heading-title elementor-size-default\">Destruction de nos paysages<\/h6>\t\t<\/div>\n\t\t\t\t<\/div>\n\t\t\t\t<div class=\"elementor-element elementor-element-9407a5f elementor-widget elementor-widget-text-editor\" data-id=\"9407a5f\" data-element_type=\"widget\" data-widget_type=\"text-editor.default\">\n\t\t\t\t<div class=\"elementor-widget-container\">\n\t\t\t\t\t\t\t<p>lle permet la construction d\u2019infrastructures de production d\u2019\u00e9lectricit\u00e9 dans des paysages prot\u00e9g\u00e9s, inscrits \u00e0 l\u2019Inventaire f\u00e9d\u00e9ral des paysages, sites et monuments naturels (IFP), sans devoir prendre des mesures de protection ou de remplacement.<\/p>\t\t\t\t\t\t<\/div>\n\t\t\t\t<\/div>\n\t\t\t\t\t<\/div>\n\t\t\t\t<\/div>\n\t\t<div class=\"elementor-element elementor-element-3171fe1 e-flex e-con-boxed elementor-invisible e-con e-child\" data-id=\"3171fe1\" data-element_type=\"container\" data-settings=\"{&quot;background_background&quot;:&quot;classic&quot;,&quot;animation&quot;:&quot;fadeInUp&quot;}\">\n\t\t\t\t\t<div class=\"e-con-inner\">\n\t\t\t\t<div class=\"elementor-element elementor-element-c953107 elementor-widget elementor-widget-heading\" data-id=\"c953107\" data-element_type=\"widget\" data-widget_type=\"heading.default\">\n\t\t\t\t<div class=\"elementor-widget-container\">\n\t\t\t<h6 class=\"elementor-heading-title elementor-size-default\">Parcs solaires dans les Alpes<\/h6>\t\t<\/div>\n\t\t\t\t<\/div>\n\t\t\t\t<div class=\"elementor-element elementor-element-a8a2c29 elementor-widget elementor-widget-text-editor\" data-id=\"a8a2c29\" data-element_type=\"widget\" data-widget_type=\"text-editor.default\">\n\t\t\t\t<div class=\"elementor-widget-container\">\n\t\t\t\t\t\t\t<p>Des parcs solaires g\u00e9ants pourront \u00eatre construits dans les Alpes, sur le Plateau et dans le Jura. Certains des plus beaux joyaux de notre pays subiront des atteintes irr\u00e9m\u00e9diables.<\/p>\t\t\t\t\t\t<\/div>\n\t\t\t\t<\/div>\n\t\t\t\t\t<\/div>\n\t\t\t\t<\/div>\n\t\t<div class=\"elementor-element elementor-element-115f738 e-flex e-con-boxed elementor-invisible e-con e-child\" data-id=\"115f738\" data-element_type=\"container\" data-settings=\"{&quot;background_background&quot;:&quot;classic&quot;,&quot;animation&quot;:&quot;fadeInUp&quot;}\">\n\t\t\t\t\t<div class=\"e-con-inner\">\n\t\t\t\t<div class=\"elementor-element elementor-element-08f2c33 elementor-widget elementor-widget-heading\" data-id=\"08f2c33\" data-element_type=\"widget\" data-widget_type=\"heading.default\">\n\t\t\t\t<div class=\"elementor-widget-container\">\n\t\t\t<h6 class=\"elementor-heading-title elementor-size-default\">D\u00e9frichement des for\u00eats facilit\u00e9<\/h6>\t\t<\/div>\n\t\t\t\t<\/div>\n\t\t\t\t<div class=\"elementor-element elementor-element-25185eb elementor-widget elementor-widget-text-editor\" data-id=\"25185eb\" data-element_type=\"widget\" data-widget_type=\"text-editor.default\">\n\t\t\t\t<div class=\"elementor-widget-container\">\n\t\t\t\t\t\t\t<p>La loi facilite le d\u00e9frichement des for\u00eats pour y implanter des \u00e9oliennes. Les for\u00eats sont nos meilleures alli\u00e9es \u2013 et celles des futures g\u00e9n\u00e9rations \u2013 pour lutter contre les changements climatiques. Les conserver doit \u00eatre notre priorit\u00e9.<\/p>\t\t\t\t\t\t<\/div>\n\t\t\t\t<\/div>\n\t\t\t\t\t<\/div>\n\t\t\t\t<\/div>\n\t\t<div class=\"elementor-element elementor-element-0dbafc3 e-flex e-con-boxed elementor-invisible e-con e-child\" data-id=\"0dbafc3\" data-element_type=\"container\" data-settings=\"{&quot;background_background&quot;:&quot;classic&quot;,&quot;animation&quot;:&quot;fadeInUp&quot;}\">\n\t\t\t\t\t<div class=\"e-con-inner\">\n\t\t\t\t<div class=\"elementor-element elementor-element-3da1042 elementor-widget elementor-widget-heading\" data-id=\"3da1042\" data-element_type=\"widget\" data-widget_type=\"heading.default\">\n\t\t\t\t<div class=\"elementor-widget-container\">\n\t\t\t<h6 class=\"elementor-heading-title elementor-size-default\">Nouveau barrage pr\u00e8s du Cervin<\/h6>\t\t<\/div>\n\t\t\t\t<\/div>\n\t\t\t\t<div class=\"elementor-element elementor-element-07c674c elementor-widget elementor-widget-text-editor\" data-id=\"07c674c\" data-element_type=\"widget\" data-widget_type=\"text-editor.default\">\n\t\t\t\t<div class=\"elementor-widget-container\">\n\t\t\t\t\t\t\t<p>Des zones naturelles seront submerg\u00e9es: seize nouvelles centrales hydrauliques \u2013 notamment les barrages du Trift (BE) et du Gorner (VS) \u2013 sont dans les faits autoris\u00e9es par la nouvelle loi.<\/p>\t\t\t\t\t\t<\/div>\n\t\t\t\t<\/div>\n\t\t\t\t\t<\/div>\n\t\t\t\t<\/div>\n\t\t<div class=\"elementor-element elementor-element-0beeaa2 e-flex e-con-boxed elementor-invisible e-con e-child\" data-id=\"0beeaa2\" data-element_type=\"container\" data-settings=\"{&quot;background_background&quot;:&quot;classic&quot;,&quot;animation&quot;:&quot;fadeInUp&quot;}\">\n\t\t\t\t\t<div class=\"e-con-inner\">\n\t\t\t\t<div class=\"elementor-element elementor-element-2a90a12 elementor-widget elementor-widget-heading\" data-id=\"2a90a12\" data-element_type=\"widget\" data-widget_type=\"heading.default\">\n\t\t\t\t<div class=\"elementor-widget-container\">\n\t\t\t<h6 class=\"elementor-heading-title elementor-size-default\">Atteinte \u00e0 la d\u00e9mocratie<\/h6>\t\t<\/div>\n\t\t\t\t<\/div>\n\t\t\t\t<div class=\"elementor-element elementor-element-3106f51 elementor-widget elementor-widget-text-editor\" data-id=\"3106f51\" data-element_type=\"widget\" data-widget_type=\"text-editor.default\">\n\t\t\t\t<div class=\"elementor-widget-container\">\n\t\t\t\t\t\t\t<p>La loi autorise le Conseil f\u00e9d\u00e9ral \u00e0 abr\u00e9ger les proc\u00e9dures d\u2019autorisation d\u2019installations de production d\u2019\u00e9nergie renouvelable \u2013 qu\u2019elles soient pr\u00e9vues dans la nature ou proches d\u2019habitations. La souverainet\u00e9 du peuple, des cantons, voire des communes est restreinte: les possibilit\u00e9s de r\u00e9f\u00e9rendum au niveau local pourraient dispara\u00eetre.<\/p>\t\t\t\t\t\t<\/div>\n\t\t\t\t<\/div>\n\t\t\t\t\t<\/div>\n\t\t\t\t<\/div>\n\t\t<div class=\"elementor-element elementor-element-9416ce7 e-flex e-con-boxed elementor-invisible e-con e-child\" data-id=\"9416ce7\" data-element_type=\"container\" data-settings=\"{&quot;background_background&quot;:&quot;classic&quot;,&quot;animation&quot;:&quot;fadeInUp&quot;}\">\n\t\t\t\t\t<div class=\"e-con-inner\">\n\t\t\t\t<div class=\"elementor-element elementor-element-a89b581 elementor-widget elementor-widget-heading\" data-id=\"a89b581\" data-element_type=\"widget\" data-widget_type=\"heading.default\">\n\t\t\t\t<div class=\"elementor-widget-container\">\n\t\t\t<h6 class=\"elementor-heading-title elementor-size-default\">Sur les toits, pas dans la nature<\/h6>\t\t<\/div>\n\t\t\t\t<\/div>\n\t\t\t\t<div class=\"elementor-element elementor-element-5a54d03 elementor-widget elementor-widget-text-editor\" data-id=\"5a54d03\" data-element_type=\"widget\" data-widget_type=\"text-editor.default\">\n\t\t\t\t<div class=\"elementor-widget-container\">\n\t\t\t\t\t\t\t<p>La loi doit \u00eatre retravaill\u00e9e pour garantir la protection de la nature, tout en assurant la transition et la s\u00e9curit\u00e9 \u00e9nerg\u00e9tiques. Il existe d\u2019ailleurs des alternatives au saccage de la nature. La priorit\u00e9 doit \u00eatre donn\u00e9e aux \u00e9conomies d\u2019\u00e9nergie et au potentiel photovolta\u00efque sur les b\u00e2timents et infrastructures existants ! Il faut refuser cette loi, qui saccage le paysage pr\u00e8s des habitations et dans la nature sauvage et pi\u00e9tine des droits populaires !<\/p>\t\t\t\t\t\t<\/div>\n\t\t\t\t<\/div>\n\t\t\t\t\t<\/div>\n\t\t\t\t<\/div>\n\t\t\t\t<div class=\"elementor-element elementor-element-14c376bb elementor-invisible elementor-widget elementor-widget-text-editor\" data-id=\"14c376bb\" data-element_type=\"widget\" data-settings=\"{&quot;_animation&quot;:&quot;fadeInUp&quot;}\" data-widget_type=\"text-editor.default\">\n\t\t\t\t<div class=\"elementor-widget-container\">\n\t\t\t\t\t\t\t<p><a href=\"http:\/\/StromGesetzNein.ch\" target=\"_blank\" rel=\"noopener\"><em>StromGesetzNein.ch<\/em><\/a><\/p>\t\t\t\t\t\t<\/div>\n\t\t\t\t<\/div>\n\t\t\t\t<\/div>\n\t\t\t\t\t<\/div>\n\t\t\t\t<\/div>\n\t\t\t\t<\/div>","protected":false},"featured_media":0,"parent":0,"template":"","meta":{"_acf_changed":false},"kanton":[102],"class_list":["post-4690","abstimmung","type-abstimmung","status-publish","hentry"],"blocksy_meta":[],"acf":[],"yoast_head":"<!-- This site is optimized with the Yoast SEO plugin v22.8 - https:\/\/yoast.com\/wordpress\/plugins\/seo\/ -->\n<title>Referendum Stromgesetz - 100k<\/title>\n<meta name=\"robots\" content=\"index, follow, max-snippet:-1, max-image-preview:large, max-video-preview:-1\" \/>\n<link rel=\"canonical\" href=\"https:\/\/100k.verfassungsfreunde.ch\/fr\/abstimmung\/bundesgesetz-ueber-eine-sichere-stromversorgung-mit-erneuerbaren-energien\/\" \/>\n<meta property=\"og:locale\" content=\"fr_FR\" \/>\n<meta property=\"og:type\" content=\"article\" \/>\n<meta property=\"og:title\" content=\"Referendum Stromgesetz - 100k\" \/>\n<meta property=\"og:description\" content=\"In den kalten Monaten ist unser Land auf Stromimporte angewiesen. Importe sind aber nicht immer im gleichen Umfang m\u00f6glich. Das hat einerseits mit internationalen Konflikten wie dem Krieg in der Ukraine zu tun. Andererseits brauchen die europ\u00e4ischen L\u00e4nder selbst mehr Strom, um fossile Energietr\u00e4ger zu ersetzen. Die Schweiz kann daher nicht darauf z\u00e4hlen, jederzeit gen\u00fcgend [&hellip;]\" \/>\n<meta property=\"og:url\" content=\"https:\/\/100k.verfassungsfreunde.ch\/fr\/abstimmung\/bundesgesetz-ueber-eine-sichere-stromversorgung-mit-erneuerbaren-energien\/\" \/>\n<meta property=\"og:site_name\" content=\"100k\" \/>\n<meta property=\"article:publisher\" content=\"https:\/\/www.facebook.com\/verfassungsfreunde.ch\" \/>\n<meta property=\"article:modified_time\" content=\"2024-05-22T12:17:54+00:00\" \/>\n<meta property=\"og:image\" content=\"https:\/\/100k.verfassungsfreunde.ch\/wp-content\/uploads\/2024\/04\/Ja_gepinnt.png\" \/>\n<meta name=\"twitter:card\" content=\"summary_large_image\" \/>\n<meta name=\"twitter:site\" content=\"@FdVerfassung\" \/>\n<meta name=\"twitter:label1\" content=\"Dur\u00e9e de lecture estim\u00e9e\" \/>\n\t<meta name=\"twitter:data1\" content=\"6 minutes\" \/>\n<script type=\"application\/ld+json\" class=\"yoast-schema-graph\">{\"@context\":\"https:\/\/schema.org\",\"@graph\":[{\"@type\":\"WebPage\",\"@id\":\"https:\/\/100k.verfassungsfreunde.ch\/abstimmung\/bundesgesetz-ueber-eine-sichere-stromversorgung-mit-erneuerbaren-energien\/\",\"url\":\"https:\/\/100k.verfassungsfreunde.ch\/abstimmung\/bundesgesetz-ueber-eine-sichere-stromversorgung-mit-erneuerbaren-energien\/\",\"name\":\"Referendum Stromgesetz - 100k\",\"isPartOf\":{\"@id\":\"https:\/\/100k.verfassungsfreunde.ch\/#website\"},\"primaryImageOfPage\":{\"@id\":\"https:\/\/100k.verfassungsfreunde.ch\/abstimmung\/bundesgesetz-ueber-eine-sichere-stromversorgung-mit-erneuerbaren-energien\/#primaryimage\"},\"image\":{\"@id\":\"https:\/\/100k.verfassungsfreunde.ch\/abstimmung\/bundesgesetz-ueber-eine-sichere-stromversorgung-mit-erneuerbaren-energien\/#primaryimage\"},\"thumbnailUrl\":\"https:\/\/100k.verfassungsfreunde.ch\/wp-content\/uploads\/2024\/04\/Ja_gepinnt.png\",\"datePublished\":\"2024-04-26T13:04:35+00:00\",\"dateModified\":\"2024-05-22T12:17:54+00:00\",\"breadcrumb\":{\"@id\":\"https:\/\/100k.verfassungsfreunde.ch\/abstimmung\/bundesgesetz-ueber-eine-sichere-stromversorgung-mit-erneuerbaren-energien\/#breadcrumb\"},\"inLanguage\":\"fr-FR\",\"potentialAction\":[{\"@type\":\"ReadAction\",\"target\":[\"https:\/\/100k.verfassungsfreunde.ch\/abstimmung\/bundesgesetz-ueber-eine-sichere-stromversorgung-mit-erneuerbaren-energien\/\"]}]},{\"@type\":\"ImageObject\",\"inLanguage\":\"fr-FR\",\"@id\":\"https:\/\/100k.verfassungsfreunde.ch\/abstimmung\/bundesgesetz-ueber-eine-sichere-stromversorgung-mit-erneuerbaren-energien\/#primaryimage\",\"url\":\"https:\/\/100k.verfassungsfreunde.ch\/wp-content\/uploads\/2024\/04\/Ja_gepinnt.png\",\"contentUrl\":\"https:\/\/100k.verfassungsfreunde.ch\/wp-content\/uploads\/2024\/04\/Ja_gepinnt.png\"},{\"@type\":\"BreadcrumbList\",\"@id\":\"https:\/\/100k.verfassungsfreunde.ch\/abstimmung\/bundesgesetz-ueber-eine-sichere-stromversorgung-mit-erneuerbaren-energien\/#breadcrumb\",\"itemListElement\":[{\"@type\":\"ListItem\",\"position\":1,\"name\":\"Home\",\"item\":\"https:\/\/100k.verfassungsfreunde.ch\/\"},{\"@type\":\"ListItem\",\"position\":2,\"name\":\"Abstimmungen\",\"item\":\"https:\/\/100k.verfassungsfreunde.ch\/abstimmung\/\"},{\"@type\":\"ListItem\",\"position\":3,\"name\":\"Referendum Stromgesetz\"}]},{\"@type\":\"WebSite\",\"@id\":\"https:\/\/100k.verfassungsfreunde.ch\/#website\",\"url\":\"https:\/\/100k.verfassungsfreunde.ch\/\",\"name\":\"100k\",\"description\":\"\",\"publisher\":{\"@id\":\"https:\/\/100k.verfassungsfreunde.ch\/#organization\"},\"potentialAction\":[{\"@type\":\"SearchAction\",\"target\":{\"@type\":\"EntryPoint\",\"urlTemplate\":\"https:\/\/100k.verfassungsfreunde.ch\/?s={search_term_string}\"},\"query-input\":\"required name=search_term_string\"}],\"inLanguage\":\"fr-FR\"},{\"@type\":\"Organization\",\"@id\":\"https:\/\/100k.verfassungsfreunde.ch\/#organization\",\"name\":\"100k\",\"url\":\"https:\/\/100k.verfassungsfreunde.ch\/\",\"logo\":{\"@type\":\"ImageObject\",\"inLanguage\":\"fr-FR\",\"@id\":\"https:\/\/100k.verfassungsfreunde.ch\/#\/schema\/logo\/image\/\",\"url\":\"https:\/\/100k.verfassungsfreunde.ch\/wp-content\/uploads\/2024\/05\/100k_Logo.png\",\"contentUrl\":\"https:\/\/100k.verfassungsfreunde.ch\/wp-content\/uploads\/2024\/05\/100k_Logo.png\",\"width\":1327,\"height\":683,\"caption\":\"100k\"},\"image\":{\"@id\":\"https:\/\/100k.verfassungsfreunde.ch\/#\/schema\/logo\/image\/\"},\"sameAs\":[\"https:\/\/www.facebook.com\/verfassungsfreunde.ch\",\"https:\/\/x.com\/FdVerfassung\"]}]}<\/script>\n<!-- \/ Yoast SEO plugin. -->","yoast_head_json":{"title":"Referendum Stromgesetz - 100k","robots":{"index":"index","follow":"follow","max-snippet":"max-snippet:-1","max-image-preview":"max-image-preview:large","max-video-preview":"max-video-preview:-1"},"canonical":"https:\/\/100k.verfassungsfreunde.ch\/fr\/abstimmung\/bundesgesetz-ueber-eine-sichere-stromversorgung-mit-erneuerbaren-energien\/","og_locale":"fr_FR","og_type":"article","og_title":"Referendum Stromgesetz - 100k","og_description":"In den kalten Monaten ist unser Land auf Stromimporte angewiesen. Importe sind aber nicht immer im gleichen Umfang m\u00f6glich. Das hat einerseits mit internationalen Konflikten wie dem Krieg in der Ukraine zu tun. Andererseits brauchen die europ\u00e4ischen L\u00e4nder selbst mehr Strom, um fossile Energietr\u00e4ger zu ersetzen. Die Schweiz kann daher nicht darauf z\u00e4hlen, jederzeit gen\u00fcgend [&hellip;]","og_url":"https:\/\/100k.verfassungsfreunde.ch\/fr\/abstimmung\/bundesgesetz-ueber-eine-sichere-stromversorgung-mit-erneuerbaren-energien\/","og_site_name":"100k","article_publisher":"https:\/\/www.facebook.com\/verfassungsfreunde.ch","article_modified_time":"2024-05-22T12:17:54+00:00","og_image":[{"url":"https:\/\/100k.verfassungsfreunde.ch\/wp-content\/uploads\/2024\/04\/Ja_gepinnt.png"}],"twitter_card":"summary_large_image","twitter_site":"@FdVerfassung","twitter_misc":{"Dur\u00e9e de lecture estim\u00e9e":"6 minutes"},"schema":{"@context":"https:\/\/schema.org","@graph":[{"@type":"WebPage","@id":"https:\/\/100k.verfassungsfreunde.ch\/abstimmung\/bundesgesetz-ueber-eine-sichere-stromversorgung-mit-erneuerbaren-energien\/","url":"https:\/\/100k.verfassungsfreunde.ch\/abstimmung\/bundesgesetz-ueber-eine-sichere-stromversorgung-mit-erneuerbaren-energien\/","name":"Referendum Stromgesetz - 100k","isPartOf":{"@id":"https:\/\/100k.verfassungsfreunde.ch\/#website"},"primaryImageOfPage":{"@id":"https:\/\/100k.verfassungsfreunde.ch\/abstimmung\/bundesgesetz-ueber-eine-sichere-stromversorgung-mit-erneuerbaren-energien\/#primaryimage"},"image":{"@id":"https:\/\/100k.verfassungsfreunde.ch\/abstimmung\/bundesgesetz-ueber-eine-sichere-stromversorgung-mit-erneuerbaren-energien\/#primaryimage"},"thumbnailUrl":"https:\/\/100k.verfassungsfreunde.ch\/wp-content\/uploads\/2024\/04\/Ja_gepinnt.png","datePublished":"2024-04-26T13:04:35+00:00","dateModified":"2024-05-22T12:17:54+00:00","breadcrumb":{"@id":"https:\/\/100k.verfassungsfreunde.ch\/abstimmung\/bundesgesetz-ueber-eine-sichere-stromversorgung-mit-erneuerbaren-energien\/#breadcrumb"},"inLanguage":"fr-FR","potentialAction":[{"@type":"ReadAction","target":["https:\/\/100k.verfassungsfreunde.ch\/abstimmung\/bundesgesetz-ueber-eine-sichere-stromversorgung-mit-erneuerbaren-energien\/"]}]},{"@type":"ImageObject","inLanguage":"fr-FR","@id":"https:\/\/100k.verfassungsfreunde.ch\/abstimmung\/bundesgesetz-ueber-eine-sichere-stromversorgung-mit-erneuerbaren-energien\/#primaryimage","url":"https:\/\/100k.verfassungsfreunde.ch\/wp-content\/uploads\/2024\/04\/Ja_gepinnt.png","contentUrl":"https:\/\/100k.verfassungsfreunde.ch\/wp-content\/uploads\/2024\/04\/Ja_gepinnt.png"},{"@type":"BreadcrumbList","@id":"https:\/\/100k.verfassungsfreunde.ch\/abstimmung\/bundesgesetz-ueber-eine-sichere-stromversorgung-mit-erneuerbaren-energien\/#breadcrumb","itemListElement":[{"@type":"ListItem","position":1,"name":"Home","item":"https:\/\/100k.verfassungsfreunde.ch\/"},{"@type":"ListItem","position":2,"name":"Abstimmungen","item":"https:\/\/100k.verfassungsfreunde.ch\/abstimmung\/"},{"@type":"ListItem","position":3,"name":"Referendum Stromgesetz"}]},{"@type":"WebSite","@id":"https:\/\/100k.verfassungsfreunde.ch\/#website","url":"https:\/\/100k.verfassungsfreunde.ch\/","name":"100k","description":"","publisher":{"@id":"https:\/\/100k.verfassungsfreunde.ch\/#organization"},"potentialAction":[{"@type":"SearchAction","target":{"@type":"EntryPoint","urlTemplate":"https:\/\/100k.verfassungsfreunde.ch\/?s={search_term_string}"},"query-input":"required name=search_term_string"}],"inLanguage":"fr-FR"},{"@type":"Organization","@id":"https:\/\/100k.verfassungsfreunde.ch\/#organization","name":"100k","url":"https:\/\/100k.verfassungsfreunde.ch\/","logo":{"@type":"ImageObject","inLanguage":"fr-FR","@id":"https:\/\/100k.verfassungsfreunde.ch\/#\/schema\/logo\/image\/","url":"https:\/\/100k.verfassungsfreunde.ch\/wp-content\/uploads\/2024\/05\/100k_Logo.png","contentUrl":"https:\/\/100k.verfassungsfreunde.ch\/wp-content\/uploads\/2024\/05\/100k_Logo.png","width":1327,"height":683,"caption":"100k"},"image":{"@id":"https:\/\/100k.verfassungsfreunde.ch\/#\/schema\/logo\/image\/"},"sameAs":["https:\/\/www.facebook.com\/verfassungsfreunde.ch","https:\/\/x.com\/FdVerfassung"]}]}},"_links":{"self":[{"href":"https:\/\/100k.verfassungsfreunde.ch\/fr\/wp-json\/wp\/v2\/abstimmung\/4690","targetHints":{"allow":["GET"]}}],"collection":[{"href":"https:\/\/100k.verfassungsfreunde.ch\/fr\/wp-json\/wp\/v2\/abstimmung"}],"about":[{"href":"https:\/\/100k.verfassungsfreunde.ch\/fr\/wp-json\/wp\/v2\/types\/abstimmung"}],"version-history":[{"count":211,"href":"https:\/\/100k.verfassungsfreunde.ch\/fr\/wp-json\/wp\/v2\/abstimmung\/4690\/revisions"}],"predecessor-version":[{"id":6588,"href":"https:\/\/100k.verfassungsfreunde.ch\/fr\/wp-json\/wp\/v2\/abstimmung\/4690\/revisions\/6588"}],"wp:attachment":[{"href":"https:\/\/100k.verfassungsfreunde.ch\/fr\/wp-json\/wp\/v2\/media?parent=4690"}],"wp:term":[{"taxonomy":"kanton","embeddable":true,"href":"https:\/\/100k.verfassungsfreunde.ch\/fr\/wp-json\/wp\/v2\/kanton?post=4690"}],"curies":[{"name":"wp","href":"https:\/\/api.w.org\/{rel}","templated":true}]}}