{"id":4689,"date":"2024-04-26T15:03:39","date_gmt":"2024-04-26T13:03:39","guid":{"rendered":"https:\/\/100k.verfassungsfreunde.ch\/?post_type=abstimmung&#038;p=4689"},"modified":"2024-05-22T14:19:20","modified_gmt":"2024-05-22T12:19:20","slug":"kostenbremse-initiative","status":"publish","type":"abstimmung","link":"https:\/\/100k.verfassungsfreunde.ch\/fr\/abstimmung\/kostenbremse-initiative\/","title":{"rendered":"Initiative pour un frein aux co\u00fbts"},"content":{"rendered":"<div data-elementor-type=\"wp-post\" data-elementor-id=\"4689\" class=\"elementor elementor-4689\" data-elementor-post-type=\"abstimmung\">\n\t\t\t\t<div class=\"elementor-element elementor-element-3dbe8a21 e-flex e-con-boxed e-con e-parent\" data-id=\"3dbe8a21\" data-element_type=\"container\">\n\t\t\t\t\t<div class=\"e-con-inner\">\n\t\t\t\t<div class=\"elementor-element elementor-element-dee72d9 elementor-widget elementor-widget-heading\" data-id=\"dee72d9\" data-element_type=\"widget\" data-widget_type=\"heading.default\">\n\t\t\t\t<div class=\"elementor-widget-container\">\n\t\t\t<style>\/*! elementor - v3.21.0 - 26-05-2024 *\/\n.elementor-heading-title{padding:0;margin:0;line-height:1}.elementor-widget-heading .elementor-heading-title[class*=elementor-size-]>a{color:inherit;font-size:inherit;line-height:inherit}.elementor-widget-heading .elementor-heading-title.elementor-size-small{font-size:15px}.elementor-widget-heading .elementor-heading-title.elementor-size-medium{font-size:19px}.elementor-widget-heading .elementor-heading-title.elementor-size-large{font-size:29px}.elementor-widget-heading .elementor-heading-title.elementor-size-xl{font-size:39px}.elementor-widget-heading .elementor-heading-title.elementor-size-xxl{font-size:59px}<\/style><h2 class=\"elementor-heading-title elementor-size-default\">Contexte<\/h2>\t\t<\/div>\n\t\t\t\t<\/div>\n\t\t\t\t<div class=\"elementor-element elementor-element-259bd8b2 elementor-widget elementor-widget-text-editor\" data-id=\"259bd8b2\" data-element_type=\"widget\" data-widget_type=\"text-editor.default\">\n\t\t\t\t<div class=\"elementor-widget-container\">\n\t\t\t<style>\/*! elementor - v3.21.0 - 26-05-2024 *\/\n.elementor-widget-text-editor.elementor-drop-cap-view-stacked .elementor-drop-cap{background-color:#69727d;color:#fff}.elementor-widget-text-editor.elementor-drop-cap-view-framed .elementor-drop-cap{color:#69727d;border:3px solid;background-color:transparent}.elementor-widget-text-editor:not(.elementor-drop-cap-view-default) .elementor-drop-cap{margin-top:8px}.elementor-widget-text-editor:not(.elementor-drop-cap-view-default) .elementor-drop-cap-letter{width:1em;height:1em}.elementor-widget-text-editor .elementor-drop-cap{float:left;text-align:center;line-height:1;font-size:50px}.elementor-widget-text-editor .elementor-drop-cap-letter{display:inline-block}<\/style>\t\t\t\t<p>En Suisse, tout le monde b\u00e9n\u00e9ficie d\u2019une bonne couverture m\u00e9dicale et re\u00e7oit les traitements m\u00e9dicaux dont il a besoin en cas de maladie. L\u2019assurance-maladie obligatoire prend en charge les co\u00fbts depuis 1996. Mais depuis cette date, les co\u00fbts ont beaucoup augment\u00e9 et donc les primes d\u2019assurance-maladie aussi. Cette situation p\u00e8se de plus en plus sur une grande partie de la population.<\/p>\t\t\t\t\t\t<\/div>\n\t\t\t\t<\/div>\n\t\t\t\t<div class=\"elementor-element elementor-element-97c64d9 elementor-widget elementor-widget-heading\" data-id=\"97c64d9\" data-element_type=\"widget\" data-widget_type=\"heading.default\">\n\t\t\t\t<div class=\"elementor-widget-container\">\n\t\t\t<h2 class=\"elementor-heading-title elementor-size-default\">L\u2019initiative<\/h2>\t\t<\/div>\n\t\t\t\t<\/div>\n\t\t\t\t<div class=\"elementor-element elementor-element-35c9662 elementor-widget elementor-widget-text-editor\" data-id=\"35c9662\" data-element_type=\"widget\" data-widget_type=\"text-editor.default\">\n\t\t\t\t<div class=\"elementor-widget-container\">\n\t\t\t\t\t\t\t<p>L\u2019initiative oblige la Conf\u00e9d\u00e9ration \u00e0 mettre en place un frein aux co\u00fbts dans l\u2019assurance-maladie obligatoire: avec les cantons, les caisses-maladie et les prestataires du secteur de la sant\u00e9, elle devra faire en sorte que l\u2019augmentation des co\u00fbts ne soit pas beaucoup plus \u00e9lev\u00e9e que l\u2019\u00e9volution des salaires moyens et de l\u2019ensemble de l\u2019\u00e9conomie.<\/p>\t\t\t\t\t\t<\/div>\n\t\t\t\t<\/div>\n\t\t\t\t\t<\/div>\n\t\t\t\t<\/div>\n\t\t<div class=\"elementor-element elementor-element-15dc57c2 main-sections e-flex e-con-boxed e-con e-parent\" data-id=\"15dc57c2\" data-element_type=\"container\">\n\t\t\t\t\t<div class=\"e-con-inner\">\n\t\t<div class=\"elementor-element elementor-element-40f935ce e-con-full card-box e-flex e-con e-child\" data-id=\"40f935ce\" data-element_type=\"container\">\n\t\t\t\t<div class=\"elementor-element elementor-element-5446d859 elementor-hidden-tablet elementor-widget elementor-widget-image\" data-id=\"5446d859\" data-element_type=\"widget\" data-widget_type=\"image.default\">\n\t\t\t\t<div class=\"elementor-widget-container\">\n\t\t\t<style>\/*! elementor - v3.21.0 - 26-05-2024 *\/\n.elementor-widget-image{text-align:center}.elementor-widget-image a{display:inline-block}.elementor-widget-image a img[src$=\".svg\"]{width:48px}.elementor-widget-image img{vertical-align:middle;display:inline-block}<\/style>\t\t\t\t\t\t\t\t\t\t<img fetchpriority=\"high\" decoding=\"async\" width=\"694\" height=\"694\" src=\"https:\/\/100k.verfassungsfreunde.ch\/wp-content\/uploads\/2024\/05\/Oui_gepinnt.png\" class=\"attachment-full size-full wp-image-5876\" alt=\"\" srcset=\"https:\/\/100k.verfassungsfreunde.ch\/wp-content\/uploads\/2024\/05\/Oui_gepinnt.png 694w, https:\/\/100k.verfassungsfreunde.ch\/wp-content\/uploads\/2024\/05\/Oui_gepinnt-300x300.png 300w, https:\/\/100k.verfassungsfreunde.ch\/wp-content\/uploads\/2024\/05\/Oui_gepinnt-150x150.png 150w, https:\/\/100k.verfassungsfreunde.ch\/wp-content\/uploads\/2024\/05\/Oui_gepinnt-12x12.png 12w\" sizes=\"(max-width: 694px) 100vw, 694px\" \/>\t\t\t\t\t\t\t\t\t\t\t\t\t<\/div>\n\t\t\t\t<\/div>\n\t\t\t\t<div class=\"elementor-element elementor-element-62da0b3c elementor-widget elementor-widget-heading\" data-id=\"62da0b3c\" data-element_type=\"widget\" data-widget_type=\"heading.default\">\n\t\t\t\t<div class=\"elementor-widget-container\">\n\t\t\t<h2 class=\"elementor-heading-title elementor-size-default\">Arguments des partisans<\/h2>\t\t<\/div>\n\t\t\t\t<\/div>\n\t\t<div class=\"elementor-element elementor-element-5851cc5d e-flex e-con-boxed elementor-invisible e-con e-child\" data-id=\"5851cc5d\" data-element_type=\"container\" data-settings=\"{&quot;background_background&quot;:&quot;classic&quot;,&quot;animation&quot;:&quot;fadeInUp&quot;}\">\n\t\t\t\t\t<div class=\"e-con-inner\">\n\t\t\t\t<div class=\"elementor-element elementor-element-74f8824a elementor-widget elementor-widget-text-editor\" data-id=\"74f8824a\" data-element_type=\"widget\" data-widget_type=\"text-editor.default\">\n\t\t\t\t<div class=\"elementor-widget-container\">\n\t\t\t\t\t\t\t<p>Depuis des ann\u00e9es, la croissance effr\u00e9n\u00e9e des co\u00fbts de la sant\u00e9 fait exploser les primes d\u2019assurance-maladie. C\u2019est pourquoi l\u2019initiative demande un frein aux co\u00fbts de la sant\u00e9. Elle oblige tous les acteurs, comme les cantons, les h\u00f4pitaux, les m\u00e9decins, les caisses-maladie ou les entreprises pharmaceutiques, \u00e0 se mettre d\u2019accord sur des mesures de r\u00e9duction des co\u00fbts lorsque ceux-ci augmentent trop fortement par rapport aux salaires. Ce n\u2019est qu\u2019ainsi que nous parviendrons \u00e0 freiner durablement la croissance des primes.<\/p>\t\t\t\t\t\t<\/div>\n\t\t\t\t<\/div>\n\t\t\t\t\t<\/div>\n\t\t\t\t<\/div>\n\t\t<div class=\"elementor-element elementor-element-74c99f03 e-flex e-con-boxed elementor-invisible e-con e-child\" data-id=\"74c99f03\" data-element_type=\"container\" data-settings=\"{&quot;background_background&quot;:&quot;classic&quot;,&quot;animation&quot;:&quot;fadeInUp&quot;}\">\n\t\t\t\t\t<div class=\"e-con-inner\">\n\t\t\t\t<div class=\"elementor-element elementor-element-5c9d1e85 elementor-widget elementor-widget-heading\" data-id=\"5c9d1e85\" data-element_type=\"widget\" data-widget_type=\"heading.default\">\n\t\t\t\t<div class=\"elementor-widget-container\">\n\t\t\t<h6 class=\"elementor-heading-title elementor-size-default\">De quoi s\u2019agit-il?<\/h6>\t\t<\/div>\n\t\t\t\t<\/div>\n\t\t\t\t<div class=\"elementor-element elementor-element-39293eac elementor-widget elementor-widget-text-editor\" data-id=\"39293eac\" data-element_type=\"widget\" data-widget_type=\"text-editor.default\">\n\t\t\t\t<div class=\"elementor-widget-container\">\n\t\t\t\t\t\t\t<p>Les primes d\u2019assurance-maladie augmentent depuis des ann\u00e9es et p\u00e8sent de plus en plus fortement sur le budget des m\u00e9nages. Une famille de quatre personnes peut payer jusqu\u2019\u00e0 15000 francs par an pour la caisse-maladie. Mais l\u2019explosion des primes n\u2019est que le reflet de l\u2019augmentation des co\u00fbts de la sant\u00e9. Pour r\u00e9soudre le probl\u00e8me durablement, il faut un frein aux co\u00fbts.<\/p>\t\t\t\t\t\t<\/div>\n\t\t\t\t<\/div>\n\t\t\t\t\t<\/div>\n\t\t\t\t<\/div>\n\t\t<div class=\"elementor-element elementor-element-56c529a3 e-flex e-con-boxed elementor-invisible e-con e-child\" data-id=\"56c529a3\" data-element_type=\"container\" data-settings=\"{&quot;background_background&quot;:&quot;classic&quot;,&quot;animation&quot;:&quot;fadeInUp&quot;}\">\n\t\t\t\t\t<div class=\"e-con-inner\">\n\t\t\t\t<div class=\"elementor-element elementor-element-52fb76de elementor-widget elementor-widget-heading\" data-id=\"52fb76de\" data-element_type=\"widget\" data-widget_type=\"heading.default\">\n\t\t\t\t<div class=\"elementor-widget-container\">\n\t\t\t<h6 class=\"elementor-heading-title elementor-size-default\">Comment fonctionne le frein aux co\u00fbts?<\/h6>\t\t<\/div>\n\t\t\t\t<\/div>\n\t\t\t\t<div class=\"elementor-element elementor-element-4c423597 elementor-widget elementor-widget-text-editor\" data-id=\"4c423597\" data-element_type=\"widget\" data-widget_type=\"text-editor.default\">\n\t\t\t\t<div class=\"elementor-widget-container\">\n\t\t\t\t\t\t\t<p>Le frein aux co\u00fbts fonctionne comme le frein \u00e0 l\u2019endettement de la Conf\u00e9d\u00e9ration, qui a fait ses preuves. Si les co\u00fbts de la sant\u00e9 augmentent chaque ann\u00e9e de 20% de plus que les salaires, la Conf\u00e9d\u00e9ration prend des mesures avec tous les acteurs de la sant\u00e9 pour les r\u00e9duire. Entre 2010 et 2020, les co\u00fbts de l\u2019assurance de base ont augment\u00e9 de 3 % par an en moyenne, contre seulement 0,7% pour les salaires. Les co\u00fbts ont donc augment\u00e9 de 400% de plus que les salaires et s\u2019\u00e9l\u00e8vent aujourd\u2019hui \u00e0 plus de 30 milliards de francs par an dans le domaine obligatoire. <br \/>mit allen Akteuren Massnahmen zur Kostensenkung. Zwischen 2010 und 2020 sind die Gesundheitskosten in der Grundversicherung um durchschnittlich 3% pro Jahr gestiegen, w\u00e4hrend die L\u00f6hne sich nur um 0,7% erh\u00f6ht haben. Die Kosten sind also 400 % st\u00e4rker gestiegen als die L\u00f6hne und betragen heute im obligatorischen Bereich \u00fcber 30 Milliarden Franken pro Jahr.<\/p>\t\t\t\t\t\t<\/div>\n\t\t\t\t<\/div>\n\t\t\t\t\t<\/div>\n\t\t\t\t<\/div>\n\t\t<div class=\"elementor-element elementor-element-47b6bdbc e-flex e-con-boxed elementor-invisible e-con e-child\" data-id=\"47b6bdbc\" data-element_type=\"container\" data-settings=\"{&quot;background_background&quot;:&quot;classic&quot;,&quot;animation&quot;:&quot;fadeInUp&quot;}\">\n\t\t\t\t\t<div class=\"e-con-inner\">\n\t\t\t\t<div class=\"elementor-element elementor-element-4fe47dcf elementor-widget elementor-widget-heading\" data-id=\"4fe47dcf\" data-element_type=\"widget\" data-widget_type=\"heading.default\">\n\t\t\t\t<div class=\"elementor-widget-container\">\n\t\t\t<h6 class=\"elementor-heading-title elementor-size-default\">Quelles sont les mesures concr\u00e8tes?<\/h6>\t\t<\/div>\n\t\t\t\t<\/div>\n\t\t\t\t<div class=\"elementor-element elementor-element-2b7b9580 elementor-widget elementor-widget-text-editor\" data-id=\"2b7b9580\" data-element_type=\"widget\" data-widget_type=\"text-editor.default\">\n\t\t\t\t<div class=\"elementor-widget-container\">\n\t\t\t\t\t\t\t<p>Selon une expertise de la Conf\u00e9d\u00e9ration, il serait aujourd\u2019hui d\u00e9j\u00e0 possible d\u2019\u00e9conomiser 6 milliards de francs par an sur les co\u00fbts dans le domaine obligatoire, sans toucher \u00e0 la qualit\u00e9 des soins. Le principe est clair: tous les acteurs doivent se mettre d\u2019accord sur des mesures contraignantes lorsque les co\u00fbts augmentent plus que ce que pr\u00e9voit l\u2019initiative. L\u2019initiative cr\u00e9e la base constitutionnelle n\u00e9cessaire \u00e0 cet effet.<\/p>\t\t\t\t\t\t<\/div>\n\t\t\t\t<\/div>\n\t\t\t\t\t<\/div>\n\t\t\t\t<\/div>\n\t\t<div class=\"elementor-element elementor-element-6a3786f9 e-flex e-con-boxed elementor-invisible e-con e-child\" data-id=\"6a3786f9\" data-element_type=\"container\" data-settings=\"{&quot;background_background&quot;:&quot;classic&quot;,&quot;animation&quot;:&quot;fadeInUp&quot;}\">\n\t\t\t\t\t<div class=\"e-con-inner\">\n\t\t\t\t<div class=\"elementor-element elementor-element-357333c7 elementor-widget elementor-widget-heading\" data-id=\"357333c7\" data-element_type=\"widget\" data-widget_type=\"heading.default\">\n\t\t\t\t<div class=\"elementor-widget-container\">\n\t\t\t<h6 class=\"elementor-heading-title elementor-size-default\">Discipliner les acteurs<\/h6>\t\t<\/div>\n\t\t\t\t<\/div>\n\t\t\t\t<div class=\"elementor-element elementor-element-68978749 elementor-widget elementor-widget-text-editor\" data-id=\"68978749\" data-element_type=\"widget\" data-widget_type=\"text-editor.default\">\n\t\t\t\t<div class=\"elementor-widget-container\">\n\t\t\t\t\t\t\t<p>Le syst\u00e8me actuel est rempli de mauvaises incitations. En effet, la sant\u00e9 est le seul domaine o\u00f9 les acteurs fixent euxm\u00eames les prix et d\u00e9terminent le volume de prestations qu\u2019ils facturent. Le frein aux co\u00fbts est le seul moyen pour imposer une conscience des co\u00fbts dans le syst\u00e8me de sant\u00e9.<\/p>\t\t\t\t\t\t<\/div>\n\t\t\t\t<\/div>\n\t\t\t\t\t<\/div>\n\t\t\t\t<\/div>\n\t\t<div class=\"elementor-element elementor-element-651c2051 e-flex e-con-boxed elementor-invisible e-con e-child\" data-id=\"651c2051\" data-element_type=\"container\" data-settings=\"{&quot;background_background&quot;:&quot;classic&quot;,&quot;animation&quot;:&quot;fadeInUp&quot;}\">\n\t\t\t\t\t<div class=\"e-con-inner\">\n\t\t\t\t<div class=\"elementor-element elementor-element-49060269 elementor-widget elementor-widget-heading\" data-id=\"49060269\" data-element_type=\"widget\" data-widget_type=\"heading.default\">\n\t\t\t\t<div class=\"elementor-widget-container\">\n\t\t\t<h6 class=\"elementor-heading-title elementor-size-default\">Y a-t-il un risque de rationnement?<\/h6>\t\t<\/div>\n\t\t\t\t<\/div>\n\t\t\t\t<div class=\"elementor-element elementor-element-2c7e0dd1 elementor-widget elementor-widget-text-editor\" data-id=\"2c7e0dd1\" data-element_type=\"widget\" data-widget_type=\"text-editor.default\">\n\t\t\t\t<div class=\"elementor-widget-container\">\n\t\t\t\t\t\t\t<p>Non. Au contraire, l\u2019initiative veut que tous les acteurs de la sant\u00e9 prennent enfin leur part de responsabilit\u00e9 dans l\u2019explosion des co\u00fbts et arr\u00eatent de se battre au d\u00e9triment du payeur de primes. Alors que les m\u00e9decins de famille, les p\u00e9diatres et le personnel soignant portent aujourd\u2019hui le poids du syst\u00e8me, d\u2019autres n\u2019\u00e9prouvent aucune honte \u00e0 s\u2019enrichir.<\/p>\t\t\t\t\t\t<\/div>\n\t\t\t\t<\/div>\n\t\t\t\t\t<\/div>\n\t\t\t\t<\/div>\n\t\t<div class=\"elementor-element elementor-element-1508cd8 e-flex e-con-boxed elementor-invisible e-con e-child\" data-id=\"1508cd8\" data-element_type=\"container\" data-settings=\"{&quot;background_background&quot;:&quot;classic&quot;,&quot;animation&quot;:&quot;fadeInUp&quot;}\">\n\t\t\t\t\t<div class=\"e-con-inner\">\n\t\t\t\t<div class=\"elementor-element elementor-element-5029ef2 elementor-widget elementor-widget-heading\" data-id=\"5029ef2\" data-element_type=\"widget\" data-widget_type=\"heading.default\">\n\t\t\t\t<div class=\"elementor-widget-container\">\n\t\t\t<h6 class=\"elementor-heading-title elementor-size-default\">Y a-t-il un risque de r\u00e9duction des prestations?<\/h6>\t\t<\/div>\n\t\t\t\t<\/div>\n\t\t\t\t<div class=\"elementor-element elementor-element-14f7070 elementor-widget elementor-widget-text-editor\" data-id=\"14f7070\" data-element_type=\"widget\" data-widget_type=\"text-editor.default\">\n\t\t\t\t<div class=\"elementor-widget-container\">\n\t\t\t\t\t\t\t<p>Non. Nous voulons continuer \u00e0 avoir le meilleur syst\u00e8me de sant\u00e9 au monde. Pour un co\u00fbt total de pr\u00e8s de 90 milliards de francs par an, il doit \u00eatre possible d\u2019offrir \u00e0 la population des soins m\u00e9dicaux de qualit\u00e9, abordables et accessibles \u00e0 tous.<\/p>\t\t\t\t\t\t<\/div>\n\t\t\t\t<\/div>\n\t\t\t\t\t<\/div>\n\t\t\t\t<\/div>\n\t\t\t\t<div class=\"elementor-element elementor-element-6e8b742c elementor-invisible elementor-widget elementor-widget-text-editor\" data-id=\"6e8b742c\" data-element_type=\"widget\" data-settings=\"{&quot;_animation&quot;:&quot;fadeInUp&quot;}\" data-widget_type=\"text-editor.default\">\n\t\t\t\t<div class=\"elementor-widget-container\">\n\t\t\t\t\t\t\t<p><em><a href=\"https:\/\/kostenbremse-jetzt.ch\/\" target=\"_blank\" rel=\"noopener\">https:\/\/kostenbremse-jetzt.ch\/<\/a><\/em><\/p>\t\t\t\t\t\t<\/div>\n\t\t\t\t<\/div>\n\t\t\t\t<\/div>\n\t\t\t\t<div class=\"elementor-element elementor-element-758708cd elementor-widget elementor-widget-html\" data-id=\"758708cd\" data-element_type=\"widget\" data-widget_type=\"html.default\">\n\t\t\t\t<div class=\"elementor-widget-container\">\n\t\t\t<style>\n    \/*Blur Zoom Hover Effect*\/\n.main-sections{\n    --zoom-in: ;\n    --zoom-out: 0.99;\n    --hover-background: #792C1A;\n}\n.main-sections{\n    transition: all .5;\n}\n.main-sections:hover .card-box{\n    filter: blur(5px);\n    transform: scale(var(--zoom-out));\n}\n.card-box{\n    transform: scale(1);\n    transition: all .5s;\n}\n.card-box:hover{\n    transform: scale(var(--zoom-in)) !important;\n    z-index: 2;\n    filter: blur(0px) !important;\n}\n.main-sections .elementor-widget-wrap{\n    transition: all .5s;\n}\n.main-sections .card-box:hover .elementor-widget-wrap{\n    background: var(--hover-background) !important;\n}\n<\/style>\t\t<\/div>\n\t\t\t\t<\/div>\n\t\t<div class=\"elementor-element elementor-element-de07c52 e-con-full card-box e-flex e-con e-child\" data-id=\"de07c52\" data-element_type=\"container\">\n\t\t\t\t<div class=\"elementor-element elementor-element-3d857f47 elementor-hidden-tablet elementor-widget elementor-widget-image\" data-id=\"3d857f47\" data-element_type=\"widget\" data-widget_type=\"image.default\">\n\t\t\t\t<div class=\"elementor-widget-container\">\n\t\t\t\t\t\t\t\t\t\t\t\t\t<img decoding=\"async\" width=\"694\" height=\"694\" src=\"https:\/\/100k.verfassungsfreunde.ch\/wp-content\/uploads\/2024\/05\/Non_gepinnt.png\" class=\"attachment-full size-full wp-image-5877\" alt=\"\" srcset=\"https:\/\/100k.verfassungsfreunde.ch\/wp-content\/uploads\/2024\/05\/Non_gepinnt.png 694w, https:\/\/100k.verfassungsfreunde.ch\/wp-content\/uploads\/2024\/05\/Non_gepinnt-300x300.png 300w, https:\/\/100k.verfassungsfreunde.ch\/wp-content\/uploads\/2024\/05\/Non_gepinnt-150x150.png 150w, https:\/\/100k.verfassungsfreunde.ch\/wp-content\/uploads\/2024\/05\/Non_gepinnt-12x12.png 12w\" sizes=\"(max-width: 694px) 100vw, 694px\" \/>\t\t\t\t\t\t\t\t\t\t\t\t\t<\/div>\n\t\t\t\t<\/div>\n\t\t\t\t<div class=\"elementor-element elementor-element-b6137c4 elementor-widget elementor-widget-heading\" data-id=\"b6137c4\" data-element_type=\"widget\" data-widget_type=\"heading.default\">\n\t\t\t\t<div class=\"elementor-widget-container\">\n\t\t\t<h2 class=\"elementor-heading-title elementor-size-default\">Arguments des opposants<\/h2>\t\t<\/div>\n\t\t\t\t<\/div>\n\t\t<div class=\"elementor-element elementor-element-12a62246 e-flex e-con-boxed elementor-invisible e-con e-child\" data-id=\"12a62246\" data-element_type=\"container\" data-settings=\"{&quot;background_background&quot;:&quot;classic&quot;,&quot;animation&quot;:&quot;fadeInUp&quot;}\">\n\t\t\t\t\t<div class=\"e-con-inner\">\n\t\t\t\t<div class=\"elementor-element elementor-element-534dd1e6 elementor-widget elementor-widget-text-editor\" data-id=\"534dd1e6\" data-element_type=\"widget\" data-widget_type=\"text-editor.default\">\n\t\t\t\t<div class=\"elementor-widget-container\">\n\t\t\t\t\t\t\t<p>L\u2019augmentation des primes d\u2019assurance-maladie p\u00e8se de plus en plus sur le budget de ceux qui ont des revenus bas et moyens. Mais le frein aux co\u00fbts que demande l\u2019initiative est trop rigide. En effet, il existe des facteurs qui justifient une partie de l\u2019augmentation des co\u00fbts, comme le vieillissement de la population ou les progr\u00e8s de la m\u00e9decine. Contrairement \u00e0 l\u2019initiative, le contre-projet du Conseil f\u00e9d\u00e9ral et du Parle ment tient compte de ces facteurs. Le Conseil f\u00e9d\u00e9ral et le Parlement rejettent l\u2019initiative, notamment pour les raisons suivantes.<\/p>\t\t\t\t\t\t<\/div>\n\t\t\t\t<\/div>\n\t\t\t\t\t<\/div>\n\t\t\t\t<\/div>\n\t\t<div class=\"elementor-element elementor-element-75f6ace e-flex e-con-boxed elementor-invisible e-con e-child\" data-id=\"75f6ace\" data-element_type=\"container\" data-settings=\"{&quot;background_background&quot;:&quot;classic&quot;,&quot;animation&quot;:&quot;fadeInUp&quot;}\">\n\t\t\t\t\t<div class=\"e-con-inner\">\n\t\t\t\t<div class=\"elementor-element elementor-element-4deec067 elementor-widget elementor-widget-heading\" data-id=\"4deec067\" data-element_type=\"widget\" data-widget_type=\"heading.default\">\n\t\t\t\t<div class=\"elementor-widget-container\">\n\t\t\t<h6 class=\"elementor-heading-title elementor-size-default\">Bon diagnostic, mauvaise approche<\/h6>\t\t<\/div>\n\t\t\t\t<\/div>\n\t\t\t\t<div class=\"elementor-element elementor-element-3c60f859 elementor-widget elementor-widget-text-editor\" data-id=\"3c60f859\" data-element_type=\"widget\" data-widget_type=\"text-editor.default\">\n\t\t\t\t<div class=\"elementor-widget-container\">\n\t\t\t\t\t\t\t<p>L\u2019initiative s\u2019attaque \u00e0 un probl\u00e8me important, \u00e0 savoir la trop forte augmentation des co\u00fbts dans l\u2019assurance-maladie obligatoire. Certaines structures sont inefficaces et les traitements sont plus nombreux que n\u00e9cessaire du point de vue m\u00e9dical. Cependant, l\u2019initiative est trop rigide : elle lie l\u2019aug mentation des co\u00fbts convenue uniquement \u00e0 l\u2019\u00e9volution des salaires et de l\u2019\u00e9conomie. Elle ne tient cependant pas compte de certains facteurs qui justifient cette augmentation, comme les progr\u00e8s de la m\u00e9decine ou le vieillissement de la population.<\/p>\t\t\t\t\t\t<\/div>\n\t\t\t\t<\/div>\n\t\t\t\t\t<\/div>\n\t\t\t\t<\/div>\n\t\t<div class=\"elementor-element elementor-element-6ea18d3 e-flex e-con-boxed elementor-invisible e-con e-child\" data-id=\"6ea18d3\" data-element_type=\"container\" data-settings=\"{&quot;background_background&quot;:&quot;classic&quot;,&quot;animation&quot;:&quot;fadeInUp&quot;}\">\n\t\t\t\t\t<div class=\"e-con-inner\">\n\t\t\t\t<div class=\"elementor-element elementor-element-2b969c5d elementor-widget elementor-widget-heading\" data-id=\"2b969c5d\" data-element_type=\"widget\" data-widget_type=\"heading.default\">\n\t\t\t\t<div class=\"elementor-widget-container\">\n\t\t\t<h6 class=\"elementor-heading-title elementor-size-default\">Une approche plus compl\u00e8te s\u2019impose<\/h6>\t\t<\/div>\n\t\t\t\t<\/div>\n\t\t\t\t<div class=\"elementor-element elementor-element-303b9691 elementor-widget elementor-widget-text-editor\" data-id=\"303b9691\" data-element_type=\"widget\" data-widget_type=\"text-editor.default\">\n\t\t\t\t<div class=\"elementor-widget-container\">\n\t\t\t\t\t\t\t<p>Dans un domaine aussi crucial que la sant\u00e9, il est important de consid\u00e9rer tous les aspects possibles. Selon la mise en \u0153uvre de l\u2019initiative, l\u2019\u00e9volution des co\u00fbts risquerait d\u2019\u00eatre trop fortement limit\u00e9e. Certains traitements n\u00e9cessaires pourraient ne plus \u00eatre accessibles, ou du moins plus aussi rapidement. Les soins m\u00e9dicaux fournis \u00e0 la population pourraient se d\u00e9t\u00e9riorer.<\/p>\t\t\t\t\t\t<\/div>\n\t\t\t\t<\/div>\n\t\t\t\t\t<\/div>\n\t\t\t\t<\/div>\n\t\t<div class=\"elementor-element elementor-element-1dc32e96 e-flex e-con-boxed elementor-invisible e-con e-child\" data-id=\"1dc32e96\" data-element_type=\"container\" data-settings=\"{&quot;background_background&quot;:&quot;classic&quot;,&quot;animation&quot;:&quot;fadeInUp&quot;}\">\n\t\t\t\t\t<div class=\"e-con-inner\">\n\t\t\t\t<div class=\"elementor-element elementor-element-3597b004 elementor-widget elementor-widget-heading\" data-id=\"3597b004\" data-element_type=\"widget\" data-widget_type=\"heading.default\">\n\t\t\t\t<div class=\"elementor-widget-container\">\n\t\t\t<h6 class=\"elementor-heading-title elementor-size-default\">Prendre en compte le vieillissement de la population<\/h6>\t\t<\/div>\n\t\t\t\t<\/div>\n\t\t\t\t<div class=\"elementor-element elementor-element-4b26f041 elementor-widget elementor-widget-text-editor\" data-id=\"4b26f041\" data-element_type=\"widget\" data-widget_type=\"text-editor.default\">\n\t\t\t\t<div class=\"elementor-widget-container\">\n\t\t\t\t\t\t\t<p>La plupart des co\u00fbts de la sant\u00e9 sont li\u00e9s au vieillissement, avec notamment l\u2019apparition de maladies chroniques comme le cancer ou le diab\u00e8te. Plus il y a de personnes \u00e2g\u00e9es dans une soci\u00e9t\u00e9, plus les co\u00fbts de la sant\u00e9 augmentent. Il faut en tenir compte, ce que l\u2019initiative ne fait pas.<\/p>\t\t\t\t\t\t<\/div>\n\t\t\t\t<\/div>\n\t\t\t\t\t<\/div>\n\t\t\t\t<\/div>\n\t\t<div class=\"elementor-element elementor-element-1ee14488 e-flex e-con-boxed elementor-invisible e-con e-child\" data-id=\"1ee14488\" data-element_type=\"container\" data-settings=\"{&quot;background_background&quot;:&quot;classic&quot;,&quot;animation&quot;:&quot;fadeInUp&quot;}\">\n\t\t\t\t\t<div class=\"e-con-inner\">\n\t\t\t\t<div class=\"elementor-element elementor-element-36e3726d elementor-widget elementor-widget-heading\" data-id=\"36e3726d\" data-element_type=\"widget\" data-widget_type=\"heading.default\">\n\t\t\t\t<div class=\"elementor-widget-container\">\n\t\t\t<h6 class=\"elementor-heading-title elementor-size-default\">Prendre en compte les progr\u00e8s de la m\u00e9decine<\/h6>\t\t<\/div>\n\t\t\t\t<\/div>\n\t\t\t\t<div class=\"elementor-element elementor-element-3e49e204 elementor-widget elementor-widget-text-editor\" data-id=\"3e49e204\" data-element_type=\"widget\" data-widget_type=\"text-editor.default\">\n\t\t\t\t<div class=\"elementor-widget-container\">\n\t\t\t\t\t\t\t<p>La m\u00e9decine a fait d\u2019\u00e9normes progr\u00e8s au cours des derni\u00e8res d\u00e9cennies. Des maladies autrefois incurables peuvent aujourd\u2019hui \u00eatre soign\u00e9es. Personne ne veut renoncer \u00e0 ces nouveaux traitements, souvent co\u00fbteux. L\u2019initiative ne tient pas compte de cette \u00e9volution.<\/p>\t\t\t\t\t\t<\/div>\n\t\t\t\t<\/div>\n\t\t\t\t\t<\/div>\n\t\t\t\t<\/div>\n\t\t<div class=\"elementor-element elementor-element-df193a2 e-flex e-con-boxed elementor-invisible e-con e-child\" data-id=\"df193a2\" data-element_type=\"container\" data-settings=\"{&quot;background_background&quot;:&quot;classic&quot;,&quot;animation&quot;:&quot;fadeInUp&quot;}\">\n\t\t\t\t\t<div class=\"e-con-inner\">\n\t\t\t\t<div class=\"elementor-element elementor-element-a8500f1 elementor-widget elementor-widget-heading\" data-id=\"a8500f1\" data-element_type=\"widget\" data-widget_type=\"heading.default\">\n\t\t\t\t<div class=\"elementor-widget-container\">\n\t\t\t<h6 class=\"elementor-heading-title elementor-size-default\">Plus de transparence gr\u00e2ce au contre-projet<\/h6>\t\t<\/div>\n\t\t\t\t<\/div>\n\t\t\t\t<div class=\"elementor-element elementor-element-df2dd18 elementor-widget elementor-widget-text-editor\" data-id=\"df2dd18\" data-element_type=\"widget\" data-widget_type=\"text-editor.default\">\n\t\t\t\t<div class=\"elementor-widget-container\">\n\t\t\t\t\t\t\t<p>Le Conseil f\u00e9d\u00e9ral et le Parlement traitent la m\u00eame question que l\u2019initiative dans un contre-projet indirect. Celui-ci vise \u00e0 apporter la transparence requise en mati\u00e8re de co\u00fbts de la sant\u00e9: tous les acteurs devront justifier la part de l\u2019augmentation des co\u00fbts qui est n\u00e9cessaire. Il sera ainsi possible de mieux identifier les structures inefficaces et de r\u00e9duire le nombre de prestations inutiles du point de vue m\u00e9dical. En m\u00eame temps, les facteurs qui justifient une partie de l\u2019augmentation des co\u00fbts du point de vue m\u00e9dical, comme le vieillissement de la population et les nouveaux traitements, seront pris en compte.<\/p>\t\t\t\t\t\t<\/div>\n\t\t\t\t<\/div>\n\t\t\t\t\t<\/div>\n\t\t\t\t<\/div>\n\t\t\t\t<div class=\"elementor-element elementor-element-50e536b4 elementor-invisible elementor-widget elementor-widget-text-editor\" data-id=\"50e536b4\" data-element_type=\"widget\" data-settings=\"{&quot;_animation&quot;:&quot;fadeInUp&quot;}\" data-widget_type=\"text-editor.default\">\n\t\t\t\t<div class=\"elementor-widget-container\">\n\t\t\t\t\t\t\t<p><em><a href=\"https:\/\/www.admin.ch\/kostenbremse-initiative\" target=\"_blank\" rel=\"noopener\">https:\/\/www.admin.ch\/kostenbremse-initiative<\/a><\/em><\/p>\t\t\t\t\t\t<\/div>\n\t\t\t\t<\/div>\n\t\t\t\t<\/div>\n\t\t\t\t\t<\/div>\n\t\t\t\t<\/div>\n\t\t\t\t<\/div>","protected":false},"featured_media":0,"parent":0,"template":"","meta":{"_acf_changed":false},"kanton":[102],"class_list":["post-4689","abstimmung","type-abstimmung","status-publish","hentry"],"blocksy_meta":[],"acf":[],"yoast_head":"<!-- This site is optimized with the Yoast SEO plugin v22.8 - https:\/\/yoast.com\/wordpress\/plugins\/seo\/ -->\n<title>Kostenbremse-Initiative - 100k<\/title>\n<meta name=\"robots\" content=\"index, follow, max-snippet:-1, max-image-preview:large, max-video-preview:-1\" \/>\n<link rel=\"canonical\" href=\"https:\/\/100k.verfassungsfreunde.ch\/fr\/abstimmung\/kostenbremse-initiative\/\" \/>\n<meta property=\"og:locale\" content=\"fr_FR\" \/>\n<meta property=\"og:type\" content=\"article\" \/>\n<meta property=\"og:title\" content=\"Kostenbremse-Initiative - 100k\" \/>\n<meta property=\"og:description\" content=\"Ausgangslage Die Menschen in der Schweiz profitieren von einer guten Gesundheitsversorgung. Alle erhalten die n\u00f6tigen medizinischen Behandlungen, wenn sie krank sind. Die Kosten daf\u00fcr \u00fcbernimmt die obligatorische Krankenversicherung. Seit ihrer Einf\u00fchrung 1996 sind die Kosten stark gestiegen, und mit ihnen die Krankenkassenpr\u00e4mien. Dies belastet grosse Teile der Bev\u00f6lkerung zunehmend. Die Initiative Die Initiative verpflichtet den [&hellip;]\" \/>\n<meta property=\"og:url\" content=\"https:\/\/100k.verfassungsfreunde.ch\/fr\/abstimmung\/kostenbremse-initiative\/\" \/>\n<meta property=\"og:site_name\" content=\"100k\" \/>\n<meta property=\"article:publisher\" content=\"https:\/\/www.facebook.com\/verfassungsfreunde.ch\" \/>\n<meta property=\"article:modified_time\" content=\"2024-05-22T12:19:20+00:00\" \/>\n<meta property=\"og:image\" content=\"https:\/\/100k.verfassungsfreunde.ch\/wp-content\/uploads\/2024\/04\/Ja_gepinnt.png\" \/>\n<meta name=\"twitter:card\" content=\"summary_large_image\" \/>\n<meta name=\"twitter:site\" content=\"@FdVerfassung\" \/>\n<meta name=\"twitter:label1\" content=\"Dur\u00e9e de lecture estim\u00e9e\" \/>\n\t<meta name=\"twitter:data1\" content=\"5 minutes\" \/>\n<script type=\"application\/ld+json\" class=\"yoast-schema-graph\">{\"@context\":\"https:\/\/schema.org\",\"@graph\":[{\"@type\":\"WebPage\",\"@id\":\"https:\/\/100k.verfassungsfreunde.ch\/abstimmung\/kostenbremse-initiative\/\",\"url\":\"https:\/\/100k.verfassungsfreunde.ch\/abstimmung\/kostenbremse-initiative\/\",\"name\":\"Kostenbremse-Initiative - 100k\",\"isPartOf\":{\"@id\":\"https:\/\/100k.verfassungsfreunde.ch\/#website\"},\"primaryImageOfPage\":{\"@id\":\"https:\/\/100k.verfassungsfreunde.ch\/abstimmung\/kostenbremse-initiative\/#primaryimage\"},\"image\":{\"@id\":\"https:\/\/100k.verfassungsfreunde.ch\/abstimmung\/kostenbremse-initiative\/#primaryimage\"},\"thumbnailUrl\":\"https:\/\/100k.verfassungsfreunde.ch\/wp-content\/uploads\/2024\/04\/Ja_gepinnt.png\",\"datePublished\":\"2024-04-26T13:03:39+00:00\",\"dateModified\":\"2024-05-22T12:19:20+00:00\",\"breadcrumb\":{\"@id\":\"https:\/\/100k.verfassungsfreunde.ch\/abstimmung\/kostenbremse-initiative\/#breadcrumb\"},\"inLanguage\":\"fr-FR\",\"potentialAction\":[{\"@type\":\"ReadAction\",\"target\":[\"https:\/\/100k.verfassungsfreunde.ch\/abstimmung\/kostenbremse-initiative\/\"]}]},{\"@type\":\"ImageObject\",\"inLanguage\":\"fr-FR\",\"@id\":\"https:\/\/100k.verfassungsfreunde.ch\/abstimmung\/kostenbremse-initiative\/#primaryimage\",\"url\":\"https:\/\/100k.verfassungsfreunde.ch\/wp-content\/uploads\/2024\/04\/Ja_gepinnt.png\",\"contentUrl\":\"https:\/\/100k.verfassungsfreunde.ch\/wp-content\/uploads\/2024\/04\/Ja_gepinnt.png\"},{\"@type\":\"BreadcrumbList\",\"@id\":\"https:\/\/100k.verfassungsfreunde.ch\/abstimmung\/kostenbremse-initiative\/#breadcrumb\",\"itemListElement\":[{\"@type\":\"ListItem\",\"position\":1,\"name\":\"Home\",\"item\":\"https:\/\/100k.verfassungsfreunde.ch\/\"},{\"@type\":\"ListItem\",\"position\":2,\"name\":\"Abstimmungen\",\"item\":\"https:\/\/100k.verfassungsfreunde.ch\/abstimmung\/\"},{\"@type\":\"ListItem\",\"position\":3,\"name\":\"Kostenbremse-Initiative\"}]},{\"@type\":\"WebSite\",\"@id\":\"https:\/\/100k.verfassungsfreunde.ch\/#website\",\"url\":\"https:\/\/100k.verfassungsfreunde.ch\/\",\"name\":\"100k\",\"description\":\"\",\"publisher\":{\"@id\":\"https:\/\/100k.verfassungsfreunde.ch\/#organization\"},\"potentialAction\":[{\"@type\":\"SearchAction\",\"target\":{\"@type\":\"EntryPoint\",\"urlTemplate\":\"https:\/\/100k.verfassungsfreunde.ch\/?s={search_term_string}\"},\"query-input\":\"required name=search_term_string\"}],\"inLanguage\":\"fr-FR\"},{\"@type\":\"Organization\",\"@id\":\"https:\/\/100k.verfassungsfreunde.ch\/#organization\",\"name\":\"100k\",\"url\":\"https:\/\/100k.verfassungsfreunde.ch\/\",\"logo\":{\"@type\":\"ImageObject\",\"inLanguage\":\"fr-FR\",\"@id\":\"https:\/\/100k.verfassungsfreunde.ch\/#\/schema\/logo\/image\/\",\"url\":\"https:\/\/100k.verfassungsfreunde.ch\/wp-content\/uploads\/2024\/05\/100k_Logo.png\",\"contentUrl\":\"https:\/\/100k.verfassungsfreunde.ch\/wp-content\/uploads\/2024\/05\/100k_Logo.png\",\"width\":1327,\"height\":683,\"caption\":\"100k\"},\"image\":{\"@id\":\"https:\/\/100k.verfassungsfreunde.ch\/#\/schema\/logo\/image\/\"},\"sameAs\":[\"https:\/\/www.facebook.com\/verfassungsfreunde.ch\",\"https:\/\/x.com\/FdVerfassung\"]}]}<\/script>\n<!-- \/ Yoast SEO plugin. -->","yoast_head_json":{"title":"Kostenbremse-Initiative - 100k","robots":{"index":"index","follow":"follow","max-snippet":"max-snippet:-1","max-image-preview":"max-image-preview:large","max-video-preview":"max-video-preview:-1"},"canonical":"https:\/\/100k.verfassungsfreunde.ch\/fr\/abstimmung\/kostenbremse-initiative\/","og_locale":"fr_FR","og_type":"article","og_title":"Kostenbremse-Initiative - 100k","og_description":"Ausgangslage Die Menschen in der Schweiz profitieren von einer guten Gesundheitsversorgung. Alle erhalten die n\u00f6tigen medizinischen Behandlungen, wenn sie krank sind. Die Kosten daf\u00fcr \u00fcbernimmt die obligatorische Krankenversicherung. Seit ihrer Einf\u00fchrung 1996 sind die Kosten stark gestiegen, und mit ihnen die Krankenkassenpr\u00e4mien. Dies belastet grosse Teile der Bev\u00f6lkerung zunehmend. Die Initiative Die Initiative verpflichtet den [&hellip;]","og_url":"https:\/\/100k.verfassungsfreunde.ch\/fr\/abstimmung\/kostenbremse-initiative\/","og_site_name":"100k","article_publisher":"https:\/\/www.facebook.com\/verfassungsfreunde.ch","article_modified_time":"2024-05-22T12:19:20+00:00","og_image":[{"url":"https:\/\/100k.verfassungsfreunde.ch\/wp-content\/uploads\/2024\/04\/Ja_gepinnt.png"}],"twitter_card":"summary_large_image","twitter_site":"@FdVerfassung","twitter_misc":{"Dur\u00e9e de lecture estim\u00e9e":"5 minutes"},"schema":{"@context":"https:\/\/schema.org","@graph":[{"@type":"WebPage","@id":"https:\/\/100k.verfassungsfreunde.ch\/abstimmung\/kostenbremse-initiative\/","url":"https:\/\/100k.verfassungsfreunde.ch\/abstimmung\/kostenbremse-initiative\/","name":"Kostenbremse-Initiative - 100k","isPartOf":{"@id":"https:\/\/100k.verfassungsfreunde.ch\/#website"},"primaryImageOfPage":{"@id":"https:\/\/100k.verfassungsfreunde.ch\/abstimmung\/kostenbremse-initiative\/#primaryimage"},"image":{"@id":"https:\/\/100k.verfassungsfreunde.ch\/abstimmung\/kostenbremse-initiative\/#primaryimage"},"thumbnailUrl":"https:\/\/100k.verfassungsfreunde.ch\/wp-content\/uploads\/2024\/04\/Ja_gepinnt.png","datePublished":"2024-04-26T13:03:39+00:00","dateModified":"2024-05-22T12:19:20+00:00","breadcrumb":{"@id":"https:\/\/100k.verfassungsfreunde.ch\/abstimmung\/kostenbremse-initiative\/#breadcrumb"},"inLanguage":"fr-FR","potentialAction":[{"@type":"ReadAction","target":["https:\/\/100k.verfassungsfreunde.ch\/abstimmung\/kostenbremse-initiative\/"]}]},{"@type":"ImageObject","inLanguage":"fr-FR","@id":"https:\/\/100k.verfassungsfreunde.ch\/abstimmung\/kostenbremse-initiative\/#primaryimage","url":"https:\/\/100k.verfassungsfreunde.ch\/wp-content\/uploads\/2024\/04\/Ja_gepinnt.png","contentUrl":"https:\/\/100k.verfassungsfreunde.ch\/wp-content\/uploads\/2024\/04\/Ja_gepinnt.png"},{"@type":"BreadcrumbList","@id":"https:\/\/100k.verfassungsfreunde.ch\/abstimmung\/kostenbremse-initiative\/#breadcrumb","itemListElement":[{"@type":"ListItem","position":1,"name":"Home","item":"https:\/\/100k.verfassungsfreunde.ch\/"},{"@type":"ListItem","position":2,"name":"Abstimmungen","item":"https:\/\/100k.verfassungsfreunde.ch\/abstimmung\/"},{"@type":"ListItem","position":3,"name":"Kostenbremse-Initiative"}]},{"@type":"WebSite","@id":"https:\/\/100k.verfassungsfreunde.ch\/#website","url":"https:\/\/100k.verfassungsfreunde.ch\/","name":"100k","description":"","publisher":{"@id":"https:\/\/100k.verfassungsfreunde.ch\/#organization"},"potentialAction":[{"@type":"SearchAction","target":{"@type":"EntryPoint","urlTemplate":"https:\/\/100k.verfassungsfreunde.ch\/?s={search_term_string}"},"query-input":"required name=search_term_string"}],"inLanguage":"fr-FR"},{"@type":"Organization","@id":"https:\/\/100k.verfassungsfreunde.ch\/#organization","name":"100k","url":"https:\/\/100k.verfassungsfreunde.ch\/","logo":{"@type":"ImageObject","inLanguage":"fr-FR","@id":"https:\/\/100k.verfassungsfreunde.ch\/#\/schema\/logo\/image\/","url":"https:\/\/100k.verfassungsfreunde.ch\/wp-content\/uploads\/2024\/05\/100k_Logo.png","contentUrl":"https:\/\/100k.verfassungsfreunde.ch\/wp-content\/uploads\/2024\/05\/100k_Logo.png","width":1327,"height":683,"caption":"100k"},"image":{"@id":"https:\/\/100k.verfassungsfreunde.ch\/#\/schema\/logo\/image\/"},"sameAs":["https:\/\/www.facebook.com\/verfassungsfreunde.ch","https:\/\/x.com\/FdVerfassung"]}]}},"_links":{"self":[{"href":"https:\/\/100k.verfassungsfreunde.ch\/fr\/wp-json\/wp\/v2\/abstimmung\/4689","targetHints":{"allow":["GET"]}}],"collection":[{"href":"https:\/\/100k.verfassungsfreunde.ch\/fr\/wp-json\/wp\/v2\/abstimmung"}],"about":[{"href":"https:\/\/100k.verfassungsfreunde.ch\/fr\/wp-json\/wp\/v2\/types\/abstimmung"}],"version-history":[{"count":34,"href":"https:\/\/100k.verfassungsfreunde.ch\/fr\/wp-json\/wp\/v2\/abstimmung\/4689\/revisions"}],"predecessor-version":[{"id":6589,"href":"https:\/\/100k.verfassungsfreunde.ch\/fr\/wp-json\/wp\/v2\/abstimmung\/4689\/revisions\/6589"}],"wp:attachment":[{"href":"https:\/\/100k.verfassungsfreunde.ch\/fr\/wp-json\/wp\/v2\/media?parent=4689"}],"wp:term":[{"taxonomy":"kanton","embeddable":true,"href":"https:\/\/100k.verfassungsfreunde.ch\/fr\/wp-json\/wp\/v2\/kanton?post=4689"}],"curies":[{"name":"wp","href":"https:\/\/api.w.org\/{rel}","templated":true}]}}