{"id":4687,"date":"2024-04-26T14:51:14","date_gmt":"2024-04-26T12:51:14","guid":{"rendered":"https:\/\/100k.verfassungsfreunde.ch\/?post_type=abstimmung&#038;p=4687"},"modified":"2024-05-25T13:09:48","modified_gmt":"2024-05-25T11:09:48","slug":"fuer-freiheit-und-koerperliche-unversehrtheit-stopp-impfpflicht","status":"publish","type":"abstimmung","link":"https:\/\/100k.verfassungsfreunde.ch\/fr\/abstimmung\/fuer-freiheit-und-koerperliche-unversehrtheit-stopp-impfpflicht\/","title":{"rendered":"Pour la libert\u00e9 et l\u2019int\u00e9grit\u00e9 physique"},"content":{"rendered":"<div data-elementor-type=\"wp-post\" data-elementor-id=\"4687\" class=\"elementor elementor-4687\" data-elementor-post-type=\"abstimmung\">\n\t\t\t\t<div class=\"elementor-element elementor-element-30a67a7 e-flex e-con-boxed e-con e-parent\" data-id=\"30a67a7\" data-element_type=\"container\">\n\t\t\t\t\t<div class=\"e-con-inner\">\n\t\t\t\t<div class=\"elementor-element elementor-element-c196fc6 elementor-widget elementor-widget-heading\" data-id=\"c196fc6\" data-element_type=\"widget\" data-widget_type=\"heading.default\">\n\t\t\t\t<div class=\"elementor-widget-container\">\n\t\t\t<style>\/*! elementor - v3.21.0 - 26-05-2024 *\/\n.elementor-heading-title{padding:0;margin:0;line-height:1}.elementor-widget-heading .elementor-heading-title[class*=elementor-size-]>a{color:inherit;font-size:inherit;line-height:inherit}.elementor-widget-heading .elementor-heading-title.elementor-size-small{font-size:15px}.elementor-widget-heading .elementor-heading-title.elementor-size-medium{font-size:19px}.elementor-widget-heading .elementor-heading-title.elementor-size-large{font-size:29px}.elementor-widget-heading .elementor-heading-title.elementor-size-xl{font-size:39px}.elementor-widget-heading .elementor-heading-title.elementor-size-xxl{font-size:59px}<\/style><h2 class=\"elementor-heading-title elementor-size-default\">Contexte<\/h2>\t\t<\/div>\n\t\t\t\t<\/div>\n\t\t\t\t<div class=\"elementor-element elementor-element-58b35963 elementor-widget elementor-widget-text-editor\" data-id=\"58b35963\" data-element_type=\"widget\" data-widget_type=\"text-editor.default\">\n\t\t\t\t<div class=\"elementor-widget-container\">\n\t\t\t<style>\/*! elementor - v3.21.0 - 26-05-2024 *\/\n.elementor-widget-text-editor.elementor-drop-cap-view-stacked .elementor-drop-cap{background-color:#69727d;color:#fff}.elementor-widget-text-editor.elementor-drop-cap-view-framed .elementor-drop-cap{color:#69727d;border:3px solid;background-color:transparent}.elementor-widget-text-editor:not(.elementor-drop-cap-view-default) .elementor-drop-cap{margin-top:8px}.elementor-widget-text-editor:not(.elementor-drop-cap-view-default) .elementor-drop-cap-letter{width:1em;height:1em}.elementor-widget-text-editor .elementor-drop-cap{float:left;text-align:center;line-height:1;font-size:50px}.elementor-widget-text-editor .elementor-drop-cap-letter{display:inline-block}<\/style>\t\t\t\t<p>Certaines mesures prises par le Conseil f\u00e9d\u00e9ral et les cantons pendant la pand\u00e9mie de COVID-19 \u00e9taient radicales. Le but \u00e9tait de freiner la propagation du virus, de prot\u00e9ger la population et d\u2019\u00e9viter une surcharge des h\u00f4pitaux. La Suisse a mis\u00e9 t\u00f4t sur l\u2019acquisition de nouveaux vaccins. La vaccination \u00e9tait un \u00e9l\u00e9ment central de la strat\u00e9gie de lutte contre la pand\u00e9mie. D\u00e8s 2021, la population suisse a pu se faire vacciner. Environ 70 % des personnes ont fait usage de cette possibilit\u00e9, ce qui a permis de lever de nombreuses mesures de protection. Certaines restrictions ont \u00e9t\u00e9 maintenues temporairement pour les personnes qui n\u2019\u00e9taient ni vaccin\u00e9es ni gu\u00e9ries.<\/p>\t\t\t\t\t\t<\/div>\n\t\t\t\t<\/div>\n\t\t\t\t<div class=\"elementor-element elementor-element-811a230 elementor-widget elementor-widget-heading\" data-id=\"811a230\" data-element_type=\"widget\" data-widget_type=\"heading.default\">\n\t\t\t\t<div class=\"elementor-widget-container\">\n\t\t\t<h2 class=\"elementor-heading-title elementor-size-default\">Texte de l\u2019initiative<\/h2>\t\t<\/div>\n\t\t\t\t<\/div>\n\t\t\t\t<div class=\"elementor-element elementor-element-37feaea elementor-widget elementor-widget-text-editor\" data-id=\"37feaea\" data-element_type=\"widget\" data-widget_type=\"text-editor.default\">\n\t\t\t\t<div class=\"elementor-widget-container\">\n\t\t\t\t\t\t\t<p>Le mot \u00ab vaccination \u00bb ne figure pas dans le texte de l\u2019initiative. Celle-ci vise de mani\u00e8re g\u00e9n\u00e9rale \u00e0 ce que l\u2019\u00c9tat ne puisse porter atteinte \u00e0 l\u2019int\u00e9grit\u00e9 physique ou psychique que si les personnes concern\u00e9es y consentent. Elle exige en outre que les personnes qui refusent de donner leur consentement ne soient ni punies ni pr\u00e9t\u00e9rit\u00e9es sur le plan social ou professionnel.<\/p>\t\t\t\t\t\t<\/div>\n\t\t\t\t<\/div>\n\t\t\t\t<div class=\"elementor-element elementor-element-d695157 elementor-widget elementor-widget-spacer\" data-id=\"d695157\" data-element_type=\"widget\" data-widget_type=\"spacer.default\">\n\t\t\t\t<div class=\"elementor-widget-container\">\n\t\t\t<style>\/*! elementor - v3.21.0 - 26-05-2024 *\/\n.elementor-column .elementor-spacer-inner{height:var(--spacer-size)}.e-con{--container-widget-width:100%}.e-con-inner>.elementor-widget-spacer,.e-con>.elementor-widget-spacer{width:var(--container-widget-width,var(--spacer-size));--align-self:var(--container-widget-align-self,initial);--flex-shrink:0}.e-con-inner>.elementor-widget-spacer>.elementor-widget-container,.e-con>.elementor-widget-spacer>.elementor-widget-container{height:100%;width:100%}.e-con-inner>.elementor-widget-spacer>.elementor-widget-container>.elementor-spacer,.e-con>.elementor-widget-spacer>.elementor-widget-container>.elementor-spacer{height:100%}.e-con-inner>.elementor-widget-spacer>.elementor-widget-container>.elementor-spacer>.elementor-spacer-inner,.e-con>.elementor-widget-spacer>.elementor-widget-container>.elementor-spacer>.elementor-spacer-inner{height:var(--container-widget-height,var(--spacer-size))}.e-con-inner>.elementor-widget-spacer.elementor-widget-empty,.e-con>.elementor-widget-spacer.elementor-widget-empty{position:relative;min-height:22px;min-width:22px}.e-con-inner>.elementor-widget-spacer.elementor-widget-empty .elementor-widget-empty-icon,.e-con>.elementor-widget-spacer.elementor-widget-empty .elementor-widget-empty-icon{position:absolute;top:0;bottom:0;left:0;right:0;margin:auto;padding:0;width:22px;height:22px}<\/style>\t\t<div class=\"elementor-spacer\">\n\t\t\t<div class=\"elementor-spacer-inner\"><\/div>\n\t\t<\/div>\n\t\t\t\t<\/div>\n\t\t\t\t<\/div>\n\t\t\t\t\t<\/div>\n\t\t\t\t<\/div>\n\t\t<div class=\"elementor-element elementor-element-304e95f3 main-sections e-flex e-con-boxed e-con e-parent\" data-id=\"304e95f3\" data-element_type=\"container\">\n\t\t\t\t\t<div class=\"e-con-inner\">\n\t\t<div class=\"elementor-element elementor-element-26b5b146 e-con-full card-box e-flex e-con e-child\" data-id=\"26b5b146\" data-element_type=\"container\">\n\t\t\t\t<div class=\"elementor-element elementor-element-65752735 elementor-hidden-tablet elementor-widget elementor-widget-image\" data-id=\"65752735\" data-element_type=\"widget\" data-widget_type=\"image.default\">\n\t\t\t\t<div class=\"elementor-widget-container\">\n\t\t\t<style>\/*! elementor - v3.21.0 - 26-05-2024 *\/\n.elementor-widget-image{text-align:center}.elementor-widget-image a{display:inline-block}.elementor-widget-image a img[src$=\".svg\"]{width:48px}.elementor-widget-image img{vertical-align:middle;display:inline-block}<\/style>\t\t\t\t\t\t\t\t\t\t<img fetchpriority=\"high\" decoding=\"async\" width=\"694\" height=\"694\" src=\"https:\/\/100k.verfassungsfreunde.ch\/wp-content\/uploads\/2024\/05\/Oui_gepinnt.png\" class=\"attachment-full size-full wp-image-5876\" alt=\"\" srcset=\"https:\/\/100k.verfassungsfreunde.ch\/wp-content\/uploads\/2024\/05\/Oui_gepinnt.png 694w, https:\/\/100k.verfassungsfreunde.ch\/wp-content\/uploads\/2024\/05\/Oui_gepinnt-300x300.png 300w, https:\/\/100k.verfassungsfreunde.ch\/wp-content\/uploads\/2024\/05\/Oui_gepinnt-150x150.png 150w, https:\/\/100k.verfassungsfreunde.ch\/wp-content\/uploads\/2024\/05\/Oui_gepinnt-12x12.png 12w\" sizes=\"(max-width: 694px) 100vw, 694px\" \/>\t\t\t\t\t\t\t\t\t\t\t\t\t<\/div>\n\t\t\t\t<\/div>\n\t\t\t\t<div class=\"elementor-element elementor-element-4dfbd45d elementor-widget elementor-widget-heading\" data-id=\"4dfbd45d\" data-element_type=\"widget\" data-widget_type=\"heading.default\">\n\t\t\t\t<div class=\"elementor-widget-container\">\n\t\t\t<h2 class=\"elementor-heading-title elementor-size-default\">Arguments des partisans<\/h2>\t\t<\/div>\n\t\t\t\t<\/div>\n\t\t<div class=\"elementor-element elementor-element-324eebdc e-flex e-con-boxed elementor-invisible e-con e-child\" data-id=\"324eebdc\" data-element_type=\"container\" data-settings=\"{&quot;background_background&quot;:&quot;classic&quot;,&quot;animation&quot;:&quot;fadeInUp&quot;}\">\n\t\t\t\t\t<div class=\"e-con-inner\">\n\t\t\t\t<div class=\"elementor-element elementor-element-4f4c3da7 elementor-widget elementor-widget-text-editor\" data-id=\"4f4c3da7\" data-element_type=\"widget\" data-widget_type=\"text-editor.default\">\n\t\t\t\t<div class=\"elementor-widget-container\">\n\t\t\t\t\t\t\t<p>Oui, l\u2019enjeu de cette votation est le suivant: voulons-nous pouvoir continuer de disposer librement de notre corps ? Ayant fait l\u2019exp\u00e9rience de la servitude, un esclave r\u00e9pondrait oui de mani\u00e8re convaincue et vigoureuse. L\u2019\u00eatre humain n\u2019est libre que si ce n\u2019est pas la politique, mais lui-m\u00eame, sous sa propre responsabilit\u00e9 et avec un oui clair, qui choisit ce qui peut entrer dans son corps. Ne vous en remettez jamais enti\u00e8rement \u00e0 la politique, car personne ne sait \u00e0 quoi ressemblera le monde dans cinq ans.<\/p>\t\t\t\t\t\t<\/div>\n\t\t\t\t<\/div>\n\t\t\t\t\t<\/div>\n\t\t\t\t<\/div>\n\t\t<div class=\"elementor-element elementor-element-5964e655 e-flex e-con-boxed elementor-invisible e-con e-child\" data-id=\"5964e655\" data-element_type=\"container\" data-settings=\"{&quot;background_background&quot;:&quot;classic&quot;,&quot;animation&quot;:&quot;fadeInUp&quot;}\">\n\t\t\t\t\t<div class=\"e-con-inner\">\n\t\t\t\t<div class=\"elementor-element elementor-element-7dd64bc5 elementor-widget elementor-widget-heading\" data-id=\"7dd64bc5\" data-element_type=\"widget\" data-widget_type=\"heading.default\">\n\t\t\t\t<div class=\"elementor-widget-container\">\n\t\t\t<h6 class=\"elementor-heading-title elementor-size-default\">Oui au dernier bastion de la libert\u00e9!<\/h6>\t\t<\/div>\n\t\t\t\t<\/div>\n\t\t\t\t<div class=\"elementor-element elementor-element-30762dfe elementor-widget elementor-widget-text-editor\" data-id=\"30762dfe\" data-element_type=\"widget\" data-widget_type=\"text-editor.default\">\n\t\t\t\t<div class=\"elementor-widget-container\">\n\t\t\t\t\t\t\t<p>Ni la politique, ni l\u2019industrie pharmaceutique, ni les orga nisations internationales ne doivent pouvoir d\u00e9cider de porter atteinte \u00e0 notre corps, qu\u2019il s\u2019agisse d\u2019une puce sous-cutan\u00e9e, de nanoparticules, d\u2019une manipulation g\u00e9n\u00e9tique, d\u2019un vaccin ou de quoi que ce soit. Point final! Oui au dernier bastion de la libert\u00e9!<\/p>\t\t\t\t\t\t<\/div>\n\t\t\t\t<\/div>\n\t\t\t\t\t<\/div>\n\t\t\t\t<\/div>\n\t\t<div class=\"elementor-element elementor-element-72e90b22 e-flex e-con-boxed elementor-invisible e-con e-child\" data-id=\"72e90b22\" data-element_type=\"container\" data-settings=\"{&quot;background_background&quot;:&quot;classic&quot;,&quot;animation&quot;:&quot;fadeInUp&quot;}\">\n\t\t\t\t\t<div class=\"e-con-inner\">\n\t\t\t\t<div class=\"elementor-element elementor-element-74b20377 elementor-widget elementor-widget-heading\" data-id=\"74b20377\" data-element_type=\"widget\" data-widget_type=\"heading.default\">\n\t\t\t\t<div class=\"elementor-widget-container\">\n\t\t\t<h6 class=\"elementor-heading-title elementor-size-default\">Puce sous-cutan\u00e9e pour les travailleurs<\/h6>\t\t<\/div>\n\t\t\t\t<\/div>\n\t\t\t\t<div class=\"elementor-element elementor-element-2ccd353a elementor-widget elementor-widget-text-editor\" data-id=\"2ccd353a\" data-element_type=\"widget\" data-widget_type=\"text-editor.default\">\n\t\t\t\t<div class=\"elementor-widget-container\">\n\t\t\t\t\t\t\t<p>En 2018, le Parlement europ\u00e9en a pr\u00e9sent\u00e9 l\u2019\u00e9tude \u00ab The Use of Chip Implants for Workers \u00bb (usage de puces sur les travailleurs), qui d\u00e9crit l\u2019usage de puces sur les travailleurs europ\u00e9ens et pr\u00e9voit \u00e0 la p.22 qu\u2019il ne peut y avoir ing\u00e9rence d\u2019une autorit\u00e9 publique que si elle est pr\u00e9vue par la loi et qu\u2019elle est n\u00e9cessaire \u00e0 la s\u00e9curit\u00e9 nationale, \u00e0 la s\u00fbret\u00e9 publique, au bien-\u00eatre \u00e9conomique du pays, \u00e0 la pr\u00e9vention de troubles ou de crimes, \u00e0 la protection de la sant\u00e9 ou de la morale ou \u00e0 la protection des droits et libert\u00e9s d\u2019autrui (art. 8, al. 2, CEDH). L\u2019OMS est-elle vou\u00e9e \u00e0 prendre des d\u00e9cisions \u00e0 ce sujet \u00e0 l\u2019avenir? Pourquoi r\u00e9aliser une telle \u00e9tude? Allons-nous tous \u00eatre surveill\u00e9s?<\/p>\t\t\t\t\t\t<\/div>\n\t\t\t\t<\/div>\n\t\t\t\t\t<\/div>\n\t\t\t\t<\/div>\n\t\t<div class=\"elementor-element elementor-element-7071173a e-flex e-con-boxed elementor-invisible e-con e-child\" data-id=\"7071173a\" data-element_type=\"container\" data-settings=\"{&quot;background_background&quot;:&quot;classic&quot;,&quot;animation&quot;:&quot;fadeInUp&quot;}\">\n\t\t\t\t\t<div class=\"e-con-inner\">\n\t\t\t\t<div class=\"elementor-element elementor-element-4dde36c3 elementor-widget elementor-widget-heading\" data-id=\"4dde36c3\" data-element_type=\"widget\" data-widget_type=\"heading.default\">\n\t\t\t\t<div class=\"elementor-widget-container\">\n\t\t\t<h6 class=\"elementor-heading-title elementor-size-default\">Garantir enfin la s\u00e9curit\u00e9 du droit<\/h6>\t\t<\/div>\n\t\t\t\t<\/div>\n\t\t\t\t<div class=\"elementor-element elementor-element-d7403bd elementor-widget elementor-widget-text-editor\" data-id=\"d7403bd\" data-element_type=\"widget\" data-widget_type=\"text-editor.default\">\n\t\t\t\t<div class=\"elementor-widget-container\">\n\t\t\t\t\t\t\t<p>Ce n\u2019est pas \u00e0 la Constitution f\u00e9d\u00e9rale de s\u2019adapter aux lois, mais aux lois de s\u2019adapter \u00e0 la Constitution. En cas de oui, le Parlement pourra renforcer la s\u00e9curit\u00e9 du droit en pr\u00e9cisant dans la loi ce qui doit \u00eatre consid\u00e9r\u00e9 comme une atteinte \u00e0 l\u2019int\u00e9grit\u00e9 physique.<\/p>\t\t\t\t\t\t<\/div>\n\t\t\t\t<\/div>\n\t\t\t\t\t<\/div>\n\t\t\t\t<\/div>\n\t\t<div class=\"elementor-element elementor-element-3a616e25 e-flex e-con-boxed elementor-invisible e-con e-child\" data-id=\"3a616e25\" data-element_type=\"container\" data-settings=\"{&quot;background_background&quot;:&quot;classic&quot;,&quot;animation&quot;:&quot;fadeInUp&quot;}\">\n\t\t\t\t\t<div class=\"e-con-inner\">\n\t\t\t\t<div class=\"elementor-element elementor-element-1b799783 elementor-widget elementor-widget-heading\" data-id=\"1b799783\" data-element_type=\"widget\" data-widget_type=\"heading.default\">\n\t\t\t\t<div class=\"elementor-widget-container\">\n\t\t\t<h6 class=\"elementor-heading-title elementor-size-default\">Trait\u00e9 de l\u2019OMS sur les pand\u00e9mies invalide sur le plan juridique?<\/h6>\t\t<\/div>\n\t\t\t\t<\/div>\n\t\t\t\t<div class=\"elementor-element elementor-element-7105d2c7 elementor-widget elementor-widget-text-editor\" data-id=\"7105d2c7\" data-element_type=\"widget\" data-widget_type=\"text-editor.default\">\n\t\t\t\t<div class=\"elementor-widget-container\">\n\t\t\t\t\t\t\t<p>En cas de oui, le Conseil f\u00e9d\u00e9ral devra trancher s\u2019il faut appliquer la Constitution f\u00e9d\u00e9rale ou un trait\u00e9 conclu avec une puissance que nous n\u2019avons pas \u00e9lue, comme l\u2019Organisation mondiale de la sant\u00e9 (OMS) ?<\/p>\t\t\t\t\t\t<\/div>\n\t\t\t\t<\/div>\n\t\t\t\t\t<\/div>\n\t\t\t\t<\/div>\n\t\t<div class=\"elementor-element elementor-element-abe80f1 e-flex e-con-boxed elementor-invisible e-con e-child\" data-id=\"abe80f1\" data-element_type=\"container\" data-settings=\"{&quot;background_background&quot;:&quot;classic&quot;,&quot;animation&quot;:&quot;fadeInUp&quot;}\">\n\t\t\t\t\t<div class=\"e-con-inner\">\n\t\t\t\t<div class=\"elementor-element elementor-element-66ef2bc elementor-widget elementor-widget-heading\" data-id=\"66ef2bc\" data-element_type=\"widget\" data-widget_type=\"heading.default\">\n\t\t\t\t<div class=\"elementor-widget-container\">\n\t\t\t<h6 class=\"elementor-heading-title elementor-size-default\">Qu\u2019est-ce que la v\u00e9rit\u00e9 et la libert\u00e9?<\/h6>\t\t<\/div>\n\t\t\t\t<\/div>\n\t\t\t\t<div class=\"elementor-element elementor-element-8c0bf9d elementor-widget elementor-widget-text-editor\" data-id=\"8c0bf9d\" data-element_type=\"widget\" data-widget_type=\"text-editor.default\">\n\t\t\t\t<div class=\"elementor-widget-container\">\n\t\t\t\t\t\t\t<p>Dans sa proposition au Parlement, le Conseil f\u00e9d\u00e9ral \u00e9crit qu\u2019aujourd\u2019hui d\u00e9j\u00e0, en Suisse, personne ne peut \u00eatre contraint de se faire vacciner contre son gr\u00e9. Est-ce vraiment le cas si les non-vaccin\u00e9s sont mis \u00e0 l\u2019\u00e9cart? Le personnel soignant est-il encore libre lorsque par voie de presse, le 17 juillet 2021, J\u00fcrg Grossen, pr\u00e9sident du PVL, exige des non-vaccin\u00e9s qu\u2019ils portent sur eux un signe visible? D\u00e9cidons-nous de mani\u00e8re libre ou s\u2019agit-il de contrainte lorsque nous sommes soumis \u00e0 une telle pression psychologique? Nous devons nous poser ces questions et par cons\u00e9quent dire oui \u00e0 la libert\u00e9 et \u00e0 l\u2019int\u00e9grit\u00e9 physique! <br \/>stellen und daraus ergibt sich nur ein \u00abJa f\u00fcr Freiheit und k\u00f6rperliche Unversehrtheit\u00bb!<\/p>\t\t\t\t\t\t<\/div>\n\t\t\t\t<\/div>\n\t\t\t\t\t<\/div>\n\t\t\t\t<\/div>\n\t\t\t\t<div class=\"elementor-element elementor-element-4baf438c elementor-invisible elementor-widget elementor-widget-text-editor\" data-id=\"4baf438c\" data-element_type=\"widget\" data-settings=\"{&quot;_animation&quot;:&quot;fadeInUp&quot;}\" data-widget_type=\"text-editor.default\">\n\t\t\t\t<div class=\"elementor-widget-container\">\n\t\t\t\t\t\t\t<p><a href=\"https:\/\/www.admin.ch\/sichere-stromversorgung\" target=\"_blank\" rel=\"noopener\"><em><a href=\"https:\/\/www.freiheit-unversehrtheit.ch\/\" target=\"_blank\" rel=\"noopener\">https:\/\/www.freiheit-unversehrtheit.ch\/<\/a><\/em><\/a><\/p>\t\t\t\t\t\t<\/div>\n\t\t\t\t<\/div>\n\t\t\t\t<\/div>\n\t\t\t\t<div class=\"elementor-element elementor-element-d428fe3 elementor-widget elementor-widget-html\" data-id=\"d428fe3\" data-element_type=\"widget\" data-widget_type=\"html.default\">\n\t\t\t\t<div class=\"elementor-widget-container\">\n\t\t\t<style>\n    \/*Blur Zoom Hover Effect*\/\n.main-sections{\n    --zoom-in: ;\n    --zoom-out: 0.99;\n    --hover-background: #792C1A;\n}\n.main-sections{\n    transition: all .5;\n}\n.main-sections:hover .card-box{\n    filter: blur(5px);\n    transform: scale(var(--zoom-out));\n}\n.card-box{\n    transform: scale(1);\n    transition: all .5s;\n}\n.card-box:hover{\n    transform: scale(var(--zoom-in)) !important;\n    z-index: 2;\n    filter: blur(0px) !important;\n}\n.main-sections .elementor-widget-wrap{\n    transition: all .5s;\n}\n.main-sections .card-box:hover .elementor-widget-wrap{\n    background: var(--hover-background) !important;\n}\n<\/style>\t\t<\/div>\n\t\t\t\t<\/div>\n\t\t<div class=\"elementor-element elementor-element-324a6d57 e-con-full card-box e-flex e-con e-child\" data-id=\"324a6d57\" data-element_type=\"container\">\n\t\t\t\t<div class=\"elementor-element elementor-element-1007797f elementor-hidden-tablet elementor-widget elementor-widget-image\" data-id=\"1007797f\" data-element_type=\"widget\" data-widget_type=\"image.default\">\n\t\t\t\t<div class=\"elementor-widget-container\">\n\t\t\t\t\t\t\t\t\t\t\t\t\t<img decoding=\"async\" width=\"694\" height=\"694\" src=\"https:\/\/100k.verfassungsfreunde.ch\/wp-content\/uploads\/2024\/05\/Non_gepinnt.png\" class=\"attachment-full size-full wp-image-5877\" alt=\"\" srcset=\"https:\/\/100k.verfassungsfreunde.ch\/wp-content\/uploads\/2024\/05\/Non_gepinnt.png 694w, https:\/\/100k.verfassungsfreunde.ch\/wp-content\/uploads\/2024\/05\/Non_gepinnt-300x300.png 300w, https:\/\/100k.verfassungsfreunde.ch\/wp-content\/uploads\/2024\/05\/Non_gepinnt-150x150.png 150w, https:\/\/100k.verfassungsfreunde.ch\/wp-content\/uploads\/2024\/05\/Non_gepinnt-12x12.png 12w\" sizes=\"(max-width: 694px) 100vw, 694px\" \/>\t\t\t\t\t\t\t\t\t\t\t\t\t<\/div>\n\t\t\t\t<\/div>\n\t\t\t\t<div class=\"elementor-element elementor-element-98594b1 elementor-widget elementor-widget-heading\" data-id=\"98594b1\" data-element_type=\"widget\" data-widget_type=\"heading.default\">\n\t\t\t\t<div class=\"elementor-widget-container\">\n\t\t\t<h2 class=\"elementor-heading-title elementor-size-default\">Arguments des opposants<\/h2>\t\t<\/div>\n\t\t\t\t<\/div>\n\t\t<div class=\"elementor-element elementor-element-13a8b39b e-flex e-con-boxed elementor-invisible e-con e-child\" data-id=\"13a8b39b\" data-element_type=\"container\" data-settings=\"{&quot;background_background&quot;:&quot;classic&quot;,&quot;animation&quot;:&quot;fadeInUp&quot;}\">\n\t\t\t\t\t<div class=\"e-con-inner\">\n\t\t\t\t<div class=\"elementor-element elementor-element-43a1a87f elementor-widget elementor-widget-text-editor\" data-id=\"43a1a87f\" data-element_type=\"widget\" data-widget_type=\"text-editor.default\">\n\t\t\t\t<div class=\"elementor-widget-container\">\n\t\t\t\t\t\t\t<p>Le Conseil f\u00e9d\u00e9ral et le Parlement rejettent l\u2019initiative, car son objet central, l\u2019int\u00e9grit\u00e9 physique, est d\u00e9j\u00e0 garanti par la Constitution f\u00e9d\u00e9rale en tant que droit fondamental. Aujourd\u2019hui d\u00e9j\u00e0, par exemple, personne ne peut \u00eatre vaccin\u00e9 s\u2019il n\u2019y a pas consenti. En outre, les cons\u00e9quences de l\u2019initiative sont incertaines, notamment sur le travail de la police et de la justice. Le Conseil f\u00e9d\u00e9ral et le Parlement rejettent l\u2019initiative, notamment pour les raisons suivantes.<\/p>\t\t\t\t\t\t<\/div>\n\t\t\t\t<\/div>\n\t\t\t\t\t<\/div>\n\t\t\t\t<\/div>\n\t\t<div class=\"elementor-element elementor-element-8c05499 e-flex e-con-boxed elementor-invisible e-con e-child\" data-id=\"8c05499\" data-element_type=\"container\" data-settings=\"{&quot;background_background&quot;:&quot;classic&quot;,&quot;animation&quot;:&quot;fadeInUp&quot;}\">\n\t\t\t\t\t<div class=\"e-con-inner\">\n\t\t\t\t<div class=\"elementor-element elementor-element-1c216e9d elementor-widget elementor-widget-heading\" data-id=\"1c216e9d\" data-element_type=\"widget\" data-widget_type=\"heading.default\">\n\t\t\t\t<div class=\"elementor-widget-container\">\n\t\t\t<h6 class=\"elementor-heading-title elementor-size-default\">Droit fondamental garanti<\/h6>\t\t<\/div>\n\t\t\t\t<\/div>\n\t\t\t\t<div class=\"elementor-element elementor-element-55193d4e elementor-widget elementor-widget-text-editor\" data-id=\"55193d4e\" data-element_type=\"widget\" data-widget_type=\"text-editor.default\">\n\t\t\t\t<div class=\"elementor-widget-container\">\n\t\t\t\t\t\t\t<p>Le droit fondamental \u00e0 l\u2019int\u00e9grit\u00e9 physique et psychique est d\u00e9j\u00e0 inscrit dans la Constitution f\u00e9d\u00e9rale. Il prot\u00e8ge le corps humain contre les atteintes de l\u2019\u00c9tat et ne peut \u00eatre restreint que pour des raisons tr\u00e8s importantes et aux conditions fix\u00e9es par la Constitution.<\/p>\t\t\t\t\t\t<\/div>\n\t\t\t\t<\/div>\n\t\t\t\t\t<\/div>\n\t\t\t\t<\/div>\n\t\t<div class=\"elementor-element elementor-element-3e4b91d6 e-flex e-con-boxed elementor-invisible e-con e-child\" data-id=\"3e4b91d6\" data-element_type=\"container\" data-settings=\"{&quot;background_background&quot;:&quot;classic&quot;,&quot;animation&quot;:&quot;fadeInUp&quot;}\">\n\t\t\t\t\t<div class=\"e-con-inner\">\n\t\t\t\t<div class=\"elementor-element elementor-element-3138555b elementor-widget elementor-widget-heading\" data-id=\"3138555b\" data-element_type=\"widget\" data-widget_type=\"heading.default\">\n\t\t\t\t<div class=\"elementor-widget-container\">\n\t\t\t<h6 class=\"elementor-heading-title elementor-size-default\">Pas de vaccinations forc\u00e9es<\/h6>\t\t<\/div>\n\t\t\t\t<\/div>\n\t\t\t\t<div class=\"elementor-element elementor-element-17ffe7ad elementor-widget elementor-widget-text-editor\" data-id=\"17ffe7ad\" data-element_type=\"widget\" data-widget_type=\"text-editor.default\">\n\t\t\t\t<div class=\"elementor-widget-container\">\n\t\t\t\t\t\t\t<p>Le d\u00e9veloppement des vaccins est un grand acquis de la m\u00e9decine. Les vaccins ont contribu\u00e9 \u00e0 \u00e9radiquer des maladies transmissibles comme la variole. Pendant la pand\u00e9mie de COVID-19, la vaccination s\u2019est r\u00e9v\u00e9l\u00e9e \u00eatre un moyen efficace de prot\u00e9ger les personnes contre les formes graves de la maladie. Le droit \u00e0 l\u2019int\u00e9grit\u00e9 physique s\u2019applique aussi \u00e0 la vaccination: aujourd\u2019hui d\u00e9j\u00e0, en Suisse, personne ne peut \u00eatre vaccin\u00e9 sans y avoir consenti.<\/p>\t\t\t\t\t\t<\/div>\n\t\t\t\t<\/div>\n\t\t\t\t\t<\/div>\n\t\t\t\t<\/div>\n\t\t<div class=\"elementor-element elementor-element-6e4b2e5c e-flex e-con-boxed elementor-invisible e-con e-child\" data-id=\"6e4b2e5c\" data-element_type=\"container\" data-settings=\"{&quot;background_background&quot;:&quot;classic&quot;,&quot;animation&quot;:&quot;fadeInUp&quot;}\">\n\t\t\t\t\t<div class=\"e-con-inner\">\n\t\t\t\t<div class=\"elementor-element elementor-element-533e92c2 elementor-widget elementor-widget-heading\" data-id=\"533e92c2\" data-element_type=\"widget\" data-widget_type=\"heading.default\">\n\t\t\t\t<div class=\"elementor-widget-container\">\n\t\t\t<h6 class=\"elementor-heading-title elementor-size-default\">Ungleichbehandlung ist die Ausnahme<\/h6>\t\t<\/div>\n\t\t\t\t<\/div>\n\t\t\t\t<div class=\"elementor-element elementor-element-4e126388 elementor-widget elementor-widget-text-editor\" data-id=\"4e126388\" data-element_type=\"widget\" data-widget_type=\"text-editor.default\">\n\t\t\t\t<div class=\"elementor-widget-container\">\n\t\t\t\t\t\t\t<p>Dans des cas exceptionnels, des restrictions temporaires pour les non-vaccin\u00e9s peuvent contribuer \u00e0 \u00e9viter que le syst\u00e8me de sant\u00e9 soit surcharg\u00e9 et que des mesures plus s\u00e9v\u00e8res soient impos\u00e9es \u00e0 toute la population. Ainsi, pendant la pand\u00e9mie, pour \u00e9viter une fermeture g\u00e9n\u00e9rale, il a \u00e9t\u00e9 d\u00e9cid\u00e9 d\u2019interdire temporairement aux non-vaccin\u00e9s d\u2019acc\u00e9der \u00e0 certains \u00e9tablissements, comme les restaurants.<\/p>\t\t\t\t\t\t<\/div>\n\t\t\t\t<\/div>\n\t\t\t\t\t<\/div>\n\t\t\t\t<\/div>\n\t\t<div class=\"elementor-element elementor-element-6985e2f7 e-flex e-con-boxed elementor-invisible e-con e-child\" data-id=\"6985e2f7\" data-element_type=\"container\" data-settings=\"{&quot;background_background&quot;:&quot;classic&quot;,&quot;animation&quot;:&quot;fadeInUp&quot;}\">\n\t\t\t\t\t<div class=\"e-con-inner\">\n\t\t\t\t<div class=\"elementor-element elementor-element-3ec397fc elementor-widget elementor-widget-heading\" data-id=\"3ec397fc\" data-element_type=\"widget\" data-widget_type=\"heading.default\">\n\t\t\t\t<div class=\"elementor-widget-container\">\n\t\t\t<h6 class=\"elementor-heading-title elementor-size-default\">Cons\u00e9quences incertaines<\/h6>\t\t<\/div>\n\t\t\t\t<\/div>\n\t\t\t\t<div class=\"elementor-element elementor-element-5bdb7a8c elementor-widget elementor-widget-text-editor\" data-id=\"5bdb7a8c\" data-element_type=\"widget\" data-widget_type=\"text-editor.default\">\n\t\t\t\t<div class=\"elementor-widget-container\">\n\t\t\t\t\t\t\t<p>L\u2019initiative est formul\u00e9e de mani\u00e8re si g\u00e9n\u00e9rale et si vague qu\u2019il n\u2019est pas possible de dire dans quelles conditions l\u2019\u00c9tat pourrait encore porter atteinte \u00e0 l\u2019int\u00e9grit\u00e9 physique. Des questions se poseraient pour de nombreuses activit\u00e9s de l\u2019\u00c9tat, comme le travail de la police, l\u2019ex\u00e9cution des peines et l\u2019asile. En fonction de la mise en \u0153uvre retenue et de la jurisprudence, la Conf\u00e9d\u00e9ration, les cantons et les communes pourraient avoir plus de difficult\u00e9s \u00e0 remplir certaines t\u00e2ches essentielles.<\/p>\t\t\t\t\t\t<\/div>\n\t\t\t\t<\/div>\n\t\t\t\t\t<\/div>\n\t\t\t\t<\/div>\n\t\t\t\t<div class=\"elementor-element elementor-element-24ca5aeb elementor-invisible elementor-widget elementor-widget-text-editor\" data-id=\"24ca5aeb\" data-element_type=\"widget\" data-settings=\"{&quot;_animation&quot;:&quot;fadeInUp&quot;}\" data-widget_type=\"text-editor.default\">\n\t\t\t\t<div class=\"elementor-widget-container\">\n\t\t\t\t\t\t\t<p><em><a href=\"https:\/\/www.admin.ch\/koerperliche-unversehrtheit\" target=\"_blank\" rel=\"noopener\">https:\/\/www.admin.ch\/koerperliche-unversehrtheit<\/a><\/em><\/p>\t\t\t\t\t\t<\/div>\n\t\t\t\t<\/div>\n\t\t\t\t<\/div>\n\t\t\t\t\t<\/div>\n\t\t\t\t<\/div>\n\t\t\t\t<\/div>","protected":false},"featured_media":4688,"parent":0,"template":"","meta":{"_acf_changed":false},"kanton":[102],"class_list":["post-4687","abstimmung","type-abstimmung","status-publish","has-post-thumbnail","hentry"],"blocksy_meta":[],"acf":[],"yoast_head":"<!-- This site is optimized with the Yoast SEO plugin v22.8 - https:\/\/yoast.com\/wordpress\/plugins\/seo\/ -->\n<title>F\u00fcr Freiheit und k\u00f6rperliche Unversehrtheit (STOPP Impfpflicht) - 100k<\/title>\n<meta name=\"robots\" content=\"index, follow, max-snippet:-1, max-image-preview:large, max-video-preview:-1\" \/>\n<link rel=\"canonical\" href=\"https:\/\/100k.verfassungsfreunde.ch\/fr\/abstimmung\/fuer-freiheit-und-koerperliche-unversehrtheit-stopp-impfpflicht\/\" \/>\n<meta property=\"og:locale\" content=\"fr_FR\" \/>\n<meta property=\"og:type\" content=\"article\" \/>\n<meta property=\"og:title\" content=\"F\u00fcr Freiheit und k\u00f6rperliche Unversehrtheit (STOPP Impfpflicht) - 100k\" \/>\n<meta property=\"og:description\" content=\"Ausgangslage Bundesrat und Kantone ergriffen w\u00e4hrend der Corona-Pandemie teils einschneidende Massnahmen. Ziel war es, die Ausbreitung des Virus zu bremsen, die Bev\u00f6lkerung zu sch\u00fctzen und eine \u00dcberlastung der Spit\u00e4ler zu verhindern. Die Schweiz setzte fr\u00fch auf die Beschaffung neuer Impfstoffe. Die Impfung war ein wesentlicher Teil der Strategie zur Bew\u00e4ltigung der Pandemie. Ab 2021 konnte [&hellip;]\" \/>\n<meta property=\"og:url\" content=\"https:\/\/100k.verfassungsfreunde.ch\/fr\/abstimmung\/fuer-freiheit-und-koerperliche-unversehrtheit-stopp-impfpflicht\/\" \/>\n<meta property=\"og:site_name\" content=\"100k\" \/>\n<meta property=\"article:publisher\" content=\"https:\/\/www.facebook.com\/verfassungsfreunde.ch\" \/>\n<meta property=\"article:modified_time\" content=\"2024-05-25T11:09:48+00:00\" \/>\n<meta property=\"og:image\" content=\"https:\/\/100k.verfassungsfreunde.ch\/wp-content\/uploads\/2024\/04\/Stopp_Impfpflicht.png\" \/>\n\t<meta property=\"og:image:width\" content=\"1920\" \/>\n\t<meta property=\"og:image:height\" content=\"900\" \/>\n\t<meta property=\"og:image:type\" content=\"image\/png\" \/>\n<meta name=\"twitter:card\" content=\"summary_large_image\" \/>\n<meta name=\"twitter:site\" content=\"@FdVerfassung\" \/>\n<meta name=\"twitter:label1\" content=\"Dur\u00e9e de lecture estim\u00e9e\" \/>\n\t<meta name=\"twitter:data1\" content=\"5 minutes\" \/>\n<script type=\"application\/ld+json\" class=\"yoast-schema-graph\">{\"@context\":\"https:\/\/schema.org\",\"@graph\":[{\"@type\":\"WebPage\",\"@id\":\"https:\/\/100k.verfassungsfreunde.ch\/abstimmung\/fuer-freiheit-und-koerperliche-unversehrtheit-stopp-impfpflicht\/\",\"url\":\"https:\/\/100k.verfassungsfreunde.ch\/abstimmung\/fuer-freiheit-und-koerperliche-unversehrtheit-stopp-impfpflicht\/\",\"name\":\"F\u00fcr Freiheit und k\u00f6rperliche Unversehrtheit (STOPP Impfpflicht) - 100k\",\"isPartOf\":{\"@id\":\"https:\/\/100k.verfassungsfreunde.ch\/#website\"},\"primaryImageOfPage\":{\"@id\":\"https:\/\/100k.verfassungsfreunde.ch\/abstimmung\/fuer-freiheit-und-koerperliche-unversehrtheit-stopp-impfpflicht\/#primaryimage\"},\"image\":{\"@id\":\"https:\/\/100k.verfassungsfreunde.ch\/abstimmung\/fuer-freiheit-und-koerperliche-unversehrtheit-stopp-impfpflicht\/#primaryimage\"},\"thumbnailUrl\":\"https:\/\/100k.verfassungsfreunde.ch\/wp-content\/uploads\/2024\/04\/Stopp_Impfpflicht.png\",\"datePublished\":\"2024-04-26T12:51:14+00:00\",\"dateModified\":\"2024-05-25T11:09:48+00:00\",\"breadcrumb\":{\"@id\":\"https:\/\/100k.verfassungsfreunde.ch\/abstimmung\/fuer-freiheit-und-koerperliche-unversehrtheit-stopp-impfpflicht\/#breadcrumb\"},\"inLanguage\":\"fr-FR\",\"potentialAction\":[{\"@type\":\"ReadAction\",\"target\":[\"https:\/\/100k.verfassungsfreunde.ch\/abstimmung\/fuer-freiheit-und-koerperliche-unversehrtheit-stopp-impfpflicht\/\"]}]},{\"@type\":\"ImageObject\",\"inLanguage\":\"fr-FR\",\"@id\":\"https:\/\/100k.verfassungsfreunde.ch\/abstimmung\/fuer-freiheit-und-koerperliche-unversehrtheit-stopp-impfpflicht\/#primaryimage\",\"url\":\"https:\/\/100k.verfassungsfreunde.ch\/wp-content\/uploads\/2024\/04\/Stopp_Impfpflicht.png\",\"contentUrl\":\"https:\/\/100k.verfassungsfreunde.ch\/wp-content\/uploads\/2024\/04\/Stopp_Impfpflicht.png\",\"width\":1920,\"height\":900},{\"@type\":\"BreadcrumbList\",\"@id\":\"https:\/\/100k.verfassungsfreunde.ch\/abstimmung\/fuer-freiheit-und-koerperliche-unversehrtheit-stopp-impfpflicht\/#breadcrumb\",\"itemListElement\":[{\"@type\":\"ListItem\",\"position\":1,\"name\":\"Home\",\"item\":\"https:\/\/100k.verfassungsfreunde.ch\/\"},{\"@type\":\"ListItem\",\"position\":2,\"name\":\"Abstimmungen\",\"item\":\"https:\/\/100k.verfassungsfreunde.ch\/abstimmung\/\"},{\"@type\":\"ListItem\",\"position\":3,\"name\":\"F\u00fcr Freiheit und k\u00f6rperliche Unversehrtheit (STOPP Impfpflicht)\"}]},{\"@type\":\"WebSite\",\"@id\":\"https:\/\/100k.verfassungsfreunde.ch\/#website\",\"url\":\"https:\/\/100k.verfassungsfreunde.ch\/\",\"name\":\"100k\",\"description\":\"\",\"publisher\":{\"@id\":\"https:\/\/100k.verfassungsfreunde.ch\/#organization\"},\"potentialAction\":[{\"@type\":\"SearchAction\",\"target\":{\"@type\":\"EntryPoint\",\"urlTemplate\":\"https:\/\/100k.verfassungsfreunde.ch\/?s={search_term_string}\"},\"query-input\":\"required name=search_term_string\"}],\"inLanguage\":\"fr-FR\"},{\"@type\":\"Organization\",\"@id\":\"https:\/\/100k.verfassungsfreunde.ch\/#organization\",\"name\":\"100k\",\"url\":\"https:\/\/100k.verfassungsfreunde.ch\/\",\"logo\":{\"@type\":\"ImageObject\",\"inLanguage\":\"fr-FR\",\"@id\":\"https:\/\/100k.verfassungsfreunde.ch\/#\/schema\/logo\/image\/\",\"url\":\"https:\/\/100k.verfassungsfreunde.ch\/wp-content\/uploads\/2024\/05\/100k_Logo.png\",\"contentUrl\":\"https:\/\/100k.verfassungsfreunde.ch\/wp-content\/uploads\/2024\/05\/100k_Logo.png\",\"width\":1327,\"height\":683,\"caption\":\"100k\"},\"image\":{\"@id\":\"https:\/\/100k.verfassungsfreunde.ch\/#\/schema\/logo\/image\/\"},\"sameAs\":[\"https:\/\/www.facebook.com\/verfassungsfreunde.ch\",\"https:\/\/x.com\/FdVerfassung\"]}]}<\/script>\n<!-- \/ Yoast SEO plugin. -->","yoast_head_json":{"title":"F\u00fcr Freiheit und k\u00f6rperliche Unversehrtheit (STOPP Impfpflicht) - 100k","robots":{"index":"index","follow":"follow","max-snippet":"max-snippet:-1","max-image-preview":"max-image-preview:large","max-video-preview":"max-video-preview:-1"},"canonical":"https:\/\/100k.verfassungsfreunde.ch\/fr\/abstimmung\/fuer-freiheit-und-koerperliche-unversehrtheit-stopp-impfpflicht\/","og_locale":"fr_FR","og_type":"article","og_title":"F\u00fcr Freiheit und k\u00f6rperliche Unversehrtheit (STOPP Impfpflicht) - 100k","og_description":"Ausgangslage Bundesrat und Kantone ergriffen w\u00e4hrend der Corona-Pandemie teils einschneidende Massnahmen. Ziel war es, die Ausbreitung des Virus zu bremsen, die Bev\u00f6lkerung zu sch\u00fctzen und eine \u00dcberlastung der Spit\u00e4ler zu verhindern. Die Schweiz setzte fr\u00fch auf die Beschaffung neuer Impfstoffe. Die Impfung war ein wesentlicher Teil der Strategie zur Bew\u00e4ltigung der Pandemie. Ab 2021 konnte [&hellip;]","og_url":"https:\/\/100k.verfassungsfreunde.ch\/fr\/abstimmung\/fuer-freiheit-und-koerperliche-unversehrtheit-stopp-impfpflicht\/","og_site_name":"100k","article_publisher":"https:\/\/www.facebook.com\/verfassungsfreunde.ch","article_modified_time":"2024-05-25T11:09:48+00:00","og_image":[{"width":1920,"height":900,"url":"https:\/\/100k.verfassungsfreunde.ch\/wp-content\/uploads\/2024\/04\/Stopp_Impfpflicht.png","type":"image\/png"}],"twitter_card":"summary_large_image","twitter_site":"@FdVerfassung","twitter_misc":{"Dur\u00e9e de lecture estim\u00e9e":"5 minutes"},"schema":{"@context":"https:\/\/schema.org","@graph":[{"@type":"WebPage","@id":"https:\/\/100k.verfassungsfreunde.ch\/abstimmung\/fuer-freiheit-und-koerperliche-unversehrtheit-stopp-impfpflicht\/","url":"https:\/\/100k.verfassungsfreunde.ch\/abstimmung\/fuer-freiheit-und-koerperliche-unversehrtheit-stopp-impfpflicht\/","name":"F\u00fcr Freiheit und k\u00f6rperliche Unversehrtheit (STOPP Impfpflicht) - 100k","isPartOf":{"@id":"https:\/\/100k.verfassungsfreunde.ch\/#website"},"primaryImageOfPage":{"@id":"https:\/\/100k.verfassungsfreunde.ch\/abstimmung\/fuer-freiheit-und-koerperliche-unversehrtheit-stopp-impfpflicht\/#primaryimage"},"image":{"@id":"https:\/\/100k.verfassungsfreunde.ch\/abstimmung\/fuer-freiheit-und-koerperliche-unversehrtheit-stopp-impfpflicht\/#primaryimage"},"thumbnailUrl":"https:\/\/100k.verfassungsfreunde.ch\/wp-content\/uploads\/2024\/04\/Stopp_Impfpflicht.png","datePublished":"2024-04-26T12:51:14+00:00","dateModified":"2024-05-25T11:09:48+00:00","breadcrumb":{"@id":"https:\/\/100k.verfassungsfreunde.ch\/abstimmung\/fuer-freiheit-und-koerperliche-unversehrtheit-stopp-impfpflicht\/#breadcrumb"},"inLanguage":"fr-FR","potentialAction":[{"@type":"ReadAction","target":["https:\/\/100k.verfassungsfreunde.ch\/abstimmung\/fuer-freiheit-und-koerperliche-unversehrtheit-stopp-impfpflicht\/"]}]},{"@type":"ImageObject","inLanguage":"fr-FR","@id":"https:\/\/100k.verfassungsfreunde.ch\/abstimmung\/fuer-freiheit-und-koerperliche-unversehrtheit-stopp-impfpflicht\/#primaryimage","url":"https:\/\/100k.verfassungsfreunde.ch\/wp-content\/uploads\/2024\/04\/Stopp_Impfpflicht.png","contentUrl":"https:\/\/100k.verfassungsfreunde.ch\/wp-content\/uploads\/2024\/04\/Stopp_Impfpflicht.png","width":1920,"height":900},{"@type":"BreadcrumbList","@id":"https:\/\/100k.verfassungsfreunde.ch\/abstimmung\/fuer-freiheit-und-koerperliche-unversehrtheit-stopp-impfpflicht\/#breadcrumb","itemListElement":[{"@type":"ListItem","position":1,"name":"Home","item":"https:\/\/100k.verfassungsfreunde.ch\/"},{"@type":"ListItem","position":2,"name":"Abstimmungen","item":"https:\/\/100k.verfassungsfreunde.ch\/abstimmung\/"},{"@type":"ListItem","position":3,"name":"F\u00fcr Freiheit und k\u00f6rperliche Unversehrtheit (STOPP Impfpflicht)"}]},{"@type":"WebSite","@id":"https:\/\/100k.verfassungsfreunde.ch\/#website","url":"https:\/\/100k.verfassungsfreunde.ch\/","name":"100k","description":"","publisher":{"@id":"https:\/\/100k.verfassungsfreunde.ch\/#organization"},"potentialAction":[{"@type":"SearchAction","target":{"@type":"EntryPoint","urlTemplate":"https:\/\/100k.verfassungsfreunde.ch\/?s={search_term_string}"},"query-input":"required name=search_term_string"}],"inLanguage":"fr-FR"},{"@type":"Organization","@id":"https:\/\/100k.verfassungsfreunde.ch\/#organization","name":"100k","url":"https:\/\/100k.verfassungsfreunde.ch\/","logo":{"@type":"ImageObject","inLanguage":"fr-FR","@id":"https:\/\/100k.verfassungsfreunde.ch\/#\/schema\/logo\/image\/","url":"https:\/\/100k.verfassungsfreunde.ch\/wp-content\/uploads\/2024\/05\/100k_Logo.png","contentUrl":"https:\/\/100k.verfassungsfreunde.ch\/wp-content\/uploads\/2024\/05\/100k_Logo.png","width":1327,"height":683,"caption":"100k"},"image":{"@id":"https:\/\/100k.verfassungsfreunde.ch\/#\/schema\/logo\/image\/"},"sameAs":["https:\/\/www.facebook.com\/verfassungsfreunde.ch","https:\/\/x.com\/FdVerfassung"]}]}},"_links":{"self":[{"href":"https:\/\/100k.verfassungsfreunde.ch\/fr\/wp-json\/wp\/v2\/abstimmung\/4687","targetHints":{"allow":["GET"]}}],"collection":[{"href":"https:\/\/100k.verfassungsfreunde.ch\/fr\/wp-json\/wp\/v2\/abstimmung"}],"about":[{"href":"https:\/\/100k.verfassungsfreunde.ch\/fr\/wp-json\/wp\/v2\/types\/abstimmung"}],"version-history":[{"count":121,"href":"https:\/\/100k.verfassungsfreunde.ch\/fr\/wp-json\/wp\/v2\/abstimmung\/4687\/revisions"}],"predecessor-version":[{"id":6991,"href":"https:\/\/100k.verfassungsfreunde.ch\/fr\/wp-json\/wp\/v2\/abstimmung\/4687\/revisions\/6991"}],"wp:featuredmedia":[{"embeddable":true,"href":"https:\/\/100k.verfassungsfreunde.ch\/fr\/wp-json\/wp\/v2\/media\/4688"}],"wp:attachment":[{"href":"https:\/\/100k.verfassungsfreunde.ch\/fr\/wp-json\/wp\/v2\/media?parent=4687"}],"wp:term":[{"taxonomy":"kanton","embeddable":true,"href":"https:\/\/100k.verfassungsfreunde.ch\/fr\/wp-json\/wp\/v2\/kanton?post=4687"}],"curies":[{"name":"wp","href":"https:\/\/api.w.org\/{rel}","templated":true}]}}