{"version":"1.0","provider_name":"100k","provider_url":"https:\/\/100k.verfassungsfreunde.ch\/fr","author_name":"azan.admin","author_url":"https:\/\/100k.verfassungsfreunde.ch\/fr\/author\/azan-admin\/","title":"Kostenbremse-Initiative - 100k","type":"rich","width":600,"height":338,"html":"<blockquote class=\"wp-embedded-content\" data-secret=\"01VaJsJ6Va\"><a href=\"https:\/\/100k.verfassungsfreunde.ch\/fr\/abstimmung\/kostenbremse-initiative\/\">Initiative pour un frein aux co\u00fbts<\/a><\/blockquote><iframe sandbox=\"allow-scripts\" security=\"restricted\" src=\"https:\/\/100k.verfassungsfreunde.ch\/fr\/abstimmung\/kostenbremse-initiative\/embed\/#?secret=01VaJsJ6Va\" width=\"600\" height=\"338\" title=\"\u00ab\u00a0Kostenbremse-Initiative\u00a0\u00bb &#8212; 100k\" data-secret=\"01VaJsJ6Va\" frameborder=\"0\" marginwidth=\"0\" marginheight=\"0\" scrolling=\"no\" class=\"wp-embedded-content\"><\/iframe><script>\n\/*! This file is auto-generated *\/\n!function(d,l){\"use strict\";l.querySelector&&d.addEventListener&&\"undefined\"!=typeof URL&&(d.wp=d.wp||{},d.wp.receiveEmbedMessage||(d.wp.receiveEmbedMessage=function(e){var t=e.data;if((t||t.secret||t.message||t.value)&&!\/[^a-zA-Z0-9]\/.test(t.secret)){for(var s,r,n,a=l.querySelectorAll('iframe[data-secret=\"'+t.secret+'\"]'),o=l.querySelectorAll('blockquote[data-secret=\"'+t.secret+'\"]'),c=new RegExp(\"^https?:$\",\"i\"),i=0;i<o.length;i++)o[i].style.display=\"none\";for(i=0;i<a.length;i++)s=a[i],e.source===s.contentWindow&&(s.removeAttribute(\"style\"),\"height\"===t.message?(1e3<(r=parseInt(t.value,10))?r=1e3:~~r<200&&(r=200),s.height=r):\"link\"===t.message&&(r=new URL(s.getAttribute(\"src\")),n=new URL(t.value),c.test(n.protocol))&&n.host===r.host&&l.activeElement===s&&(d.top.location.href=t.value))}},d.addEventListener(\"message\",d.wp.receiveEmbedMessage,!1),l.addEventListener(\"DOMContentLoaded\",function(){for(var e,t,s=l.querySelectorAll(\"iframe.wp-embedded-content\"),r=0;r<s.length;r++)(t=(e=s[r]).getAttribute(\"data-secret\"))||(t=Math.random().toString(36).substring(2,12),e.src+=\"#?secret=\"+t,e.setAttribute(\"data-secret\",t)),e.contentWindow.postMessage({message:\"ready\",secret:t},\"*\")},!1)))}(window,document);\n\/\/# sourceURL=https:\/\/100k.verfassungsfreunde.ch\/wp-includes\/js\/wp-embed.min.js\n<\/script>","description":"Ausgangslage Die Menschen in der Schweiz profitieren von einer guten Gesundheitsversorgung. Alle erhalten die n\u00f6tigen medizinischen Behandlungen, wenn sie krank sind. Die Kosten daf\u00fcr \u00fcbernimmt die obligatorische Krankenversicherung. Seit ihrer Einf\u00fchrung 1996 sind die Kosten stark gestiegen, und mit ihnen die Krankenkassenpr\u00e4mien. Dies belastet grosse Teile der Bev\u00f6lkerung zunehmend. Die Initiative Die Initiative verpflichtet den [&hellip;]","thumbnail_url":"https:\/\/100k.verfassungsfreunde.ch\/wp-content\/uploads\/2024\/04\/Ja_gepinnt.png"}